{"id":24856,"date":"2025-08-01T18:23:17","date_gmt":"2025-08-01T16:23:17","guid":{"rendered":"https:\/\/uj.adatbank.ro\/lexikon\/termek\/werboczy-istvan-werboczi-istvan-verboczi-istvan\/"},"modified":"2025-08-01T18:23:17","modified_gmt":"2025-08-01T16:23:17","slug":"werboczy-istvan-werboczi-istvan-verboczi-istvan","status":"publish","type":"product","link":"https:\/\/uj.adatbank.ro\/lexikon\/termek\/werboczy-istvan-werboczi-istvan-verboczi-istvan\/","title":{"rendered":"WERB\u0150CZY Istv\u00e1n, Werb\u00f6czi Istv\u00e1n, Verb\u0151czi Istv\u00e1n"},"content":{"rendered":"<p>Verb\u0151c, 1458. (v. 1485) k., \u2020 Buda, 1541. okt. 13.: \u00edt\u00e9l\u0151mester, kir. szem\u00e9lyn\u00f6k (az orsz\u00e1g egyik f\u0151b\u00edr\u00e1ja), k\u00f6vet, n\u00e1dor, kancell\u00e1r. \u2013 Fia: Imre. \u2013 Ami W. I. eredet\u00e9t illeti a Maros Megyei K\u00f6nyvt\u00e1r birtok\u00e1ban van Vajda L\u00e1szl\u00f3 jogt\u00f6rt\u00e9neti k\u00f6nyve, amelyben Werb\u0151czi eredet\u00e9r\u0151l k\u00e9t v\u00e1ltozat olvashat\u00f3: 1. Cl. Severini szerint N\u00f3gr\u00e1d megy\u00e9b\u0151l sz\u00e1rmazott, \u00e9s Als\u00f3pet\u00e9ny volt a birtoka; 2. Andreas vagyis Huszti \u00e9s Franciscus Szentp\u00e1li azt \u00e1ll\u00edtja, hogy az erd\u00e9lyi Sz\u0151kefalv\u00e1r\u00f3l sz\u00e1rmazott, mert a Tripartitum egyik k\u00f6tet\u00e9ben a k\u00f6vetkez\u0151 be\u00edr\u00e1s olvashat\u00f3: \u201eVerb\u0151czi Istv\u00e1nt-is K\u00fck\u00fcll\u0151 v\u00e1rmegye sz\u00fclte Sz\u0151kefalv\u00e1n, \u00e9s \u00c1d\u00e1mos V\u00f6lgye, \u00d6v\u00e9 v\u00f3lt Szent M\u00e1rton, Borz\u00e1s M\u00e1jos hegye, De\u00e9sfalva, K\u00e1p\u00f3lna, Domb\u00f3, P\u00e1n\u00e1d, B\u00e9nye\u201d. A mv.-i T\u00f6rv\u00e9nysz\u00e9k (\u00e9p\u00fclt 1895\u20131897), fel\u00faj\u00edt\u00e1skor (1995\u20131996) el\u0151ker\u00fclt falfestm\u00e9nyek \u00e1br\u00e1zolj\u00e1k: II. Andr\u00e1st (1175\u20131235); M\u00e1ty\u00e1s kir\u00e1lyt (1443\u20131490); Werb\u0151czy Istv\u00e1nt (1485\u20131541) \u00e9s De\u00e1k Ferencet (1803\u20131876). A festm\u00e9nyeket 1920 ut\u00e1n meszelt\u00e9k le. \u2013 Orsz\u00e1gb\u00edr\u00f3i \u00edt\u00e9l\u0151mester volt (1502\u201315). Megb\u00edz\u00e1st kapott a kir.-t\u00f3l, hogy egys\u00e9ges m. jogk\u00f6nyvet \u00edrjon. A feud\u00e1lis m. jog szab\u00e1lyainak, a h\u00edres szok\u00e1sjogi gy\u0171jtem\u00e9nynek, a Tripartitum (H\u00e1rmask\u00f6nyv) (1514) \u00edr\u00f3ja. A D\u00f3zsa Gy\u00f6rgy-f\u00e9le paraszth\u00e1bor\u00fa lever\u00e9s\u00e9ben fegyveresen vett r\u00e9szt \u00e9s egyik kezdem\u00e9nyez\u0151je a jobb\u00e1gys\u00e1g f\u00f6ldh\u00f6zk\u00f6t\u00f6tts\u00e9g\u00e9t kimond\u00f3 1514. \u00e9vi t\u00f6rv\u00e9nynek. N\u00e1dorr\u00e1 v\u00e1lasztott\u00e1k (1525). H\u0171tlens\u00e9g v\u00e1dj\u00e1val pert ind\u00edtottak ellene \u00e9s sz\u00e1m\u0171zet\u00e9sre \u00edt\u00e9lt\u00e9k. Moh\u00e1cs idej\u00e9n visszavonultan \u00e9lt. Majd Szapolya J\u00e1nos kir. tan\u00e1csosa, k\u00f6vete a szult\u00e1nn\u00e1l. A moh\u00e1csi csata ut\u00e1n egy ideig a marosv\u00e9csi v\u00e1r birtokosa volt, amit Szobi Mih\u00e1ly adom\u00e1nyozott neki, kinek hal\u00e1la ut\u00e1n \u00f6sszes birtokait megkapta Z\u00e1poly\u00e1t\u00f3l \u00e9s birtokolta azt kilenc \u00e9vig (1509\u201318), majd \u00e1tengedte J\u00e1nos kir\u00e1lynak (1529), aki \u00c1rt\u00e1ndi P\u00e1lnak \u00e9s Bal\u00e1zsnak adom\u00e1nyozta. Az \u00c1rt\u00e1ndiak kiv\u00e9gz\u00e9se ut\u00e1n, visszakapta a v\u00e1rat (1532), amit Kendi Ferenc erd\u00e9lyi vajd\u00e1nak z\u00e1logos\u00edtott el (1533). Budav\u00e1r elfoglal\u00e1sa ut\u00e1n a szult\u00e1n a magyarok f\u0151b\u00edr\u00e1j\u00e1v\u00e1 tette (1541\u2013) k\u00f6zeli hal\u00e1l\u00e1ig. Mv.-en l\u00e9tezett Werb\u0151czi-utca (1900\u20131912, 1919\u20131934). \u2013  <strong>F. m..:<\/strong> Magyar decretum. Vadnak tovabba ez Decretomnak el\u0151tte egy n\u00e9h\u00e1ny \u00edrott articulusok&#8230; a r\u00e9gi kir\u00e1lyok Decretumibol t\u00f6ruynkhez valo ieles dolgokat ky szedegeteth (Ford. Bal\u00e1zs Weres; Debrecen, 1565); Decretum, az az Magyar \u00e9s Erd\u00e9ly Orsz\u00e1gnac t\u00f6ru\u00e9ny k\u00f6nyue \/ Ford. Bal\u00e1zs Weres, Heltai G\u00e1sp\u00e1r (Ford. Bal\u00e1zs Weres, Heltai G\u00e1sp\u00e1r, Colosvarot, 1571); Decretum, opus tripartitum iuris consuetudinarii inclyti regni Hungariae (Kv., 1572); Decretum oder Tripartitum opus der Landts-Rechten unnd Gewonheiten des hochl\u00f6blichen K\u00f6nigreichs Hungern (Ford. August Wagner; Wienn, 1599); Tripartitum (Debrecen, 1611); Werb\u00f6czius illustratus: sive dectretum tripartitum juris consuetudinarii inclyti Regni Hungariae, a magistro Stephano de Werb\u0151cz jussu regio, olim compilatum, duorum, et quod excurrit, seculorum usu robotarum nunc primum in paragraphos distinctum, et notis, ac observationibus juridicis, in usum praesertum tyronum, illustratum. (Tyrnaviae, 1740); Magyar \u00e9s Erd\u00e9lyorsz\u00e1gnak t\u00f6rv\u00e9ny-k\u00f6nyve, \u00edratott V. I. \u00e1ltal 1514. esztendben (Posonyban-Kass\u00e1n, 1779). <br \/><strong>\u2013 Irod.:<\/strong> Aranka Gy\u00f6rgy; Bencsik J\u00f3zsef: Repertorium juris publici, privati, et criminalis hungarici, seu index universalis personarum, rerum, et actionum ex jure consvetudinario Verb\u0151czii, articulis comitialibus, et travernicalibus, decisionibus Curiae Regiae, urbario et praxi criminali (Posonii, 1821); Castellum \u00c9rtes\u00edt\u0151 (2001, 6. sz.); Cat. Bibl. T.-B.; Egyed \u00c1. 2013; Jak\u00f3 1976; K\u00e9nosi\u2013Uzoni 1.; Kornis; K\u0151v\u00e1ry L\u00e1szl\u00f3 1852; Maros megye; P\u00e1l-Antal 2002; R\u00e1cz 2009; Sz\u00e9kelys\u00e9g; \u00daM\u00c9L, Vajda L\u00e1szl\u00f3: Synopsis historiae juris Transilvanici in usum auditorium (Claudipoli, 1830); Vigh.<\/br><\/p>\n","protected":false},"excerpt":{"rendered":"<p>Verb\u0151c, 1458. (v. 1485) k., \u2020 Buda, 1541. okt. 13.: \u00edt\u00e9l\u0151mester, kir. szem\u00e9lyn\u00f6k (az orsz\u00e1g egyik f\u0151b\u00edr\u00e1ja), k\u00f6vet, n\u00e1dor, kancell\u00e1r. \u2013 Fia: Imre. \u2013 Ami W. I. eredet\u00e9t illeti a Maros Megyei K\u00f6nyvt\u00e1r birtok\u00e1ban van Vajda L\u00e1szl\u00f3 jogt\u00f6rt\u00e9neti k\u00f6nyve, amelyben Werb\u0151czi eredet\u00e9r\u0151l k\u00e9t v\u00e1ltozat olvashat\u00f3: 1. Cl. Severini szerint N\u00f3gr\u00e1d megy\u00e9b\u0151l sz\u00e1rmazott, \u00e9s Als\u00f3pet\u00e9ny volt [&hellip;]<\/p>\n","protected":false},"featured_media":0,"comment_status":"open","ping_status":"closed","template":"","meta":[],"product_brand":[],"product_cat":[137],"product_tag":[],"class_list":{"0":"post-24856","1":"product","2":"type-product","3":"status-publish","5":"product_cat-maros-megyei-eletrajzi-lexikon","7":"first","8":"instock","9":"shipping-taxable","10":"product-type-simple"},"_links":{"self":[{"href":"https:\/\/uj.adatbank.ro\/lexikon\/wp-json\/wp\/v2\/product\/24856","targetHints":{"allow":["GET"]}}],"collection":[{"href":"https:\/\/uj.adatbank.ro\/lexikon\/wp-json\/wp\/v2\/product"}],"about":[{"href":"https:\/\/uj.adatbank.ro\/lexikon\/wp-json\/wp\/v2\/types\/product"}],"replies":[{"embeddable":true,"href":"https:\/\/uj.adatbank.ro\/lexikon\/wp-json\/wp\/v2\/comments?post=24856"}],"wp:attachment":[{"href":"https:\/\/uj.adatbank.ro\/lexikon\/wp-json\/wp\/v2\/media?parent=24856"}],"wp:term":[{"taxonomy":"product_brand","embeddable":true,"href":"https:\/\/uj.adatbank.ro\/lexikon\/wp-json\/wp\/v2\/product_brand?post=24856"},{"taxonomy":"product_cat","embeddable":true,"href":"https:\/\/uj.adatbank.ro\/lexikon\/wp-json\/wp\/v2\/product_cat?post=24856"},{"taxonomy":"product_tag","embeddable":true,"href":"https:\/\/uj.adatbank.ro\/lexikon\/wp-json\/wp\/v2\/product_tag?post=24856"}],"curies":[{"name":"wp","href":"https:\/\/api.w.org\/{rel}","templated":true}]}}