{"id":24871,"date":"2025-08-01T18:23:52","date_gmt":"2025-08-01T16:23:52","guid":{"rendered":"https:\/\/uj.adatbank.ro\/lexikon\/termek\/wesselenyi-hadadi-br-csalad\/"},"modified":"2025-08-01T18:23:52","modified_gmt":"2025-08-01T16:23:52","slug":"wesselenyi-hadadi-br-csalad","status":"publish","type":"product","link":"https:\/\/uj.adatbank.ro\/lexikon\/termek\/wesselenyi-hadadi-br-csalad\/","title":{"rendered":"WESSEL\u00c9NYI, hadadi br. csal\u00e1d"},"content":{"rendered":"<p>N\u00f3gr\u00e1d megy\u00e9b\u0151l ered\u0151 r\u00e9gi csal\u00e1d, melynek kor\u00e1bbi t\u00f6rt\u00e9nete nincs tiszt\u00e1zva. A csal\u00e1d a XVI. sz\u00e1zad elej\u00e9n Erd\u00e9lybe k\u00f6lt\u00f6zv\u00e9n ott csakhamar el\u0151kel\u0151 szerepet j\u00e1tszott. Mikl\u00f3s (1504. \u2013 1584. m\u00e1rczius 10.), Erd\u00e9ly \u00edt\u00e9l\u0151mestere adom\u00e1nyban nyerte a gyekei uradalmat, melyr\u0151l a csal\u00e1d egy \u00e1ga vette el\u0151nev\u00e9t. Fia G\u00e1sp\u00e1r \u00e9s unok\u00e1ja Boldizs\u00e1r dobokai f\u0151isp\u00e1nok voltak. Vel\u00fck a gyekei \u00e1g kihalt. Testv\u00e9re, Ferenc (1540\u20131594), erd\u00e9lyi f\u0151kincstart\u00f3 adom\u00e1nyban nyerte B\u00e1thory Istv\u00e1nt\u00f3l a hadadi uradalmat, melyr\u0151l a csal\u00e1d el\u0151nev\u00e9t \u00edrta; ugyan\u0151 1590. \u00e1prilis 7-\u00e9n lengyel honfi\u00fas\u00edt\u00e1st nyert, majd erd\u00e9lyi b\u00e1r\u00f3i rangot (1582), \u0151 a hadadi W. \u00e1g megalap\u00edt\u00f3ja. Ennek unok\u00e1ja, Ferenc (1605\u20131667) csal\u00e1dja \u00e9s kora legkiv\u00e1l\u00f3bb f\u00e9rfiainak egyike; n\u00e1dor (1655), aranygyapjas vit\u00e9z, val. b. titk. tan, \u201eMur\u00e1nyi \u00f6r\u00f6k\u00f6s gr\u00f3fi\u201d c\u00edmmel gr\u00f3fi rangra emelkedett (1646), de \u00e1ga fi\u00fa \u00e1gon kihalt. A tov\u00e1bb\u00e9l\u0151 b\u00e1r\u00f3i nemzed\u00e9k Ferenc, erd\u00e9lyi kincstart\u00f3nak P\u00e1l fi\u00e1t\u00f3l sz\u00e1rmazik. Lesz\u00e1rmazottai kit\u0171n\u0151 csal\u00e1di kapcsolatokra \u00e9s nagy vagyonra tettek szert. Unok\u00e1ja Istv\u00e1n (1674\u20131734) cs. k. kamar\u00e1s, b.b.t.t., erd\u00e9lyi korm\u00e1nyz\u00f3, az ogy. \u00e9s az erd\u00e9lyi t\u00e1bla eln\u00f6ke, b\u00e1r\u00f3i rangj\u00e1t K\u00e1roly meger\u0151s\u00edtette (1725). Mint napl\u00f3\u00edr\u00f3 \u00edrta be a nev\u00e9t az irodalomba. Fiaiban a csal\u00e1d k\u00e9t \u00e1gra v\u00e1lt: Ferenc a hadadi (dr\u00e1gi) \u00e1g, Istv\u00e1n a zsib\u00f3i \u00e1g alap\u00edt\u00f3ja. A csal\u00e1d ev. ref. lev\u00e9lt\u00e1ra az Erd\u00e9lyi M\u00fazeumban tal\u00e1lhat\u00f3. C\u00edmer\u00fck: k\u00e9k mez\u0151ben jobbra fordult koron\u00e1s szir\u00e9n, balra hajl\u00f3 halfarokkal, jobbj\u00e1ban z\u00f6ld sz\u00e1ron v\u00f6r\u00f6s r\u00f3zs\u00e1t tart, balj\u00e1t cs\u00edp\u0151re teszi. Birtokok, kast\u00e9lyok: Dr\u00e1g, Hadad, Gyeke, K\u00e9kes, Koml\u00f3d, Obr\u00e1zsa, Zsib\u00f3. Maros megy\u00e9ben: \u00c1d\u00e1mos, Malomfalva, Sz\u0151kefalva. H\u00e1zaik Maros megy\u00e9ben: Mv. Teleki T\u00e9ka (\u00e9p\u00fclt: 1775\u201381); Malomfalva (\u00e9p\u00fclt: 1761\u201367). <br \/><strong>\u2013 Irod.:<\/strong> Bicsok\u2013Orb\u00e1n; Gudenus; Kelemen Lajos 2009; K\u00f6bl\u00f6s; MNZS, Nemesk\u00fcrty; Sas P\u00e9ter.<\/br><\/p>\n","protected":false},"excerpt":{"rendered":"<p>N\u00f3gr\u00e1d megy\u00e9b\u0151l ered\u0151 r\u00e9gi csal\u00e1d, melynek kor\u00e1bbi t\u00f6rt\u00e9nete nincs tiszt\u00e1zva. A csal\u00e1d a XVI. sz\u00e1zad elej\u00e9n Erd\u00e9lybe k\u00f6lt\u00f6zv\u00e9n ott csakhamar el\u0151kel\u0151 szerepet j\u00e1tszott. Mikl\u00f3s (1504. \u2013 1584. m\u00e1rczius 10.), Erd\u00e9ly \u00edt\u00e9l\u0151mestere adom\u00e1nyban nyerte a gyekei uradalmat, melyr\u0151l a csal\u00e1d egy \u00e1ga vette el\u0151nev\u00e9t. Fia G\u00e1sp\u00e1r \u00e9s unok\u00e1ja Boldizs\u00e1r dobokai f\u0151isp\u00e1nok voltak. Vel\u00fck a gyekei \u00e1g [&hellip;]<\/p>\n","protected":false},"featured_media":0,"comment_status":"open","ping_status":"closed","template":"","meta":[],"product_brand":[],"product_cat":[137],"product_tag":[],"class_list":{"0":"post-24871","1":"product","2":"type-product","3":"status-publish","5":"product_cat-maros-megyei-eletrajzi-lexikon","7":"first","8":"instock","9":"shipping-taxable","10":"product-type-simple"},"_links":{"self":[{"href":"https:\/\/uj.adatbank.ro\/lexikon\/wp-json\/wp\/v2\/product\/24871","targetHints":{"allow":["GET"]}}],"collection":[{"href":"https:\/\/uj.adatbank.ro\/lexikon\/wp-json\/wp\/v2\/product"}],"about":[{"href":"https:\/\/uj.adatbank.ro\/lexikon\/wp-json\/wp\/v2\/types\/product"}],"replies":[{"embeddable":true,"href":"https:\/\/uj.adatbank.ro\/lexikon\/wp-json\/wp\/v2\/comments?post=24871"}],"wp:attachment":[{"href":"https:\/\/uj.adatbank.ro\/lexikon\/wp-json\/wp\/v2\/media?parent=24871"}],"wp:term":[{"taxonomy":"product_brand","embeddable":true,"href":"https:\/\/uj.adatbank.ro\/lexikon\/wp-json\/wp\/v2\/product_brand?post=24871"},{"taxonomy":"product_cat","embeddable":true,"href":"https:\/\/uj.adatbank.ro\/lexikon\/wp-json\/wp\/v2\/product_cat?post=24871"},{"taxonomy":"product_tag","embeddable":true,"href":"https:\/\/uj.adatbank.ro\/lexikon\/wp-json\/wp\/v2\/product_tag?post=24871"}],"curies":[{"name":"wp","href":"https:\/\/api.w.org\/{rel}","templated":true}]}}