{"id":24872,"date":"2025-08-01T18:23:55","date_gmt":"2025-08-01T16:23:55","guid":{"rendered":"https:\/\/uj.adatbank.ro\/lexikon\/termek\/wesselenyi-anna-hadadi-br-korosszegi-es-adorjani-gr-csaky-istvanne\/"},"modified":"2025-08-01T18:23:55","modified_gmt":"2025-08-01T16:23:55","slug":"wesselenyi-anna-hadadi-br-korosszegi-es-adorjani-gr-csaky-istvanne","status":"publish","type":"product","link":"https:\/\/uj.adatbank.ro\/lexikon\/termek\/wesselenyi-anna-hadadi-br-korosszegi-es-adorjani-gr-csaky-istvanne\/","title":{"rendered":"WESSEL\u00c9NYI Anna, hadadi br., k\u00f6r\u00f6sszegi \u00e9s adorj\u00e1ni gr., Cs\u00e1ky Istv\u00e1nn\u00e9"},"content":{"rendered":"<p>Krakk\u00f3, 1584, \u2020 Krakk\u00f3, 1649. j\u00fal. 5. \u2013 1650. j\u00fan. 29. k\u00f6z\u00f6tt: v\u00e9csi \u00e9s \u00f6rm\u00e9nyesi birtokos, a gr. Cs\u00e1ky csal\u00e1d \u0151sanyja. \u2013 W. Ferenc szolnoki f\u0151isp\u00e1n, sz\u00f6r\u00e9nyi b\u00e1n (1540\u20131594) \u00e9s Sarkadi Anna (\u2020 1609) l\u00e1nya. Sz\u00fcleivel Erd\u00e9lybe k\u00f6lt\u00f6z\u00f6tt (1590). K\u0151szegi \u00e9s adorj\u00e1ni gr. Cs\u00e1ky Istv\u00e1n (1569\u20131605) erd\u00e9lyi f\u0151gener\u00e1lis feles\u00e9ge lett (1590), k\u00f6zel \u00f6tven \u00e9vig volt \u00f6zvegy. Sok p\u00f6rleked\u00e9se volt j\u00f3sz\u00e1gai miatt, majd az erd\u00e9lyi fejedelemmel gy\u0171lt meg a baja. Mikor fiait kih\u00e1zas\u00edtotta, le\u00e1nya, Anna z\u00e1rd\u00e1ba ment, egy ideig csak unok\u00e1i nevel\u00e9s\u00e9nek \u00e9lt, beutazta majdnem eg\u00e9sz Mo.-t, v\u00e9g\u00fcl visszavonult sz\u00fcl\u0151v\u00e1ros\u00e1ba, Krakk\u00f3ba, ahonnan m\u00e9g sok\u00e1ig levelezett csal\u00e1dj\u00e1val. Birtokai voltak V\u00e9csen, \u00d6rm\u00e9nyesen, \u00e9s gyakran itt is tart\u00f3zkodott. A gernyeszegi katolikus (1643-ig), majd ref. templomot \u0151sei \u00e9p\u00edtett\u00e9k \u00e9s csal\u00e1dja tartotta fenn. 79 level\u00e9t De\u00e1k Farkas adta ki \u00e9letrajzzal, jegyzetekkel, amelyek 1612\u20131649 k\u00f6z\u00f6tt keltek, \u00e9s betekint\u00e9st ny\u00fajtanak a kor mezei \u00e9s h\u00e1zi gazdas\u00e1gi viszonyaiba. \u2013  <strong>F. m..:<\/strong> De\u00e1k Farkas: Wessel\u00e9nyi Anna \u00f6zv. Cs\u00e1ky Istv\u00e1nn\u00e9 \u00e9letrajza \u00e9s levelez\u00e9se (Bp., 1875). <br \/><strong>\u2013 Irod.:<\/strong> Bicsok\u2013Orb\u00e1n; De\u00e1k Farkas: Cs\u00e1ky Istv\u00e1n \u00e9letrajza (Bp., 1863, 1888); De\u00e1k Farkas: Wessel\u00e9nyi Anna \u00f6zv. Cs\u00e1ky Istv\u00e1nn\u00e9 \u00e9letrajza \u00e9s levelez\u00e9se (Bp., 1875); Kily\u00e9n Attila: Templomaink \u2013 l\u00e1mp\u00e1saink (N\u00fa., 1997. dec. 18.); Szinnyei; \u00daM\u00c9L.<\/br><\/p>\n","protected":false},"excerpt":{"rendered":"<p>Krakk\u00f3, 1584, \u2020 Krakk\u00f3, 1649. j\u00fal. 5. \u2013 1650. j\u00fan. 29. k\u00f6z\u00f6tt: v\u00e9csi \u00e9s \u00f6rm\u00e9nyesi birtokos, a gr. Cs\u00e1ky csal\u00e1d \u0151sanyja. \u2013 W. Ferenc szolnoki f\u0151isp\u00e1n, sz\u00f6r\u00e9nyi b\u00e1n (1540\u20131594) \u00e9s Sarkadi Anna (\u2020 1609) l\u00e1nya. Sz\u00fcleivel Erd\u00e9lybe k\u00f6lt\u00f6z\u00f6tt (1590). K\u0151szegi \u00e9s adorj\u00e1ni gr. Cs\u00e1ky Istv\u00e1n (1569\u20131605) erd\u00e9lyi f\u0151gener\u00e1lis feles\u00e9ge lett (1590), k\u00f6zel \u00f6tven \u00e9vig volt [&hellip;]<\/p>\n","protected":false},"featured_media":0,"comment_status":"open","ping_status":"closed","template":"","meta":[],"product_brand":[],"product_cat":[137],"product_tag":[],"class_list":{"0":"post-24872","1":"product","2":"type-product","3":"status-publish","5":"product_cat-maros-megyei-eletrajzi-lexikon","7":"first","8":"instock","9":"shipping-taxable","10":"product-type-simple"},"_links":{"self":[{"href":"https:\/\/uj.adatbank.ro\/lexikon\/wp-json\/wp\/v2\/product\/24872","targetHints":{"allow":["GET"]}}],"collection":[{"href":"https:\/\/uj.adatbank.ro\/lexikon\/wp-json\/wp\/v2\/product"}],"about":[{"href":"https:\/\/uj.adatbank.ro\/lexikon\/wp-json\/wp\/v2\/types\/product"}],"replies":[{"embeddable":true,"href":"https:\/\/uj.adatbank.ro\/lexikon\/wp-json\/wp\/v2\/comments?post=24872"}],"wp:attachment":[{"href":"https:\/\/uj.adatbank.ro\/lexikon\/wp-json\/wp\/v2\/media?parent=24872"}],"wp:term":[{"taxonomy":"product_brand","embeddable":true,"href":"https:\/\/uj.adatbank.ro\/lexikon\/wp-json\/wp\/v2\/product_brand?post=24872"},{"taxonomy":"product_cat","embeddable":true,"href":"https:\/\/uj.adatbank.ro\/lexikon\/wp-json\/wp\/v2\/product_cat?post=24872"},{"taxonomy":"product_tag","embeddable":true,"href":"https:\/\/uj.adatbank.ro\/lexikon\/wp-json\/wp\/v2\/product_tag?post=24872"}],"curies":[{"name":"wp","href":"https:\/\/api.w.org\/{rel}","templated":true}]}}