{"id":24878,"date":"2025-08-01T18:24:10","date_gmt":"2025-08-01T16:24:10","guid":{"rendered":"https:\/\/uj.adatbank.ro\/lexikon\/termek\/wesselenyi-jozefa-hadadi-br-%c2%a7-banffy-janos-gr-felesege\/"},"modified":"2025-08-01T18:24:10","modified_gmt":"2025-08-01T16:24:10","slug":"wesselenyi-jozefa-hadadi-br-%c2%a7-banffy-janos-gr-felesege","status":"publish","type":"product","link":"https:\/\/uj.adatbank.ro\/lexikon\/termek\/wesselenyi-jozefa-hadadi-br-%c2%a7-banffy-janos-gr-felesege\/","title":{"rendered":"WESSEL\u00c9NYI J\u00f3zefa, hadadi br; \u00a7 B\u00e1nffy J\u00e1nos gr. feles\u00e9ge"},"content":{"rendered":"<p>Hadad, Aranyosgy\u00e9res, 1812. \u00e1pr. 21., \u2020\u00a0Kv, 1899. jan. 6, temetve Beresztelk\u00e9n f\u00e9rje mell\u00e9: beresztelki birtokos, eml\u00e9kirat- \u00e9s napl\u00f3\u00edr\u00f3. \u2013 W. J\u00f3zsef (1769\u20131826) \u00e9s malomvizi gr. Kendeffy R\u00e1chel (1780\u20131840) le\u00e1nya. T\u00f6bb l\u00e1nytestv\u00e9r\u00e9vel egy\u00fctt csal\u00e1di k\u00f6rben nevelkedett, gyermekkor\u00e1ban m\u00e1r 4 nyelvet saj\u00e1t\u00edtott el. F\u00e9rje br. losonczi B\u00e1nffy J\u00e1nos, K\u00fck\u00fcll\u0151 v\u00e1rmegyei korm\u00e1nybiztos f\u0151isp\u00e1n (Kv. 1834), akinek Szil\u00e1gymegy\u00e9ben \u00e9s az akkori Tordamegy\u00e9ben lev\u0151 Beresztelk\u00e9n voltak birtokai. Esk\u00fcv\u0151 ut\u00e1n Beresztelk\u00e9n \u00e9ltek. Gyermekei: Ferenc, G\u00e9za, Endre, M\u00e1ria, Jozefa kor\u00e1n meghaltak; Zolt\u00e1n MT megye f\u0151isp\u00e1nja (1841\u20131892), Polyxenia, Erzs\u00e9bet kir\u00e1lyn\u00e9 udvarh\u00f6lgye (1835\u20131916), Rachel (1859\u20131936). B\u00e1nffy J\u00e1nos a br. Wessel\u00e9nyi Mikl\u00f3s \u00e9s Bethlen J\u00e1nos t\u00e1bor\u00e1hoz, az erd\u00e9lyi szabadelv\u0171 ellenz\u00e9khez csatlakozott. Orsz\u00e1ggy\u0171l\u00e9si k\u00e9pvisel\u0151 (1834 \u2013 Sz\u00e9k k\u00f6vete, 1848, 1869), majd \u00e1lland\u00f3an r\u00e9szt vett Torda- \u00e9s Kraszna vm. politikai \u00e9let\u00e9ben, \u00e9vtizedekig t\u00e1blab\u00edr\u00f3. A szaporod\u00f3 gyermekek nevel\u00e9se, gondoz\u00e1sa, a birtok \u00e9s a h\u00e1ztart\u00e1s vezet\u00e9se foglalta le. A nagyvil\u00e1g esem\u00e9nyeir\u0151l h\u00edrlapokb\u00f3l \u00e9rtes\u00fclt. F\u00e9rje az 1848-as m\u00e1rciusi mozgalmakat Kv.-on \u00e9lte \u00e1t, a csal\u00e1dot is Kv-ra k\u00f6lt\u00f6ztette. Az orsz\u00e1ggy\u0171l\u00e9s feloszlat\u00e1sa ut\u00e1n kinevezt\u00e9k K\u00fck\u00fcll\u0151 v\u00e1rmegye f\u0151isp\u00e1nj\u00e1v\u00e1, \u00edgy Dics\u0151szentm\u00e1rtonban lakott, csal\u00e1dj\u00e1t Mv.-re k\u00f6lt\u00f6ztette. B\u00e1nffy J\u00e1nosn\u00e9 itt \u00e9lte \u00e1t az 1848-as \u0151sz izgalmait, a k\u00f6rny\u00e9ken t\u00f6rt\u00e9nt rabl\u00e1sok, gyilkoss\u00e1gok h\u00edreit. Napl\u00f3t kezdett vezetni (1848. nov. 1. \u2013). Gyermekeivel innen is menek\u00fclnie kellett, n\u00e9gynapi v\u00e1ndorl\u00e1s ut\u00e1n visszak\u00e9nyszer\u00fclt az osztr\u00e1k csapatok \u00e1ltal megsz\u00e1llt v\u00e1rosba. Itt \u00e9lt 1849. j\u00fal. v\u00e9g\u00e9ig, ekkor az orosz hader\u0151k benyomul\u00e1s\u00e1nak h\u00edr\u00e9re Tord\u00e1n \u00e9s Kv.-on \u00e1t r\u00f6vid ideig Szil\u00e1gynagyfaluba menek\u00fclt, majd Kv.-on \u00e9rte az oroszok bevonul\u00e1sa. F\u00e9rje bujk\u00e1lni volt k\u00e9nytelen. A beresztelki otthonukat k\u00e9tszer is feld\u00falt\u00e1k, kifosztott\u00e1k az egyes mez\u0151s\u00e9gi \u00e9s szomsz\u00e9d falvak lak\u00f3i. Az anyagi vesztes\u00e9g mellett koler\u00e1ban elvesztette k\u00e9t fi\u00e1t, Ferencet \u00e9s G\u00e9z\u00e1t (1849. j\u00fan.). Visszat\u00e9rt Beresztelk\u00e9re (1850 szept.) \u00e9s megkezdte a sz\u00e9trombolt otthon \u00fajj\u00e1\u00e9p\u00edt\u00e9s\u00e9t. Meg\u0151rizte hit\u00e9t nemzete f\u00f6lt\u00e1mad\u00e1s\u00e1ban, s folytatta munk\u00e1j\u00e1t gyermekei nevel\u00e9s\u00e9ben \u00e9s gazdas\u00e1gi helyzet\u00fck \u00fajj\u00e1teremt\u00e9s\u00e9ben. Id\u0151nk\u00e9nt folytatta napl\u00f3j\u00e1t, amelyben besz\u00e1molt az abszolutizmus r\u00e9ms\u00e9geir\u0151l. S\u00falyos gazdas\u00e1gi \u00e9vek voltak ezek. K\u00e9s\u0151bb n\u00f6vekedett bizakod\u00e1sa a jobb j\u00f6v\u0151ben (1859\u2013). F\u00e9rje kil\u00e9pett falusi mag\u00e1ny\u00e1b\u00f3l, el\u0151bb a sz\u00e9ki ker\u00fclet k\u00e9pvisel\u0151je (1865), majd Torda megye k\u00e9pvisel\u0151je lett (1869\u201372). Mint k\u00e9pvisel\u0151 az \u00e9v els\u0151 negyed\u00e9t Bp.-en t\u00f6lt\u00f6tte feles\u00e9g\u00e9vel egy\u00fctt. Ezut\u00e1n \u00fajabb megpr\u00f3b\u00e1ltat\u00e1sok \u00e9rt\u00e9k: eltemette f\u00e9rj\u00e9t (1873), fi\u00e1t Endr\u00e9t (1874. m\u00e1j. 22). A munk\u00e1ban \u00e9s az id\u0151ben keresett vigasztal\u00e1st. Bajor- \u00e9s Franciao.-ba utazott M\u00e1ria l\u00e1ny\u00e1val. A beresztelki birtok kezel\u00e9s\u00e9t Zolt\u00e1n fia vette \u00e1t (1877) \u00e9s \u0151 Kv.-ra ment (1877 elej\u00e9n). Abban az \u00e9vben tavasszal M\u00e1ria, \u0151sszel Rachel l\u00e1ny\u00e1t adta f\u00e9rjhez. Meghalt M\u00e1ria l\u00e1nya (1879), Beresztelk\u00e9n temette, ott t\u00f6lt\u00f6tt m\u00e9g p\u00e1r hetet, majd v\u00e9gleg Kv.-ra k\u00f6lt\u00f6z\u00f6tt (1880), a K\u00fclmagyar utc\u00e1ban h\u00e1zat vett \u00e9s ott t\u00f6lt\u00f6tte \u00e9lete h\u00e1tralev\u0151 r\u00e9sz\u00e9t. \u00dajabb csap\u00e1sok \u00e9rt\u00e9k: meghalt Jozefa l\u00e1nya, \u00e9s kev\u00e9ssel ezut\u00e1n Zolt\u00e1n fia (1896). Tov\u00e1bb folytatta napl\u00f3ja \u00edr\u00e1s\u00e1t. M\u00e1ria l\u00e1nya v\u00e9grendeletileg 12\u00a0000 Ft.-ot hagyott a mv.-i ref. koll.-nak, hogy am\u00edg \u00e9desanyja \u00e9l, addig a kamatokat \u00e9letj\u00e1rad\u00e9kul neki fizess\u00e9k. Ezt a p\u00e9nzt n\u00e9pnevel\u00e9si c\u00e9lokra ford\u00edtotta. Beresztelk\u00e9n rendre fel\u00e9p\u00edtette a ref. elemi iskola \u00e9s \u00f3voda \u00e9p\u00fclet\u00e9t (1886\u2013), egy ny\u00e1ri gyermekmenhelyt l\u00e9tes\u00edtett az EMKE \u00f3vod\u00e1sok r\u00e9sz\u00e9re (1896). Alap\u00edtv\u00e1nyt tett a MT megyei \u00c1ltal\u00e1nos Tan\u00edt\u00f3 Test\u00fclethez \u00e9s a Megyei N\u00e9pnevel\u00e9si Alaphoz. Seg\u00e9lyeket adott \u00e9rdemes \u00e9s szorgalmas tan\u00edt\u00f3knak \u00e9s iskol\u00e1knak \u00fagy, hogy a k\u00f6zoktat\u00e1si c\u00e9lokra tett adom\u00e1nyai meghaladt\u00e1k a 13\u00a0000 Ftr.-t (1896). 6000 koron\u00e1s alap\u00edtv\u00e1nyt tett fiai eml\u00e9k\u00e9re. A test\u00fclet k\u00f6zgy\u0171l\u00e9sen eml\u00e9kezett meg r\u00f3la (1900). A forradalom esem\u00e9nyeit, szem\u00e9lyes \u00e9lm\u00e9nyeit, R\u00e9gen v\u00e1ros feld\u00fal\u00e1s\u00e1t az Eml\u00e9kirataim c. k\u00f6nyvben \u00f6r\u00f6k\u00edtette meg. Ezzel a m\u0171v\u00e9vel bel\u00e9pett az irodalomba. A bevezet\u0151b\u0151l tudjuk, hogy 1857-ben kezdte \u00edrni \u00e9s 1863-ban k\u00e9szen volt. A k\u00e9zirat, melynek eredetileg \u00c9letemnek nevezetesebb id\u0151szaka c\u00edmet adta, hal\u00e1la ut\u00e1n ker\u00fclt l\u00e1nya, Kem\u00e9ny K\u00e1lm\u00e1nn\u00e9 Polix\u00e9ni\u00e1hoz Marosv\u00e9csre. Az els\u0151 vh. kit\u00f6r\u00e9sekor Marosv\u00e9cs hadsz\u00ednt\u00e9rr\u00e9 v\u00e1lt A katon\u00e1k behatolva a v\u00e1rba felt\u00f6rt\u00e9k a k\u00e9ziratait tartalmaz\u00f3 l\u00e1d\u00e1t, napl\u00f3it, leveleit \u00e9s eml\u00e9kirat\u00e1t sz\u00e9tsz\u00f3rt\u00e1k. Az ut\u00f3bb \u00f6sszeszedett Eml\u00e9kiratot az \u00edr\u00f3n\u0151 unok\u00e1ja, B\u00e1nffy J\u00e1nos bek\u00f6ttette. A k\u00e9zirat akkor kapta a Szabads\u00e1gharc alatti \u00e9lm\u00e9nyeim c\u00edmet. Az eml\u00e9kirat az egyetlen magyar nyelv\u0171 n\u0151 \u00e1ltal \u00edrt m\u0171 az 1848\u201349-es id\u0151kb\u0151l. \u2013  <strong>F. m..:<\/strong> B\u00e1r\u00f3 B\u00e1nffy J\u00e1nosn\u00e9, Wessel\u00e9nyi Jozefa b\u00e1r\u00f3n\u0151 eml\u00e9kirata 1848\u201349-i \u00e9lm\u00e9nyeir\u0151l (Kv., 1931); B\u00e1nffy J\u00e1nosn\u00e9 Wessel\u00e9nyi Jozefa napl\u00f3jegyzete = Sz\u00e9kely v\u00e9rtan\u00fak; Eml\u00e9kirat: B\u00e1r\u00f3 B\u00e1nffy J\u00e1nosn\u00e9, Wessel\u00e9nyi J\u00f3z\u00e9fa b\u00e1r\u00f3n\u0151 eml\u00e9kirata 1848\u201349-i \u00e9lm\u00e9nyeir\u0151l \/ Sajt\u00f3 al\u00e1 rendezte \u00e9s bevezet\u0151vel ell\u00e1tta Kelemen Lajos. Az ut\u00f3sz\u00f3t Sas P\u00e9ter \u00edrta. (Kv., 2014.). <br \/><strong>\u2013 Irod.:<\/strong> B\u00e1r\u00f3 B\u00e1nffy J\u00e1nosn\u00e9 Wessel\u00e9nyi Jozefa b\u00e1r\u00f3n\u0151 eml\u00e9kirata 1848\u201349-i \u00e9lm\u00e9nyeir\u0151l (Kv., 1931); B\u00e1r\u00f3 B. J\u00e1nosn\u00e9 eml\u00e9kezete = Eml\u00e9kk\u00f6nyv, Gudenus; Kelemen Lajos 2009; Kempelen; M\u00faltunkr\u00f3l; \u00d6tv\u00f6s; Paget; P\u00e1l-Antal\u2013Szab\u00f3, 2.<\/br><\/p>\n","protected":false},"excerpt":{"rendered":"<p>Hadad, Aranyosgy\u00e9res, 1812. \u00e1pr. 21., \u2020\u00a0Kv, 1899. jan. 6, temetve Beresztelk\u00e9n f\u00e9rje mell\u00e9: beresztelki birtokos, eml\u00e9kirat- \u00e9s napl\u00f3\u00edr\u00f3. \u2013 W. J\u00f3zsef (1769\u20131826) \u00e9s malomvizi gr. Kendeffy R\u00e1chel (1780\u20131840) le\u00e1nya. T\u00f6bb l\u00e1nytestv\u00e9r\u00e9vel egy\u00fctt csal\u00e1di k\u00f6rben nevelkedett, gyermekkor\u00e1ban m\u00e1r 4 nyelvet saj\u00e1t\u00edtott el. F\u00e9rje br. losonczi B\u00e1nffy J\u00e1nos, K\u00fck\u00fcll\u0151 v\u00e1rmegyei korm\u00e1nybiztos f\u0151isp\u00e1n (Kv. 1834), akinek Szil\u00e1gymegy\u00e9ben \u00e9s [&hellip;]<\/p>\n","protected":false},"featured_media":0,"comment_status":"open","ping_status":"closed","template":"","meta":[],"product_brand":[],"product_cat":[137],"product_tag":[],"class_list":{"0":"post-24878","1":"product","2":"type-product","3":"status-publish","5":"product_cat-maros-megyei-eletrajzi-lexikon","7":"first","8":"instock","9":"shipping-taxable","10":"product-type-simple"},"_links":{"self":[{"href":"https:\/\/uj.adatbank.ro\/lexikon\/wp-json\/wp\/v2\/product\/24878","targetHints":{"allow":["GET"]}}],"collection":[{"href":"https:\/\/uj.adatbank.ro\/lexikon\/wp-json\/wp\/v2\/product"}],"about":[{"href":"https:\/\/uj.adatbank.ro\/lexikon\/wp-json\/wp\/v2\/types\/product"}],"replies":[{"embeddable":true,"href":"https:\/\/uj.adatbank.ro\/lexikon\/wp-json\/wp\/v2\/comments?post=24878"}],"wp:attachment":[{"href":"https:\/\/uj.adatbank.ro\/lexikon\/wp-json\/wp\/v2\/media?parent=24878"}],"wp:term":[{"taxonomy":"product_brand","embeddable":true,"href":"https:\/\/uj.adatbank.ro\/lexikon\/wp-json\/wp\/v2\/product_brand?post=24878"},{"taxonomy":"product_cat","embeddable":true,"href":"https:\/\/uj.adatbank.ro\/lexikon\/wp-json\/wp\/v2\/product_cat?post=24878"},{"taxonomy":"product_tag","embeddable":true,"href":"https:\/\/uj.adatbank.ro\/lexikon\/wp-json\/wp\/v2\/product_tag?post=24878"}],"curies":[{"name":"wp","href":"https:\/\/api.w.org\/{rel}","templated":true}]}}