{"id":24881,"date":"2025-08-01T18:24:18","date_gmt":"2025-08-01T16:24:18","guid":{"rendered":"https:\/\/uj.adatbank.ro\/lexikon\/termek\/wesselenyi-kata-rhedey-zsigmondne\/"},"modified":"2025-08-01T18:24:18","modified_gmt":"2025-08-01T16:24:18","slug":"wesselenyi-kata-rhedey-zsigmondne","status":"publish","type":"product","link":"https:\/\/uj.adatbank.ro\/lexikon\/termek\/wesselenyi-kata-rhedey-zsigmondne\/","title":{"rendered":"WESSEL\u00c9NYI Kata, Rh\u00e9dey Zsigmondn\u00e9"},"content":{"rendered":"<p>1735., \u2020\u00a01788.: malomfalvi birtokos, k\u00f6nyvgy\u0171jt\u0151. \u2013 W Ferenc (1705\u20131775) \u00e9s kisr\u00e9dei gr. Rh\u00e9dei Zsuzs\u00e1nna (1716\u20131771) le\u00e1nya. F\u00e9rjhez ment kisr\u00e9dei gr. Rh\u00e9dey Zsigmondhoz (1722\u20131758) esk\u00fcv\u0151: (1751). Fiatalon \u00f6zvegy maradt (1758). Mv.-en polg\u00e1ri esk\u00fct tett (1759. m\u00e1j. 23.), az Ebh\u00e1t utc\u00e1ban v\u00e1s\u00e1rolt h\u00e1zat. P\u00e1r \u00e9v m\u00falva elvesztette egyetlen fi\u00e1t, a 15 \u00e9ves Ferencet (1771). A malomfalvi kast\u00e9ly \u00e9p\u00edttet\u0151je. F\u00e9rje hal\u00e1la ut\u00e1n (1758) \u00e9p\u00edttette a maga \u00e9s fia sz\u00e1m\u00e1ra. Az \u00e9p\u00edt\u00e9s idej\u00e9re \u00e9s \u00e9p\u00edttet\u0151je szem\u00e9ly\u00e9re az udvarh\u00e1z homlokzat\u00e1n lev\u0151 barokk keretes k\u0151b\u0151l faragott W. c\u00edmeres eml\u00e9kt\u00e1bla utal. Egyetlen fia hal\u00e1la ut\u00e1n (1771) k\u00e9t telket vett Mv.-en a Szent Mikl\u00f3s utc\u00e1ban \u00e9s \u00e9p\u00edtkezni kezdett. Bek\u00f6lt\u00f6z\u00f6tt malomfalvi k\u00fari\u00e1j\u00e1b\u00f3l Mv.-re (1777), \u00fajonnan \u00e9p\u00edtett h\u00e1z\u00e1ba, majd \u00faj r\u00e9szt is \u00e9p\u00edttetett hozz\u00e1 (1781). A malomfalvi udvarh\u00e1z a h\u00e1zass\u00e1g r\u00e9v\u00e9n rokon Kem\u00e9ny csal\u00e1d birtok\u00e1ba ker\u00fclt, P\u00e1l (1793\u20131854) \u00f6r\u00f6k\u00f6lte \u00e9desanyja r\u00e9v\u00e9n. V\u00e9grendelet\u00e9ben unokah\u00fag\u00e1nak ikt\u00e1ri Bethlen Zsuzsann\u00e1nak hagyta a mv.-i Rh\u00e9dey-h\u00e1zat, aki m\u00e1r akkor nem \u00e9lt (1798), melyhez azt\u00e1n Teleki S\u00e1muel hozz\u00e1\u00e9p\u00edttette a Teleki T\u00e9ka hajl\u00e9k\u00e1nak sz\u00e1nt k\u00f6nyvesh\u00e1zat (1799\u20131802) \u2013 ma Teleki\u2013Bolyai k\u00f6nyvt\u00e1r, \u201eA\u201d kateg\u00f3ri\u00e1ba tartoz\u00f3 m\u0171eml\u00e9k (Bolyai u. 17.). \u2013 A mv.-i ref. koll. p\u00e1rtfog\u00f3ja, az \u0151 seg\u00edts\u00e9g\u00e9vel k\u00e9sz\u00fclt el Kov\u00e1sznai S\u00e1ndor tan\u00e1ri lak\u00e1sa (1769). F\u00e9rje k\u00f6nyvszeret\u0151 ember volt, korai hal\u00e1l\u00e1t k\u00f6vet\u0151en feles\u00e9ge k\u00f6nyvei k\u00f6z\u00fcl 131 m\u0171vet, 180 k\u00f6tetben a mv.-i Ref. Koll. k\u00f6nyvt\u00e1r\u00e1nak adom\u00e1nyozott, elhunyt fia eml\u00e9k\u00e9re (1788). Ezek nagyr\u00e9szt latin nyelv\u0171ek, ma is megvannak a mv.-i Bolyai K\u00f6nyvt\u00e1rban. W. Kata k\u00f6nyvlist\u00e1i arr\u00f3l tan\u00faskodnak, hogy \u0151 viszont ink\u00e1bb a m. nyelv\u0171 k\u00f6nyveket gy\u0171jt\u00f6tte, \u00e9s m\u00e9g \u00e9let\u00e9ben unokah\u00fag\u00e1nak ikt\u00e1ri Bethlen Zsuzsann\u00e1nak adom\u00e1nyozta k\u00f6nyvt\u00e1r\u00e1t (1770), minden bizonnyal \u00fagy v\u00e9lekedett hogy az akkor m\u00e1r komoly k\u00f6nyvgy\u0171jt\u0151k\u00e9nt ismert Teleki S\u00e1muel majdani k\u00f6nyvt\u00e1r\u00e1ban j\u00f3 helyen lesznek az \u0151 k\u00f6nyvei is. Ez k\u00e9pezte Bethlen Zsuzs\u00e1nna k\u00f6nyvt\u00e1r\u00e1nak magv\u00e1t. K\u00f6nyveit felsorol\u00f3 2 lista, a nev\u00e9vel jegyzett 200 k\u00f6tet azt bizony\u00edtja hogy a 18. sz. egyik jelent\u0151s erd\u00e9lyi n\u0151i k\u00f6nyvgy\u0171jt\u0151je volt: harminc 17. sz\u00e1zadi k\u00f6nyv \u2013 ezek egy-k\u00e9t vil\u00e1gi t\u00e1rgy\u00fa munk\u00e1n k\u00edv\u00fcl mind vall\u00e1sos m\u0171vek \u2013, ugyanilyen tartalm\u00fa 130 k\u00e9z\u00edr\u00e1sos \u00e9s nyomtatott k\u00f6nyv a 18. sz\u00e1zadb\u00f3l, mellett\u00fck mintegy 50 vil\u00e1gi t\u00e1rgy\u00fa orvosi, t\u00f6rt\u00e9nelmi, jogi, gazdas\u00e1gi, irodalmi munka. \u2013 H\u00e1romfert\u00e1lyos k\u00edv\u00fcl-bel\u00fcl aranyos ez\u00fcst kann\u00e1t k\u00e9sz\u00edttetett az erd\u0151szentgy\u00f6rgyi templom sz\u00e1m\u00e1ra (1771), amit Teleki S\u00e1muel kancell\u00e1r adott \u00e1t (1800). <br \/><strong>\u2013 Irod.:<\/strong> Castellum \u00c9rtes\u00edt\u0151 (2000, 3. sz.); De\u00e9 Nagy; De\u00e9 Nagy Anik\u00f3 2001; Id\u0151t\u00e1r 1; K.L. M\u0171v. t\u00f6rt. tan. 1.Libraria (5., 2006); Mv. Molter; Orb\u00e1n J\u00e1nos: T\u00e1blab\u00edr\u00e1k, f\u0151nemesek, pall\u00e9rok \u00e9s h\u00e1zak: V\u00e1rosk\u00e9p \u00e9s t\u00e1rsadalom v\u00e1ltoz\u00e1sai Mv.-en a Kir\u00e1lyi T\u00e1bla bek\u00f6lt\u00f6z\u00e9se ut\u00e1n [1754] = K\u00f6nyvek \u00e1ltal\u2026; P\u00e1l-Antal 2006; Valori mure\u015fene de patrimoniu.<\/br><\/p>\n","protected":false},"excerpt":{"rendered":"<p>1735., \u2020\u00a01788.: malomfalvi birtokos, k\u00f6nyvgy\u0171jt\u0151. \u2013 W Ferenc (1705\u20131775) \u00e9s kisr\u00e9dei gr. Rh\u00e9dei Zsuzs\u00e1nna (1716\u20131771) le\u00e1nya. F\u00e9rjhez ment kisr\u00e9dei gr. Rh\u00e9dey Zsigmondhoz (1722\u20131758) esk\u00fcv\u0151: (1751). Fiatalon \u00f6zvegy maradt (1758). Mv.-en polg\u00e1ri esk\u00fct tett (1759. m\u00e1j. 23.), az Ebh\u00e1t utc\u00e1ban v\u00e1s\u00e1rolt h\u00e1zat. P\u00e1r \u00e9v m\u00falva elvesztette egyetlen fi\u00e1t, a 15 \u00e9ves Ferencet (1771). A malomfalvi kast\u00e9ly [&hellip;]<\/p>\n","protected":false},"featured_media":0,"comment_status":"open","ping_status":"closed","template":"","meta":[],"product_brand":[],"product_cat":[137],"product_tag":[],"class_list":{"0":"post-24881","1":"product","2":"type-product","3":"status-publish","5":"product_cat-maros-megyei-eletrajzi-lexikon","7":"first","8":"instock","9":"shipping-taxable","10":"product-type-simple"},"_links":{"self":[{"href":"https:\/\/uj.adatbank.ro\/lexikon\/wp-json\/wp\/v2\/product\/24881","targetHints":{"allow":["GET"]}}],"collection":[{"href":"https:\/\/uj.adatbank.ro\/lexikon\/wp-json\/wp\/v2\/product"}],"about":[{"href":"https:\/\/uj.adatbank.ro\/lexikon\/wp-json\/wp\/v2\/types\/product"}],"replies":[{"embeddable":true,"href":"https:\/\/uj.adatbank.ro\/lexikon\/wp-json\/wp\/v2\/comments?post=24881"}],"wp:attachment":[{"href":"https:\/\/uj.adatbank.ro\/lexikon\/wp-json\/wp\/v2\/media?parent=24881"}],"wp:term":[{"taxonomy":"product_brand","embeddable":true,"href":"https:\/\/uj.adatbank.ro\/lexikon\/wp-json\/wp\/v2\/product_brand?post=24881"},{"taxonomy":"product_cat","embeddable":true,"href":"https:\/\/uj.adatbank.ro\/lexikon\/wp-json\/wp\/v2\/product_cat?post=24881"},{"taxonomy":"product_tag","embeddable":true,"href":"https:\/\/uj.adatbank.ro\/lexikon\/wp-json\/wp\/v2\/product_tag?post=24881"}],"curies":[{"name":"wp","href":"https:\/\/api.w.org\/{rel}","templated":true}]}}