{"id":24972,"date":"2025-08-01T18:28:07","date_gmt":"2025-08-01T16:28:07","guid":{"rendered":"https:\/\/uj.adatbank.ro\/lexikon\/termek\/zagon-ioan\/"},"modified":"2025-08-01T18:28:07","modified_gmt":"2025-08-01T16:28:07","slug":"zagon-ioan","status":"publish","type":"product","link":"https:\/\/uj.adatbank.ro\/lexikon\/termek\/zagon-ioan\/","title":{"rendered":"ZAGON, Ioan"},"content":{"rendered":"<p>V\u0103leni, 1935. nov. 30., \u2020\u00a0Marosludas, ?: politikus, polg\u00e1rmester. \u2013 Elemi iskol\u00e1it a sz\u00fcl\u0151faluban, ipari l\u00edc. Mv.-en v\u00e9gzett. Polg\u00e1rmesters\u00e9ge idej\u00e9n elv\u00e9gezte a buk.-i \u015etefan Gheorghiu politikai egyetemet. Katonas\u00e1g ut\u00e1n Mez\u0151m\u00e9hesen (Maros) az \u00c1llami Mez\u0151gazdas\u00e1gi V\u00e1llalat f\u0151g\u00e9p\u00e9sze (1958\u20131963), ezut\u00e1n politikai tev\u00e9kenys\u00e9get fejtett ki, majd Ludas v\u00e1ros polg\u00e1rmestere lett (1974. \u00e1pr. 16. \u2013 1984.). Polg\u00e1rmesters\u00e9ge ideje alatt \u00faj \u00f3vod\u00e1t \u00e9p\u00edtettek; napk\u00f6ziotthont adtak \u00e1t (1974); fog\u00e1szati k\u00f6zpontot l\u00e9tes\u00edtettek (1974); 68 helys\u00e9get ell\u00e1t\u00f3 g\u00e1zeloszt\u00f3- \u00e9s automata telefonk\u00f6zpontot l\u00e9tes\u00edtettek (1975); \u00fczembe helyezt\u00e9k az autogumi-resap\u00e1l\u00f3 egys\u00e9get (1976); 340 \u00faj lak\u00e1st adtak \u00e1t (1975); Maros foly\u00f3n \u00faj h\u00eddat \u00e9p\u00edtettek (1975); a v\u00e1rosi k\u00f3rh\u00e1zat \u00faj r\u00e9szlegekkel b\u0151v\u00edtett\u00e9k (belgy\u00f3gy\u00e1szat, fert\u0151z\u0151betegs\u00e9gek oszt., 1977); m\u00e9g 660 \u00faj lakr\u00e9szt adtak \u00e1t (1976\u20131980); az Ipari l\u00edc. r\u00e9sz\u00e9re \u00faj intern\u00e1tust \u00e9s \u00e9tkezd\u00e9t \u00e9p\u00edtettek (1980); 12,5 km hossz\u00fas\u00e1gban szab\u00e1lyozt\u00e1k a Maros foly\u00f3t Gezse \u00e9s Marosbog\u00e1t k\u00f6z\u00f6tt (1978\u20131980); \u00faj lak\u00f3negyed \u00e9p\u00edt\u00e9s\u00e9t kezdt\u00e9k el \u201e23 August\u201d n\u00e9vvel (1982); m\u0171k\u00f6d\u00e9sbe l\u00e9pett az \u00faj gumiabroncs-gy\u00e1r Velo n\u00e9ven (1982); a cukorgy\u00e1rat n\u00e1polyszelet-k\u00e9sz\u00edt\u0151 r\u00e9szleggel b\u0151v\u00edtett\u00e9k (1983). <br \/><strong>\u2013 Irod.:<\/strong> Ludu\u015f.<\/br><\/p>\n","protected":false},"excerpt":{"rendered":"<p>V\u0103leni, 1935. nov. 30., \u2020\u00a0Marosludas, ?: politikus, polg\u00e1rmester. \u2013 Elemi iskol\u00e1it a sz\u00fcl\u0151faluban, ipari l\u00edc. Mv.-en v\u00e9gzett. Polg\u00e1rmesters\u00e9ge idej\u00e9n elv\u00e9gezte a buk.-i \u015etefan Gheorghiu politikai egyetemet. Katonas\u00e1g ut\u00e1n Mez\u0151m\u00e9hesen (Maros) az \u00c1llami Mez\u0151gazdas\u00e1gi V\u00e1llalat f\u0151g\u00e9p\u00e9sze (1958\u20131963), ezut\u00e1n politikai tev\u00e9kenys\u00e9get fejtett ki, majd Ludas v\u00e1ros polg\u00e1rmestere lett (1974. \u00e1pr. 16. \u2013 1984.). Polg\u00e1rmesters\u00e9ge ideje alatt \u00faj [&hellip;]<\/p>\n","protected":false},"featured_media":0,"comment_status":"open","ping_status":"closed","template":"","meta":[],"product_brand":[],"product_cat":[137],"product_tag":[],"class_list":{"0":"post-24972","1":"product","2":"type-product","3":"status-publish","5":"product_cat-maros-megyei-eletrajzi-lexikon","7":"first","8":"instock","9":"shipping-taxable","10":"product-type-simple"},"_links":{"self":[{"href":"https:\/\/uj.adatbank.ro\/lexikon\/wp-json\/wp\/v2\/product\/24972","targetHints":{"allow":["GET"]}}],"collection":[{"href":"https:\/\/uj.adatbank.ro\/lexikon\/wp-json\/wp\/v2\/product"}],"about":[{"href":"https:\/\/uj.adatbank.ro\/lexikon\/wp-json\/wp\/v2\/types\/product"}],"replies":[{"embeddable":true,"href":"https:\/\/uj.adatbank.ro\/lexikon\/wp-json\/wp\/v2\/comments?post=24972"}],"wp:attachment":[{"href":"https:\/\/uj.adatbank.ro\/lexikon\/wp-json\/wp\/v2\/media?parent=24972"}],"wp:term":[{"taxonomy":"product_brand","embeddable":true,"href":"https:\/\/uj.adatbank.ro\/lexikon\/wp-json\/wp\/v2\/product_brand?post=24972"},{"taxonomy":"product_cat","embeddable":true,"href":"https:\/\/uj.adatbank.ro\/lexikon\/wp-json\/wp\/v2\/product_cat?post=24972"},{"taxonomy":"product_tag","embeddable":true,"href":"https:\/\/uj.adatbank.ro\/lexikon\/wp-json\/wp\/v2\/product_tag?post=24972"}],"curies":[{"name":"wp","href":"https:\/\/api.w.org\/{rel}","templated":true}]}}