{"id":25079,"date":"2025-08-01T18:32:12","date_gmt":"2025-08-01T16:32:12","guid":{"rendered":"https:\/\/uj.adatbank.ro\/lexikon\/termek\/zeyk-albert\/"},"modified":"2025-08-01T18:32:12","modified_gmt":"2025-08-01T16:32:12","slug":"zeyk-albert","status":"publish","type":"product","link":"https:\/\/uj.adatbank.ro\/lexikon\/termek\/zeyk-albert\/","title":{"rendered":"ZEYK Albert"},"content":{"rendered":"<p>? \u2020 ?: szolgab\u00edr\u00f3. \u2013 Z. Domokos fia. Erd\u0151szentgy\u00f6rgy\u00f6n lakott. J\u00f3sz\u00edv\u0171 ember volt, adott, akinek sz\u00fcks\u00e9ge volt, \u00edgy elment a birtoka. Az els\u0151 vh. ut\u00e1n elvett\u00e9k fegyvertart\u00e1si enged\u00e9ly\u00e9t. Levelet \u00edrt francia nyelven M\u00e1ria kir\u00e1lyn\u0151nek, amelyben s\u00e9relmezte, hogy \u0151t, a kir\u00e1lyn\u0151 rokon\u00e1t megfosztott\u00e1k a vad\u00e1szat \u00f6r\u00f6m\u00e9t\u0151l. Csal\u00e1df\u00e1j\u00e1val bizony\u00edtotta, hogy a Rh\u00e9dey-csal\u00e1ddal k\u00f6zeli rokons\u00e1gban van \u00e9s Rh\u00e9dey Klaudia r\u00e9v\u00e9n Vikt\u00f3ria kir\u00e1lyn\u0151 rokona. M\u00e1ria kir\u00e1lyn\u0151 fegyvertart\u00e1si enged\u00e9lyt \u00e9s egy belga vad\u00e1szpusk\u00e1t k\u00fcld\u00f6tt neki aj\u00e1nd\u00e9kul. Fia gyermekorvos lett, egy darabig az erd\u0151szentgy\u00f6rgyi gyermekmenhely igazgat\u00f3ja volt, 1944-ben elment. <br \/><strong>\u2013 Irod.:<\/strong> Sipos.<\/br><\/p>\n","protected":false},"excerpt":{"rendered":"<p>? \u2020 ?: szolgab\u00edr\u00f3. \u2013 Z. Domokos fia. Erd\u0151szentgy\u00f6rgy\u00f6n lakott. J\u00f3sz\u00edv\u0171 ember volt, adott, akinek sz\u00fcks\u00e9ge volt, \u00edgy elment a birtoka. Az els\u0151 vh. ut\u00e1n elvett\u00e9k fegyvertart\u00e1si enged\u00e9ly\u00e9t. Levelet \u00edrt francia nyelven M\u00e1ria kir\u00e1lyn\u0151nek, amelyben s\u00e9relmezte, hogy \u0151t, a kir\u00e1lyn\u0151 rokon\u00e1t megfosztott\u00e1k a vad\u00e1szat \u00f6r\u00f6m\u00e9t\u0151l. Csal\u00e1df\u00e1j\u00e1val bizony\u00edtotta, hogy a Rh\u00e9dey-csal\u00e1ddal k\u00f6zeli rokons\u00e1gban van \u00e9s Rh\u00e9dey [&hellip;]<\/p>\n","protected":false},"featured_media":0,"comment_status":"open","ping_status":"closed","template":"","meta":[],"product_brand":[],"product_cat":[137],"product_tag":[],"class_list":{"0":"post-25079","1":"product","2":"type-product","3":"status-publish","5":"product_cat-maros-megyei-eletrajzi-lexikon","7":"first","8":"instock","9":"shipping-taxable","10":"product-type-simple"},"_links":{"self":[{"href":"https:\/\/uj.adatbank.ro\/lexikon\/wp-json\/wp\/v2\/product\/25079","targetHints":{"allow":["GET"]}}],"collection":[{"href":"https:\/\/uj.adatbank.ro\/lexikon\/wp-json\/wp\/v2\/product"}],"about":[{"href":"https:\/\/uj.adatbank.ro\/lexikon\/wp-json\/wp\/v2\/types\/product"}],"replies":[{"embeddable":true,"href":"https:\/\/uj.adatbank.ro\/lexikon\/wp-json\/wp\/v2\/comments?post=25079"}],"wp:attachment":[{"href":"https:\/\/uj.adatbank.ro\/lexikon\/wp-json\/wp\/v2\/media?parent=25079"}],"wp:term":[{"taxonomy":"product_brand","embeddable":true,"href":"https:\/\/uj.adatbank.ro\/lexikon\/wp-json\/wp\/v2\/product_brand?post=25079"},{"taxonomy":"product_cat","embeddable":true,"href":"https:\/\/uj.adatbank.ro\/lexikon\/wp-json\/wp\/v2\/product_cat?post=25079"},{"taxonomy":"product_tag","embeddable":true,"href":"https:\/\/uj.adatbank.ro\/lexikon\/wp-json\/wp\/v2\/product_tag?post=25079"}],"curies":[{"name":"wp","href":"https:\/\/api.w.org\/{rel}","templated":true}]}}