{"id":25081,"date":"2025-08-01T18:32:17","date_gmt":"2025-08-01T16:32:17","guid":{"rendered":"https:\/\/uj.adatbank.ro\/lexikon\/termek\/zeyk-daniel-zejkfalvi-br\/"},"modified":"2025-08-01T18:32:17","modified_gmt":"2025-08-01T16:32:17","slug":"zeyk-daniel-zejkfalvi-br","status":"publish","type":"product","link":"https:\/\/uj.adatbank.ro\/lexikon\/termek\/zeyk-daniel-zejkfalvi-br\/","title":{"rendered":"ZEYK D\u00e1niel, zejkfalvi br."},"content":{"rendered":"<p>Di\u00f3dv\u00e1ralja, 1737. j\u00fan. 30., \u2020 D\u00e9va, 1796. aug. 31. Di\u00f3don temett\u00e9k: m. kir. test\u0151r, kir. \u00edt\u00e9l\u0151mester, f\u0151korm\u00e1nysz\u00e9ki tan., kir. f\u0151poh\u00e1rnok, az erd\u00e9lyi kir. t\u00e1bla eln\u00f6ke. \u2013 Zeyk J\u00e1nos \u00edr\u00f3 \u00e9s Horv\u00e1th Krisztina fia. Feles\u00e9ge: gr. Teleki Borb\u00e1la (1749? \u2013 Mv., 1819. m\u00e1j. 19., Di\u00f3don temett\u00e9k). Gyermekeik 8 le\u00e1ny \u00e9s egy fi\u00fa. Z. Borb\u00e1la, M\u00e1ria, D\u00e1niel, Eszter, Krisztina, Kata, Szusz\u00e1nna \u00e9s Anna. A kir. T\u00e1bla sz\u00e1mfeletti \u00fcln\u00f6ke (1770), \u00edt\u00e9l\u0151mester (1777), korm\u00e1nysz\u00e9ki (1785), Mv.-en pog\u00e1ri esk\u00fct tett (1785. \u00e1pr. 8.), kancell\u00e1riai udvari tan\u00e1csos (1791), az ogy. kir. t\u00e1blai eln\u00f6knek v\u00e1lasztotta (1795), egyszersmint v. b. t. t. \u00e9s erd\u00e9lyi ajt\u00f3n\u00e1ll\u00f3mester is volt. Tisztelet\u00e9re olyan j\u00f3l siker\u00fclt kom\u00e9di\u00e1t mutattak be (1796. febr. 11.), hogy m\u00e9g a B\u00e9csi M. Merkurius is besz\u00e1molt r\u00f3la. Ogy.-i besz\u00e9dei a Napl\u00f3ban. <br \/><strong>\u2013 Irod.:<\/strong> Enyedi: erd\u00e9lyi m. sz\u00ednj\u00e1tsz\u00e1s; Az erd\u00e9lyi h\u00e1rom nemzetb\u0151l \u00e1ll\u00f3 rendeknek 1792. tartott k\u00f6z\u00f6ns\u00e9ges gy\u0171l\u00e9seiben lett v\u00e9gz\u00e9seknek \u00e9s foglalatoss\u00e1goknak jegyz\u0151k\u00f6nyve (Kv., 1795); Gy\u00e1szjelent\u0151; H\u00edres polg\u00e1rok; Kr\u00f3n. F\u00fcz. (1939, 4\/9); Gudenus, Id\u0151t\u00e1r 1; Orb\u00e1n J\u00e1nos: T\u00e1blab\u00edr\u00e1k, f\u0151nemesek, pall\u00e9rok \u00e9s h\u00e1zak: V\u00e1rosk\u00e9p \u00e9s t\u00e1rsadalom v\u00e1ltoz\u00e1sai Mv.-en a Kir\u00e1lyi T\u00e1bla bek\u00f6lt\u00f6z\u00e9se ut\u00e1n [1754] = K\u00f6nyvek \u00e1ltal\u2026; Szinnyei.<\/br><\/p>\n","protected":false},"excerpt":{"rendered":"<p>Di\u00f3dv\u00e1ralja, 1737. j\u00fan. 30., \u2020 D\u00e9va, 1796. aug. 31. Di\u00f3don temett\u00e9k: m. kir. test\u0151r, kir. \u00edt\u00e9l\u0151mester, f\u0151korm\u00e1nysz\u00e9ki tan., kir. f\u0151poh\u00e1rnok, az erd\u00e9lyi kir. t\u00e1bla eln\u00f6ke. \u2013 Zeyk J\u00e1nos \u00edr\u00f3 \u00e9s Horv\u00e1th Krisztina fia. Feles\u00e9ge: gr. Teleki Borb\u00e1la (1749? \u2013 Mv., 1819. m\u00e1j. 19., Di\u00f3don temett\u00e9k). Gyermekeik 8 le\u00e1ny \u00e9s egy fi\u00fa. Z. Borb\u00e1la, M\u00e1ria, D\u00e1niel, [&hellip;]<\/p>\n","protected":false},"featured_media":0,"comment_status":"open","ping_status":"closed","template":"","meta":[],"product_brand":[],"product_cat":[137],"product_tag":[],"class_list":{"0":"post-25081","1":"product","2":"type-product","3":"status-publish","5":"product_cat-maros-megyei-eletrajzi-lexikon","7":"first","8":"instock","9":"shipping-taxable","10":"product-type-simple"},"_links":{"self":[{"href":"https:\/\/uj.adatbank.ro\/lexikon\/wp-json\/wp\/v2\/product\/25081","targetHints":{"allow":["GET"]}}],"collection":[{"href":"https:\/\/uj.adatbank.ro\/lexikon\/wp-json\/wp\/v2\/product"}],"about":[{"href":"https:\/\/uj.adatbank.ro\/lexikon\/wp-json\/wp\/v2\/types\/product"}],"replies":[{"embeddable":true,"href":"https:\/\/uj.adatbank.ro\/lexikon\/wp-json\/wp\/v2\/comments?post=25081"}],"wp:attachment":[{"href":"https:\/\/uj.adatbank.ro\/lexikon\/wp-json\/wp\/v2\/media?parent=25081"}],"wp:term":[{"taxonomy":"product_brand","embeddable":true,"href":"https:\/\/uj.adatbank.ro\/lexikon\/wp-json\/wp\/v2\/product_brand?post=25081"},{"taxonomy":"product_cat","embeddable":true,"href":"https:\/\/uj.adatbank.ro\/lexikon\/wp-json\/wp\/v2\/product_cat?post=25081"},{"taxonomy":"product_tag","embeddable":true,"href":"https:\/\/uj.adatbank.ro\/lexikon\/wp-json\/wp\/v2\/product_tag?post=25081"}],"curies":[{"name":"wp","href":"https:\/\/api.w.org\/{rel}","templated":true}]}}