{"id":25083,"date":"2025-08-01T18:32:23","date_gmt":"2025-08-01T16:32:23","guid":{"rendered":"https:\/\/uj.adatbank.ro\/lexikon\/termek\/zeyk-domokos-%c2%a7-zeykfalvi\/"},"modified":"2025-08-01T18:32:23","modified_gmt":"2025-08-01T16:32:23","slug":"zeyk-domokos-%c2%a7-zeykfalvi","status":"publish","type":"product","link":"https:\/\/uj.adatbank.ro\/lexikon\/termek\/zeyk-domokos-%c2%a7-zeykfalvi\/","title":{"rendered":"ZEYK Domokos, \u00a7 zeykfalvi"},"content":{"rendered":"<p>Mv., 1816. j\u00fan. 19. keresztel\u00e9se, \u2020 H\u00e9jjasfalva, 1849. j\u00fal. 31.: honv\u00e9dsz\u00e1zados. \u2013 Apja Zejk D\u00e1niel, a Kir. T\u00e1bla \u00fcln\u00f6ke. Feles\u00e9ge br. Kem\u00e9ny Juli\u00e1nna (1845). Fiai: Simon (Mv., 1846. nov. 13. \u2013 Kv., 1860. \u00e1pr. 24.) \u00e9s G\u00e1bor (Mv., 1848. febr. 20.). \u2013 Mv.-en mag\u00e1ntan\u00edt\u00f3 k\u00e9pezte, Kv.-on a Ref. Koll.-ban (1834\u201335), majd a nagyenyedi Ref. Koll.-ban \u00e9s ott jogot tanult \u00e9s mez\u0151gazdas\u00e1gtant Magyar\u00f3v\u00e1ron a gazdas\u00e1gi tanint\u00e9zetben (1838\u201340), majd a berlini egyetem filoz\u00f3fia kar\u00e1n v\u00e9gzett (1844. m\u00e1rc. 14.). Mv.-en megn\u0151s\u00fclt, itt telepedtek le, a fiai is itt sz\u00fclettek. R\u00e9szt vett az agyagfalvi sz\u00e9kely nemzeti gy\u0171l\u00e9sen (1848. okt. 16.). Gazd\u00e1lkod\u00f3 volt. R\u00e9szt vett az agyagfalvi sz\u00e9kely nemzeti gy\u0171l\u00e9sen (1848. okt. 16.). Az 1848\/49-es szabads\u00e1gharcban a sz\u00e9kely hat\u00e1r\u0151r\u00f6k cs\u00edki parancsnoka, Dorschner ezredes, seg\u00e9dtisztjek\u00e9nt szolg\u00e1lt a sz\u00e9kelyf\u00f6ldi honv\u00e9dseregben (1848. okt. \u2013). R\u00e9szt vett a Vajdaszentiv\u00e1nyn\u00e1l lefolyt gy\u0151ztes csat\u00e1ban (1848. okt. 29.), majd Sz\u00e1szr\u00e9gen visszafoglal\u00e1s\u00e1ban. Miut\u00e1n Mv. elesett, kil\u00e9pett a forradalmi seregb\u0151l, visszavonult a mag\u00e1n\u00e9letbe. Bem felszabad\u00edtotta Mv.-t (1849. jan. 13.), be\u00e1llt husz\u00e1rnak Bem sereg\u00e9be, a Mikes Kelemen ezred parancs\u0151rtisztje volt (1849. jan. \u2013). Bem bevette tisztikar\u00e1ba fut\u00e1rnak \u00e9s el\u0151l\u00e9ptette hadnagynak (1849. febr.\u2013), f\u0151hadnagy (Nagyszeben, 1849. m\u00e1rc. 26. \u2013), sz\u00e1zados (Meh\u00e1dia, 1849. m\u00e1j. 28. \u2013). Megkapta a 3. oszt\u00e1ly\u00fa katonai \u00e9rdemjelt (1849. m\u00e1j. 19). J\u00f3l ismerte Pet\u0151fi S\u00e1ndort, akivel egy\u00fctt szolg\u00e1ltak \u00e9s a segesv\u00e1ri \u00fctk\u00f6zetet megel\u0151z\u0151 est\u00e9t Sz\u00e9kelykereszt\u00faron az \u0151 t\u00e1rsas\u00e1g\u00e1ban t\u00f6lt\u00f6tte. A segesv\u00e1ri csat\u00e1ban (1849. j\u00fal. 31.), L\u00fcders orosz t\u00e1bornok parancsot adott, hogy fogj\u00e1k el \u00e9lve, de Z., amikor l\u00e1tta, hogy az \u0151t k\u00f6r\u00fclfog\u00f3 dzsid\u00e1sok ellens\u00e9ges k\u00f6re el\u0151l nem menek\u00fclhet, f\u0151be l\u0151tte mag\u00e1t. Ahol elesett, illetve m\u00e9g \u00f6t h\u0151si hal\u00e1lt halt honv\u00e9dtisztnek (Dacz\u00f3 Zsigmond husz\u00e1r\u0151rnagynak; Endes \u00c1rp\u00e1d sz\u00e1zadosnak; G\u00e1l S\u00e1ndor, Bors J\u00f3zsef \u00e9s D\u00e1n\u00e9 J\u00e1nos hadnagyoknak) a s\u00edrj\u00e1t Haller J\u00f3zsef gr. beker\u00edtette \u00e9s gondozta. H\u00e9jjasfalv\u00e1n honv\u00e9d eml\u00e9km\u0171vet, nyolc m\u00e9ter magas obeliszket avattak (1901. szept. 29. vagy okt. 20.). Z. D. reliefk\u00e9p\u00e9t K\u00f6ll\u0151 Mikl\u00f3s szobr\u00e1szm\u0171v\u00e9sz alkotta, a kort\u00e1rs Sik\u00f3 Mikl\u00f3s portr\u00e9ja alapj\u00e1n, az oszlop terv\u00e9t Kert\u00e9sz K\u00e1roly bp.-i \u00e9p\u00edt\u00e9sz k\u00e9sz\u00edtette az EMKE gy\u0171jt\u00e9se \u00e9s kezdem\u00e9nyez\u00e9s\u00e9re, sz\u00f6vege: \u201eZeyk Domokos sz\u00e1zados, Bem t\u00e1bornok hadseg\u00e9de. Itt halt h\u0151si hal\u00e1lt a harct\u00e9ren 1849. j\u00falius 31.\u201d Az eml\u00e9km\u0171 \u00e9rct\u00e1bl\u00e1j\u00e1n ez \u00e1ll: \u201eKoz\u00e1kok ezre k\u00f6rbe fogta, \/ Hogy \u00e9lve ejtse foglyul \u0151t \/ \u0150 k\u00fczd\u00f6tt, mag\u00e1t meg nem adva, \/ Azt\u00e1n saj\u00e1t sz\u00edv\u00e9be l\u0151tt.\u201d A sz\u00e9kelykereszt\u00fari iskola viseli a nev\u00e9t \u00e9s mellszobra az iskola el\u0151tti parkban \u00e1ll. Eml\u00e9k\u00e9t a magyar\u00f3v\u00e1ri egyetemen is eml\u00e9kt\u00e1bla \u0151rzi. Mv.-en utca viseli a nev\u00e9t (2010\u2013). <br \/><strong>\u2013 Irod.:<\/strong> Bak\u00f3 Zolt\u00e1n: Sz\u00e1ztizen\u00f6t \u00e9ves eml\u00e9km\u0171 (V\u00e1s\u00e1rhelyi H\u00edrlap, 2016. j\u00fal. 22\u201324.); Castellum \u00c9rtes\u00edt\u0151, (2001, 6. sz.); Ferenczi Zolt\u00e1n: Pet\u0151fi \u00e9letrajza (Bp., 1896); Ferenczi Zolt\u00e1n: Pet\u0151fi elt\u0171n\u00e9s\u00e9nek irodalma (Bp., 1910); Lamp\u00e9rth G\u00e9za: Elm\u00falt id\u0151kb\u0151l (Bp, s.a); Moson M\u00c9L; Mur\u00e1din Jen\u0151: A szobr\u00e1sz K\u00f6ll\u0151 Mikl\u00f3s \u00e9s a szabads\u00e1gharc kultusza (Sz\u00e9kelyf\u00f6ld, 2010. j\u00fal., 7. sz.); Nagy S\u00e1ndor: H\u00e1romsz\u00e9k \u00f6nv\u00e9delmi harca 1848\u201349 (Kv., 1896); Papp D\u00e9nes: Okm\u00e1nyt\u00e1r Mo. F\u00fcggetlens\u00e9gi harc\u00e1nak t\u00f6rt\u00e9net\u00e9hez (Pest, 1869); S\u00e1ndor; Szab\u00f3 Mikl\u00f3s 2005; Szab\u00f3 Mikl\u00f3s: Z. D. \u2013 a segesv\u00e1ri csata h\u0151si halottja (1816\u20131849) = Maros megyei m. 2..; (N\u00fa., 1999. j\u00fal. 28.); Szak\u00e1cs J\u00e1nos: A h\u00e9jjasfalvi honv\u00e9deml\u00e9km\u0171 a r\u00e9gi sajt\u00f3ban (Erd\u00e9lyi Napl\u00f3, 2005. m\u00e1j. 3., 18. sz.); \u00daM\u00c9L; Vita Zsigmond: Pet\u0151fi \u00e9s Z. D. (N\u00fa., M\u00fazsa, 1991. aug. 2., 17. sz.); Vita Zsigmond: Z. D. \u2013 aki a szabads\u00e1g\u00e9rt \u00e1ldozta \u00e9let\u00e9t (\u00daj \u00c9let, 1979, 20. sz.).<\/br><\/p>\n","protected":false},"excerpt":{"rendered":"<p>Mv., 1816. j\u00fan. 19. keresztel\u00e9se, \u2020 H\u00e9jjasfalva, 1849. j\u00fal. 31.: honv\u00e9dsz\u00e1zados. \u2013 Apja Zejk D\u00e1niel, a Kir. T\u00e1bla \u00fcln\u00f6ke. Feles\u00e9ge br. Kem\u00e9ny Juli\u00e1nna (1845). Fiai: Simon (Mv., 1846. nov. 13. \u2013 Kv., 1860. \u00e1pr. 24.) \u00e9s G\u00e1bor (Mv., 1848. febr. 20.). \u2013 Mv.-en mag\u00e1ntan\u00edt\u00f3 k\u00e9pezte, Kv.-on a Ref. Koll.-ban (1834\u201335), majd a nagyenyedi Ref. Koll.-ban [&hellip;]<\/p>\n","protected":false},"featured_media":0,"comment_status":"open","ping_status":"closed","template":"","meta":[],"product_brand":[],"product_cat":[137],"product_tag":[],"class_list":{"0":"post-25083","1":"product","2":"type-product","3":"status-publish","5":"product_cat-maros-megyei-eletrajzi-lexikon","7":"first","8":"instock","9":"shipping-taxable","10":"product-type-simple"},"_links":{"self":[{"href":"https:\/\/uj.adatbank.ro\/lexikon\/wp-json\/wp\/v2\/product\/25083","targetHints":{"allow":["GET"]}}],"collection":[{"href":"https:\/\/uj.adatbank.ro\/lexikon\/wp-json\/wp\/v2\/product"}],"about":[{"href":"https:\/\/uj.adatbank.ro\/lexikon\/wp-json\/wp\/v2\/types\/product"}],"replies":[{"embeddable":true,"href":"https:\/\/uj.adatbank.ro\/lexikon\/wp-json\/wp\/v2\/comments?post=25083"}],"wp:attachment":[{"href":"https:\/\/uj.adatbank.ro\/lexikon\/wp-json\/wp\/v2\/media?parent=25083"}],"wp:term":[{"taxonomy":"product_brand","embeddable":true,"href":"https:\/\/uj.adatbank.ro\/lexikon\/wp-json\/wp\/v2\/product_brand?post=25083"},{"taxonomy":"product_cat","embeddable":true,"href":"https:\/\/uj.adatbank.ro\/lexikon\/wp-json\/wp\/v2\/product_cat?post=25083"},{"taxonomy":"product_tag","embeddable":true,"href":"https:\/\/uj.adatbank.ro\/lexikon\/wp-json\/wp\/v2\/product_tag?post=25083"}],"curies":[{"name":"wp","href":"https:\/\/api.w.org\/{rel}","templated":true}]}}