{"id":25222,"date":"2025-08-01T18:37:45","date_gmt":"2025-08-01T16:37:45","guid":{"rendered":"https:\/\/uj.adatbank.ro\/lexikon\/termek\/zsigmond\/"},"modified":"2025-08-01T18:37:45","modified_gmt":"2025-08-01T16:37:45","slug":"zsigmond","status":"publish","type":"product","link":"https:\/\/uj.adatbank.ro\/lexikon\/termek\/zsigmond\/","title":{"rendered":"ZSIGMOND"},"content":{"rendered":"<p>? \u2020\u00a0?: m. kir\u00e1ly. \u2013 Egy iratb\u00f3l (1481-ben keltezt\u00e9k), tudhat\u00f3, hogy Mv. r\u00e9gi szabads\u00e1gokkal \u00e9s bevett szok\u00e1sjoggal rendelkezett. Erd\u00e9lyi Antal a vesztett nik\u00e1polyi csat\u00e1ban megmentette az \u00e9let\u00e9t (1396. szept. 28.). Enged\u00e9lyt adott Antalnak \u00e9s testv\u00e9reinek, hogy valamelyik erd\u00e9lyi birtokukon v\u00e1rkast\u00e9lyt \u00e9p\u00edtsenek (1410. aug. 16.), k\u0151v\u00e1r \u00e9p\u00edt\u00e9s\u00e9t enged\u00e9lyezte (1415. \u00e1pr. 7.). Zsigmond kir\u00e1ly u. l\u00e9tezett Mv.-en (1913\u20131919). <br \/><strong>\u2013 Irod.:<\/strong> Benk\u0151\u2013Demeter\u2013Sz\u00e9kely; Nagy-Bod\u00f3 Tibor: A Telekiek \u0151si f\u00e9szke (K\u00f6zpont, 2016. j\u00fan. 16\u201322.).<\/br><\/p>\n","protected":false},"excerpt":{"rendered":"<p>? \u2020\u00a0?: m. kir\u00e1ly. \u2013 Egy iratb\u00f3l (1481-ben keltezt\u00e9k), tudhat\u00f3, hogy Mv. r\u00e9gi szabads\u00e1gokkal \u00e9s bevett szok\u00e1sjoggal rendelkezett. Erd\u00e9lyi Antal a vesztett nik\u00e1polyi csat\u00e1ban megmentette az \u00e9let\u00e9t (1396. szept. 28.). Enged\u00e9lyt adott Antalnak \u00e9s testv\u00e9reinek, hogy valamelyik erd\u00e9lyi birtokukon v\u00e1rkast\u00e9lyt \u00e9p\u00edtsenek (1410. aug. 16.), k\u0151v\u00e1r \u00e9p\u00edt\u00e9s\u00e9t enged\u00e9lyezte (1415. \u00e1pr. 7.). Zsigmond kir\u00e1ly u. l\u00e9tezett Mv.-en [&hellip;]<\/p>\n","protected":false},"featured_media":0,"comment_status":"open","ping_status":"closed","template":"","meta":[],"product_brand":[],"product_cat":[137],"product_tag":[],"class_list":{"0":"post-25222","1":"product","2":"type-product","3":"status-publish","5":"product_cat-maros-megyei-eletrajzi-lexikon","7":"first","8":"instock","9":"shipping-taxable","10":"product-type-simple"},"_links":{"self":[{"href":"https:\/\/uj.adatbank.ro\/lexikon\/wp-json\/wp\/v2\/product\/25222","targetHints":{"allow":["GET"]}}],"collection":[{"href":"https:\/\/uj.adatbank.ro\/lexikon\/wp-json\/wp\/v2\/product"}],"about":[{"href":"https:\/\/uj.adatbank.ro\/lexikon\/wp-json\/wp\/v2\/types\/product"}],"replies":[{"embeddable":true,"href":"https:\/\/uj.adatbank.ro\/lexikon\/wp-json\/wp\/v2\/comments?post=25222"}],"wp:attachment":[{"href":"https:\/\/uj.adatbank.ro\/lexikon\/wp-json\/wp\/v2\/media?parent=25222"}],"wp:term":[{"taxonomy":"product_brand","embeddable":true,"href":"https:\/\/uj.adatbank.ro\/lexikon\/wp-json\/wp\/v2\/product_brand?post=25222"},{"taxonomy":"product_cat","embeddable":true,"href":"https:\/\/uj.adatbank.ro\/lexikon\/wp-json\/wp\/v2\/product_cat?post=25222"},{"taxonomy":"product_tag","embeddable":true,"href":"https:\/\/uj.adatbank.ro\/lexikon\/wp-json\/wp\/v2\/product_tag?post=25222"}],"curies":[{"name":"wp","href":"https:\/\/api.w.org\/{rel}","templated":true}]}}