{"id":25251,"date":"2025-08-01T18:38:51","date_gmt":"2025-08-01T16:38:51","guid":{"rendered":"https:\/\/uj.adatbank.ro\/lexikon\/termek\/zsigmond-mihaly\/"},"modified":"2025-08-01T18:38:51","modified_gmt":"2025-08-01T16:38:51","slug":"zsigmond-mihaly","status":"publish","type":"product","link":"https:\/\/uj.adatbank.ro\/lexikon\/termek\/zsigmond-mihaly\/","title":{"rendered":"ZSIGMOND Mih\u00e1ly"},"content":{"rendered":"<p>? \u2020\u00a0?: malomtulajdonos. \u2013 A ny\u00e1r\u00e1dszeredai Zsigmond Malom \u00e9s v\u00e1nyol\u00f3 tulajdonosa (alap\u00edtott\u00e1k 1925). Kilenc alkalmazottal napi egy vagon gabon\u00e1t \u0151r\u00f6lt meg. Az \u00e1llamos\u00edt\u00e1skor a v\u00e1llalkoz\u00e1s Ny\u00e1r\u00e1dszereda K\u00f6zs\u00e9gh\u00e1za birtok\u00e1ba ker\u00fclt, \u00e9s B\u00e1n Istv\u00e1n 40 \u00e9ves, RKP tag f\u00f6ldm\u0171vest b\u00edzt\u00e1k meg az \u00fcgyint\u00e9z\u00e9ssel (1948. j\u00fan. 17.), k\u00e9s\u0151bb lev\u00e1ltott\u00e1k, \u00e9s Kov\u00e1cs Gy\u00f6rgy M\u00e1rton k\u00e1d\u00e1rmesterrel cser\u00e9lt\u00e9k fel (1948. szept. 23.). Maros megye Isp\u00e1ns\u00e1g\u00e1nak rendelete k\u00f6vetkezt\u00e9ben a malmot \u00e9s a v\u00e1nyol\u00f3t a megye fennhat\u00f3s\u00e1ga al\u00e1 helyezt\u00e9k (1948. nov. 9), majd \u00fajb\u00f3l Ny\u00e1r\u00e1dszereda j\u00e1r\u00e1shoz csatolt\u00e1k (1949. j\u00fal. 10.). <br \/><strong>\u2013 Irod.:<\/strong> Bartos Zolt\u00e1n.<\/br><\/p>\n","protected":false},"excerpt":{"rendered":"<p>? \u2020\u00a0?: malomtulajdonos. \u2013 A ny\u00e1r\u00e1dszeredai Zsigmond Malom \u00e9s v\u00e1nyol\u00f3 tulajdonosa (alap\u00edtott\u00e1k 1925). Kilenc alkalmazottal napi egy vagon gabon\u00e1t \u0151r\u00f6lt meg. Az \u00e1llamos\u00edt\u00e1skor a v\u00e1llalkoz\u00e1s Ny\u00e1r\u00e1dszereda K\u00f6zs\u00e9gh\u00e1za birtok\u00e1ba ker\u00fclt, \u00e9s B\u00e1n Istv\u00e1n 40 \u00e9ves, RKP tag f\u00f6ldm\u0171vest b\u00edzt\u00e1k meg az \u00fcgyint\u00e9z\u00e9ssel (1948. j\u00fan. 17.), k\u00e9s\u0151bb lev\u00e1ltott\u00e1k, \u00e9s Kov\u00e1cs Gy\u00f6rgy M\u00e1rton k\u00e1d\u00e1rmesterrel cser\u00e9lt\u00e9k fel (1948. szept. [&hellip;]<\/p>\n","protected":false},"featured_media":0,"comment_status":"open","ping_status":"closed","template":"","meta":[],"product_brand":[],"product_cat":[137],"product_tag":[],"class_list":{"0":"post-25251","1":"product","2":"type-product","3":"status-publish","5":"product_cat-maros-megyei-eletrajzi-lexikon","7":"first","8":"instock","9":"shipping-taxable","10":"product-type-simple"},"_links":{"self":[{"href":"https:\/\/uj.adatbank.ro\/lexikon\/wp-json\/wp\/v2\/product\/25251","targetHints":{"allow":["GET"]}}],"collection":[{"href":"https:\/\/uj.adatbank.ro\/lexikon\/wp-json\/wp\/v2\/product"}],"about":[{"href":"https:\/\/uj.adatbank.ro\/lexikon\/wp-json\/wp\/v2\/types\/product"}],"replies":[{"embeddable":true,"href":"https:\/\/uj.adatbank.ro\/lexikon\/wp-json\/wp\/v2\/comments?post=25251"}],"wp:attachment":[{"href":"https:\/\/uj.adatbank.ro\/lexikon\/wp-json\/wp\/v2\/media?parent=25251"}],"wp:term":[{"taxonomy":"product_brand","embeddable":true,"href":"https:\/\/uj.adatbank.ro\/lexikon\/wp-json\/wp\/v2\/product_brand?post=25251"},{"taxonomy":"product_cat","embeddable":true,"href":"https:\/\/uj.adatbank.ro\/lexikon\/wp-json\/wp\/v2\/product_cat?post=25251"},{"taxonomy":"product_tag","embeddable":true,"href":"https:\/\/uj.adatbank.ro\/lexikon\/wp-json\/wp\/v2\/product_tag?post=25251"}],"curies":[{"name":"wp","href":"https:\/\/api.w.org\/{rel}","templated":true}]}}