{"id":25259,"date":"2025-08-01T18:39:09","date_gmt":"2025-08-01T16:39:09","guid":{"rendered":"https:\/\/uj.adatbank.ro\/lexikon\/termek\/zsizsmann-rezso-%c2%a7-zsizsmann-rudolf\/"},"modified":"2025-08-01T18:39:09","modified_gmt":"2025-08-01T16:39:09","slug":"zsizsmann-rezso-%c2%a7-zsizsmann-rudolf","status":"publish","type":"product","link":"https:\/\/uj.adatbank.ro\/lexikon\/termek\/zsizsmann-rezso-%c2%a7-zsizsmann-rudolf\/","title":{"rendered":"ZSIZSMANN Rezs\u0151, \u00a7 Zsizsmann Rudolf"},"content":{"rendered":"<p>K\u00f6rm\u00f6cb\u00e1nya, 1885. \u00e1pr. 17, \u2020 Kv., 1941. okt. 7., a h\u00e1zsong\u00e1rdi temet\u0151ben nyugszik: karnagy, orgonam\u0171v\u00e9sz, zenetan\u00e1r, zeneszerz\u0151. \u2013 El\u0151bb csal\u00e1di k\u00f6rben tanult zen\u00e9t, majd Bp.-en a Zeneakad\u00e9mi\u00e1n (1908\u201312), ahol orgona- \u00e9s zeneszerz\u00e9s szakon v\u00e9gzett, ezzel egyid\u0151ben matematik\u00e1t \u00e9s fizik\u00e1t is tanult \u00e9s tan\u00e1ri oklevelet szerzett (1912). Br\u00e1cs\u00e1s a bp.-i M. K. Operah\u00e1z zenekar\u00e1ban (1910\u201311) Egy \u00e9vig Lipcs\u00e9ben, Berlinben a Friedrich Wilhelm egyetemen zenet\u00f6rt\u00e9neti, m\u0171v\u00e9szett\u00f6rt\u00e9neti \u00e9s filoz\u00f3fiai el\u0151ad\u00e1sokat hallgatott. Mv.-en a V\u00e1rosi Konzervat\u00f3rium tan\u00e1ra (1913. szept. 1. \u2013 1929.), ahol \u00f6sszhangzattant, zeneszerz\u00e9st, zeneelm\u00e9letet, szolf\u00e9zst tan\u00edtott. Az I. vh. idej\u00e9n j\u00f3t\u00e9konys\u00e1gi c\u00e9l\u00fa hangversenyeken l\u00e9pett fel, majd tanulm\u00e1nyi \u00fatra ment (1914) Eur\u00f3pa nagy zenei k\u00f6zpontjaiba: Berlin, Br\u00fcsszel, P\u00e1rizs, Z\u00fcrich, Milan\u00f3ban fel is l\u00e9pett mint orgona- \u00e9s zongoram\u0171v\u00e9sz, Erd\u00e9lyben sokat hangversenyezett. Visszat\u00e9rt a mv.-i zenetan\u00e1ri katedr\u00e1ra. Jelent\u0151s szerepe volt a v\u00e1ros zene\u00e9let\u00e9ben mint orgonam\u0171v\u00e9sznek, kamaramuzsikusnak \u00e9s karmesternek egyar\u00e1nt. A mv.-i Kult\u00farpalota \u00faj orgon\u00e1j\u00e1n \u00e9s 32 v\u00e1rosban 127 alkalommal hangversenyezett. Hangszeres \u00e9s \u00e9nekes el\u0151ad\u00f3estjein n\u00e9met, francia, olasz operar\u00e9szletek is szerepeltek. Mv.-en Mascagni: Parasztbecs\u00fclet c. oper\u00e1ja ker\u00fclt sz\u00ednre az \u0151 betan\u00edt\u00e1s\u00e1ban (1928). Mint k\u00eds\u00e9r\u0151 orsz\u00e1gszerte ismert volt. A Kult\u00farpalota orgonist\u00e1ja, a szimfonikus zenekar karmestere volt. A Kv.-i M. Konzervat\u00f3rium tan\u00e1ra, igazgat\u00f3ja hal\u00e1l\u00e1ig (1929\u2013), a szimfonikus zenekar vezet\u0151je \u00e9s a Szent Mih\u00e1ly templom k\u00f3rusvezet\u0151je volt. Kv.-on betan\u00edtotta \u00e9s vez\u00e9nyelte Erkel Gyula: Az ember trag\u00e9di\u00e1ja k\u00eds\u00e9r\u0151zen\u00e9j\u00e9t. (1934), uo. vez\u00e9nyelte a J\u00e1nos Vit\u00e9zt (1934). Emellett zeneszerz\u00e9ssel, pedag\u00f3gi\u00e1val, zenet\u00f6rt\u00e9nettel \u00e9s eszt\u00e9tik\u00e1val foglalkozott. \u00d6n\u00e1ll\u00f3 hangversenyei Magyaro., Csehszlov\u00e1kia, Olaszo. \u00e9s Erd\u00e9ly nagyobb v\u00e1rosaiban voltak. A szimfonikus \u00e9s orat\u00f3riumi m\u0171vek n\u00e9pszer\u0171s\u00edt\u00e9s\u00e9n f\u00e1radozott. A Ref. M. Dalossz\u00f6vets\u00e9g orsz\u00e1gos karnagya volt. N\u00e9vad\u00f3ja a Rom\u00e1niai Magyar Dalossz\u00f6vets\u00e9g \u00e1ltal adom\u00e1nyozott Zsizsmann Rezs\u0151-d\u00edjnak, amellyel \u00e9vente kit\u00fcntett\u00e9k az egyh\u00e1zi zen\u00e9t m\u0171vel\u0151 karvezet\u0151ket. <br \/><strong>\u2013 Irod.:<\/strong> Anuarul Conservatorului Municipiului T\u00e2rgu-Mure\u015f (1927\u20131928); B. D.: Zs. R. eml\u00e9keztek Kv.-ott (N\u00fa., 2010. j\u00fan. 1.); Benk\u0151 Andr\u00e1s: Zs. R. \u00e9s Kv. (Helikon, 1991. nov. 8., 45. sz.); EM; Fancsali J\u00e1nos: Zs. R.: Monogr\u00e1fia (Bp., 2001); Filarmonica 50; Ga\u00e1l Gy.; Hajd\u00f3 K\u00e1roly: A mv.-i zeneiskola \u00e9vfordul\u00f3j\u00e1ra (N\u00fa., 1999. jan. 12.); H\u00e1zsong\u00e1rd; Id\u0151t\u00e1r 2; Katona Szab\u00f3 Istv\u00e1n: Az \u00daj \u00c9let lexikona, 175. (\u00daj \u00c9let, 1977, 22. sz.); Magyar Sz\u00f3 (1940. \u00e1pr. 4); K\u00f6t\u0151; Marosi-KZST; Moln\u00e1r Imre; Molter 1; Mv. m\u0171v. v\u00e1r.; Osv\u00e1th; Predescu; Todea 2013; \u00dcnnepi k\u00f6nyv; Zenetudom\u00e1nyi \u00edr\u00e1sok.<\/br><\/p>\n","protected":false},"excerpt":{"rendered":"<p>K\u00f6rm\u00f6cb\u00e1nya, 1885. \u00e1pr. 17, \u2020 Kv., 1941. okt. 7., a h\u00e1zsong\u00e1rdi temet\u0151ben nyugszik: karnagy, orgonam\u0171v\u00e9sz, zenetan\u00e1r, zeneszerz\u0151. \u2013 El\u0151bb csal\u00e1di k\u00f6rben tanult zen\u00e9t, majd Bp.-en a Zeneakad\u00e9mi\u00e1n (1908\u201312), ahol orgona- \u00e9s zeneszerz\u00e9s szakon v\u00e9gzett, ezzel egyid\u0151ben matematik\u00e1t \u00e9s fizik\u00e1t is tanult \u00e9s tan\u00e1ri oklevelet szerzett (1912). Br\u00e1cs\u00e1s a bp.-i M. K. Operah\u00e1z zenekar\u00e1ban (1910\u201311) Egy [&hellip;]<\/p>\n","protected":false},"featured_media":0,"comment_status":"open","ping_status":"closed","template":"","meta":[],"product_brand":[],"product_cat":[137],"product_tag":[],"class_list":{"0":"post-25259","1":"product","2":"type-product","3":"status-publish","5":"product_cat-maros-megyei-eletrajzi-lexikon","7":"first","8":"instock","9":"shipping-taxable","10":"product-type-simple"},"_links":{"self":[{"href":"https:\/\/uj.adatbank.ro\/lexikon\/wp-json\/wp\/v2\/product\/25259","targetHints":{"allow":["GET"]}}],"collection":[{"href":"https:\/\/uj.adatbank.ro\/lexikon\/wp-json\/wp\/v2\/product"}],"about":[{"href":"https:\/\/uj.adatbank.ro\/lexikon\/wp-json\/wp\/v2\/types\/product"}],"replies":[{"embeddable":true,"href":"https:\/\/uj.adatbank.ro\/lexikon\/wp-json\/wp\/v2\/comments?post=25259"}],"wp:attachment":[{"href":"https:\/\/uj.adatbank.ro\/lexikon\/wp-json\/wp\/v2\/media?parent=25259"}],"wp:term":[{"taxonomy":"product_brand","embeddable":true,"href":"https:\/\/uj.adatbank.ro\/lexikon\/wp-json\/wp\/v2\/product_brand?post=25259"},{"taxonomy":"product_cat","embeddable":true,"href":"https:\/\/uj.adatbank.ro\/lexikon\/wp-json\/wp\/v2\/product_cat?post=25259"},{"taxonomy":"product_tag","embeddable":true,"href":"https:\/\/uj.adatbank.ro\/lexikon\/wp-json\/wp\/v2\/product_tag?post=25259"}],"curies":[{"name":"wp","href":"https:\/\/api.w.org\/{rel}","templated":true}]}}