{"id":3993,"date":"2025-06-28T16:20:54","date_gmt":"2025-06-28T14:20:54","guid":{"rendered":"https:\/\/uj.adatbank.ro\/lexikon\/termek\/barcsai-akos-%c2%a7-nagybarcsai-barcsay-akos\/"},"modified":"2025-06-28T16:20:54","modified_gmt":"2025-06-28T14:20:54","slug":"barcsai-akos-%c2%a7-nagybarcsai-barcsay-akos","status":"publish","type":"product","link":"https:\/\/uj.adatbank.ro\/lexikon\/termek\/barcsai-akos-%c2%a7-nagybarcsai-barcsay-akos\/","title":{"rendered":"BARCSAI \u00c1kos, \u00a7 nagybarcsai, Barcsay \u00c1kos"},"content":{"rendered":"<p>1619., \u2020 Kozmatelke, 1661. j\u00fal. 3.: Erd\u00e9ly fejedeleme (1658. okt. 7. \u201360). \u2013 B. S\u00e1ndor \u00e9s Polatics Anna vagy Palat\u00edcs Erzs\u00e9bet vagy Rusory Ilona fia. Feles\u00e9ge: 1. Toldy Katalin, 2. Szal\u00e1nczy Erzs\u00e9bet, 3. B\u00e1nffy Izabella \u00c1gnes (1660. okt. 20. \u2013). \u2013 Bethlen G\u00e1bor udvar\u00e1ban nevelkedett; a gyulafeh\u00e9rv\u00e1ri udvari schol\u00e1ban tanult, majd a R\u00e1k\u00f3cziak szolg\u00e1lat\u00e1ban \u00e1llt. Ka\u00admar\u00e1smester (1634\u2013). Isztambulban (1642), k\u00e9s\u0151bb a havasalf\u00f6ldi \u00e9s moldvai vajd\u00e1n\u00e1l j\u00e1rt k\u00f6vets\u00e9gben. \u00c9rdemei\u00e9rt II. R\u00e1k\u00f3czi Gy\u00f6rgy fejedelem lugosi \u00e9s kar\u00e1nsebsi b\u00e1nn\u00e1 (1644\u2013), Hunyad vm. f\u0151isp\u00e1nj\u00e1v\u00e1 nevezte ki (1648\u201358), fejedelmi tan\u00e1csos (1657\u2013). II R\u00e1k\u00f3czi Gy\u00f6rgy lengyelorsz\u00e1gi hadj\u00e1rata idej\u00e9n fejedelmi helytart\u00f3 (1657). T\u00f6bbsz\u00f6r volt az ogy. \u00e9s a fejedelmi t\u00e1bla eln\u00f6ke (1653\u2013), \u00e9s dolgozott Erd\u00e9ly t\u00f6rv\u00e9nyk\u00f6nyve az Approbata Constitutionest megalkot\u00f3 bizotts\u00e1gban. A t\u00f6r\u00f6k nagyvez\u00edrt\u0151l Jen\u0151 v\u00e1ra alatt elfogadta a parancs form\u00e1j\u00e1ban felaj\u00e1nlott fejedelems\u00e9get II. R\u00e1k\u00f3czi Gy\u00f6rgy ellen\u00e9ben (1658. szept. 14. \u201361). A segesv\u00e1ri ogy. elfogadta fejedelemnek, \u00e9s beiktat\u00adta tiszts\u00e9g\u00e9be (1658. okt. 11.). A Mv.-en tartott ogy.-en lemondott (1658. nov. 6. \u2013 11.), de a rendek marad\u00e1sra b\u00edrt\u00e1k. Miut\u00e1n R\u00e1k\u00f3czit a t\u00f6r\u00f6k\u00f6k seg\u00edts\u00e9g\u00e9vel megverte, Lib\u00e1ncs- mez\u0151n a rendek a h\u0171s\u00e9gesk\u00fct Barcsai kez\u00e9be tett\u00e9k le (1659. dec. 8.). Az \u00f6zvegy B. \u00c1. Segesv\u00e1ron megh\u00e1zasodott (1660. okt. 20.), feles\u00e9ge B\u00e1nffi \u00c1gnes. Ellent\u00e9te II. R\u00e1k\u00f3czi Gy\u00f6rggyel polg\u00e1rh\u00e1bor\u00fav\u00e1 fajult, majd a R\u00e1k\u00f3czi p\u00e1rt \u00e9s a Porta fegyveres konfliktusa a sz\u00e1szfenesi csat\u00e1ban cs\u00facsosodott ki (1660), a t\u00f6r\u00f6k csapatok gy\u0151ztek R\u00e1k\u00f3czi belehalt sebeibe. Barcsay hatalm\u00e1t a rendek nem fogadt\u00e1k el, a R\u00e1k\u00f3czi p\u00e1rt \u00e9l\u00e9re Kem\u00e9ny J\u00e1nos \u00e1llt, aki \u00f6ccse B. G\u00e1sp\u00e1r seregeit \u00d6rm\u00e9nyesn\u00e9l megverte, ezut\u00e1n lemond\u00e1sra k\u00e9nyszer\u00edtette a fejedelmet Sz\u00e1szr\u00e9genben (1660. dec. 31.). Kem\u00e9ny J\u00e1nos elfogatta, sikkaszt\u00e1ssal v\u00e1dolta \u00e9s G\u00f6rg\u00e9ny v\u00e1r\u00e1ba z\u00e1ratta, majd K\u0151v\u00e1rra sz\u00e1ll\u00edt\u00e1sa k\u00f6zben, feltehet\u0151leg Kem\u00e9ny J\u00e1nos tit\u00adkos parancs\u00e1ra, a Sz\u00e1szr\u00e9gen k\u00f6zel\u00e9ben lev\u0151 Kozmatelke \u00e9s Fels\u0151r\u00e1pa k\u00f6z\u00f6tti hat\u00e1r\u00e1ban a vasra vert foglyot meg\u00f6lt\u00e9k, holttest\u00e9t sietve Fels\u0151r\u00e9pa mellett f\u00f6ldelt\u00e9k el, csak a m\u00falt sz\u00e1zad elej\u00e9n bukkantak r\u00e1 csontjaira. Zenekedvel\u0151 ember volt, j\u00e1tszott n\u00e9h\u00e1ny hangszeren, szerette a tudom\u00e1nyokat \u00e9s \u00e1ldozott is \u00e9rt\u00fck. Fejedelems\u00e9ge idej\u00e9n fogadta el a sz\u00e1szsebesi ogy. Erd\u00e9ly c\u00edmer\u00e9t. \u2013 <strong>F. m.:<\/strong> <strong>antol\u00f3g.:<\/strong> Levelei = Buletinul Comisiei Istorice a Rom\u00e2niei (Buc., 1934); Barcsai \u00c1kos f\u0151isp\u00e1n v\u00e9grendelete. = Kelemen Lajos 2006; <br \/><strong>Irod.:<\/strong> Benk\u0151 K.: Mv.; Bicsok\u2013Orb\u00e1n; Binder P\u00e1l: Az erd\u00e9lyi fejedelems\u00e9g rom\u00e1n diplomat\u00e1i vagy rom\u00e1nok az erd\u00e9lyi fejedelms\u00e9g szolg\u00e1lat\u00e1ban (Mv., 1996); Csetri\u2013Szab\u00f3; Id\u0151t\u00e1r 1; Kir\u00e1lyok k\u00f6nyve; Kom\u00e1romi Ferenc: P\u00e1rtk\u00fczdelmek (Bp., s. a.); K\u0151v\u00e1ry L\u00e1szl\u00f3 1852; Kraus: Erd\u00e9lyi kr\u00f3nika; M. t\u00f6rt. t\u00e1r 16., 17.; Makfalva; MAM\u0170L; Marossz\u00e9ki kr\u00f3nik\u00e1k 1.; M\u00c9L; Mo. F\u0151isp\u00e1njai; Mv. T\u00f6rt. 2; Nagy Iv\u00e1n; Pesty 2014; Radv\u00e1nszky B\u00e9la: Lakodalmak a XVI \u00e9s XVII. sz.-ban (Bp., 1896); Sebesty\u00e9n Mih\u00e1ly 1993; Spielmann-Sebesty\u00e9n Mih\u00e1ly: O carte din biblioteca principelui Barcsai (Libraria, 4., 2005); Sz\u00e9kely S\u00e1ndor: Erd\u00e9lyorsz\u00e1g t\u00f6rt\u00e9netei hiteles k\u00fatf\u0151kb\u0151l (Kv., 1845); Sz\u00e9pr\u00e9ti: R\u00e9gi \u00e9s \u00faj vil\u00e1g Szil\u00e1gyi; Teleki Mih\u00e1ly levelez\u00e9se; \u00daM\u00c9L; Vajda L\u00e1szl\u00f3: Az erd\u00e9lyi polg\u00e1ri mag\u00e1nos t\u00f6rv\u00e9nyek histori\u00e1ja (Kv., 1824); V\u00e1llas; Vigh<\/br><\/p>\n","protected":false},"excerpt":{"rendered":"<p>1619., \u2020 Kozmatelke, 1661. j\u00fal. 3.: Erd\u00e9ly fejedeleme (1658. okt. 7. \u201360). \u2013 B. S\u00e1ndor \u00e9s Polatics Anna vagy Palat\u00edcs Erzs\u00e9bet vagy Rusory Ilona fia. Feles\u00e9ge: 1. Toldy Katalin, 2. Szal\u00e1nczy Erzs\u00e9bet, 3. B\u00e1nffy Izabella \u00c1gnes (1660. okt. 20. \u2013). \u2013 Bethlen G\u00e1bor udvar\u00e1ban nevelkedett; a gyulafeh\u00e9rv\u00e1ri udvari schol\u00e1ban tanult, majd a R\u00e1k\u00f3cziak szolg\u00e1lat\u00e1ban \u00e1llt. [&hellip;]<\/p>\n","protected":false},"featured_media":0,"comment_status":"open","ping_status":"closed","template":"","meta":[],"product_brand":[],"product_cat":[137],"product_tag":[],"class_list":{"0":"post-3993","1":"product","2":"type-product","3":"status-publish","5":"product_cat-maros-megyei-eletrajzi-lexikon","7":"first","8":"instock","9":"shipping-taxable","10":"product-type-simple"},"_links":{"self":[{"href":"https:\/\/uj.adatbank.ro\/lexikon\/wp-json\/wp\/v2\/product\/3993","targetHints":{"allow":["GET"]}}],"collection":[{"href":"https:\/\/uj.adatbank.ro\/lexikon\/wp-json\/wp\/v2\/product"}],"about":[{"href":"https:\/\/uj.adatbank.ro\/lexikon\/wp-json\/wp\/v2\/types\/product"}],"replies":[{"embeddable":true,"href":"https:\/\/uj.adatbank.ro\/lexikon\/wp-json\/wp\/v2\/comments?post=3993"}],"wp:attachment":[{"href":"https:\/\/uj.adatbank.ro\/lexikon\/wp-json\/wp\/v2\/media?parent=3993"}],"wp:term":[{"taxonomy":"product_brand","embeddable":true,"href":"https:\/\/uj.adatbank.ro\/lexikon\/wp-json\/wp\/v2\/product_brand?post=3993"},{"taxonomy":"product_cat","embeddable":true,"href":"https:\/\/uj.adatbank.ro\/lexikon\/wp-json\/wp\/v2\/product_cat?post=3993"},{"taxonomy":"product_tag","embeddable":true,"href":"https:\/\/uj.adatbank.ro\/lexikon\/wp-json\/wp\/v2\/product_tag?post=3993"}],"curies":[{"name":"wp","href":"https:\/\/api.w.org\/{rel}","templated":true}]}}