{"id":4149,"date":"2025-06-28T16:29:03","date_gmt":"2025-06-28T14:29:03","guid":{"rendered":"https:\/\/uj.adatbank.ro\/lexikon\/termek\/bartok-bela-%c2%a7\/"},"modified":"2025-06-28T16:29:03","modified_gmt":"2025-06-28T14:29:03","slug":"bartok-bela-%c2%a7","status":"publish","type":"product","link":"https:\/\/uj.adatbank.ro\/lexikon\/termek\/bartok-bela-%c2%a7\/","title":{"rendered":"BART\u00d3K B\u00e9la, \u00a7"},"content":{"rendered":"<p>Nagyszentmikl\u00f3s, 1881. m\u00e1rc. 25., \u2020 New York, 1945. szept. 26.: zeneszerz\u0151, zongoram\u0171v\u00e9sz, zenetud\u00f3s a MTA tagja. \u2013 Feles\u00e9ge: 1. Ziegler M\u00e1rta (1909. nov. \u2013 1923 elv\u00e1ltak), mv-i volt, ill. k\u00f6zeli rokonai \u00e9ltek itt. Fi\u00fak ifj. B. B. \u2013 Meghallgatta D\u00f3sa Lidi, kib\u00e9di falusi l\u00e1ny \u00e9nek\u00e9t (1904): \u201eLejegyeztem \u00e9neke nyom\u00e1n egyszeribe 5\u20136 dalt, csupa teljesen \u00f6smeretlen dallamot, \u00e9s ami m\u00e9g fontosabb, olyan dallamokat, amelyek teljesen el\u00fct\u00f6ttek az ismert v\u00e1rosi magyar n\u00e9pi t\u00edpusokt\u00f3l. Ez az els\u0151 k\u00eds\u00e9rlet hat\u00e1rtalan lehet\u0151s\u00e9gek fel\u00e9 mutatott utat: elhat\u00e1roztam, hogy r\u00e1l\u00e9pek erre az \u00fatra, kell\u0151 el\u0151k\u00e9sz\u00fclet ut\u00e1n\u2026\u201d Visszat\u00e9rt Kib\u00e9dre is (1904, 1905). T\u00f6bbsz\u00f6r gy\u0171jt\u00f6tt kolind\u00e1kat a mai Maros megye m. \u00e9s rom\u00e1n falvaiban: Sz\u00e9kelyhodoson (1904. \u00e1pr., 1909. aug., 1914 tavasz\u00e1n, 1918), feles\u00e9g\u00e9vel egy\u00fctt \u00e9s k\u00fcl\u00f6n-k\u00fcl\u00f6n dallamokat gy\u0171jt\u00f6tt \u00c1kosfalv\u00e1n (1909), Mez\u0151szabadon (1912), G\u00f6rg\u00e9nyhod\u00e1kon (1913). Bala, K\u00f6rtekapu, Marosliget, Kincsesf\u0151, Lib\u00e1nfalva, Idecspatak, Kislekence, Mez\u0151majos, Ny\u00e1r\u00e1dt\u0151, G\u00f6rg\u00e9nyorsova, Marosk\u00f6vesd, Fels\u0151r\u00e9pa, Erd\u0151szak\u00e1l, Ehed, Mez\u0151szabad lak\u00f3it \u00e9nekeltette (1914). Ny\u00e1r\u00e1dk\u00f6szv\u00e9nyesen, Ny\u00e1r\u00e1dremet\u00e9n, Sz\u00e9kelyvaj\u00e1n gy\u0171jt\u00f6tt (1914). Jobb\u00e1gytelk\u00e9n (40 dalt vett fel fonogr\u00e1fra, ebb\u0151l 14 helyi volt, 1914-ben), Fels\u0151orosziban Vasile Suciu \u00e9nekelte azt a kar\u00e1csonyi \u00e9neket (1914. \u00e1pr. 30.), amelynek dallama k\u00e9pezte a Cantata profana alapmot\u00edvum\u00e1t. Kisg\u00f6rg\u00e9nyen \u00e1ll m\u00e9g az az eperfa, a volt ref. egyh\u00e1zi iskola, a mostani m\u0171vel\u0151d\u00e9si h\u00e1z udvar\u00e1n, amely alatt hallgatta a falu akkori kiv\u00e1l\u00f3 \u00e9nekeseit. A f\u00e1n elhelyezett t\u00e1bl\u00e1cska felirata: \u201e E fa alatt hallgatta Bart\u00f3k B\u00e9la a \u2018tiszta forr\u00e1s\u2019 csobog\u00e1s\u00e1t 1914 tavasz\u00e1n. \u201e Jobb\u00e1gytelk\u00e9n is gy\u0171jt\u00f6tt (1914. \u00e1pr.). ahol Petres J\u00f3zsef k\u00e1ntortan\u00edt\u00f3 vend\u00e9ge volt. Hozz\u00e1vet\u0151leg 3 500 rom\u00e1n n\u00e9pi dallamot gy\u0171jt\u00f6tt \u00e9s t\u00f6bb mint 1200-at publik\u00e1lt is, ezzel a vil\u00e1g sz\u00e1m\u00e1ra is ismertt\u00e9 v\u00e1ltak \u00e9s nagym\u00e9rt\u00e9kben serkentette a rom\u00e1n folklorist\u00e1k tev\u00e9kenys\u00e9g\u00e9t is. Erd\u00e9lyben el\u0151ad\u00f3k\u00e9nt el\u0151sz\u00f6r Mv-en l\u00e9pett fel a Transsylvania d\u00edszeterm\u00e9ben a Zene T\u00e1rsas\u00e1g megh\u00edv\u00e1s\u00e1ra (1912. \u00e1pr. 20.), amikor els\u0151 feles\u00e9g\u00e9vel Ziegler M\u00e1rt\u00e1val Mv-en tartozkodott. Mv.-en volt \u00e9s gy\u0171jt\u00f6tt (1916) is. M\u00e1sodik koncertje (1922. febr. 24.) ut\u00e1n m\u00e9g tervezett egy harmadikat (1927. febr. 22.), de ez megbeteged\u00e9se miatt elmaradt. Nagy Istv\u00e1n mv.-i zenetan\u00e1r, karmester az els\u0151k k\u00f6zt volt, aki B. m\u0171v\u00e9szet\u00e9t n\u00e9pszer\u0171s\u00edtette kamarak\u00f3rus\u00e1val, iskolai \u00e9nekkarokkal. Dalaib\u00f3l \u00e9nekelt Ferenczy Zsizsi, T\u00f3th Erzs\u00e9bet. A N\u00e9pi Egy\u00fcttes k\u00f3rusm\u0171sor\u00e1ban Bart\u00f3k \u00e9s Kod\u00e1ly alkot\u00e1sokkal is szerepelt vez\u00e9nyelt Birtalan Judit \u00e9s Szalman Lor\u00e1nd (1968. \u00e1pr. 17.). A k\u00f3rusaib\u00f3l a Zolt\u00e1n Alad\u00e1r szerk.-tte a Dalgy\u0171jtem\u00e9ny (Mv., 1958), \u00e9s a Birtalan J\u00f3zsef \u00e9s Sz\u00e1sz K\u00e1roly \u00f6ssze\u00e1ll\u00edtotta Sz\u00e1llj sz\u00e9pszav\u00fa dal (Mv., 1972) k\u00f6tetek jelentek meg. Tisztelet\u00e9re az Igaz B. sz\u00e1mot adott ki (1970. okt. 21. \u00e9s 1981. febr. 25.) \u00e9s Sz\u00e1ll a p\u00e1va c. B.-dalestet tartottak Mv.-en Kerekes T\u00f3th Erzs\u00e9bet \u00e9s Nemes Levente k\u00f6zrem\u0171k\u00f6d\u00e9s\u00e9vel (1970. nov. 27.). Zeno Vancea rom\u00e1n nyelvre ford\u00edtotta Szabolcsi Bence Bart\u00f3k Bart\u00f3k-tanulm\u00e1ny\u00e1t. B. szem\u00e9lyis\u00e9ge \u00e9s zen\u00e9je megihlette megy\u00e9nk k\u00f6lt\u0151it (T\u00f3th Istv\u00e1n, Sz\u00e9kely J\u00e1nos, Sz\u0151cs K\u00e1lm\u00e1n), k\u00e9pz\u0151m\u0171v\u00e9szeit (Macsk\u00e1ssy J\u00f3zsef, Makkai Piroska, Izs\u00e1k M\u00e1rton, Bandi Dezs\u0151) a m\u00faltban \u00e9s a jelenben is. Mv.-en sz\u00fclet\u00e9s\u00e9nek 100. \u00e9vfordul\u00f3j\u00e1n a Filharm\u00f3nia \u00e9s a Zeneszerz\u0151 Sz\u00f6vets\u00e9g B. \u2013eml\u00e9kestet tartott a Kult\u00farpalota kisterm\u00e9ben (1981. m\u00e1rc. 24.) \u00e9s B.-eml\u00e9khangversenyt a nagyteremben (1981. m\u00e1rc. 26.); felavatt\u00e1k szobr\u00e1t a r\u00f3la elnevezett utc\u00e1ban a volt Korz\u00f3 k\u00f6zben (1981. nov. 22), alkot\u00f3ja Izs\u00e1k M\u00e1rton szobr\u00e1szm\u0171v\u00e9sz. Sz\u00fclet\u00e9s\u00e9nek 125-ik \u00e9vfordul\u00f3j\u00e1n eml\u00e9krendezv\u00e9nyek voltak Mv.-en (2006. m\u00e1j. 26\u201327), Bart\u00f3k-eml\u00e9kplakettet avattak a mv-i Kult\u00farpalota emeleti el\u0151csarnok\u00e1ban (Gyarmathy J\u00e1nos alkot\u00e1sa; 2008. m\u00e1j. 10.). <br \/><strong>Irod.:<\/strong> Adamovits S.; Tiberiu Alexandru: B. B. despre folclorul rom\u00e2nesc (Buc., 1958); Bart\u00f3k \u2013 k\u00f6nyv, 1970\u20131971 (Buk., 1971); Benk\u0151 Andr\u00e1s: B. B. Rom\u00e1niai hangversenyei, 1922\u201336 (Buk., 1970); Benk\u0151 Andr\u00e1s (Korunk \u00e9vk., 1974); B\u00f3nis ferenc: \u00c9let-k\u00e9pek: B. B. (Bp., 2006); Bota, Sorina; Elekes M-A. 2007; Id\u0151t\u00e1r 2.; Id\u0151t\u00e1r 4.; Kim; Kiss Ferenc, K.: Bart\u00f3k Jobb\u00e1gytelk\u00e9n (\u00daj \u00c9let, 5. sz., 1981); L\u00e1szl\u00f3 Ferenc: B. B.: Tanulm\u00e1nyok \u00e9s tan\u00fas\u00e1gok (Buk., 1980); L\u00e1szl\u00f3 Ferenc: H\u00e1nyszor j\u00e1rt Bart\u00f3k Mv.-en? (V. Z., 1982. nov. 6.); Maros megye; \u00d6tv\u00f6s J\u00f3zsef: Mv.-i szobrok \u00e9s alkot\u00f3ik (10): Bart\u00f3k B\u00e9la (N\u00fa., 1. sz., 2007. jan.); Pint\u00e9r Lajos: Bart\u00f3k \u00e9s Kod\u00e1ly rom\u00e1n impressz\u00e1ri\u00f3ja [Aurel T\u0103ma\u015fiu] eml\u00e9kezik (\u00daj \u00c9let, 10. sz., 1972); R\u00e1duly J\u00e1nos: B. B. Kib\u00e9di \u00e9nekese [D\u00f3sa Lidi] (Erd\u00e9lyi Toll, 2. sz., 2009); R\u00e1duly J\u00e1nos: Bart\u00f3k \u2013 D\u00f3sa Lidir\u0151l (N\u00fa., M\u00fazsa, 2007\u20132009 k.; RMIL (1, 3. k\u00f6t.); Sepsisz\u00e9ki; Sipos S\u00e1ndor: B. Kisg\u00f6rg\u00e9nyben (N\u00fa., M\u00fazsa, 216. sz., 1995. okt. 6.); Szeg\u0151 J\u00falia. B. B. a n\u00e9prajzkutat\u00f3 (Buk., 1955); Ziegler M\u00e1rta: Tizenh\u00e1rom esztend\u0151 (Igaz Sz\u00f3, 9. sz., 1970)<\/br><\/p>\n","protected":false},"excerpt":{"rendered":"<p>Nagyszentmikl\u00f3s, 1881. m\u00e1rc. 25., \u2020 New York, 1945. szept. 26.: zeneszerz\u0151, zongoram\u0171v\u00e9sz, zenetud\u00f3s a MTA tagja. \u2013 Feles\u00e9ge: 1. Ziegler M\u00e1rta (1909. nov. \u2013 1923 elv\u00e1ltak), mv-i volt, ill. k\u00f6zeli rokonai \u00e9ltek itt. Fi\u00fak ifj. B. B. \u2013 Meghallgatta D\u00f3sa Lidi, kib\u00e9di falusi l\u00e1ny \u00e9nek\u00e9t (1904): \u201eLejegyeztem \u00e9neke nyom\u00e1n egyszeribe 5\u20136 dalt, csupa teljesen \u00f6smeretlen [&hellip;]<\/p>\n","protected":false},"featured_media":0,"comment_status":"open","ping_status":"closed","template":"","meta":[],"product_brand":[],"product_cat":[137],"product_tag":[],"class_list":{"0":"post-4149","1":"product","2":"type-product","3":"status-publish","5":"product_cat-maros-megyei-eletrajzi-lexikon","7":"first","8":"instock","9":"shipping-taxable","10":"product-type-simple"},"_links":{"self":[{"href":"https:\/\/uj.adatbank.ro\/lexikon\/wp-json\/wp\/v2\/product\/4149","targetHints":{"allow":["GET"]}}],"collection":[{"href":"https:\/\/uj.adatbank.ro\/lexikon\/wp-json\/wp\/v2\/product"}],"about":[{"href":"https:\/\/uj.adatbank.ro\/lexikon\/wp-json\/wp\/v2\/types\/product"}],"replies":[{"embeddable":true,"href":"https:\/\/uj.adatbank.ro\/lexikon\/wp-json\/wp\/v2\/comments?post=4149"}],"wp:attachment":[{"href":"https:\/\/uj.adatbank.ro\/lexikon\/wp-json\/wp\/v2\/media?parent=4149"}],"wp:term":[{"taxonomy":"product_brand","embeddable":true,"href":"https:\/\/uj.adatbank.ro\/lexikon\/wp-json\/wp\/v2\/product_brand?post=4149"},{"taxonomy":"product_cat","embeddable":true,"href":"https:\/\/uj.adatbank.ro\/lexikon\/wp-json\/wp\/v2\/product_cat?post=4149"},{"taxonomy":"product_tag","embeddable":true,"href":"https:\/\/uj.adatbank.ro\/lexikon\/wp-json\/wp\/v2\/product_tag?post=4149"}],"curies":[{"name":"wp","href":"https:\/\/api.w.org\/{rel}","templated":true}]}}