{"id":4228,"date":"2025-06-28T16:33:13","date_gmt":"2025-06-28T14:33:13","guid":{"rendered":"https:\/\/uj.adatbank.ro\/lexikon\/termek\/bedeus-joseph-br-bedeus-jozsef\/"},"modified":"2025-06-28T16:33:13","modified_gmt":"2025-06-28T14:33:13","slug":"bedeus-joseph-br-bedeus-jozsef","status":"publish","type":"product","link":"https:\/\/uj.adatbank.ro\/lexikon\/termek\/bedeus-joseph-br-bedeus-jozsef\/","title":{"rendered":"BEDEUS Joseph, br., Bedeus J\u00f3zsef"},"content":{"rendered":"<p>1782., \u2020\u00a01858.: ogy.-i k\u00e9pvisel\u0151, korm\u00e1nysz\u00e9ki tan\u00e1csos, t\u00f6rt\u00e9net\u00edr\u00f3. \u2013 A tudom\u00e1nyos m\u0171k\u00f6d\u00e9s\u00e9\u00e9rt az erd\u00e9lyi sz\u00e1sz honismertet\u0151 t\u00e1rsas\u00e1g eln\u00f6k\u00e9v\u00e9 v\u00e1lasztott\u00e1k (1842). K\u00fck\u00fcll\u0151v\u00e1rmegyei k\u00e9pvisel\u0151 (1863\u201364). Erd\u00e9lyi korm\u00e1nysz\u00e9ki tan\u00e1csos \u00e9s tartom\u00e1nyi biztos. Az ogy. kilences bizotts\u00e1g\u00e1nak tagja, amely az EME megalak\u00edt\u00e1s\u00e1ra ir\u00e1nyult (1843), amely akci\u00f3t a sz\u00e1szok nem t\u00e1mogatt\u00e1k. A tervezett EME els\u0151 k\u00f6zgy\u0171l\u00e9s\u00e9n bev\u00e1lasztott\u00e1k az igazgat\u00f3s\u00e1gba (1857). \u2013 <strong>F. m.:<\/strong> Erd\u00e9ly nagyfejedelems\u00e9g alkotm\u00e1nya, a t\u00f6rt\u00e9netek, orsz\u00e1gos t\u00f6rv\u00e9nyek \u00e9s fenn\u00e1ll\u00f3 orsz\u00e1gjog szempontj\u00e1b\u00f3l fel fogva \u00e9s el\u0151 adva (ford. Makl\u00f3di S\u00e1ndor, Kv., 1846).-<br \/><strong>Irod.:<\/strong> Kelemen Lajos 2006; Mester Mikl\u00f3s: Az autonom Erd\u00e9ly \u00e9s a rom\u00e1n nemzetis\u00e9gi k\u00f6vetel\u00e9sek az 1863\u201364 \u00e9vi nagyszebeni orsz\u00e1ggy\u0171l\u00e9sen (P\u00e9cs, 1936); Nagy Iv\u00e1n; P\u00e1lffy<\/br><\/p>\n","protected":false},"excerpt":{"rendered":"<p>1782., \u2020\u00a01858.: ogy.-i k\u00e9pvisel\u0151, korm\u00e1nysz\u00e9ki tan\u00e1csos, t\u00f6rt\u00e9net\u00edr\u00f3. \u2013 A tudom\u00e1nyos m\u0171k\u00f6d\u00e9s\u00e9\u00e9rt az erd\u00e9lyi sz\u00e1sz honismertet\u0151 t\u00e1rsas\u00e1g eln\u00f6k\u00e9v\u00e9 v\u00e1lasztott\u00e1k (1842). K\u00fck\u00fcll\u0151v\u00e1rmegyei k\u00e9pvisel\u0151 (1863\u201364). Erd\u00e9lyi korm\u00e1nysz\u00e9ki tan\u00e1csos \u00e9s tartom\u00e1nyi biztos. Az ogy. kilences bizotts\u00e1g\u00e1nak tagja, amely az EME megalak\u00edt\u00e1s\u00e1ra ir\u00e1nyult (1843), amely akci\u00f3t a sz\u00e1szok nem t\u00e1mogatt\u00e1k. A tervezett EME els\u0151 k\u00f6zgy\u0171l\u00e9s\u00e9n bev\u00e1lasztott\u00e1k az igazgat\u00f3s\u00e1gba (1857). \u2013 [&hellip;]<\/p>\n","protected":false},"featured_media":0,"comment_status":"open","ping_status":"closed","template":"","meta":[],"product_brand":[],"product_cat":[137],"product_tag":[],"class_list":{"0":"post-4228","1":"product","2":"type-product","3":"status-publish","5":"product_cat-maros-megyei-eletrajzi-lexikon","7":"first","8":"instock","9":"shipping-taxable","10":"product-type-simple"},"_links":{"self":[{"href":"https:\/\/uj.adatbank.ro\/lexikon\/wp-json\/wp\/v2\/product\/4228","targetHints":{"allow":["GET"]}}],"collection":[{"href":"https:\/\/uj.adatbank.ro\/lexikon\/wp-json\/wp\/v2\/product"}],"about":[{"href":"https:\/\/uj.adatbank.ro\/lexikon\/wp-json\/wp\/v2\/types\/product"}],"replies":[{"embeddable":true,"href":"https:\/\/uj.adatbank.ro\/lexikon\/wp-json\/wp\/v2\/comments?post=4228"}],"wp:attachment":[{"href":"https:\/\/uj.adatbank.ro\/lexikon\/wp-json\/wp\/v2\/media?parent=4228"}],"wp:term":[{"taxonomy":"product_brand","embeddable":true,"href":"https:\/\/uj.adatbank.ro\/lexikon\/wp-json\/wp\/v2\/product_brand?post=4228"},{"taxonomy":"product_cat","embeddable":true,"href":"https:\/\/uj.adatbank.ro\/lexikon\/wp-json\/wp\/v2\/product_cat?post=4228"},{"taxonomy":"product_tag","embeddable":true,"href":"https:\/\/uj.adatbank.ro\/lexikon\/wp-json\/wp\/v2\/product_tag?post=4228"}],"curies":[{"name":"wp","href":"https:\/\/api.w.org\/{rel}","templated":true}]}}