{"id":4240,"date":"2025-06-28T16:33:53","date_gmt":"2025-06-28T14:33:53","guid":{"rendered":"https:\/\/uj.adatbank.ro\/lexikon\/termek\/bedo-pal-boloni\/"},"modified":"2025-06-28T16:33:53","modified_gmt":"2025-06-28T14:33:53","slug":"bedo-pal-boloni","status":"publish","type":"product","link":"https:\/\/uj.adatbank.ro\/lexikon\/termek\/bedo-pal-boloni\/","title":{"rendered":"BED\u0150 P\u00e1l, b\u00f6l\u00f6ni"},"content":{"rendered":"<p>Mikl\u00f3sv\u00e1r, ? \u2020 Kv., 1690. nov. 6.: unit. lelk\u00e9sz, majd p\u00fcsp\u00f6k. \u2013 Feles\u00e9ge: B\u00f6l\u00f6ni Illy\u00e9si G\u00e1sp\u00e1r le\u00e1nya. Unit. nemesi csal\u00e1db\u00f3l sz\u00e1rmazott. \u2013 Kv.-on teol\u00f3gus (1667. j\u00fan. 18. \u2013 1672.). K\u00fclf\u00f6ld\u00f6n, a belga akad. \u2013kon az egyh\u00e1z k\u00f6lts\u00e9g\u00e9n, folytatta tanulm\u00e1nyait, B\u00f6l\u00f6ni Benk\u0151 S\u00e1muellel \u00e9s D\u00e1lnoki J\u00e1nossal egy\u00fctt (1672\u201376). Kv.-on lektors\u00e1gba iktatt\u00e1k De laudatione sapientiae c. bek\u00f6sz\u00f6nt\u0151 besz\u00e9d\u00e9vel (1676. m\u00e1rc. 19.). Papp\u00e1 szentelt\u00e9k (1680), egyh\u00e1zi f\u0151jegyz\u0151. Dics\u0151szentm\u00e1rtonban v\u00e1lasztott\u00e1k meg p\u00fcsp\u00f6knek (1689. j\u00fan. 19.- 90. nov. 12.). Apafi Mih\u00e1ly fejedelem meger\u0151s\u00edtette p\u00fcsp\u00f6ki sz\u00e9k\u00e9ben (Radn\u00f3t, 1689. j\u00fal. 25). II. R\u00e1k\u00f3czi Gy\u00f6rgy fejedelem neki adom\u00e1nyozta a marosv\u00e9csi v\u00e1rat \u00f6t faluval egy\u00fctt. A h\u00e9ber \u00e9s a latin nyelv j\u00f3 ismer\u0151je. H\u00e9ber ford\u00edt\u00e1sai k\u00e9ziratban maradtak (1686), \u00fagyszint\u00e9n halotti besz\u00e9dei \u00e9s k\u00f6ny\u00f6rg\u00e9sei is. \u00d6n\u00e9let\u00edr\u00e1sa a 17. sz. els\u0151 fel\u00e9nek \u00e9rt\u00e9kes t\u00f6rt\u00e9nelmi forr\u00e1sa, egy\u00adben a m. barokk pr\u00f3za jelent\u0151s alkot\u00e1sa. <br \/><strong>Irod.:<\/strong> Kelemen Imre; K\u00e9nosi\u2013Uzoni 2.<\/br><\/p>\n","protected":false},"excerpt":{"rendered":"<p>Mikl\u00f3sv\u00e1r, ? \u2020 Kv., 1690. nov. 6.: unit. lelk\u00e9sz, majd p\u00fcsp\u00f6k. \u2013 Feles\u00e9ge: B\u00f6l\u00f6ni Illy\u00e9si G\u00e1sp\u00e1r le\u00e1nya. Unit. nemesi csal\u00e1db\u00f3l sz\u00e1rmazott. \u2013 Kv.-on teol\u00f3gus (1667. j\u00fan. 18. \u2013 1672.). K\u00fclf\u00f6ld\u00f6n, a belga akad. \u2013kon az egyh\u00e1z k\u00f6lts\u00e9g\u00e9n, folytatta tanulm\u00e1nyait, B\u00f6l\u00f6ni Benk\u0151 S\u00e1muellel \u00e9s D\u00e1lnoki J\u00e1nossal egy\u00fctt (1672\u201376). Kv.-on lektors\u00e1gba iktatt\u00e1k De laudatione sapientiae c. bek\u00f6sz\u00f6nt\u0151 [&hellip;]<\/p>\n","protected":false},"featured_media":0,"comment_status":"open","ping_status":"closed","template":"","meta":[],"product_brand":[],"product_cat":[137],"product_tag":[],"class_list":{"0":"post-4240","1":"product","2":"type-product","3":"status-publish","5":"product_cat-maros-megyei-eletrajzi-lexikon","7":"first","8":"instock","9":"shipping-taxable","10":"product-type-simple"},"_links":{"self":[{"href":"https:\/\/uj.adatbank.ro\/lexikon\/wp-json\/wp\/v2\/product\/4240","targetHints":{"allow":["GET"]}}],"collection":[{"href":"https:\/\/uj.adatbank.ro\/lexikon\/wp-json\/wp\/v2\/product"}],"about":[{"href":"https:\/\/uj.adatbank.ro\/lexikon\/wp-json\/wp\/v2\/types\/product"}],"replies":[{"embeddable":true,"href":"https:\/\/uj.adatbank.ro\/lexikon\/wp-json\/wp\/v2\/comments?post=4240"}],"wp:attachment":[{"href":"https:\/\/uj.adatbank.ro\/lexikon\/wp-json\/wp\/v2\/media?parent=4240"}],"wp:term":[{"taxonomy":"product_brand","embeddable":true,"href":"https:\/\/uj.adatbank.ro\/lexikon\/wp-json\/wp\/v2\/product_brand?post=4240"},{"taxonomy":"product_cat","embeddable":true,"href":"https:\/\/uj.adatbank.ro\/lexikon\/wp-json\/wp\/v2\/product_cat?post=4240"},{"taxonomy":"product_tag","embeddable":true,"href":"https:\/\/uj.adatbank.ro\/lexikon\/wp-json\/wp\/v2\/product_tag?post=4240"}],"curies":[{"name":"wp","href":"https:\/\/api.w.org\/{rel}","templated":true}]}}