{"id":4310,"date":"2025-06-28T16:37:24","date_gmt":"2025-06-28T14:37:24","guid":{"rendered":"https:\/\/uj.adatbank.ro\/lexikon\/termek\/bem-joseph-%c2%a7-bem-jozsef-jozef-zachariasz\/"},"modified":"2025-06-28T16:37:24","modified_gmt":"2025-06-28T14:37:24","slug":"bem-joseph-%c2%a7-bem-jozsef-jozef-zachariasz","status":"publish","type":"product","link":"https:\/\/uj.adatbank.ro\/lexikon\/termek\/bem-joseph-%c2%a7-bem-jozsef-jozef-zachariasz\/","title":{"rendered":"BEM Joseph, \u00a7 Bem J\u00f3zsef, Jozef Zachariasz"},"content":{"rendered":"<p>Tarnow (Lengyelo.), 1794. m\u00e1rc. 14., \u2020 Aleppo (Sz\u00edria), 1850. dec. 10.: lengyel katonatiszt, m. honv\u00e9dt\u00e1bornok, az erd\u00e9lyi hadsereg f\u0151parancsnoka (1848\u201349), lengyel \u00e9s m. szabads\u00e1gh\u0151s. \u2013 Az 1848\u201349-es forradalom \u00e9s szabads\u00e1gharc ki\u00ademelked\u0151 egy\u00e9nis\u00e9ge. Kossuth kinevezte az erd\u00e9lyi hadsereg f\u0151parancsnok\u00e1v\u00e1 (1848. dec. 1). Az abosfalvi r. k. pl\u00e9b\u00e1ni\u00e1n tartozkodott vez\u00e9rkar\u00e1val, gr. Teleki S\u00e1ndor ezredessel, gr. Mikes Kelemen ezredessel, gr. Bethlen Gergely ezredessel, a v\u00e1mosg\u00e1lfalvi (tkp. Sz\u0151kefalvi) csat\u00e1ban megverte Puchner sereg\u00e9t (1849. jan. 17.). Az esem\u00e9nyt eml\u00e9kt\u00e1bla \u0151rzi a pl\u00e9b\u00e1nia fal\u00e1n. \u00dajj\u00e1szervezte a felbom\u00adl\u00f3ban lev\u0151 m. csapatokat, \u00e9s 3 h\u00f3nap alatt megtiszt\u00edtotta Erd\u00e9ly ter\u00fclet\u00e9t az ellens\u00e9gt\u0151l, felszabad\u00edtotta Mv.-t is. (1849. jan. 13.). \u00c9jjel 11 kor \u00e9rkezett a v\u00e1rosba hadsereg\u00e9nek el\u0151csapata, a 480 f\u0151b\u0151l \u00e1ll\u00f3 marossz\u00e9ki z\u00e1szl\u00f3alj selyei Tolnai G\u00e1bor honv\u00e9d\u0151rnagy vezet\u00e9s\u00e9vel, majd hajnal fel\u00e9 a Vilmos husz\u00e1rok is bevonultak. Maga Bem 1849. jan. 14.-\u00e9n virrad\u00f3ra \u00e9rkezett meg vez\u00e9rkar\u00e1val \u00e9s a t\u0171z\u00e9rs\u00e9ggel. A m. hader\u0151 zenesz\u00f3val \u00e9s ujjong\u00f3 lelkesed\u00e9s mellett vonult be \u00e9s a Nagypiacon, valamint az oda torkoll\u00f3 f\u0151utc\u00e1kon t\u00e1borozott, a barokk Teleki-h\u00e1zban volt Bem f\u0151hadisz\u00e1ll\u00e1sa. Azonnal \u00e9rintkez\u00e9sbe l\u00e9pett a v\u00e1ros vezet\u0151ivel \u00e9s a lak\u00f3ss\u00e1g biztons\u00e1g\u00e1r\u00f3l val\u00f3 gondoskod\u00e1st hangs\u00falyozta ki. Mialatt egy h\u00e1romtag\u00fa bizotts\u00e1got nevezett ki, a sz\u00e9k t\u00f6rv\u00e9nyesen v\u00e1lasztott tisztvisel\u0151it \u00e1ll\u00e1saikba visszahelyezte, \u00e9s a v\u00e1rosi tan\u00e1cs osztr\u00e1kbar\u00e1t tagjait kicser\u00e9lte. 3 napig tartozkodott itt, elmenve meghagyta, hogy a v\u00e1ros \u00e9s a sz\u00e9k 2500 ember \u00e9lelmez\u00e9s\u00e9r\u0151l gondoskodjon. M\u00e1sodszor j\u00fan. 9.-\u00e9n t\u00f6lt\u00f6tt egy napot Mv.-en, amir\u0151l a Honv\u00e9d (j\u00fan. 15.) tud\u00f3s\u00edt. Ez alkalommal is nagy lelkesed\u00e9ssel fogadta Mv. lak\u00f3ss\u00e1ga, a h\u00f6lgyek feh\u00e9r ruh\u00e1ban, \u00fcdv\u00f6z\u00f6lt\u00e9k a diadal\u00edv alatt behajt\u00f3 dics\u0151 t\u00e1bornokot, \u00e9ljenezt\u00e9k, \u00e9s minden ablakot kivil\u00e1g\u00edtottak. Mikor elment az mondta, hogy \u00e1lland\u00f3 lak\u00f3hely\u00fcl Mv.-et v\u00e1lasztja. Harmadszor a gy\u00e1szosv\u00e9g\u0171 feh\u00e9regyh\u00e1zi csata el\u0151tt \u00e9rkezett Mv.-re (1849. j\u00fal. 30.), amikor Pet\u0151fi is kis\u00e9ret\u00e9hez tartozott, akit nagyra becs\u00fclt \u00e9s fiak\u00e9nt szeretett. Bem a V\u00e1rt\u00e9r 25. sz., ma a Bern\u00e1dy Gy\u00f6rgy t\u00e9r 5. sz. alatti Teleki-h\u00e1z\u00e1ban (a Teleki Domokos f\u00e9le h\u00e1zban), a vez\u00e9rkar pedig a nagypiaci G\u00f6r\u00f6g h\u00e1zban sz\u00e1llt meg. A Teleki-h\u00e1z fal\u00e1n eml\u00e9kt\u00e1bla hirdeti: \u201dEbben a h\u00e1zban sz\u00e1llt meg a vil\u00e1gszabads\u00e1g nagy harcosa Bem J\u00f3zsef t\u00e1bornok, aki 1849. j\u00fal. 30-\u00e1n reggel indult Pet\u0151fi S\u00e1ndor k\u00eds\u00e9ret\u00e9ben a feh\u00e9regyh\u00e1zi csatat\u00e9rre. Eml\u00e9k\u00fck legyen \u00e1ldott minden szabads\u00e1gszeret\u0151 ember sz\u00edv\u00e9ben.\u201d A hadvez\u00e9r \u00e9rkez\u00e9se Mv.-en mindig kit\u00f6r\u0151 \u00f6r\u00f6met keltett. Nev\u00e9t rajong\u00e1ssal \u00e9s kegyelettel emlegett\u00e9k, k\u00fcl\u00f6n\u00f6sen mert innen ker\u00fcltek ki diadalmas harcainak legjobb r\u00e9szesei: a 12. 37. honv\u00e9dz\u00e1szl\u00f3alj \u00e9s a Kossuth-lovasezred. Ha neh\u00e9z harcok ut\u00e1n pihenni v\u00e1gyott v\u00e1rosunkba j\u00f6tt. Mv. l\u00e9v\u00e9n az erd\u00e9lyi hadj\u00e1rat k\u00f6zpontja 1849-ben itt szervezte \u00e1t haderej\u00e9t, innen dolgozta ki harci terveit \u00e9s a szomor\u00fa napokban, a gy\u00e1szosv\u00e9g\u0171 segesv\u00e1ri \u00fctk\u00f6zet ut\u00e1n sebes\u00fclten is Mv.-re kiv\u00e1nkozott, ahol \u00e1polt\u00e1k. Mindenki ismerte, sz\u00e1zak kis\u00e9rt\u00e9k hint\u00f3j\u00e1t diadalmenetben. A h\u0151s t\u00e1bornok hamvainak hazahozatal\u00e1t, egyben szobr\u00e1nak Mv. F\u0151ter\u00e9n val\u00f3 fel\u00e1ll\u00edt\u00e1s\u00e1t a bp.-i Orsz\u00e1gos honv\u00e9dgy\u0171l\u00e9s hat\u00e1rozta el (1868. aug. 20.). Hamvainak Mv.-re hozatali terve nem siker\u00fclt, de a h\u00e1l\u00e1s polg\u00e1rs\u00e1g \u00e1ldozatk\u00e9szs\u00e9g\u00e9b\u0151l \u00e9s a Honv\u00e9degylet \u00fcgybuzgalm\u00e1b\u00f3l orsz\u00e1grasz\u00f3l\u00f3 \u00fcnneps\u00e9gek k\u00f6z\u00f6tt leleplezt\u00e9k le Mv.-en Husz\u00e1r Adolf alkot\u00e1s\u00e1t, a Bem szobrot (1880. okt. 17.), ugyanakkor 2400 grt.-ot juttatott a szoborbizotts\u00e1g a Bem-n\u0151v\u00e9reknek. A szobrot B\u00e9csben \u00f6nt\u00f6tt\u00e9k, t\u00f6bb l\u00e9pcs\u0151vel magas\u00edtott ditr\u00f3i gr\u00e1nitb\u00f3l k\u00e9sz\u00fclt talapzaton \u00e1llt a 3 m magas szobor a v\u00e1ros f\u0151ter\u00e9n. A szobrot lerombolt\u00e1k (1919. m\u00e1rc. 27\u201328-ra), led\u00f6ntve egy deszkat\u00e1kolm\u00e1ny alatt hevert a V\u00e1rosh\u00e1za udvar\u00e1n (1927. dec.) majd a lengyel korm\u00e1ny k\u00e9r\u00e9s\u00e9re vonatra tett\u00e9k (1928), hogy a vars\u00f3i k\u00f6vets\u00e9gre sz\u00e1ll\u00edts\u00e1k, de oda nem \u00e9rkezett meg. Feh\u00e9regyh\u00e1z\u00e1n \u00e1ll a Bem-eml\u00e9koszlop a Pet\u0151fi-m\u00fazeum kertj\u00e9ben. Mv.-en a Megyei N\u00e9prajzi M\u00fazeumban \u0151rzik a f\u00e9ldr\u00e1gak\u00f6vekkel \u00e9s ez\u00fcsttel d\u00edsz\u00edtett tajt\u00e9kpip\u00e1j\u00e1t. \u2013 Mv.-en kiadott \u00e9s nyomtatott felh\u00edv\u00e1sai: Proklam\u00e1ci\u00f3ja a sz\u00e9kelyekhez; Hirt\u00e9tele, hogy V\u00f6r\u00f6storonyn\u00e1l az ellens\u00e9ges sereget kiverte; Tud\u00f3s\u00edt\u00e1sa Fogaras bev\u00e9tel\u00e9r\u0151l; Feketehalom, Brass\u00f3 bev\u00e9tel\u00e9r\u0151l; Rendelete (k\u00f6lt. Sz\u00e1szhalom 1849. \u00e1pr. 4.) a t\u00e1borb\u00f3l elmaradoz\u00f3 katon\u00e1kr\u00f3l; Hirdetm\u00e9ny gy\u0151zelm\u00e9r\u0151l Vaiszlov\u00e1n\u00e1l (H\u00e1tszegvid); \u201eSz\u00e9kely gyermekeim\u201d c. felsz\u00f3l\u00edt\u00e1s; A sz\u00e9kely nemzethez, Cs\u00edk- Gyergy\u00f3-, \u00e9s K\u00e1szonsz\u00e9khez (1849. jan. 15); Felsz\u00f3l\u00edt\u00e1sa Erd\u00e9ly lak\u00f3saihoz; H\u00edrt\u00e9tele a Haditan\u00e1cshoz Szeben bev\u00e9tel\u00e9r\u0151l; Okn\u00e1r\u00f3l Moldov\u00e1ba tud\u00f3s\u00edt\u00e1st k\u00fcld el\u0151halad\u00e1s\u00e1r\u00f3l; Rendelete a sz\u00f6kev\u00e9nyek visszat\u00e9r\u00edt\u00e9se ir\u00e1nt. Bem t\u00e1bornok napiparancsa (1849. j\u00fal); B. J. ki\u00e1ltv\u00e1nya a sz\u00e9kelyekhez, Mv., j\u00fal. 10.-\u00e9n 1849. = Mv. \u00e9s V\u00e1rtemploma. Az abosfalvi pl\u00e9b\u00e1nia fal\u00e1n elhelyezett t\u00e1bla is \u0151rzi eml\u00e9k\u00e9t: \u201eBem t\u00e1bornok 1849. janu\u00e1r 16. \u00e9s 17. k\u00f6zti \u00e9jelen e szob\u00e1ban tervezte a g\u00e1lfalvi dics\u0151s\u00e9ggel megv\u00edvott csat\u00e1t. Kis\u00e9ret\u00e9ben voltak Teleki S\u00e1ndor gr\u00f3f ezredes, Mikes Kelemen gr\u00f3f ezredes, Bethlehen Gergely gr\u00f3f \u0151rnagy\u201d \u00e1ll\u00edtatta a K\u00fck\u00fcll\u0151 ker. r. k. paps\u00e1g (1905). <br \/><strong>Irod.:<\/strong> 48-as Erd\u00e9ly (Kv., 1943); Abosfalva; Bal\u00e1s Gy\u00f6rgy: Bem ap\u00f3 (Bp., 1934); Bal\u00e1s Gy\u00f6rgy : Bem J\u00f3zsef (Bp., 1927); Bauer [Lajos] \u0151rnagy Bem t\u00e1bornok f\u0151hadseg\u00e9d\u00e9nek hagyom\u00e1nyai 1848\u201349-b\u0151l (Pest, 1870); Czecz J\u00e1nos: Bem erd\u00e9lyi hadj\u00e1rata (Pest, 1868); Csepreghy 2010; Dercs\u00e9nyi K\u00e1lm\u00e1n: Bem t\u00e1bornok t\u00e9li hadj\u00e1rata Erd\u00e9lyben 1848\u201349 (Bp., s. a.); Egyed \u00c1. 2013; Egyed \u00c1. 2006; F\u00e9nyes \u00e1lom (N\u00fa., 1994. m\u00e1rc. 15.); Ferenczi Zolt\u00e1n: Pet\u0151fi \u00e9letrajza (Bp., 1896); Fodor-Bal\u00e1zs; Fodor S\u00e1ndor (S): Hova t\u0171nt az alt\u00e1bornagy ? (N\u00fa., Sz\u00ednes Vil\u00e1g, 2006. jan. 14.); Fodor S\u00e1ndor (S): A Teleki- \u00e9s G\u00f6r\u00f6g-h\u00e1zon l\u00e9v\u0151 eml\u00e9kt\u00e1bl\u00e1k (N\u00fa., Sz\u00ednes Vil\u00e1g, 2008. m\u00e1j. 24.); Id\u0151t\u00e1r 2; Imreh S\u00e1ndor: Visszaeml\u00e9kez\u00e9s az 1848\u201349 \u00e9vi szabads\u00e1gharcra Erd\u00e9lyben (Mv., 1880); Kerekes S\u00e1muel: Bem album (Mv., 1884); Keresztes Gyula: Pet\u0151fi S\u00e1ndor Mv.-en (V. Z., 1979. dec. 23.); Keresztes Gyula: Teleki-h\u00e1z (N\u00fa., 1990. aug. 31.); Keresztes Gyula: A Nagypiac d\u00edszt\u00e1rgyair\u00f3l (1991. j\u00fan. 22.); K\u00e9tsz\u00e1z \u00e9ve sz\u00fcletett Jozef B. (N\u00fa., 1994. m\u00e1rc. 8); Kr\u00f3n. F\u00fcz. (1939. 4\/9); M\u00c9L; Mur\u00e1din; Nagy L\u00e1szl\u00f3; Nagyjaink; (nk): Szobork\u0151 temet\u0151 (N\u00fa., 1993. m\u00e1rc. 12.); Ol\u00e1h-G\u00e1l; Olosz Katalin: Adatok B. erd\u00e9lyi hadj\u00e1rat\u00e1hoz (Tanulm\u00e1nyok a magyarorsz\u00e1gi bolg\u00e1r, g\u00f6r\u00f6g, lengyel, \u00f6rm\u00e9ny, ruszin nemzetis\u00e9gek n\u00e9prajz\u00e1hoz (4. sz., 2002); Olosz Katalin: T\u00f6rt\u00e9nelem \u00e9s sz\u00e1jhagyom\u00e1ny = Olosz Katalin 2003; Paget; P\u00e1l-Antal 2002; R\u00e1duly J\u00e1nos: Bem-dokumentumok Pet\u0151fi t\u00e1sk\u00e1j\u00e1ban (N\u00fa., M\u00fazsa, 895. sz., 2009. aug. 1.); Szab\u00f3 Zsolt: B. J. nyom\u00e1ban Erd\u00e9lyben (M\u0171vel\u0151d\u00e9s, 7\u20138. sz., 2009. j\u00fal.-aug.); Szak\u00e1cs J\u00e1nos\u00a0: Mv.-i szobrok a r\u00e9gi sajt\u00f3ban (Erd\u00e9lyi Napl\u00f3, 51\u201352. sz., 2004. dec. 21.); Sz\u00e9kelys\u00e9g t\u00f6rt; Szentgy\u00f6rgyi; Szeremlei S\u00e1muel: Mo. kr\u00f3nik\u00e1ja az 1848\u201349 \u00e9vi forradalom idej\u00e9b\u0151l (Pest, 1867); Szil\u00e1gyi S\u00e1ndor: A magyar forradalom f\u00e9rfiai 1848\u201349-b\u0151l (Pest, 1850); Teleki S\u00e1ndor: Egyr\u0151l-m\u00e1sr\u00f3l (Bp., 1882); \u00daM\u00c9L; Zapeczaner Jen\u0151: Bem t\u00e1bornok eml\u00e9kirata (Sz\u00e9kelyf\u00f6ld, 12. sz., 1998.); Vigh<\/br><\/p>\n","protected":false},"excerpt":{"rendered":"<p>Tarnow (Lengyelo.), 1794. m\u00e1rc. 14., \u2020 Aleppo (Sz\u00edria), 1850. dec. 10.: lengyel katonatiszt, m. honv\u00e9dt\u00e1bornok, az erd\u00e9lyi hadsereg f\u0151parancsnoka (1848\u201349), lengyel \u00e9s m. szabads\u00e1gh\u0151s. \u2013 Az 1848\u201349-es forradalom \u00e9s szabads\u00e1gharc ki\u00ademelked\u0151 egy\u00e9nis\u00e9ge. Kossuth kinevezte az erd\u00e9lyi hadsereg f\u0151parancsnok\u00e1v\u00e1 (1848. dec. 1). Az abosfalvi r. k. pl\u00e9b\u00e1ni\u00e1n tartozkodott vez\u00e9rkar\u00e1val, gr. Teleki S\u00e1ndor ezredessel, gr. Mikes Kelemen [&hellip;]<\/p>\n","protected":false},"featured_media":0,"comment_status":"open","ping_status":"closed","template":"","meta":[],"product_brand":[],"product_cat":[137],"product_tag":[],"class_list":{"0":"post-4310","1":"product","2":"type-product","3":"status-publish","5":"product_cat-maros-megyei-eletrajzi-lexikon","7":"first","8":"instock","9":"shipping-taxable","10":"product-type-simple"},"_links":{"self":[{"href":"https:\/\/uj.adatbank.ro\/lexikon\/wp-json\/wp\/v2\/product\/4310","targetHints":{"allow":["GET"]}}],"collection":[{"href":"https:\/\/uj.adatbank.ro\/lexikon\/wp-json\/wp\/v2\/product"}],"about":[{"href":"https:\/\/uj.adatbank.ro\/lexikon\/wp-json\/wp\/v2\/types\/product"}],"replies":[{"embeddable":true,"href":"https:\/\/uj.adatbank.ro\/lexikon\/wp-json\/wp\/v2\/comments?post=4310"}],"wp:attachment":[{"href":"https:\/\/uj.adatbank.ro\/lexikon\/wp-json\/wp\/v2\/media?parent=4310"}],"wp:term":[{"taxonomy":"product_brand","embeddable":true,"href":"https:\/\/uj.adatbank.ro\/lexikon\/wp-json\/wp\/v2\/product_brand?post=4310"},{"taxonomy":"product_cat","embeddable":true,"href":"https:\/\/uj.adatbank.ro\/lexikon\/wp-json\/wp\/v2\/product_cat?post=4310"},{"taxonomy":"product_tag","embeddable":true,"href":"https:\/\/uj.adatbank.ro\/lexikon\/wp-json\/wp\/v2\/product_tag?post=4310"}],"curies":[{"name":"wp","href":"https:\/\/api.w.org\/{rel}","templated":true}]}}