{"id":4382,"date":"2025-06-28T16:39:48","date_gmt":"2025-06-28T14:39:48","guid":{"rendered":"https:\/\/uj.adatbank.ro\/lexikon\/termek\/benko-janos-%c2%a7-benko-ioan\/"},"modified":"2025-06-28T16:39:48","modified_gmt":"2025-06-28T14:39:48","slug":"benko-janos-%c2%a7-benko-ioan","status":"publish","type":"product","link":"https:\/\/uj.adatbank.ro\/lexikon\/termek\/benko-janos-%c2%a7-benko-ioan\/","title":{"rendered":"BENK\u0150 J\u00e1nos, \u00a7 Benk\u0151 Ioan"},"content":{"rendered":"<p>? \u2020 ? : aut\u00f3szerel\u0151, politikus, k\u00e9pvisel\u0151, p\u00e1rttitk\u00e1r. \u2013 L\u00edc.-i v\u00e9gzetts\u00e9ge volt, fels\u0151fok\u00fa p\u00e1rttanulm\u00e1nyokat v\u00e9gzett a Szovjet\u00fani\u00f3ban. P\u00e1rtaktivista (1946\u2013). Mv.-en az RMP v\u00e1rosi PB titk\u00e1ra (1952\u2013), a MMAT VB eln\u00f6k helyettese (1961. m\u00e1rc. 12.). A megalakult tartom\u00e1nyi n\u00e9ptan\u00e1cs VB tagja (1965. m\u00e1rc. 14.), a Maros megyei p\u00e1rtbizotts\u00e1g b\u00fcr\u00f3j\u00e1nak tagja (1968. febr. 17.), els\u0151 aleln\u00f6ke. Maros megyei Nagy NGY k\u00e9pvisel\u0151 (1969. m\u00e1rc. 2.), a Maros Megyei N\u00e9ptan\u00e1cs VB els\u0151 aleln\u00f6ke (1969\u2013), megyei VB titk\u00e1r (felmentik tiszts\u00e9g\u00e9b\u0151l 1973. m\u00e1j. 3.) \u00e9s megyei gazdas\u00e1gi titk\u00e1r, a t\u00e1rsadalmi \u00e9s gazdas\u00e1gi munk\u00e1t fel\u00fcgyel\u0151 megyei bizotts\u00e1g eln\u00f6ke lett. Maros Megye P\u00e1rtbizotts\u00e1g titk\u00e1ra (1976\u2013), a meg\u00faj\u00edtott tisztikar tagja tov\u00e1bbra is (1979. nov. 8. \u2013 1984. okt. 31.). A Maros Megyei N\u00e9ptan\u00e1cs VB egyik aleln\u00f6ke (1975. m\u00e1rc. 24.). A Fogyaszt\u00e1si Cikkek Termel\u00e9s\u00e9t Egybehangol\u00f3 Megyei Bizotts\u00e1g eln\u00f6ke (1976. aug. 31.). Nyugalomba k\u00fcldt\u00e9k (1984. okt. 31.). <strong>Kit\u00fcntet\u00e9sei:<\/strong> Aug. 23. \u00e9rdemrend IV. fokozata (1964. aug. 20.). <br \/><strong>Irod.:<\/strong> Aranykorszak; Cri\u015fan; Id\u0151t\u00e1r 4.; Karda Ferenc: A szocialista demokr\u00e1cia szelem\u00e9ben (\u00daj \u00c9let, 6. sz., 1976); T\u00f6r\u00f6k L\u00e1szl\u00f3: A gyors \u00fctem\u0171 fejl\u0151d\u00e9s dimenzi\u00f3i (\u00daj \u00c9let, 14. sz., 1984). A s\u00e1rga csik\u00f3); Borb\u00e1la (L\u2019Arronge: Aszalai uram le\u00e1nyai). P\u00e1ly\u00e1j\u00e1r\u00f3l visszaeml\u00e9kez\u00e9seiben sz\u00e1molt be. \u2013 <strong>F. m.:<\/strong> A sz\u00edn\u00e9szv\u00e9r (Nagyv\u00e1rad, 1904). <br \/><strong>Irod.:<\/strong> Guly\u00e1s; MSZL; Sch\u00f6pflin; \u00daMIL<\/br><\/p>\n","protected":false},"excerpt":{"rendered":"<p>? \u2020 ? : aut\u00f3szerel\u0151, politikus, k\u00e9pvisel\u0151, p\u00e1rttitk\u00e1r. \u2013 L\u00edc.-i v\u00e9gzetts\u00e9ge volt, fels\u0151fok\u00fa p\u00e1rttanulm\u00e1nyokat v\u00e9gzett a Szovjet\u00fani\u00f3ban. P\u00e1rtaktivista (1946\u2013). Mv.-en az RMP v\u00e1rosi PB titk\u00e1ra (1952\u2013), a MMAT VB eln\u00f6k helyettese (1961. m\u00e1rc. 12.). A megalakult tartom\u00e1nyi n\u00e9ptan\u00e1cs VB tagja (1965. m\u00e1rc. 14.), a Maros megyei p\u00e1rtbizotts\u00e1g b\u00fcr\u00f3j\u00e1nak tagja (1968. febr. 17.), els\u0151 aleln\u00f6ke. Maros [&hellip;]<\/p>\n","protected":false},"featured_media":0,"comment_status":"open","ping_status":"closed","template":"","meta":[],"product_brand":[],"product_cat":[137],"product_tag":[],"class_list":{"0":"post-4382","1":"product","2":"type-product","3":"status-publish","5":"product_cat-maros-megyei-eletrajzi-lexikon","7":"first","8":"instock","9":"shipping-taxable","10":"product-type-simple"},"_links":{"self":[{"href":"https:\/\/uj.adatbank.ro\/lexikon\/wp-json\/wp\/v2\/product\/4382","targetHints":{"allow":["GET"]}}],"collection":[{"href":"https:\/\/uj.adatbank.ro\/lexikon\/wp-json\/wp\/v2\/product"}],"about":[{"href":"https:\/\/uj.adatbank.ro\/lexikon\/wp-json\/wp\/v2\/types\/product"}],"replies":[{"embeddable":true,"href":"https:\/\/uj.adatbank.ro\/lexikon\/wp-json\/wp\/v2\/comments?post=4382"}],"wp:attachment":[{"href":"https:\/\/uj.adatbank.ro\/lexikon\/wp-json\/wp\/v2\/media?parent=4382"}],"wp:term":[{"taxonomy":"product_brand","embeddable":true,"href":"https:\/\/uj.adatbank.ro\/lexikon\/wp-json\/wp\/v2\/product_brand?post=4382"},{"taxonomy":"product_cat","embeddable":true,"href":"https:\/\/uj.adatbank.ro\/lexikon\/wp-json\/wp\/v2\/product_cat?post=4382"},{"taxonomy":"product_tag","embeddable":true,"href":"https:\/\/uj.adatbank.ro\/lexikon\/wp-json\/wp\/v2\/product_tag?post=4382"}],"curies":[{"name":"wp","href":"https:\/\/api.w.org\/{rel}","templated":true}]}}