{"id":4388,"date":"2025-06-28T16:39:59","date_gmt":"2025-06-28T14:39:59","guid":{"rendered":"https:\/\/uj.adatbank.ro\/lexikon\/termek\/benko-karoly-kisbaczoni\/"},"modified":"2025-06-28T16:39:59","modified_gmt":"2025-06-28T14:39:59","slug":"benko-karoly-kisbaczoni","status":"publish","type":"product","link":"https:\/\/uj.adatbank.ro\/lexikon\/termek\/benko-karoly-kisbaczoni\/","title":{"rendered":"BENK\u0150 K\u00e1roly, kisbaczoni"},"content":{"rendered":"<p>Nagyenyed, 1805. jan. 28., \u2020 Marosszentkir\u00e1ly, 1863. \u00e1pr. 11., a mez\u0151k\u00f6vesdi csal\u00e1di s\u00edrboltba temett\u00e9k: helyt\u00f6rt\u00e9n\u00e9sz, lev\u00e9lt\u00e1ros. \u2013 Apja B. Ferenc. Feles\u00e9ge: ny\u00e1r\u00e1dszentimrei Medgyes Zsuzs\u00e1nna (1807.? \u2013 Mv., 1877. nov. 7.). Gyermekeik: Julianna, M\u00e1th\u00e9 K\u00e1rolyn\u00e9; Farkas, feles\u00e9ge Simon Joz\u00e9fa; Am\u00e1lia. \u2013 Nagyenyeden a Ref. F\u0151iskol\u00e1n tanult a jogi \u00e9s b\u00f6lcselettudom\u00e1nyi tanszakon (1813\u201321). Mv-en Kir\u00e1lyi T\u00e1blai \u00edrnok, joggyakornok (1925\u2013). Megn\u0151s\u00fclt \u00e9s Mez\u0151k\u00f6vesden telepedett le \u00e9s gazd\u00e1lkod\u00e1ssal foglalkozott (1826); Marossz\u00e9k tiszti jegyz\u0151je (1830); ad\u00f3\u00edr\u00f3biztos (1830); Marossz\u00e9k lev\u00e9lt\u00e1rnoka (1848\u2013); a mez\u0151madarasi j\u00e1r\u00e1sban seg\u00e9dhivatalnok (1850); Cs\u00edksz\u00e9kben f\u00f6ldad\u00f3rendszeri becs\u0171biztos (1851-54), majd \u00fajb\u00f3l lev\u00e9lt\u00e1rosk\u00e9nt dolgozott Mv.-en (1861\u2013). Meghalt Maroszszentkir\u00e1lyon mellh\u00e1rtyagyullad\u00e1sban. Az EME \u00fcl\u00e9s\u00e9n Szab\u00f3 K\u00e1roly tartott f\u00f6l\u00f6tte eml\u00e9kbesz\u00e9det (1863. nov. 11.). A tudom\u00e1ny ir\u00e1nti \u00e9rdekl\u0151d\u00e9se m\u00e1r a csal\u00e1dban, gyermekkor\u00e1ban kialakult, el\u0151bb sz\u00ednm\u0171veket \u00edrt. A R\u00e1toni vagy a g\u00f6rg\u00e9nyi bajnok, H\u00e1zt\u0171zl\u00e1t\u00e1s c. darabjait tanul\u00f3t\u00e1rsai adt\u00e1k el\u0151. K\u00e9s\u0151bb sokoldal\u00fa t\u00f6rt\u00e9neti, f\u00f6ldrajzi, statisztikai le\u00edr\u00f3 munk\u00e1k fel\u00e9 fordult. Lev\u00e9lt\u00e1ri kutat\u00e1sokon alapul\u00f3 helyt\u00f6rt\u00e9netkutat\u00e1ssal foglalkozott, Erd\u00e9ly, de k\u00fcl\u00f6n\u00f6sen a sz\u00e9kely n\u00e9p r\u00e9gi t\u00f6rt\u00e9nelmi adatainak legf\u00e1radhatatlanabb \u00e9s legkit\u00fcn\u0151bb b\u00fav\u00e1ra \u00e9s gy\u0171jt\u0151je. \u00c9letm\u0171vek\u00e9nt Erd\u00e9ly geogr\u00e1fiai, topogr\u00e1fiai \u00e9s statisztikai le\u00edr\u00e1s\u00e1t t\u0171zte ki maga el\u00e9. Els\u0151k\u00e9nt a Sz\u00e9kelyf\u00f6ld le\u00edr\u00e1s\u00e1hoz fogott. Korai hal\u00e1la miatt terv\u00e9t nem tudta megval\u00f3s\u00edtani \u2013 Cs\u00edk-, Gyergy\u00f3- K\u00e1szon-, Marossz\u00e9k \u00e9s Mv. le\u00edr\u00e1sa val\u00f3sult meg. Maros-V\u00e1s\u00e1rhely sz.. k. v\u00e1ros le\u00edr\u00e1sa sz\u00e1mos erd\u00e9szett\u00f6rt\u00e9neti adatot, ismertet\u00e9st tartalmaz, \u00e9rt\u00e9kes adatt\u00f6rt\u00e9neti forr\u00e1s is. Mv. v\u00e1rosi tan\u00e1csa elhat\u00e1rozta a munka kiad\u00e1s\u00e1t (1862) \u00e9s az addigi munk\u00e1ss\u00e1g\u00e1\u00e9rt a tiszteletbeli polg\u00e1ri oklev\u00e9llel t\u00fcntett\u00e9k ki. V\u00e9g\u00fcl is a kiad\u00e1s elmaradt, nem \u00e9rte meg k\u00f6nyve megjelen\u00e9s\u00e9t. Erd\u00e9ly t\u00f6rt\u00e9nelmi \u00e9letrajz t\u00e1r\u00e1hoz gy\u0171jt\u00f6tt anyagot, \u00f6tsz\u00e1z \u00edv terjedelm\u0171 jegyzetei elvesztek. Hozz\u00e1fogott Benk\u0151 J\u00f3zsef \u00e9letrajz\u00e1nak \u00f6ssze\u00e1ll\u00edt\u00e1s\u00e1hoz is \u00e9s munk\u00e1inak kiad\u00e1s\u00e1t is tervezte de nem tudta megval\u00f3s\u00edtani. Utc\u00e1t neveztek el r\u00f3la Mv.-en (1946) a mai Jiul utca. <strong>F. m.:<\/strong> Cs\u00edk- Gyergy\u00f3- \u00e9s K\u00e1szonsz\u00e9kek le\u00edr\u00e1sa (Kv., 1853); Marossz\u00e9k ismertet\u00e9se 1861\u201362-ben (Kv., 1868\u201369); Muszkavil\u00e1g Mv.-en (Mv., 1937); Maros-V\u00e1s\u00e1rhely szabad kir\u00e1lyi v\u00e1ros le\u00edr\u00e1sa 1862-ben (Szerk., a tanuln\u00e1nyt \u00edrta \u00e9s jegyzetekkel ell\u00e1tta P\u00e1l-Antal S\u00e1ndor; Mv., 2001). <br \/><strong>Irod.:<\/strong> 1848\u20131849 Marossz\u00e9k; Czirj\u00e1k; Ga\u00e1l Korn\u00e9lia: B. K. t\u00f6rt\u00e9net\u00edr\u00f3 (V. Z., 1973. \u00e1pr. 29.); Guly\u00e1s; Gy\u00e1szjelent\u0151; Id\u0151t\u00e1r 2; K\u00e1d\u00e1r\u2013P\u00e1l-Antal; K\u00e1d\u00e1r Zsombor: Apa \u00e9s fia = K\u00e1d\u00e1r Zsombor: Sz\u00e9kelyf\u00f6ldi erd\u00e9szeti arck\u00e9pcsarnok (Bp., 1999); Kr\u00f3n. F\u00fcz.(1939. 4\/5); N\u00fa. (2005. febr.1); Magy.prof; P\u00e1l-Antal 2002; P\u00e1l-Antal 2003; P\u00e1l-Antal 2004; P\u00e1l-Antal 2009; RNL; Sch\u00f6pflin; Szab\u00f3 K\u00e1roly kisebb t\u00f6rt\u00e9nrlmi munk\u00e1i (Bp., s.a); Szinnyei; Todea 2013; Vas\u00e1rnapi \u00dajs\u00e1g (1863. m\u00e1j. 3.), Veress<\/br><\/p>\n","protected":false},"excerpt":{"rendered":"<p>Nagyenyed, 1805. jan. 28., \u2020 Marosszentkir\u00e1ly, 1863. \u00e1pr. 11., a mez\u0151k\u00f6vesdi csal\u00e1di s\u00edrboltba temett\u00e9k: helyt\u00f6rt\u00e9n\u00e9sz, lev\u00e9lt\u00e1ros. \u2013 Apja B. Ferenc. Feles\u00e9ge: ny\u00e1r\u00e1dszentimrei Medgyes Zsuzs\u00e1nna (1807.? \u2013 Mv., 1877. nov. 7.). Gyermekeik: Julianna, M\u00e1th\u00e9 K\u00e1rolyn\u00e9; Farkas, feles\u00e9ge Simon Joz\u00e9fa; Am\u00e1lia. \u2013 Nagyenyeden a Ref. F\u0151iskol\u00e1n tanult a jogi \u00e9s b\u00f6lcselettudom\u00e1nyi tanszakon (1813\u201321). Mv-en Kir\u00e1lyi T\u00e1blai \u00edrnok, [&hellip;]<\/p>\n","protected":false},"featured_media":0,"comment_status":"open","ping_status":"closed","template":"","meta":[],"product_brand":[],"product_cat":[137],"product_tag":[],"class_list":{"0":"post-4388","1":"product","2":"type-product","3":"status-publish","5":"product_cat-maros-megyei-eletrajzi-lexikon","7":"first","8":"instock","9":"shipping-taxable","10":"product-type-simple"},"_links":{"self":[{"href":"https:\/\/uj.adatbank.ro\/lexikon\/wp-json\/wp\/v2\/product\/4388","targetHints":{"allow":["GET"]}}],"collection":[{"href":"https:\/\/uj.adatbank.ro\/lexikon\/wp-json\/wp\/v2\/product"}],"about":[{"href":"https:\/\/uj.adatbank.ro\/lexikon\/wp-json\/wp\/v2\/types\/product"}],"replies":[{"embeddable":true,"href":"https:\/\/uj.adatbank.ro\/lexikon\/wp-json\/wp\/v2\/comments?post=4388"}],"wp:attachment":[{"href":"https:\/\/uj.adatbank.ro\/lexikon\/wp-json\/wp\/v2\/media?parent=4388"}],"wp:term":[{"taxonomy":"product_brand","embeddable":true,"href":"https:\/\/uj.adatbank.ro\/lexikon\/wp-json\/wp\/v2\/product_brand?post=4388"},{"taxonomy":"product_cat","embeddable":true,"href":"https:\/\/uj.adatbank.ro\/lexikon\/wp-json\/wp\/v2\/product_cat?post=4388"},{"taxonomy":"product_tag","embeddable":true,"href":"https:\/\/uj.adatbank.ro\/lexikon\/wp-json\/wp\/v2\/product_tag?post=4388"}],"curies":[{"name":"wp","href":"https:\/\/api.w.org\/{rel}","templated":true}]}}