{"id":4412,"date":"2025-06-28T16:40:43","date_gmt":"2025-06-28T14:40:43","guid":{"rendered":"https:\/\/uj.adatbank.ro\/lexikon\/termek\/berbecaru-muntenescu-vasile-%c2%a7\/"},"modified":"2025-06-28T16:40:43","modified_gmt":"2025-06-28T14:40:43","slug":"berbecaru-muntenescu-vasile-%c2%a7","status":"publish","type":"product","link":"https:\/\/uj.adatbank.ro\/lexikon\/termek\/berbecaru-muntenescu-vasile-%c2%a7\/","title":{"rendered":"BERBECARU MUNTENESCU Vasile, \u00a7"},"content":{"rendered":"<p>Mez\u0151k\u00f6b\u00f6lk\u00fat, 1858. jan. 3. \u2020 Dics\u0151szentm\u00e1rton, 1942. m\u00e1j. 15.: ort. lelk\u00e9sz. \u2013 Elemi iskol\u00e1t, gimn.-ot \u00e9s teol\u00f3gi\u00e1t Bal\u00e1zsfalv\u00e1n v\u00e9gzett (1881). D\u00e1nosra helyezt\u00e9k, ahol papp\u00e1 is szentelt\u00e9k (1883). \u00c1d\u00e1mos falu papi teend\u0151it is \u0151 l\u00e1tta el ideiglinesen (1889). R\u00f6vid ideig T\u00f6lgyesen tan\u00edt\u00f3, majd G\u00f6rg\u00e9nyoroszfaluban lett lelk\u00e9sz (1903-1939). Nacionalista tev\u00e9kenys\u00e9g\u00e9rt el\u00fcld\u00f6zt\u00e9k a falub\u00f3l, majd letart\u00f3ztatt\u00e1k (1916. nov. 3. \u2013). Gyalog Mv.-re vitt\u00e9k, onnan Mo.-ra a fert\u0151medgyesi b\u00f6rt\u00f6nbe z\u00e1rt\u00e1k. Kiszabadult (1918. m\u00e1j.18.). Visszat\u00e9rt G\u00f6rg\u00e9nyoroszfaluba, ahol a K\u00f6zs\u00e9gi Rom\u00e1n Nemzeti Tan\u00e1cs eln\u00f6ke lett (1918. nov. 1. \u2013), k\u00e9s\u0151bb ennek a tan\u00e1csnak megyei szervezet\u00e9be is bev\u00e1lasztott\u00e1k (nov.14.). Gernyeszeg k\u00f6zs\u00e9g k\u00fcld\u00f6ttek\u00e9nt r\u00e9szt vett a gyulafeh\u00e9rv\u00e1ri egyes\u00fcl\u00e9si gy\u0171l\u00e9sen (1918. dec. 1.). Verseket is \u00edrt, amelyeket ki is adott (1930). Dics\u0151szentm\u00e1rtonba menek\u00fclt (1940), ahol hal\u00e1l\u00e1ig \u00e9lt. <br \/><strong>Irod.:<\/strong> Gurghiul, vale; T\u00e2rn\u0103veni, cult.- ist.<\/br><\/p>\n","protected":false},"excerpt":{"rendered":"<p>Mez\u0151k\u00f6b\u00f6lk\u00fat, 1858. jan. 3. \u2020 Dics\u0151szentm\u00e1rton, 1942. m\u00e1j. 15.: ort. lelk\u00e9sz. \u2013 Elemi iskol\u00e1t, gimn.-ot \u00e9s teol\u00f3gi\u00e1t Bal\u00e1zsfalv\u00e1n v\u00e9gzett (1881). D\u00e1nosra helyezt\u00e9k, ahol papp\u00e1 is szentelt\u00e9k (1883). \u00c1d\u00e1mos falu papi teend\u0151it is \u0151 l\u00e1tta el ideiglinesen (1889). R\u00f6vid ideig T\u00f6lgyesen tan\u00edt\u00f3, majd G\u00f6rg\u00e9nyoroszfaluban lett lelk\u00e9sz (1903-1939). Nacionalista tev\u00e9kenys\u00e9g\u00e9rt el\u00fcld\u00f6zt\u00e9k a falub\u00f3l, majd letart\u00f3ztatt\u00e1k (1916. nov. [&hellip;]<\/p>\n","protected":false},"featured_media":0,"comment_status":"open","ping_status":"closed","template":"","meta":[],"product_brand":[],"product_cat":[137],"product_tag":[],"class_list":{"0":"post-4412","1":"product","2":"type-product","3":"status-publish","5":"product_cat-maros-megyei-eletrajzi-lexikon","7":"first","8":"instock","9":"shipping-taxable","10":"product-type-simple"},"_links":{"self":[{"href":"https:\/\/uj.adatbank.ro\/lexikon\/wp-json\/wp\/v2\/product\/4412","targetHints":{"allow":["GET"]}}],"collection":[{"href":"https:\/\/uj.adatbank.ro\/lexikon\/wp-json\/wp\/v2\/product"}],"about":[{"href":"https:\/\/uj.adatbank.ro\/lexikon\/wp-json\/wp\/v2\/types\/product"}],"replies":[{"embeddable":true,"href":"https:\/\/uj.adatbank.ro\/lexikon\/wp-json\/wp\/v2\/comments?post=4412"}],"wp:attachment":[{"href":"https:\/\/uj.adatbank.ro\/lexikon\/wp-json\/wp\/v2\/media?parent=4412"}],"wp:term":[{"taxonomy":"product_brand","embeddable":true,"href":"https:\/\/uj.adatbank.ro\/lexikon\/wp-json\/wp\/v2\/product_brand?post=4412"},{"taxonomy":"product_cat","embeddable":true,"href":"https:\/\/uj.adatbank.ro\/lexikon\/wp-json\/wp\/v2\/product_cat?post=4412"},{"taxonomy":"product_tag","embeddable":true,"href":"https:\/\/uj.adatbank.ro\/lexikon\/wp-json\/wp\/v2\/product_tag?post=4412"}],"curies":[{"name":"wp","href":"https:\/\/api.w.org\/{rel}","templated":true}]}}