{"id":4439,"date":"2025-06-28T16:41:40","date_gmt":"2025-06-28T14:41:40","guid":{"rendered":"https:\/\/uj.adatbank.ro\/lexikon\/termek\/bereczki-sandor-%c2%a7-bereczky-sandor\/"},"modified":"2025-06-28T16:41:40","modified_gmt":"2025-06-28T14:41:40","slug":"bereczki-sandor-%c2%a7-bereczky-sandor","status":"publish","type":"product","link":"https:\/\/uj.adatbank.ro\/lexikon\/termek\/bereczki-sandor-%c2%a7-bereczky-sandor\/","title":{"rendered":"BERECZKI S\u00e1ndor, \u00a7 Bereczky S\u00e1ndor"},"content":{"rendered":"<p>Nagyv\u00e1rad, 1916. j\u00fal. 14., \u2020 Szil\u00e1gysomly\u00f3, 1999 (tavasz): orvos, lelk\u00e9sz. \u2013 Kv.-on teol\u00f3gi\u00e1t (1939), majd az orvosi fakult\u00e1son a Bolyai egytemen v\u00e9gzett (1951). M\u00e1sodlelk\u00e9sz volt Temesv\u00e1ron (1939\u201342); vall\u00e1stan\u00e1r Nagyenyeden (1942\u201343). Szakorvos a mv.-i Ideggy\u00f3gy\u00e1szati Klinik\u00e1n (1951\u201360). Mv.-en \u0151 vezette a hipn\u00f3zissal val\u00f3 kezel\u00e9sre berendezett egyetlen n\u0151i \u00e9s egyetlen f\u00e9rfi k\u00f3rtermet, ahol \u00fatt\u00f6r\u0151 munk\u00e1t v\u00e9gzett. A MOGYI-n a hipn\u00f3zis t\u00e1rgyk\u00f6r\u00e9b\u0151l tartott bemutat\u00f3kkal p\u00e1ros\u00edtott el\u0151ad\u00e1sokat. Gy\u00f3gy\u00edt\u00e1s k\u00f6zben elk\u00f6vetett szakmai vissza\u00e9l\u00e9ssel v\u00e1dolt\u00e1k meg (1956) \u2013 igazs\u00e1gtalanul \u2013 \u00e9s ez\u00e9rt Szil\u00e1gysomly\u00f3ra helyezt\u00e9k szakrendel\u0151be, ahol nyugd\u00edjba vonul\u00e1s\u00e1ig dolgozott (1960\u201386). Nyugd\u00edjask\u00e9nt is tov\u00e1bb dolgozott. Kiv\u00e1l\u00f3 sz\u00f3nok volt, az RMDSZ vezet\u0151s\u00e9gi tagja, a B\u00e1thori Istv\u00e1n Alap\u00edtv\u00e1ny alap\u00edt\u00f3 tagja, az EMKE tagja. Hal\u00e1la ut\u00e1n a Szil\u00e1gys\u00e1gi Magyarok oklev\u00e9llel t\u00fcntett\u00e9k ki. Kutat\u00e1si ter\u00fclete a hipn\u00f3zis. \u2013 <strong>F. m.:<\/strong> <strong>t\u00e1rssz.:<\/strong> Idegk\u00f3rtan (1958). <br \/><strong>Irod.:<\/strong> Dezs\u0151 Istv\u00e1n; Barab\u00e1s-P\u00e9ter M.-P\u00e9ter H. M.; RMKK; Todea\u2013F\u00fcl\u00f6p\u2013Avram BOT Silviu, \u00a7 *Bal\u00e1zsfalva, 1910. m\u00e1rc. 20., \u2020 Dics\u0151szentm\u00e1rton, 1973. dec. 18., Mv.-en a K\u0151templom temet\u0151j\u00e9ben temett\u00e9k: tan\u00edt\u00f3, tan\u00e1r, f\u0151tanfel\u0171gyel\u0151. \u2013 Iskol\u00e1it mind a sz\u00fcl\u0151hely\u00e9n v\u00e9gezte, tan\u00edt\u00f3i oklevelet szerzett (1930). K\u00fck\u00fcll\u0151ikl\u00f3don (1930\u201332), Cs\u00edkszentm\u00e1rtonban volt tan\u00edt\u00f3 (1932\u201340). Bal\u00e1zsfalv\u00e1ra menek\u00fclt, ahol tan\u00edtott (1940\u201345). Mv.-re, az 1-es sz \u00c1lt. Isk.-ba helyezt\u00e9k tan\u00edtani (1945. szept. 1. \u2013). Maros megye egyik els\u0151 rom\u00e1n tanfel\u00fcgyel\u0151j\u00e9v\u00e9 nevezt\u00e9k ki (1945. szept. 1. \u201348-ig), majd Kolozs megye ker\u00fcleti tanfel\u00fcgyel\u0151je lett, megtartva a Maros megyeit is (1946- 48). A rom\u00e1n nyelv\u0171 oktat\u00e1s h\u00e1bor\u00fa ut\u00e1ni \u00fajrateremt\u0151je volt Maros megy\u00e9ben. A mv.-i Al. Papiu Ilarian L\u00edc.-ban tan\u00edtott (1948\u201351). Tanfel\u00fcgyel\u0151k\u00e9nt \u00fajj\u00e1szervezte Maros megye rom\u00e1n tannyelv\u0171 oktat\u00e1s\u00e1t, sok \u00faj rom\u00e1n taner\u0151t ind\u00edtott el a p\u00e1ly\u00e1n, \u00faj tantermekr\u0151l gondoskodott, megszervezte az analfab\u00e9ta tanfolyamokat. A kommunista rendszer bevezet\u00e9se ut\u00e1n eleinte egy\u00fcttm\u0171k\u0151d\u00f6tt a hatalommal, de egy id\u0151 ut\u00e1n n\u00e9zetelt\u00e9r\u00e9sei keletkeztek, \u00e9s elhagyta a tan\u00fcgyet, hal\u00e1l\u00e1ig k\u00fcl\u00f6nb\u00f6z\u0151 adminisztrat\u00edv funkci\u00f3kat t\u00f6lt\u00f6tt be: tisztvisel\u0151 (1951\u201356); az ILEFOR-n\u00e1l irodavezet\u0151k\u00e9nt dolgozott (1956\u201360), a Maros Megyei M\u00e9h\u00e9sz Egyes\u00fclet technikai titk\u00e1ra volt (1960\u201373). <br \/><strong>Irod.:<\/strong> Balint, Nicolae: Silviu Bot, primul roman inspector scolar al judetului Mures de dupa 1940 (Ziarul de Mure\u015f, 5. nov., 2007); Dasc\u0103li mure\u015feni, 2.; Dasc\u0103lii Papiului; Id\u0151t\u00e1r 4.<\/br><\/p>\n","protected":false},"excerpt":{"rendered":"<p>Nagyv\u00e1rad, 1916. j\u00fal. 14., \u2020 Szil\u00e1gysomly\u00f3, 1999 (tavasz): orvos, lelk\u00e9sz. \u2013 Kv.-on teol\u00f3gi\u00e1t (1939), majd az orvosi fakult\u00e1son a Bolyai egytemen v\u00e9gzett (1951). M\u00e1sodlelk\u00e9sz volt Temesv\u00e1ron (1939\u201342); vall\u00e1stan\u00e1r Nagyenyeden (1942\u201343). Szakorvos a mv.-i Ideggy\u00f3gy\u00e1szati Klinik\u00e1n (1951\u201360). Mv.-en \u0151 vezette a hipn\u00f3zissal val\u00f3 kezel\u00e9sre berendezett egyetlen n\u0151i \u00e9s egyetlen f\u00e9rfi k\u00f3rtermet, ahol \u00fatt\u00f6r\u0151 munk\u00e1t v\u00e9gzett. A [&hellip;]<\/p>\n","protected":false},"featured_media":0,"comment_status":"open","ping_status":"closed","template":"","meta":[],"product_brand":[],"product_cat":[137],"product_tag":[],"class_list":{"0":"post-4439","1":"product","2":"type-product","3":"status-publish","5":"product_cat-maros-megyei-eletrajzi-lexikon","7":"first","8":"instock","9":"shipping-taxable","10":"product-type-simple"},"_links":{"self":[{"href":"https:\/\/uj.adatbank.ro\/lexikon\/wp-json\/wp\/v2\/product\/4439","targetHints":{"allow":["GET"]}}],"collection":[{"href":"https:\/\/uj.adatbank.ro\/lexikon\/wp-json\/wp\/v2\/product"}],"about":[{"href":"https:\/\/uj.adatbank.ro\/lexikon\/wp-json\/wp\/v2\/types\/product"}],"replies":[{"embeddable":true,"href":"https:\/\/uj.adatbank.ro\/lexikon\/wp-json\/wp\/v2\/comments?post=4439"}],"wp:attachment":[{"href":"https:\/\/uj.adatbank.ro\/lexikon\/wp-json\/wp\/v2\/media?parent=4439"}],"wp:term":[{"taxonomy":"product_brand","embeddable":true,"href":"https:\/\/uj.adatbank.ro\/lexikon\/wp-json\/wp\/v2\/product_brand?post=4439"},{"taxonomy":"product_cat","embeddable":true,"href":"https:\/\/uj.adatbank.ro\/lexikon\/wp-json\/wp\/v2\/product_cat?post=4439"},{"taxonomy":"product_tag","embeddable":true,"href":"https:\/\/uj.adatbank.ro\/lexikon\/wp-json\/wp\/v2\/product_tag?post=4439"}],"curies":[{"name":"wp","href":"https:\/\/api.w.org\/{rel}","templated":true}]}}