{"id":4448,"date":"2025-06-28T16:42:03","date_gmt":"2025-06-28T14:42:03","guid":{"rendered":"https:\/\/uj.adatbank.ro\/lexikon\/termek\/bereczky-sandor\/"},"modified":"2025-06-28T16:42:03","modified_gmt":"2025-06-28T14:42:03","slug":"bereczky-sandor","status":"publish","type":"product","link":"https:\/\/uj.adatbank.ro\/lexikon\/termek\/bereczky-sandor\/","title":{"rendered":"BERECZKY S\u00e1ndor"},"content":{"rendered":"<p>S\u00e1rd, 1899. j\u00fan. 23, \u2020\u00a0? : k\u00f6zs\u00e9gi jegyz\u0151. \u2013 Iskol\u00e1it Sz\u00e1szv\u00e1roson v\u00e9gezte, majd az els\u0151 vh. kit\u00f6r\u00e9sekor a 21. gy. e-ben az orosz, olasz fronton harcolt, mint z\u00e1szl\u00f3s francia fogs\u00e9gba ker\u00fclt (1918). A II. ez\u00fcst vit. \u00e9. kit\u00fcntetettje. A Hangya Sz\u00f6vetkezet eln\u00f6ke volt. Minden kultur\u00e1lis, hazafias \u00e9s szoci\u00e1lis munk\u00e1ban r\u00e9szt vett. Utols\u00f3 tulajdonosa volt a szenth\u00e1roms\u00e1gi udvarh\u00e1znak. <br \/><strong>Irod.:<\/strong> Sz\u00e9kelyf\u00f6ld \u00ed. k; Szenth\u00e1roms\u00e1g BERN\u00c1TH Andor, \u00a7 *Kerel\u0151szentp\u00e1l, 1908. szept. 15., \u2020\u00a0Ribnica (Ukrajna), 1944. m\u00e1rc. 17\/18.: munk\u00e1s, munk\u00e1smozgalmi harcos, vezet\u0151. \u2013 Apja B. Farkas f\u0171szerkeresked\u0151 Mv.-en, kor\u00e1n meghalt (1921), az \u00e9desanya nem tudta a fi\u00e1t tan\u00edttatni. Asztalosinas, majd asztalos lett. A munk\u00e1smozgalom \u00e9s az illeg\u00e1lis harcok r\u00e9sztvev\u0151je, a KISZ tagja \u00e9s a Maros megyei szervezet (1927\u201330), titk\u00e1ra. Nagy szerepet v\u00e1llalt az ifj\u00fas\u00e1g kommunista szellemben t\u00f6rt\u00e9n\u0151 nevel\u00e9s\u00e9ben. A mv-i illeg\u00e1lis kommunista lap, a V\u00f6r\u00f6s Z\u00e1szl\u00f3, egyik szerkeszt\u0151je, cikkeket \u00edrt, r\u00f6pc\u00e9dul\u00e1kat terjesztett. Vezet\u0151je az Egyes\u00fclt Szakszervezetek Kongresszus\u00e1ra k\u00fcld\u00f6tt ifjaknak (1929. \u00e1pr.). Fontos szerepe volt az Ifj\u00fa Harcos c. mv.-i lap megjelen\u00e9s\u00e9ben (1929. m\u00e1rc.). Veress P\u00e1l, L\u00f6bl M\u00e1rton bar\u00e1taival megny\u00edtott\u00e1k az er\u0151szakkal bez\u00e1rt mv.-i munk\u00e1sotthont (1930. jan.), emiatt b\u00f6rt\u00f6nbe ker\u00fclt, majd a KISZ K\u00f6zponti Bizotts\u00e1g\u00e1nak titk\u00e1r\u00e1va v\u00e1lasztott\u00e1k, majd tagja lett a RKP-nak. A buk.-i p\u00e1rtk\u00f6zpontn\u00e1l sztr\u00e1jkokat szervezett, r\u00f6pc\u00e9dul\u00e1kat fogalmazott, \u00fajra letart\u00f3ztatt\u00e1k \u00e9s a mv.-i Ady L\u00e1szl\u00f3val egy\u00fctt 10 \u00e9v \u00e9s hat h\u00f3napra it\u00e9lt\u00e9k (1934\u2013), v\u00e9gig j\u00e1rta Rom\u00e1nia \u00f6sszes b\u00f6rt\u00f6neit: Mv., Arad, Nagyv\u00e1rad, Buk., Jilava, V\u0103c\u0103re\u015fti, Doftana, Kar\u00e1nsebes. A vapniarkai t\u00e1borba intern\u00e1lt\u00e1k, onnan Ribnic\u00e1ra (R\u00e2bni\u0163a) sz\u00e1ll\u00edtott\u00e1k, \u00e9s ott kiv\u00e9gezt\u00e9k a visszavonul\u00f3 fasiszta csapatok (1944. m\u00e1rc. 17). Buk.-ben eml\u00e9kb\u00e9lyeget nyomtattak tisztelet\u00e9re (1945). Nev\u00e9t viselte hosszabb ideig a v\u00e1s\u00e1rhelyi Cukorgy\u00e1r (1944 ut\u00e1n). Eml\u00e9kt\u00e1bl\u00e1val jel\u00f6lt\u00e9k mv.-i lak\u00f3h\u00e1z\u00e1t (1955. m\u00e1rc.). Kerel\u0151szentp\u00e1lon az iskol\u00e1val szembeni parkban \u00e1ll a bronz mellszobra. <br \/><strong>Irod.:<\/strong> B. A. eml\u00e9ke (Szabad Sz\u00f3, 1945. \u00e1pr. 12.); Fichs Simon: B. A. (\u00daj \u00c9let, 18. sz. 1968.); Ga\u00e1l Korn\u00e9lia: Maros-megyei munk\u00e1smozgalmi harcosok, akik nem \u00fcnnepelhettek vel\u00fcnk (V. Z., 1971. m\u00e1j. 9.); Ga\u00e1l Korn\u00e9lia: 75 \u00e9vvel ezel\u0151tt sz\u00fcletett B. A. (V. Z., 1983. szept. 18.); Id\u0151t\u00e1r 3.; Id\u0151t\u00e1r 4.; \u00cdgy vezette harcra B. A. Mv. dolgoz\u00f3it (N\u00e9p\u00fajs\u00e1g, 1950. m\u00e1rc. 18.); Maros megye; Mv.-i zsid\u00f3 temet\u0151 dok.; N\u00e9gy \u00e9ve \u00f6lt\u00e9k meg B. A.-t (Szabad Sz\u00f3, 1948. m\u00e1rc. 19.); Polg\u00e1r Istv\u00e1n: B. A. eml\u00e9kezete (Szabad Sz\u00f3, 1945. j\u00fan. 4.); Profiluri mure\u015fene. 2.<\/br><\/p>\n","protected":false},"excerpt":{"rendered":"<p>S\u00e1rd, 1899. j\u00fan. 23, \u2020\u00a0? : k\u00f6zs\u00e9gi jegyz\u0151. \u2013 Iskol\u00e1it Sz\u00e1szv\u00e1roson v\u00e9gezte, majd az els\u0151 vh. kit\u00f6r\u00e9sekor a 21. gy. e-ben az orosz, olasz fronton harcolt, mint z\u00e1szl\u00f3s francia fogs\u00e9gba ker\u00fclt (1918). A II. ez\u00fcst vit. \u00e9. kit\u00fcntetettje. A Hangya Sz\u00f6vetkezet eln\u00f6ke volt. Minden kultur\u00e1lis, hazafias \u00e9s szoci\u00e1lis munk\u00e1ban r\u00e9szt vett. Utols\u00f3 tulajdonosa volt a [&hellip;]<\/p>\n","protected":false},"featured_media":0,"comment_status":"open","ping_status":"closed","template":"","meta":[],"product_brand":[],"product_cat":[137],"product_tag":[],"class_list":{"0":"post-4448","1":"product","2":"type-product","3":"status-publish","5":"product_cat-maros-megyei-eletrajzi-lexikon","7":"first","8":"instock","9":"shipping-taxable","10":"product-type-simple"},"_links":{"self":[{"href":"https:\/\/uj.adatbank.ro\/lexikon\/wp-json\/wp\/v2\/product\/4448","targetHints":{"allow":["GET"]}}],"collection":[{"href":"https:\/\/uj.adatbank.ro\/lexikon\/wp-json\/wp\/v2\/product"}],"about":[{"href":"https:\/\/uj.adatbank.ro\/lexikon\/wp-json\/wp\/v2\/types\/product"}],"replies":[{"embeddable":true,"href":"https:\/\/uj.adatbank.ro\/lexikon\/wp-json\/wp\/v2\/comments?post=4448"}],"wp:attachment":[{"href":"https:\/\/uj.adatbank.ro\/lexikon\/wp-json\/wp\/v2\/media?parent=4448"}],"wp:term":[{"taxonomy":"product_brand","embeddable":true,"href":"https:\/\/uj.adatbank.ro\/lexikon\/wp-json\/wp\/v2\/product_brand?post=4448"},{"taxonomy":"product_cat","embeddable":true,"href":"https:\/\/uj.adatbank.ro\/lexikon\/wp-json\/wp\/v2\/product_cat?post=4448"},{"taxonomy":"product_tag","embeddable":true,"href":"https:\/\/uj.adatbank.ro\/lexikon\/wp-json\/wp\/v2\/product_tag?post=4448"}],"curies":[{"name":"wp","href":"https:\/\/api.w.org\/{rel}","templated":true}]}}