{"id":4508,"date":"2025-06-28T16:44:13","date_gmt":"2025-06-28T14:44:13","guid":{"rendered":"https:\/\/uj.adatbank.ro\/lexikon\/termek\/bertalan-mihaly\/"},"modified":"2025-06-28T16:44:13","modified_gmt":"2025-06-28T14:44:13","slug":"bertalan-mihaly","status":"publish","type":"product","link":"https:\/\/uj.adatbank.ro\/lexikon\/termek\/bertalan-mihaly\/","title":{"rendered":"BERTALAN Mih\u00e1ly"},"content":{"rendered":"<p>Dics\u0151szentm\u00e1rton, 1729., \u2020 Mv., 1799. szept. 29.: ref. egyh\u00e1zi k\u00e1ntor. \u2013 Mv.-en subscrib\u00e1lt (1744). Erd\u0151csin\u00e1don volt mester (1747). V\u00e1rosi polg\u00e1r lett (1764). Mv.-en volt 50 \u00e9vig k\u00e1ntor, az \u0151 idej\u00e9ben szerelt\u00e9k be a v\u00e1rtemplom orgon\u00e1j\u00e1t (1791), amit tr\u00e9f\u00e1san \u201en\u00e1di bik\u00e1nak\u201e nevezett el, ellent\u00e9tben Kov\u00e1sznai professzorral, aki \u201efak\u00e1ntornak\u201e h\u00edvta. \u00c9let\u00e9r\u0151l, \u00e9rdemeir\u0151l a ref. temet\u0151 s\u00edrfelirata sz\u00e1mol be: \u201e Itt nyugszik Bertalan Mih\u00e1ly, praeceptora, Az eccl\u00e9si\u00e1nak \u00e9rdemes k\u00e1ntora. Ki t\u00f6lt\u00f6tt e f\u00f6ld\u00f6n sok sz\u00e9p j\u00f3 id\u0151ket, Mert \u00e9lt e vil\u00e1gban 70 esztend\u0151ket. Azok k\u00f6zt k\u00e1ntor 50 esztend\u0151t volt, Oly h\u00edres hogy p\u00e1rja nem volt tal\u00e1n seholt. Vette eredet\u00e9t Dics\u0151szentm\u00e1rtonb\u00f3l, Hivatalba l\u00e9pett M. V. Koll\u00e9gyomb\u00f3l. Mivel Krisztus\u00e9rt lelke mind\u00e9g \u00e9gett, Vetett n\u00e9vnapj\u00e1ra \u00e9let\u00e9nek v\u00e9gett. \u00c9let\u00e9ben az \u00darnak szolg\u00e1ja lehetett, Az\u00e9rt el is nyerte az \u00f6r\u00f6k \u00e9letet Anno 1799\u201d. <br \/><strong>Irod.:<\/strong> Ambrus Hedvig M\u00e1ria: Egy hazatal\u00e1lt k\u00e9zirat, avagy Ercsei K\u00e1roly: S\u00edrversek (N\u00fa., 1997. j\u00fan. 24.); Fogarasi; Kr\u00f3n. F\u00fcz. (1939. 4\/9), \u0150sz; P\u00e1l-Antal 2006; P\u00e1l-Antal 2009<\/br><\/p>\n","protected":false},"excerpt":{"rendered":"<p>Dics\u0151szentm\u00e1rton, 1729., \u2020 Mv., 1799. szept. 29.: ref. egyh\u00e1zi k\u00e1ntor. \u2013 Mv.-en subscrib\u00e1lt (1744). Erd\u0151csin\u00e1don volt mester (1747). V\u00e1rosi polg\u00e1r lett (1764). Mv.-en volt 50 \u00e9vig k\u00e1ntor, az \u0151 idej\u00e9ben szerelt\u00e9k be a v\u00e1rtemplom orgon\u00e1j\u00e1t (1791), amit tr\u00e9f\u00e1san \u201en\u00e1di bik\u00e1nak\u201e nevezett el, ellent\u00e9tben Kov\u00e1sznai professzorral, aki \u201efak\u00e1ntornak\u201e h\u00edvta. \u00c9let\u00e9r\u0151l, \u00e9rdemeir\u0151l a ref. temet\u0151 s\u00edrfelirata sz\u00e1mol [&hellip;]<\/p>\n","protected":false},"featured_media":0,"comment_status":"open","ping_status":"closed","template":"","meta":[],"product_brand":[],"product_cat":[137],"product_tag":[],"class_list":{"0":"post-4508","1":"product","2":"type-product","3":"status-publish","5":"product_cat-maros-megyei-eletrajzi-lexikon","7":"first","8":"instock","9":"shipping-taxable","10":"product-type-simple"},"_links":{"self":[{"href":"https:\/\/uj.adatbank.ro\/lexikon\/wp-json\/wp\/v2\/product\/4508","targetHints":{"allow":["GET"]}}],"collection":[{"href":"https:\/\/uj.adatbank.ro\/lexikon\/wp-json\/wp\/v2\/product"}],"about":[{"href":"https:\/\/uj.adatbank.ro\/lexikon\/wp-json\/wp\/v2\/types\/product"}],"replies":[{"embeddable":true,"href":"https:\/\/uj.adatbank.ro\/lexikon\/wp-json\/wp\/v2\/comments?post=4508"}],"wp:attachment":[{"href":"https:\/\/uj.adatbank.ro\/lexikon\/wp-json\/wp\/v2\/media?parent=4508"}],"wp:term":[{"taxonomy":"product_brand","embeddable":true,"href":"https:\/\/uj.adatbank.ro\/lexikon\/wp-json\/wp\/v2\/product_brand?post=4508"},{"taxonomy":"product_cat","embeddable":true,"href":"https:\/\/uj.adatbank.ro\/lexikon\/wp-json\/wp\/v2\/product_cat?post=4508"},{"taxonomy":"product_tag","embeddable":true,"href":"https:\/\/uj.adatbank.ro\/lexikon\/wp-json\/wp\/v2\/product_tag?post=4508"}],"curies":[{"name":"wp","href":"https:\/\/api.w.org\/{rel}","templated":true}]}}