{"id":4580,"date":"2025-06-28T16:46:38","date_gmt":"2025-06-28T14:46:38","guid":{"rendered":"https:\/\/uj.adatbank.ro\/lexikon\/termek\/bethlen-elek-bethleni-keresdi-gr\/"},"modified":"2025-06-28T16:46:38","modified_gmt":"2025-06-28T14:46:38","slug":"bethlen-elek-bethleni-keresdi-gr","status":"publish","type":"product","link":"https:\/\/uj.adatbank.ro\/lexikon\/termek\/bethlen-elek-bethleni-keresdi-gr\/","title":{"rendered":"BETHLEN Elek, bethleni, keresdi gr"},"content":{"rendered":"<p>Keresd, 1643., \u2020 Keresd, 1696. nov. 3., temetve a keresdi kript\u00e1ban: kancell\u00e1r, f\u0151isp\u00e1n, fejedelmi tan\u00e1csos. \u2013 B. Ferenc (1602\u20131654) \u00e9s Kem\u00e9ny Katalin fia, B. Farkas \u00e9s Gergely \u00f6ccse. Feles\u00e9ge: 1. kapiv\u00e1ri Kapy Erzs\u00e9bet (esk\u00fcv\u0151, 1676; elv\u00e1ltak, 1678), 2. veresegyh\u00e1zi Borsai Nagy Kl\u00e1ra (esk\u00fcv\u0151: 1678.) (\u2020 1690). Gyermekeik: Elek (1688\u20131724), Anna Rh\u00e9dey \u00c1d\u00e1mn\u00e9, 3. B\u00e1nffy Druzsi\u00e1na, fi\u00fak: Gy\u00f6rgy \u2013 Tan\u00e1cs\u00far, a Fejedelmi T\u00e1bla eln\u00f6ke, Bels\u0151-Szolnok vm. f\u0151isp\u00e1nja (1680\u20131690), kancell\u00e1r (1691), az erd\u00e9lyi ogy. eln\u00f6ke, k\u00e9s\u0151bb guberniumi tan\u00e1csos. R\u00e9szt vett az Erd\u00e9ly \u00e9s Mo. egyes\u00edt\u00e9s\u00e9r\u0151l foly\u00f3 tan\u00e1cskoz\u00e1sokon (1688). Kezdetben Kem\u00e9ny J\u00e1nos h\u00edve, azut\u00e1n Apafit t\u00e1mogatta (1675\u2013). A legjelent\u0151sebb kast\u00e9ly\u00e9p\u00edttet\u0151 volt. Fel\u00faj\u00edtotta a keresdi kast\u00e9lyt, k\u00e9t fels\u0151 szintet adva hozz\u00e1 (1668\u201383). \u00c1t\u00e9p\u00edtette a v\u00e1rkast\u00e9lyt, hozz\u00e1\u00e9p\u00edtette a keleti sz\u00e1rnyat, olaszb\u00e1sty\u00e1s v\u00e9dfallal vette k\u00f6r\u00fcl, megmagas\u00edtotta az \u00f6regtornyot, a reprezent\u00e1ci\u00f3s teremben kazett\u00e1s mennyezetet k\u00e9sz\u00edttetett, a berendez\u00e9st fel\u00faj\u00edtotta, \u00faj ajt\u00f3keretet k\u00e9sz\u00edtetett a k\u00e1poln\u00e1nak. Rendbe hozatta a gyulafeh\u00e9rv\u00e1ri sz\u00e9kesegyh\u00e1z boltozat\u00e1t, Bonyh\u00e1n \u00e9s Bethlenben is \u00e9p\u00edtkezett, \u00e9s igen sz\u00ednvonalas k\u00f6nyvt\u00e1rat gy\u0171jt\u00f6tt. Bonyh\u00e1n \u00e1t\u00e9p\u00edtette, kib\u0151v\u00edtette a v\u00e1rkast\u00e9lyt, n\u00e9gy saroktoronnyal meger\u0151s\u00edtett k\u0151fallal \u00e9s vizes\u00e1rokkal vette k\u00f6r\u00fcl a k\u00e9tszintes kast\u00e9lyt (1670). A csal\u00e1d keresdi kast\u00e9ly\u00e1ban nyomd\u00e1t \u00e1ll\u00edtott fel, nyomd\u00e1sznak szerz\u0151dtette S\u00e9kesi P. Mih\u00e1lyt (1684). Ott nyomtatt\u00e1k ki B. Farkas erd\u00e9lyi kancell\u00e1r 16 k\u00f6nyvb\u0151l \u00e1ll\u00f3 Erd\u00e9ly hist\u00f3ri\u00e1j\u00e1t (1684\u20131690), de T\u00f6k\u00f6ly Imre t\u00f6r\u00f6k-tat\u00e1r seregeinek bet\u0151r\u00e9se megakad\u00e1lyozta a nyomtat\u00e1s befejez\u00e9s\u00e9t, 832 lapn\u00e1l abba maradt; a p\u00e9ld\u00e1nyok egy r\u00e9sz\u00e9t a v\u00e1r pinc\u00e9j\u00e9be l\u00e1d\u00e1ba z\u00e1rva befalazt\u00e1k, ott megsemmis\u00fclt, m\u00e1s r\u00e9sz\u00e9t a nyomd\u00e1val egy\u00fctt Segesv\u00e1rra sz\u00e1ll\u00edtott\u00e1k, a k\u00e9zirat is elveszett. A keresdi nyomd\u00e1ban k\u00e9sz\u00fclt m\u00e9g Medgyesi P\u00e1l: Lelki A B\u00e9 C\u00e9 (1684) c. m\u0171ve is. Le\u00edrta csal\u00e1dj\u00e1nak a bethleni B. csal\u00e1dnak t\u00f6rt\u00e9net\u00e9t, de a k\u00e9zirat elveszett. Tartalmas jegyzeteket f\u0171z\u00f6tt Szamosk\u00f6zy Istv\u00e1n t\u00f6rt\u00e9neti munk\u00e1j\u00e1hoz, b\u00e1tyja m\u0171v\u00e9t nem csak kiadta hanem meg\u00edr\u00e1s\u00e1ban is k\u00f6zrem\u0171k\u00f6d\u00f6tt. \u00c9let\u00e9nek egy-egy esem\u00e9nye Lippai Ferenc \u00e9s Kov\u00e1cs Gy\u00f6rgy \u00e9nek\u00e9ben is megtal\u00e1lhat\u00f3. Tan\u00edtatta volt jobb\u00e1gy\u00e1t, Bonyhai Simon Gy\u00f6rgy\u00f6t (Bonyha, 1673\u20131737). Adom\u00e1nya a bonyhai ref. gy\u00fclekezetnek: t\u00f6bb \u00f3n- \u00e9s \u00f6tv\u00f6st\u00e1rgy, \u00f3nt\u00e1ny\u00e9r, felirattal ell\u00e1tott kehely, cs\u0151r\u00f6s kanna (17. sz. m\u00e1sodik fele), keny\u00e9roszt\u00f3 t\u00e1ny\u00e9r, a bonyhai egyh\u00e1z aranyozott ez\u00fcst t\u00e1ny\u00e9rj\u00e1t \u00fajraaranyoztatta (1695). A bethleni egyh\u00e1z sz\u00e1m\u00e1ra is adom\u00e1nyozott \u00f6tv\u00f6st\u00e1rgyakat. M. Kis Mikl\u00f3s j\u00f3akar\u00f3ja, seg\u00edt\u0151je volt. Temet\u00e9se alkalm\u00e1val P\u00e1pai P\u00e1riz s\u00edrvers\u00e9vel, Miszt\u00f3tfalusi Kis Mikl\u00f3s ugyanabban a kiadv\u00e1nyban temet\u00e9si pr\u00e9dik\u00e1ci\u00f3j\u00e1val m\u00e9ltatta egy\u00e9nis\u00e9g\u00e9t. <br \/><strong>Irod.:<\/strong> \u00c1ll\u00f3- \u00e9s mozg\u00f3k\u00e9pek; \u00c1rva Bethlen K.; Bencz\u00e9di Albert: \u00dczenet Bonyh\u00e1nak (N\u00fa., 2005. aug. 23.); Bicsok\u2013Orb\u00e1n; B\u00f6l\u00f6ni Domokos: Mi lesz a bonyhai Bethlen-kast\u00e9ly sorsa? (N\u00fa, 2002., febr. 21), Castellum \u00c9rtes\u00edt\u0151 (2005. 15\/2. sz.); Documente priviroare la istoria Ardealului, Moldovei \u015fi \u0162\u0103rii Rom\u00e2ne\u015fti 10 (Buc., 1929\u201338); Erd\u00e9lyi f\u00e9niks; Gudenus; Id\u0151t\u00e1r 1; K\u00e9nosi\u2013Uzoni 1.; Kornis; Kov\u00e1cs Andr\u00e1s; Kraus: Erd\u00e9lyi kr\u00f3nika; K\u00fck\u00fcll\u0151i Ref. Egyh\u00e1zm. 1.; L\u00e9sty\u00e1n \u2013 templomok; Lukinich; Lukinich Imre : A podmanini Podmaniczky csal\u00e1d oklev\u00e9lt\u00e1ra (Bp., 1937\u201341); MAM\u0170L; Nagy Iv\u00e1n; Nagy-Bod\u00f3 Tibor: Az elrejtett \u00e9s meglelhetetlen v\u00e1rkast\u00e9ly [Keresd] (K\u00f6zpon, 2016. febr. 4. \u2013 10.); Nagy-Bod\u00f3 Tibor: A Bethlen gr\u00f3fok rezidenci\u00e1ja [Keresd] (K\u00f6zpon, 2016. febr. 11\u201317.); P\u00e1pai P\u00e1riz; RMK; Sas P\u00e9ter; Sz\u00e9pr\u00e9ti: R\u00e9gi \u00e9s \u00faj vil\u00e1g; Sz\u00e9pr\u00e9ti Lilla: A keresdi v\u00e1r (\u00daj \u00c9let, 9. sz., 1975); Sz\u00e9pr\u00e9ti Lilla: A keresdi v\u00e1rkast\u00e9ly (Erd\u00e9lyi Figyel\u0151, 6. sz., 1991); Teleki Mih\u00e1ly levelez\u00e9se (Bp., 1906\u201316); Teleki Mih\u00e1ly udvartart\u00e1si napl\u00f3ja (1673\u20131681) (Kv., 2007); Tr\u00f3cs\u00e1nyi 1988<\/br><\/p>\n","protected":false},"excerpt":{"rendered":"<p>Keresd, 1643., \u2020 Keresd, 1696. nov. 3., temetve a keresdi kript\u00e1ban: kancell\u00e1r, f\u0151isp\u00e1n, fejedelmi tan\u00e1csos. \u2013 B. Ferenc (1602\u20131654) \u00e9s Kem\u00e9ny Katalin fia, B. Farkas \u00e9s Gergely \u00f6ccse. Feles\u00e9ge: 1. kapiv\u00e1ri Kapy Erzs\u00e9bet (esk\u00fcv\u0151, 1676; elv\u00e1ltak, 1678), 2. veresegyh\u00e1zi Borsai Nagy Kl\u00e1ra (esk\u00fcv\u0151: 1678.) (\u2020 1690). Gyermekeik: Elek (1688\u20131724), Anna Rh\u00e9dey \u00c1d\u00e1mn\u00e9, 3. B\u00e1nffy Druzsi\u00e1na, [&hellip;]<\/p>\n","protected":false},"featured_media":0,"comment_status":"open","ping_status":"closed","template":"","meta":[],"product_brand":[],"product_cat":[137],"product_tag":[],"class_list":{"0":"post-4580","1":"product","2":"type-product","3":"status-publish","5":"product_cat-maros-megyei-eletrajzi-lexikon","7":"first","8":"instock","9":"shipping-taxable","10":"product-type-simple"},"_links":{"self":[{"href":"https:\/\/uj.adatbank.ro\/lexikon\/wp-json\/wp\/v2\/product\/4580","targetHints":{"allow":["GET"]}}],"collection":[{"href":"https:\/\/uj.adatbank.ro\/lexikon\/wp-json\/wp\/v2\/product"}],"about":[{"href":"https:\/\/uj.adatbank.ro\/lexikon\/wp-json\/wp\/v2\/types\/product"}],"replies":[{"embeddable":true,"href":"https:\/\/uj.adatbank.ro\/lexikon\/wp-json\/wp\/v2\/comments?post=4580"}],"wp:attachment":[{"href":"https:\/\/uj.adatbank.ro\/lexikon\/wp-json\/wp\/v2\/media?parent=4580"}],"wp:term":[{"taxonomy":"product_brand","embeddable":true,"href":"https:\/\/uj.adatbank.ro\/lexikon\/wp-json\/wp\/v2\/product_brand?post=4580"},{"taxonomy":"product_cat","embeddable":true,"href":"https:\/\/uj.adatbank.ro\/lexikon\/wp-json\/wp\/v2\/product_cat?post=4580"},{"taxonomy":"product_tag","embeddable":true,"href":"https:\/\/uj.adatbank.ro\/lexikon\/wp-json\/wp\/v2\/product_tag?post=4580"}],"curies":[{"name":"wp","href":"https:\/\/api.w.org\/{rel}","templated":true}]}}