{"id":4590,"date":"2025-06-28T16:46:54","date_gmt":"2025-06-28T14:46:54","guid":{"rendered":"https:\/\/uj.adatbank.ro\/lexikon\/termek\/bethlen-farkas-bethleni-buni\/"},"modified":"2025-06-28T16:46:54","modified_gmt":"2025-06-28T14:46:54","slug":"bethlen-farkas-bethleni-buni","status":"publish","type":"product","link":"https:\/\/uj.adatbank.ro\/lexikon\/termek\/bethlen-farkas-bethleni-buni\/","title":{"rendered":"BETHLEN Farkas, bethleni, buni"},"content":{"rendered":"<p>1560., \u2020 Kisbun, 1618. \u00e1pr. 13., Keresden a csal\u00e1di kript\u00e1ban nyugszik.: f\u0151gener\u00e1lis, erd\u00e9lyi tan\u00e1cs\u00far, f\u0151isp\u00e1n, f\u0151kapit\u00e1ny, fejedelmi tan\u00e1csos. \u2013 B. J\u00e1nos (\u20201589 k.) \u00e9s S\u00fck\u00f6sd Katalin fia. Feles\u00e9ge: sz\u0151kefalvi S\u00e1msondi Anna akit\u0151l elv\u00e1lt (1609), 2. Kem\u00e9ny Anna, gyermekeik: Anna, B\u00e1nffy Krist\u00f3fn\u00e9 \u00e9s J\u00e1nos (1613\u20131678), a k\u00e9s\u0151bbi tan\u00e1cs\u00far \u00e9s kancell\u00e1r. Unok\u00e1ja: B. Mikl\u00f3s. \u2013 Apja felel\u0151tlen volt \u00e9s nem vigy\u00e1zott a csal\u00e1di birtokokra, a csal\u00e1d rokonai, a nagyb\u00e1csik: losonci B\u00e1nffy Farkas, Perneszy Istv\u00e1n \u00e9s homor\u00f3dszentp\u00e1li Kornis Farkas patron\u00e1lt\u00e1k, seg\u00edtett\u00e9k. B\u00e1thori Istv\u00e1n lengyel kir\u00e1lly\u00e1 v\u00e1laszt\u00e1s\u00e1nak erd\u00e9lyi kis\u00e9rete egyik tagja (16. \u00e9v\u00e9ben). A koron\u00e1z\u00e1s ut\u00e1n is Lengyelo.-ban maradt B\u00e1nffy Farkas nagyb\u00e1tyj\u00e1val, apr\u00f3d, majd kamar\u00e1s volt. R\u00e9szt vett az orosz c\u00e1r elleni liv\u00f3niai h\u00e1bor\u00fakban. B\u00e1thori Istv\u00e1n hal\u00e1la ut\u00e1n visszat\u00e9rt Erd\u00e9lybe (1587). Apja hal\u00e1la ut\u00e1n (1589) \u00e1tvette a birtok- \u00e9s peres \u00fcgyek vezet\u00e9s\u00e9t. H\u00e1zass\u00e1ga ut\u00e1n Kisb\u00fanban volt rezidenci\u00e1ja. R\u00e9szt vett az ogy.-seken. B. G\u00e1bor fejedelem tan\u00e1csosa, udvari lovashadak f\u0151kapit\u00e1nya. Sz\u00e9kely M\u00f3zes p\u00e1rtj\u00e1n \u00e1llt harcaiban a legy\u0151z\u00e9s\u00e9ig a brass\u00f3i csat\u00e1ban (1603. j\u00fal. 17.). A Sz\u00e9kely M\u00f3zes-p\u00e1rtiak elleni perekben birtokait elkobozt\u00e1k, nagyr\u00e9sz\u00e9t a cs\u00e1sz\u00e1rp\u00e1rti, szint\u00e9n unit. Haller G\u00e1bor kapta meg, majd Bocskai fejedelem alatt visszakapta birtokait (1605). Bocskai Istv\u00e1nt t\u00e1mogatta, az \u0151 k\u00f6vete Szebenben (1605. febr.). Szamos\u00fajv\u00e1ri kapit\u00e1ny (1607), k\u00fck\u00fcll\u0151i f\u0151isp\u00e1n hal\u00e1l\u00e1ig (1608\u201318), Alia Farkas mellett, tan\u00e1csos \u00e9s az udvari lovass\u00e1g f\u0151kapit\u00e1nya (1613), R\u00e1k\u00f3czi Zsigmond egyik vit\u00e9z embere. Bethlen G\u00e1bor kinevezte az udvari lovass\u00e1g f\u0151kapit\u00e1ny\u00e1nak \u00e9s fejedelmi tan\u00e1csosnak (1614). R\u00e9szt vett a fejedelm mellett a moldvai hadj\u00e1ratban (1617). Visszaszerezte a kor\u00e1bban idegen k\u00e9zre ker\u00fclt birtokait, R\u00e1k\u00f3czi Zsigmond 24 falut adom\u00e1nyozott neki Bels\u0151-Szolnok vm.-ben, tizenn\u00e9gy falut kapott K\u00fck\u00fcll\u0151ben (1607) stb. V\u00e1s\u00e1rl\u00e1s \u00e9s \u00f6r\u00f6kl\u00e9s \u00fatj\u00e1n is gyarapodott a vagyona Marossz\u00e9ken, Feh\u00e9r- \u00e9s K\u00fck\u00fcll\u0151 vm.-ben. A nagybuni \u00e9s kisbuni renesz\u00e1nsz kast\u00e9ly \u00e9p\u00edtett\u0151je (1617), az \u00e9p\u00edtkez\u00e9st fia, J\u00e1nos folytatta. <br \/><strong>Irod.:<\/strong> Basta; Bicsok\u2013Orb\u00e1n; Castellum \u00c9rtes\u00edt\u0151 (2005., 15\/2. sz.); Gudenus; Horn Ildik\u00f3: Erd\u00e9lyi unit. 16. sz.; Keresztes Gyula: \u00d6r\u00f6ks\u00e9g\u00fcnk 55.: Elpusztult kast\u00e9lyok (N\u00fa., 1994. m\u00e1j. 6.); Kornis; Kov\u00e1cs Andr\u00e1s; Lukinich; Mo. f\u0151isp\u00e1njai; Sz\u00e9pr\u00e9ti: R\u00e9gi \u00e9s \u00faj vil\u00e1g<\/br><\/p>\n","protected":false},"excerpt":{"rendered":"<p>1560., \u2020 Kisbun, 1618. \u00e1pr. 13., Keresden a csal\u00e1di kript\u00e1ban nyugszik.: f\u0151gener\u00e1lis, erd\u00e9lyi tan\u00e1cs\u00far, f\u0151isp\u00e1n, f\u0151kapit\u00e1ny, fejedelmi tan\u00e1csos. \u2013 B. J\u00e1nos (\u20201589 k.) \u00e9s S\u00fck\u00f6sd Katalin fia. Feles\u00e9ge: sz\u0151kefalvi S\u00e1msondi Anna akit\u0151l elv\u00e1lt (1609), 2. Kem\u00e9ny Anna, gyermekeik: Anna, B\u00e1nffy Krist\u00f3fn\u00e9 \u00e9s J\u00e1nos (1613\u20131678), a k\u00e9s\u0151bbi tan\u00e1cs\u00far \u00e9s kancell\u00e1r. Unok\u00e1ja: B. Mikl\u00f3s. \u2013 Apja felel\u0151tlen [&hellip;]<\/p>\n","protected":false},"featured_media":0,"comment_status":"open","ping_status":"closed","template":"","meta":[],"product_brand":[],"product_cat":[137],"product_tag":[],"class_list":{"0":"post-4590","1":"product","2":"type-product","3":"status-publish","5":"product_cat-maros-megyei-eletrajzi-lexikon","7":"first","8":"instock","9":"shipping-taxable","10":"product-type-simple"},"_links":{"self":[{"href":"https:\/\/uj.adatbank.ro\/lexikon\/wp-json\/wp\/v2\/product\/4590","targetHints":{"allow":["GET"]}}],"collection":[{"href":"https:\/\/uj.adatbank.ro\/lexikon\/wp-json\/wp\/v2\/product"}],"about":[{"href":"https:\/\/uj.adatbank.ro\/lexikon\/wp-json\/wp\/v2\/types\/product"}],"replies":[{"embeddable":true,"href":"https:\/\/uj.adatbank.ro\/lexikon\/wp-json\/wp\/v2\/comments?post=4590"}],"wp:attachment":[{"href":"https:\/\/uj.adatbank.ro\/lexikon\/wp-json\/wp\/v2\/media?parent=4590"}],"wp:term":[{"taxonomy":"product_brand","embeddable":true,"href":"https:\/\/uj.adatbank.ro\/lexikon\/wp-json\/wp\/v2\/product_brand?post=4590"},{"taxonomy":"product_cat","embeddable":true,"href":"https:\/\/uj.adatbank.ro\/lexikon\/wp-json\/wp\/v2\/product_cat?post=4590"},{"taxonomy":"product_tag","embeddable":true,"href":"https:\/\/uj.adatbank.ro\/lexikon\/wp-json\/wp\/v2\/product_tag?post=4590"}],"curies":[{"name":"wp","href":"https:\/\/api.w.org\/{rel}","templated":true}]}}