{"id":4596,"date":"2025-06-28T16:47:06","date_gmt":"2025-06-28T14:47:06","guid":{"rendered":"https:\/\/uj.adatbank.ro\/lexikon\/termek\/bethlen-gabor-%c2%a7-bethleni-gr\/"},"modified":"2025-06-28T16:47:06","modified_gmt":"2025-06-28T14:47:06","slug":"bethlen-gabor-%c2%a7-bethleni-gr","status":"publish","type":"product","link":"https:\/\/uj.adatbank.ro\/lexikon\/termek\/bethlen-gabor-%c2%a7-bethleni-gr\/","title":{"rendered":"BETHLEN G\u00e1bor, \u00a7 bethleni, gr."},"content":{"rendered":"<p>Nagyszeben, 1836. j\u00fan. 16., \u2020 Keresd, 1897. j\u00fan. 25, nyugszik a keresdi kript\u00e1ban: politikus, f\u0151isp\u00e1n, f\u0151rendih\u00e1zi tag, orsz. k\u00e9pvisel\u0151, EMKE eln\u00f6k, f\u00f6ldbirtokos. \u2013 B. G\u00e1bor (1811\u20131872) \u00e9s gr. B. Kl\u00e1ra fia. H\u00fagai: Aur\u00e9lia B\u00e1nffy Zolt\u00e1nn\u00e9; Emma B\u00e9ldi \u00c1kosn\u00e9; Lujza M\u00e1riaffy Albertn\u00e9; Vilma Szalai Lajosn\u00e9. \u2013 A pesti egy.-en jogot tanult; gr. Teleki L\u00e1szl\u00f3hoz Genfbe utazott (1859), ahol bekapcsol\u00f3\u00addott az emigr\u00e1ci\u00f3s politikai \u00e9letbe. It\u00e1li\u00e1ban bel\u00e9pett a M. L\u00e9gi\u00f3ba (1860\u2013), Garibaldi hadsereg\u00e9ben harcolt Szic\u00edli\u00e1ban (1862\u2013), Aspremont\u00e9n\u00e1l olasz fogs\u00e1gba esett (1863), s nyolc h\u00e9tig genovai fogs\u00e1gban volt, ut\u00e1na visszat\u00e9rt Erd\u00e9lybe. A keresdi birtok\u00e1n sz\u0151l\u0151termeszt\u00e9ssel \u00e9s bor\u00e1szattal foglalkozott. R\u00e9szt vett az utols\u00f3 erd\u00e9lyi ogy.-en (1865). Balk\u00f6z\u00e9p p\u00e1rti programmal ogy. k\u00e9pvisel\u0151 volt (1865\u201368). V\u00e1rmegyei szolg\u00e1latba l\u00e9pett (1869\u2013), Fels\u0151-Feh\u00e9r \u00e9s Kis-K\u00fck\u00fcll\u0151 (1875\u201376), Nagy-K\u00fck\u00fcll\u0151 \u00e9s Kis-K\u00fck\u00fcll\u0151 vm. els\u0151 f\u0151isp\u00e1nja (1876\u201390). Tev\u00e9kenys\u00e9ge Segesv\u00e1r \u00e9s Dics\u0151szentm\u00e1rton k\u00f6z\u00f6tt oszlott meg, t\u00e1voll\u00e9t\u00e9ben az \u00fcgyek int\u00e9z\u0151i G\u00e1ll Domokos (1875\u20131900) \u00e9s Csath\u00f3 G\u00e1bor (1900\u201318) alisp\u00e1nok voltak.A v\u00e1rmegy\u00e9ket ellenz\u00e9ki szellemben ir\u00e1\u00adny\u00edtotta, b\u00fcntetlens\u00e9get biztos\u00edtott az 1877. \u00e9vi sz\u00e9kely felkel\u00e9s vezet\u0151inek, fel\u00e1ll\u00edttatta a segesv\u00e1ri Pet\u0151fi-szobrot. K\u00f6zbenj\u00e1r\u00e1s\u00e1ra a korm\u00e1ny \u00faj Megyeh\u00e1z\u00e1t emeltetett Dics\u0151szentm\u00e1rtonban, Alp\u00e1r Ign\u00e1c m\u0171\u00e9p\u00edt\u00e9sz tervei alapj\u00e1n (1889\u201396). Megszervezte a Nemzeti P\u00e1rtot Erd\u00e9lyben (1891), Mv.-en szabadelv\u0171 nemzeti p\u00e1rti programmal az ogy. k\u00e9pvisel\u0151j\u00e9v\u00e9 v\u00e1lasztott\u00e1k (1892\u201396), de m\u00e9g ugyanabban az \u00e9vben gr. Apponyi Albert Nemzeti P\u00e1rtj\u00e1hoz csatlakozott, ezt k\u00e9pviselte a parlamentben. Az EMKE els\u0151 eln\u00f6ke (1885\u201397), a f\u0151rendih\u00e1z tagja maradt (1885\u2013), az erd\u00e9lyi ref. egyh\u00e1zker\u00fclet f\u0151gondnoka (1889\u2013), valamint az enyedi Bethlen Koll. f\u0151gondnoka (1889\u201394). A Kv.-i Lesz\u00e1m\u00edtol\u00f3 Bank \u00e9s Takar\u00e9kp\u00e9nzt\u00e1r (1889\u201394), valamint az Erd\u00e9lyi M. Jelz\u00e1log Hitelbank Rt. (1891\u201397) eln\u00f6ke. Rudolf tr\u00f3n\u00f6r\u00f6k\u00f6s sz\u0171kebb bar\u00e1ti k\u00f6r\u00e9hez tartozott. <br \/><strong>Irod.:<\/strong> Bern\u00e1dy; Dics\u0151szentm\u00e1rton r\u00e9gi arca; EMKE; Id\u0151t\u00e1r 2; Kempelen; Lukinich; MNL; MNZSK; Mo. f\u0151isp\u00e1njai; P\u00e1l Judit: Erd\u00e9lyi f\u0151isp\u00e1nok a Tisza-\u00e9ra v\u00e9g\u00e9n (1890\u201391) (Korunk, 3. sz., 2009. m\u00e1rc.); RNL; S\u00e1ndor; \u00daM\u00c9L; \u00daMIL<\/br><\/p>\n","protected":false},"excerpt":{"rendered":"<p>Nagyszeben, 1836. j\u00fan. 16., \u2020 Keresd, 1897. j\u00fan. 25, nyugszik a keresdi kript\u00e1ban: politikus, f\u0151isp\u00e1n, f\u0151rendih\u00e1zi tag, orsz. k\u00e9pvisel\u0151, EMKE eln\u00f6k, f\u00f6ldbirtokos. \u2013 B. G\u00e1bor (1811\u20131872) \u00e9s gr. B. Kl\u00e1ra fia. H\u00fagai: Aur\u00e9lia B\u00e1nffy Zolt\u00e1nn\u00e9; Emma B\u00e9ldi \u00c1kosn\u00e9; Lujza M\u00e1riaffy Albertn\u00e9; Vilma Szalai Lajosn\u00e9. \u2013 A pesti egy.-en jogot tanult; gr. Teleki L\u00e1szl\u00f3hoz Genfbe utazott [&hellip;]<\/p>\n","protected":false},"featured_media":0,"comment_status":"open","ping_status":"closed","template":"","meta":[],"product_brand":[],"product_cat":[137],"product_tag":[],"class_list":{"0":"post-4596","1":"product","2":"type-product","3":"status-publish","5":"product_cat-maros-megyei-eletrajzi-lexikon","7":"first","8":"instock","9":"shipping-taxable","10":"product-type-simple"},"_links":{"self":[{"href":"https:\/\/uj.adatbank.ro\/lexikon\/wp-json\/wp\/v2\/product\/4596","targetHints":{"allow":["GET"]}}],"collection":[{"href":"https:\/\/uj.adatbank.ro\/lexikon\/wp-json\/wp\/v2\/product"}],"about":[{"href":"https:\/\/uj.adatbank.ro\/lexikon\/wp-json\/wp\/v2\/types\/product"}],"replies":[{"embeddable":true,"href":"https:\/\/uj.adatbank.ro\/lexikon\/wp-json\/wp\/v2\/comments?post=4596"}],"wp:attachment":[{"href":"https:\/\/uj.adatbank.ro\/lexikon\/wp-json\/wp\/v2\/media?parent=4596"}],"wp:term":[{"taxonomy":"product_brand","embeddable":true,"href":"https:\/\/uj.adatbank.ro\/lexikon\/wp-json\/wp\/v2\/product_brand?post=4596"},{"taxonomy":"product_cat","embeddable":true,"href":"https:\/\/uj.adatbank.ro\/lexikon\/wp-json\/wp\/v2\/product_cat?post=4596"},{"taxonomy":"product_tag","embeddable":true,"href":"https:\/\/uj.adatbank.ro\/lexikon\/wp-json\/wp\/v2\/product_tag?post=4596"}],"curies":[{"name":"wp","href":"https:\/\/api.w.org\/{rel}","templated":true}]}}