{"id":4602,"date":"2025-06-28T16:47:15","date_gmt":"2025-06-28T14:47:15","guid":{"rendered":"https:\/\/uj.adatbank.ro\/lexikon\/termek\/bethlen-gergely-%c2%a7-bethleni-gr\/"},"modified":"2025-06-28T16:47:15","modified_gmt":"2025-06-28T14:47:15","slug":"bethlen-gergely-%c2%a7-bethleni-gr","status":"publish","type":"product","link":"https:\/\/uj.adatbank.ro\/lexikon\/termek\/bethlen-gergely-%c2%a7-bethleni-gr\/","title":{"rendered":"BETHLEN Gergely, \u00a7 bethleni, gr."},"content":{"rendered":"<p>Abaf\u00e1ja, 1810., \u2020 Kv., 1867 dec. 23. H\u00e1zsong\u00e1rdi temet\u0151ben, a B. Kript\u00e1ban nyugszik.: kancell\u00e1riai tisztvisel\u0151, lovass\u00e1gi ezredes, olasz t\u00e1bornok. \u2013 B. P\u00e1l (1783\u20131866) \u00e9s Bornemissza Katalin fia. Testv\u00e9re: B. R\u00f3z\u00e1lia (1813.?-Kv., 1842. okt. 14). Gyermektelen\u00fcl hunyt el, birtok\u00e1t Bethlen Lajos rokona \u00f6r\u00f6k\u00f6lte. \u2013 R\u00f6vid f\u0151korm\u00e1nysz\u00e9ki \u00e9s kancell\u00e1riai hivatalnokoskod\u00e1s ut\u00e1n (1830\u2013) \u00edrnok a mv.-i kir. t\u00e1bl\u00e1n\u00e1l, majd gyakornok az erd\u00e9lyi udvari kancell\u00e1ri\u00e1n\u00e1l, mez\u0151madarasi birtok\u00e1n gazd\u00e1lkodott. P\u00e1rbajozott gr. Teleki Lajossal, aki hal\u00e1los l\u00f6v\u00e9st kapott (1842). Megszervezte a Kossuth- \u00e9s M\u00e1ty\u00e1s-husz\u00e1rezredeket, az 1848\u201349-es szabads\u00e1gharcban alsz\u00e1zados (1848. aug.), \u0151rnagy (1848. nov.), alezredes (1849. jan.), ezredes (1849. \u00e1pr.), az erd\u00e9lyi lovass\u00e1g f\u0151parancsnoka (1849. j\u00fan. \u2013) Bem oldal\u00e1n, d\u00f6nt\u0151 szerepe volt a v\u00edzaknai \u00e9s a piski csat\u00e1kban, a szabads\u00e1gharc buk\u00e1sa ut\u00e1n elfogt\u00e1k Aradon hadb\u00edr\u00f3s\u00e1g, majd soroz\u00f3-bizotts\u00e1g el\u00e9 \u00e1ll\u00edtott\u00e1k, de szabadon engedt\u00e9k (1849. nov.). Kiszabadul\u00e1sa ut\u00e1n emigr\u00e1lt (1850\u2013) It\u00e1li\u00e1ba, ahol r\u00e9szt vett az olasz egys\u00e9g megteremt\u00e9s\u00e9\u00e9rt v\u00edvott harcokban. Garibaldi oldal\u00e1n harcolt (1859\u2013), II. Victor Emanuel megb\u00edz\u00e1s\u00e1b\u00f3l megalap\u00edtotta az olasz husz\u00e1rs\u00e1got, amelyek a parancsnoka lett, mint olasz t\u00e1bornok vonult nyugalomba (1862). A poroszo.-i m. (Klapka\u2013) l\u00e9gi\u00f3ban szol\u00adg\u00e1lt (1866\u2013). Amneszti\u00e1t kapott (1867) \u00e9s hazat\u00e9rt. \u2013 <strong>F. m.:<\/strong> anatol\u00f3g.: Sz\u00edve ki\u00f6ml\u00e9se a\u2019 Maros V\u00e1s\u00e1rhelyi Ref. Koll\u00e9gyomb\u00e9li ifi\u00fas\u00e1g\u00e1nak egy kedves attya hal\u00e1l\u00e1n [Gr. Kem\u00e9ny Mikl\u00f3s]. (Mv., 1829).-<br \/><strong>Irod.:<\/strong> \u00c1ll\u00f3- \u00e9s mozg\u00f3k\u00e9pek; Castellum \u00c9rtes\u00edt\u0151 (2005, 15\/2. sz.); Clair Vilmos: M. p\u00e1rbajok (Bp., 1930); Czetcz J\u00e1nos: Bem erd\u00e9lyi hadj\u00e1rata (Pest, 1868); Endes; Ga\u00e1l Gy.; H\u00e1zsong\u00e1rd; Jakab Elek: Szabads\u00e1gharcunk t\u00f6rt\u00e9net\u00e9hez (Bp., 1880); Kincses Kv. (Bp., 1987); Lev\u00e9lt\u00e1ri gy\u00e1szj.; M\u00c9L; MNL; P\u00e1lffy; Politikai Magyaro (Bp., 1912\u201314); Teleki S\u00e1ndor: Eml\u00e9kezz\u00fcnk r\u00e9giekr\u0151l (Buk., 1973); \u00daIL; \u00dajabbkori ismeretek t\u00e1ra (Pest, 1850\u201355); \u00daM\u00c9L<\/br><\/p>\n","protected":false},"excerpt":{"rendered":"<p>Abaf\u00e1ja, 1810., \u2020 Kv., 1867 dec. 23. H\u00e1zsong\u00e1rdi temet\u0151ben, a B. Kript\u00e1ban nyugszik.: kancell\u00e1riai tisztvisel\u0151, lovass\u00e1gi ezredes, olasz t\u00e1bornok. \u2013 B. P\u00e1l (1783\u20131866) \u00e9s Bornemissza Katalin fia. Testv\u00e9re: B. R\u00f3z\u00e1lia (1813.?-Kv., 1842. okt. 14). Gyermektelen\u00fcl hunyt el, birtok\u00e1t Bethlen Lajos rokona \u00f6r\u00f6k\u00f6lte. \u2013 R\u00f6vid f\u0151korm\u00e1nysz\u00e9ki \u00e9s kancell\u00e1riai hivatalnokoskod\u00e1s ut\u00e1n (1830\u2013) \u00edrnok a mv.-i kir. t\u00e1bl\u00e1n\u00e1l, [&hellip;]<\/p>\n","protected":false},"featured_media":0,"comment_status":"open","ping_status":"closed","template":"","meta":[],"product_brand":[],"product_cat":[137],"product_tag":[],"class_list":{"0":"post-4602","1":"product","2":"type-product","3":"status-publish","5":"product_cat-maros-megyei-eletrajzi-lexikon","7":"first","8":"instock","9":"shipping-taxable","10":"product-type-simple"},"_links":{"self":[{"href":"https:\/\/uj.adatbank.ro\/lexikon\/wp-json\/wp\/v2\/product\/4602","targetHints":{"allow":["GET"]}}],"collection":[{"href":"https:\/\/uj.adatbank.ro\/lexikon\/wp-json\/wp\/v2\/product"}],"about":[{"href":"https:\/\/uj.adatbank.ro\/lexikon\/wp-json\/wp\/v2\/types\/product"}],"replies":[{"embeddable":true,"href":"https:\/\/uj.adatbank.ro\/lexikon\/wp-json\/wp\/v2\/comments?post=4602"}],"wp:attachment":[{"href":"https:\/\/uj.adatbank.ro\/lexikon\/wp-json\/wp\/v2\/media?parent=4602"}],"wp:term":[{"taxonomy":"product_brand","embeddable":true,"href":"https:\/\/uj.adatbank.ro\/lexikon\/wp-json\/wp\/v2\/product_brand?post=4602"},{"taxonomy":"product_cat","embeddable":true,"href":"https:\/\/uj.adatbank.ro\/lexikon\/wp-json\/wp\/v2\/product_cat?post=4602"},{"taxonomy":"product_tag","embeddable":true,"href":"https:\/\/uj.adatbank.ro\/lexikon\/wp-json\/wp\/v2\/product_tag?post=4602"}],"curies":[{"name":"wp","href":"https:\/\/api.w.org\/{rel}","templated":true}]}}