{"id":4607,"date":"2025-06-28T16:47:30","date_gmt":"2025-06-28T14:47:30","guid":{"rendered":"https:\/\/uj.adatbank.ro\/lexikon\/termek\/bethlen-gergely-bethleni-keresdi-gr\/"},"modified":"2025-06-28T16:47:30","modified_gmt":"2025-06-28T14:47:30","slug":"bethlen-gergely-bethleni-keresdi-gr","status":"publish","type":"product","link":"https:\/\/uj.adatbank.ro\/lexikon\/termek\/bethlen-gergely-bethleni-keresdi-gr\/","title":{"rendered":"BETHLEN Gergely, bethleni, keresdi, gr."},"content":{"rendered":"<p>1641., \u2020 Gyulafeh\u00e9rv\u00e1r, 1697. nov. 27., temet\u00e9s Keresden: erd\u00e9lyi f\u0151\u00far, fejedelmi tan\u00e1csos, gener\u00e1lis. \u2013 B. Ferenc (\u2020 1654) \u00e9s Kem\u00e9ny Katalin fia. Feles\u00e9ge Toroczkai M\u00e1ria (1652\u20131698). B. Farkas \u00e9s Elek testv\u00e9re. Le\u00e1nyaik: Kl\u00e1ra (1692\u20131767), B\u00e1nffy Gy\u00f6rgy gubern\u00e1tor feles\u00e9ge; Kata II. Apafi Mih\u00e1lyn\u00e9 (1695\u2013); M\u00e1ria Nal\u00e1czi J\u00e1nosn\u00e9. \u2013 R\u00e9szt vett II. R\u00e1k\u00f3czi Gy\u00f6rgy v\u00e9gzetes lengyelo.-i hadj\u00e1ratban (1657), majd Kem\u00e9ny J\u00e1nos fejedelems\u00e9g\u00e9t t\u00e1mogatta, v\u00e9g\u00fcl h\u0171s\u00e9get es\u00adk\u00fcd\u00f6tt I. Apafi Mih\u00e1lynak. F\u0151cubicularius (1659\u2013), huszti f\u0151kapit\u00e1ny (1667), a fejedelmi t\u00e1bla \u00fcln\u00f6ke (1669\u201378), udvarhelysz\u00e9ki f\u0151kapit\u00e1ny (1676\u2013), tan\u00e1cs\u00far (1678\u201390). Jelent\u0151s szerepe volt B\u00e9ldi P\u00e1l megbuktat\u00e1s\u00e1ban (1676). Fel\u00ad\u00fcgyelt az Erd\u00e9lyen \u00e1tvonul\u00f3 tat\u00e1r seregeket (1683). Fogarasi v\u00e1r \u00e9s vid\u00e9k f\u0151kapit\u00e1nya (1681\u2013). K\u00fck\u00fcll\u0151 vm. f\u0151isp\u00e1nja (1687\u2013). T\u00e1mogatta Erd\u00e9ly Habsburg-uralom al\u00e1 ker\u00fcl\u00e9s\u00e9t. Helyettes\u00edtette a sokat betegesked\u0151 Teleki Mih\u00e1lyt a f\u0151gener\u00e1lisi tisztben (1686\u2013). Erd\u00e9ly f\u0151gener\u00e1lisa \u00e9s a b\u00e9csi k\u00f6vets\u00e9g vezet\u0151je volt (1691\u2013). Szolg\u00e1latai\u00e9rt Apafi nevezte ki Kisk\u00fck\u00fcll\u0151 f\u0151isp\u00e1nj\u00e1v\u00e1 (1695\u20131701) \u00e9s az orsz\u00e1g f\u0151gener\u00e1lis\u00e1v\u00e1. I. Lip\u00f3tt\u00f3l gr\u00f3fi rangot kapott (1697). A mez\u0151bodoni \u00e9s sz\u00e9naver\u0151si udvarh\u00e1zak \u00e9p\u00edttet\u0151je. A mez\u0151bodoni udvarh\u00e1za \u00e9s a hozz\u00e1 tartoz\u00f3 \u00e9p\u00fcletek lelt\u00e1rok alapj\u00e1n ismeretesek (1679, 1712, 1786, 1792), a sz\u00e9naver\u0151si udvarh\u00e1z\u00e1r\u00f3l is lelt\u00e1r tett eml\u00edt\u00e9st (1692). Az urb\u00e1riumok szerint rangj\u00e1hoz m\u00e9lt\u00f3an voltak berendezve. A mez\u0151bodoni ref. templomnak aranyozott ez\u00fcst serleget (17. sz. m\u00e1sodik fele) adom\u00e1nyozott (1680). <br \/><strong>Irod.:<\/strong> Castellum \u00c9rtes\u00edt\u0151 (2005, 15\/2. sz.); Keresztes Gyula: \u00d6r\u00f6ks\u00e9g\u00fcnk 58.: A Mez\u0151s\u00e9g udvarh\u00e1zai (N\u00fa., 1994. j\u00fal. 1.); Keresztes Gyula: \u00d6r\u00f6ks\u00e9g\u00fcnk 64.: Udvarh\u00e1zak Kisk\u00fck\u00fcll\u0151 v\u00f6lgy\u00e9ben (N\u00fa., 1994. okt. 1.); Kornis; Kraus: Erd\u00e9lyi kr\u00f3nika; K\u00fck\u00fcll\u0151i Ref. Egyh\u00e1zm. 4.; Lukinich; Mo. f\u0151isp\u00e1njai; Szaniszl\u00f3; Teleki Mih\u00e1ly udvartart\u00e1si napl\u00f3ja (1673\u20131681) (Kv., 2007); Tr\u00f3cs\u00e1nyi 1988; \u00daM\u00c9L<\/br><\/p>\n","protected":false},"excerpt":{"rendered":"<p>1641., \u2020 Gyulafeh\u00e9rv\u00e1r, 1697. nov. 27., temet\u00e9s Keresden: erd\u00e9lyi f\u0151\u00far, fejedelmi tan\u00e1csos, gener\u00e1lis. \u2013 B. Ferenc (\u2020 1654) \u00e9s Kem\u00e9ny Katalin fia. Feles\u00e9ge Toroczkai M\u00e1ria (1652\u20131698). B. Farkas \u00e9s Elek testv\u00e9re. Le\u00e1nyaik: Kl\u00e1ra (1692\u20131767), B\u00e1nffy Gy\u00f6rgy gubern\u00e1tor feles\u00e9ge; Kata II. Apafi Mih\u00e1lyn\u00e9 (1695\u2013); M\u00e1ria Nal\u00e1czi J\u00e1nosn\u00e9. \u2013 R\u00e9szt vett II. R\u00e1k\u00f3czi Gy\u00f6rgy v\u00e9gzetes lengyelo.-i hadj\u00e1ratban [&hellip;]<\/p>\n","protected":false},"featured_media":0,"comment_status":"open","ping_status":"closed","template":"","meta":[],"product_brand":[],"product_cat":[137],"product_tag":[],"class_list":{"0":"post-4607","1":"product","2":"type-product","3":"status-publish","5":"product_cat-maros-megyei-eletrajzi-lexikon","7":"first","8":"instock","9":"shipping-taxable","10":"product-type-simple"},"_links":{"self":[{"href":"https:\/\/uj.adatbank.ro\/lexikon\/wp-json\/wp\/v2\/product\/4607","targetHints":{"allow":["GET"]}}],"collection":[{"href":"https:\/\/uj.adatbank.ro\/lexikon\/wp-json\/wp\/v2\/product"}],"about":[{"href":"https:\/\/uj.adatbank.ro\/lexikon\/wp-json\/wp\/v2\/types\/product"}],"replies":[{"embeddable":true,"href":"https:\/\/uj.adatbank.ro\/lexikon\/wp-json\/wp\/v2\/comments?post=4607"}],"wp:attachment":[{"href":"https:\/\/uj.adatbank.ro\/lexikon\/wp-json\/wp\/v2\/media?parent=4607"}],"wp:term":[{"taxonomy":"product_brand","embeddable":true,"href":"https:\/\/uj.adatbank.ro\/lexikon\/wp-json\/wp\/v2\/product_brand?post=4607"},{"taxonomy":"product_cat","embeddable":true,"href":"https:\/\/uj.adatbank.ro\/lexikon\/wp-json\/wp\/v2\/product_cat?post=4607"},{"taxonomy":"product_tag","embeddable":true,"href":"https:\/\/uj.adatbank.ro\/lexikon\/wp-json\/wp\/v2\/product_tag?post=4607"}],"curies":[{"name":"wp","href":"https:\/\/api.w.org\/{rel}","templated":true}]}}