{"id":4657,"date":"2025-06-28T16:49:08","date_gmt":"2025-06-28T14:49:08","guid":{"rendered":"https:\/\/uj.adatbank.ro\/lexikon\/termek\/bethlen-leopoldina-bethleni-gr-bethlen-gaborne\/"},"modified":"2025-06-28T16:49:08","modified_gmt":"2025-06-28T14:49:08","slug":"bethlen-leopoldina-bethleni-gr-bethlen-gaborne","status":"publish","type":"product","link":"https:\/\/uj.adatbank.ro\/lexikon\/termek\/bethlen-leopoldina-bethleni-gr-bethlen-gaborne\/","title":{"rendered":"BETHLEN Leopoldina, bethleni gr., Bethlen G\u00e1born\u00e9"},"content":{"rendered":"<p>Br\u00fcnn (Csehorsz.), 1826. szept. 21., \u2020 B\u00e9cs, 1913. m\u00e1rc. 29., a nagyteremii kript\u00e1ban nyugszik: f\u00f6ldbirtokos. \u2013 B. Leopold (1800\u20131861) \u00e9s Kiermayer\/ Kienmayer Katalin br.-n\u0151 le\u00e1nya. F\u00e9rje 1. gr. B. Ferenc (1824\u20131893. \u00e1pr. 14.) (h\u00e1zass\u00e1g 1847) elv\u00e1ltak, 2. gr. B. G\u00e1bor (1821\u20131900) (h\u00e1zass\u00e1g 1867\u2013). Adom\u00e1ny\u00e1val t\u00e1mogatta az \u00faj teremii templom \u00e9p\u00edt\u00e9s\u00e9t (1904\u20131906). Az \u00f6v\u00e9 volt a teremii uradalom, a birtokot eladta gr. B. Kamill\u00f3nak, a birtok az \u0151 fia, M\u00e1rkus (1852\u20131917) gr. \u00e9s feles\u00e9ge \u00dajhelyi Ilona sz\u00edn\u00e9szn\u0151 tulajdona lett, \u00e1rverez\u00e9s utj\u00e1n ker\u00fclt Solymossy L\u00e1szl\u00f3 birtok\u00e1ba. <br \/><strong>Irod.:<\/strong> Entz\u2013Kov\u00e1cs; Gudenus; Kakasy M\u00e1rton: Naplemente (Mv., 1931); Lukinich<\/br><\/p>\n","protected":false},"excerpt":{"rendered":"<p>Br\u00fcnn (Csehorsz.), 1826. szept. 21., \u2020 B\u00e9cs, 1913. m\u00e1rc. 29., a nagyteremii kript\u00e1ban nyugszik: f\u00f6ldbirtokos. \u2013 B. Leopold (1800\u20131861) \u00e9s Kiermayer\/ Kienmayer Katalin br.-n\u0151 le\u00e1nya. F\u00e9rje 1. gr. B. Ferenc (1824\u20131893. \u00e1pr. 14.) (h\u00e1zass\u00e1g 1847) elv\u00e1ltak, 2. gr. B. G\u00e1bor (1821\u20131900) (h\u00e1zass\u00e1g 1867\u2013). Adom\u00e1ny\u00e1val t\u00e1mogatta az \u00faj teremii templom \u00e9p\u00edt\u00e9s\u00e9t (1904\u20131906). Az \u00f6v\u00e9 volt a [&hellip;]<\/p>\n","protected":false},"featured_media":0,"comment_status":"open","ping_status":"closed","template":"","meta":[],"product_brand":[],"product_cat":[137],"product_tag":[],"class_list":{"0":"post-4657","1":"product","2":"type-product","3":"status-publish","5":"product_cat-maros-megyei-eletrajzi-lexikon","7":"first","8":"instock","9":"shipping-taxable","10":"product-type-simple"},"_links":{"self":[{"href":"https:\/\/uj.adatbank.ro\/lexikon\/wp-json\/wp\/v2\/product\/4657","targetHints":{"allow":["GET"]}}],"collection":[{"href":"https:\/\/uj.adatbank.ro\/lexikon\/wp-json\/wp\/v2\/product"}],"about":[{"href":"https:\/\/uj.adatbank.ro\/lexikon\/wp-json\/wp\/v2\/types\/product"}],"replies":[{"embeddable":true,"href":"https:\/\/uj.adatbank.ro\/lexikon\/wp-json\/wp\/v2\/comments?post=4657"}],"wp:attachment":[{"href":"https:\/\/uj.adatbank.ro\/lexikon\/wp-json\/wp\/v2\/media?parent=4657"}],"wp:term":[{"taxonomy":"product_brand","embeddable":true,"href":"https:\/\/uj.adatbank.ro\/lexikon\/wp-json\/wp\/v2\/product_brand?post=4657"},{"taxonomy":"product_cat","embeddable":true,"href":"https:\/\/uj.adatbank.ro\/lexikon\/wp-json\/wp\/v2\/product_cat?post=4657"},{"taxonomy":"product_tag","embeddable":true,"href":"https:\/\/uj.adatbank.ro\/lexikon\/wp-json\/wp\/v2\/product_tag?post=4657"}],"curies":[{"name":"wp","href":"https:\/\/api.w.org\/{rel}","templated":true}]}}