{"id":4666,"date":"2025-06-28T16:49:29","date_gmt":"2025-06-28T14:49:29","guid":{"rendered":"https:\/\/uj.adatbank.ro\/lexikon\/termek\/bethlen-mihaly-bethleni-gr\/"},"modified":"2025-06-28T16:49:29","modified_gmt":"2025-06-28T14:49:29","slug":"bethlen-mihaly-bethleni-gr","status":"publish","type":"product","link":"https:\/\/uj.adatbank.ro\/lexikon\/termek\/bethlen-mihaly-bethleni-gr\/","title":{"rendered":"BETHLEN Mih\u00e1ly, bethleni gr."},"content":{"rendered":"<p>Kisb\u00fan 1673., \u2020 Brass\u00f3, 1706. Zabol\u00e1n nyugszik: f\u0151isp\u00e1n, napl\u00f3\u00edr\u00f3. \u2013 Bethlen Mikl\u00f3s (1642\u20131716) \u00e9s K\u00fan Ilona (1646\u20131685) fia. Feles\u00e9ge: Vay Erzs\u00e9bet (1696-\u2013). Gyermekeik: Mih\u00e1ly (\u20201703), Borb\u00e1la (\u20201758), Ilona (\u20201722), Istv\u00e1n (\u20201737. m\u00e1j.). \u2013 Val\u00f3sz\u00edn\u0171leg Enyeden tanult, tan\u00edt\u00f3i Somorjai P\u00e9ter, V\u00e1s\u00e1rhelyi T\u0151ke Istv\u00e1n, Felfalusi J\u00f3zsef voltak. K\u00fclf\u00f6ld\u00f6n egyetemi tanulm\u00e1nyokat folytatott: Frankfurtban jogot, b\u00f6lcseletet \u00e9s f\u00f6ldrajzott tanult (1691), Franeckerben t\u00f6rt\u00e9nelmet, teol\u00f3gi\u00e1t, jogot \u00e9s b\u00f6lcseletet hallgatott (1693). \u00datinapl\u00f3ja (1691\u20131695) peregrin\u00e1ci\u00f3s \u00e9lm\u00e9nyeit tartalmazza: N\u00e9meto., Hollandia, Sv\u00e9do., D\u00e1nia, Anglia, It\u00e1lia, Ausztria, Lengyelo. voltak \u00fati\u00e1llom\u00e1sai. M\u00e1ramaros vm. f\u0151isp\u00e1nja. A kuruc mozgalmak el\u0151l Brass\u00f3ba menek\u00fclt, ott is halt meg. \u2013 <strong>F. m.:<\/strong> Bethlen Mih\u00e1ly \u00fatinapl\u00f3ja: 1691\u20131695 (Bp., 1981). <br \/><strong>Irod.:<\/strong> \u00c1ll\u00f3- \u00e9s mozg\u00f3k\u00e9pek; Id\u0151t\u00e1r 1; Jankovics; Lukinich<\/br><\/p>\n","protected":false},"excerpt":{"rendered":"<p>Kisb\u00fan 1673., \u2020 Brass\u00f3, 1706. Zabol\u00e1n nyugszik: f\u0151isp\u00e1n, napl\u00f3\u00edr\u00f3. \u2013 Bethlen Mikl\u00f3s (1642\u20131716) \u00e9s K\u00fan Ilona (1646\u20131685) fia. Feles\u00e9ge: Vay Erzs\u00e9bet (1696-\u2013). Gyermekeik: Mih\u00e1ly (\u20201703), Borb\u00e1la (\u20201758), Ilona (\u20201722), Istv\u00e1n (\u20201737. m\u00e1j.). \u2013 Val\u00f3sz\u00edn\u0171leg Enyeden tanult, tan\u00edt\u00f3i Somorjai P\u00e9ter, V\u00e1s\u00e1rhelyi T\u0151ke Istv\u00e1n, Felfalusi J\u00f3zsef voltak. K\u00fclf\u00f6ld\u00f6n egyetemi tanulm\u00e1nyokat folytatott: Frankfurtban jogot, b\u00f6lcseletet \u00e9s f\u00f6ldrajzott tanult [&hellip;]<\/p>\n","protected":false},"featured_media":0,"comment_status":"open","ping_status":"closed","template":"","meta":[],"product_brand":[],"product_cat":[137],"product_tag":[],"class_list":{"0":"post-4666","1":"product","2":"type-product","3":"status-publish","5":"product_cat-maros-megyei-eletrajzi-lexikon","7":"first","8":"instock","9":"shipping-taxable","10":"product-type-simple"},"_links":{"self":[{"href":"https:\/\/uj.adatbank.ro\/lexikon\/wp-json\/wp\/v2\/product\/4666","targetHints":{"allow":["GET"]}}],"collection":[{"href":"https:\/\/uj.adatbank.ro\/lexikon\/wp-json\/wp\/v2\/product"}],"about":[{"href":"https:\/\/uj.adatbank.ro\/lexikon\/wp-json\/wp\/v2\/types\/product"}],"replies":[{"embeddable":true,"href":"https:\/\/uj.adatbank.ro\/lexikon\/wp-json\/wp\/v2\/comments?post=4666"}],"wp:attachment":[{"href":"https:\/\/uj.adatbank.ro\/lexikon\/wp-json\/wp\/v2\/media?parent=4666"}],"wp:term":[{"taxonomy":"product_brand","embeddable":true,"href":"https:\/\/uj.adatbank.ro\/lexikon\/wp-json\/wp\/v2\/product_brand?post=4666"},{"taxonomy":"product_cat","embeddable":true,"href":"https:\/\/uj.adatbank.ro\/lexikon\/wp-json\/wp\/v2\/product_cat?post=4666"},{"taxonomy":"product_tag","embeddable":true,"href":"https:\/\/uj.adatbank.ro\/lexikon\/wp-json\/wp\/v2\/product_tag?post=4666"}],"curies":[{"name":"wp","href":"https:\/\/api.w.org\/{rel}","templated":true}]}}