{"id":4685,"date":"2025-06-28T16:50:01","date_gmt":"2025-06-28T14:50:01","guid":{"rendered":"https:\/\/uj.adatbank.ro\/lexikon\/termek\/bethlen-sandor-bethleni-gr-3\/"},"modified":"2025-06-28T16:50:01","modified_gmt":"2025-06-28T14:50:01","slug":"bethlen-sandor-bethleni-gr-3","status":"publish","type":"product","link":"https:\/\/uj.adatbank.ro\/lexikon\/termek\/bethlen-sandor-bethleni-gr-3\/","title":{"rendered":"BETHLEN S\u00e1ndor, bethleni, gr"},"content":{"rendered":"<p>B\u00fan, 1741., \u2020 Kv., 1793. okt. nov. 3: katonatiszt, test\u0151r, kir. t\u00e1blai \u00fcln\u00f6k, f\u0151isp\u00e1n, korm\u00e1nysz\u00e9ki tan\u00e1csos, tartom\u00e1nyi f\u0151biztos. \u2013 B. D\u00e1vid (\u2020 1779) \u00e9s gr. Teleki Kl\u00e1ra fia. Feles\u00e9ge: gr. B. Karolina (1753\u20131826. m\u00e1rc. 4.). Gyermekeik: Borb\u00e1la (1770\u20131852), Karolina, Imre (\u2020 1834), S\u00e1ndor (1777\u20131863. j\u00fan. 8.). \u2013 A b\u00fani kast\u00e9ly \u00e9s uradalom tulajdonosa. R\u00e9szt vett a h\u00e9t \u00e9ves h\u00e1bor\u00faban. Alhadnagy (1761), f\u0151hadnagy (1763) az 52. gyalogezredben, test\u0151r\u0151rmester (1764. jan. 2. \u2013 1770. szept. 17.), kir. t\u00e1blai \u00fcln\u00f6k (1770 ). Az egyes\u00edtett Marossz\u00e9k \u00e9s K\u00fck\u00fcll\u0151 v\u00e1rmegye f\u0151isp\u00e1nja (1784. szept. 20. \u2013 1790), e tiszts\u00e9g\u00e9be II. J\u00f3zsef nevezte ki. Cs. k. kamar\u00e1s \u00e9s korm\u00e1nysz\u00e9ki tan\u00e1csos (1786), tartom\u00e1nyi f\u0151biztos (1790). K\u00f6zbenj\u00e1r\u00e1s\u00e1ra ism\u00e9t enged\u00e9lyezt\u00e9k a koll.-i sz\u00ednj\u00e1tsz\u00e1st (1790). <br \/><strong>Irod.:<\/strong> Bicsok\u2013Orb\u00e1n; Fogarasi; Gy\u00e1szjelent\u0151; Id\u0151t\u00e1r 1; Kov\u00e1sznai; Kr\u00f3n. F\u00fcz. (1939. 4\/9); Lev\u00e9lt\u00e1ri gy\u00e1szj.; Lukinich; Mo. f\u0151isp\u00e1njai; MTN; P\u00e1l-Antal 2002; Pesty 2014<\/br><\/p>\n","protected":false},"excerpt":{"rendered":"<p>B\u00fan, 1741., \u2020 Kv., 1793. okt. nov. 3: katonatiszt, test\u0151r, kir. t\u00e1blai \u00fcln\u00f6k, f\u0151isp\u00e1n, korm\u00e1nysz\u00e9ki tan\u00e1csos, tartom\u00e1nyi f\u0151biztos. \u2013 B. D\u00e1vid (\u2020 1779) \u00e9s gr. Teleki Kl\u00e1ra fia. Feles\u00e9ge: gr. B. Karolina (1753\u20131826. m\u00e1rc. 4.). Gyermekeik: Borb\u00e1la (1770\u20131852), Karolina, Imre (\u2020 1834), S\u00e1ndor (1777\u20131863. j\u00fan. 8.). \u2013 A b\u00fani kast\u00e9ly \u00e9s uradalom tulajdonosa. R\u00e9szt vett [&hellip;]<\/p>\n","protected":false},"featured_media":0,"comment_status":"open","ping_status":"closed","template":"","meta":[],"product_brand":[],"product_cat":[137],"product_tag":[],"class_list":{"0":"post-4685","1":"product","2":"type-product","3":"status-publish","5":"product_cat-maros-megyei-eletrajzi-lexikon","7":"first","8":"instock","9":"shipping-taxable","10":"product-type-simple"},"_links":{"self":[{"href":"https:\/\/uj.adatbank.ro\/lexikon\/wp-json\/wp\/v2\/product\/4685","targetHints":{"allow":["GET"]}}],"collection":[{"href":"https:\/\/uj.adatbank.ro\/lexikon\/wp-json\/wp\/v2\/product"}],"about":[{"href":"https:\/\/uj.adatbank.ro\/lexikon\/wp-json\/wp\/v2\/types\/product"}],"replies":[{"embeddable":true,"href":"https:\/\/uj.adatbank.ro\/lexikon\/wp-json\/wp\/v2\/comments?post=4685"}],"wp:attachment":[{"href":"https:\/\/uj.adatbank.ro\/lexikon\/wp-json\/wp\/v2\/media?parent=4685"}],"wp:term":[{"taxonomy":"product_brand","embeddable":true,"href":"https:\/\/uj.adatbank.ro\/lexikon\/wp-json\/wp\/v2\/product_brand?post=4685"},{"taxonomy":"product_cat","embeddable":true,"href":"https:\/\/uj.adatbank.ro\/lexikon\/wp-json\/wp\/v2\/product_cat?post=4685"},{"taxonomy":"product_tag","embeddable":true,"href":"https:\/\/uj.adatbank.ro\/lexikon\/wp-json\/wp\/v2\/product_tag?post=4685"}],"curies":[{"name":"wp","href":"https:\/\/api.w.org\/{rel}","templated":true}]}}