{"id":4700,"date":"2025-06-28T16:50:31","date_gmt":"2025-06-28T14:50:31","guid":{"rendered":"https:\/\/uj.adatbank.ro\/lexikon\/termek\/beyer-tivadar-adolf-%c2%a7-bayer-adolf\/"},"modified":"2025-06-28T16:50:31","modified_gmt":"2025-06-28T14:50:31","slug":"beyer-tivadar-adolf-%c2%a7-bayer-adolf","status":"publish","type":"product","link":"https:\/\/uj.adatbank.ro\/lexikon\/termek\/beyer-tivadar-adolf-%c2%a7-bayer-adolf\/","title":{"rendered":"BEYER Tivadar Adolf, \u00a7 Bayer Adolf"},"content":{"rendered":"<p>Mv., 1905. \u00e1pr. 2., \u2020 Mv., 1977. j\u00fal. 9.: \u00e9p\u00edt\u00e9sz, tan\u00e1r. \u2013 Beyer F\u00fcl\u00f6p ev. lelk\u00e9sz \u00e9s Beyer Anna Katalin fia. Feles\u00e9ge: Ugray Erzs\u00e9bet. Gyermekei: Gy\u00f6rgy (1936\u20131995); Ern\u0151 (1938\u2013); Zsuzs\u00e1nna (1941\u2013); Katalin (1942\u2013); G\u00e1bor (1946\u20132005); Erzs\u00e9bet (1952\u2013). \u2013 Iskol\u00e1it Mv.-en a Ref. Koll.-ban v\u00e9gezte (1924). Tizenn\u00e9gy \u00e9ves kor\u00e1t\u00f3l, a csal\u00e1d neh\u00e9z anyagi k\u00f6r\u00fclm\u00e9nyei miatt, a ny\u00e1ri vak\u00e1ci\u00f3kban b\u00e1tyj\u00e1val egy\u00fctt inask\u00e9nt dolgozott, mint kert\u00e9sz, g\u00e9plakatos, asztalos, \u00e1cs stb. A kv.-i TE matematika szak\u00e1n f\u00e9l\u00e9v ut\u00e1n megszak\u00edtotta egyetemi tanulm\u00e1nyait, mert az Anghelescu-iskolat\u00f6rv\u00e9ny szerint, mint m\u00e1s vall\u00e1s\u00fa a koll.-ban nem tan\u00edthatott volna. Ezut\u00e1n, mint m\u0171szaki rajzol\u00f3 \u00e9s k\u0151m\u0171vesinas dolgozott; letette a k\u0151m\u0171vesmesteri vizsg\u00e1t (1932). \u00c9p\u00edt\u00e9svezet\u0151i munk\u00e1kat v\u00e1llalt, k\u00f6nyvk\u00f6t\u00e9szetet \u00e9s famegmunk\u00e1l\u00e1st tan\u00edtott. K\u00f6zben szakk\u00f6nyvek seg\u00edts\u00e9g\u00e9vel \u00f6ner\u0151b\u0151l k\u00e9pezte mag\u00e1t, Bp.-en \u00e9p\u00edt\u0151mesteri vizsg\u00e1t tett (1941 m\u00e1j.), okleveles \u00e9p\u00edt\u00e9sz lett. \u00d6n\u00e1ll\u00f3 v\u00e1llalkoz\u00f3k\u00e9nt vagy m\u0171vezet\u0151k\u00e9nt dolgozott (1949-ig), sz\u00e1mtalan \u00e9p\u00fcletet tervezett \u00e9s f\u00f6l\u00e9p\u00edtett. Fontosabb munk\u00e1i: \u00fcveggy\u00e1r (hol?), a marosh\u00e9v\u00edzi B\u00e1nffy-f\u00fcrd\u0151, hidak, b\u0151rgy\u00e1r (hol?), cukorgy\u00e1ri \u00f3v\u00f3helyek, ostyagy\u00e1r, szappangy\u00e1r, t\u00e9glagy\u00e1r, iskola, a mv.-i liget sport trib\u00fcnje, a szov\u00e1tai Medve t\u00f3ra n\u00e9z\u0151 beton terasz. Meg\u00e9p\u00edtette a Szabadi \u00fati ref. templomot Kelemen Zsombor tervei alapj\u00e1n (1936). Nev\u00e9hez f\u0171z\u0151dik Szov\u00e1t\u00e1n k\u00e9t, emeletes fav\u00e1zas kaszin\u00f3 \u00e9s sz\u00e1mtalan mag\u00e1nh\u00e1z tervez\u00e9se \u00e9s f\u00f6l\u00e9p\u00edt\u00e9se. A vh. ut\u00e1n m\u00e1r sokgyermekes csal\u00e1dfenntart\u00f3k\u00e9nt igen neh\u00e9z k\u00f6r\u00fclm\u00e9nyek k\u00f6z\u00f6tt \u00e9lt. \u00c1llami v\u00e1llalatn\u00e1l dolgozott, mint \u00e9p\u00edt\u00e9svezet\u0151, majd az \u00e9p\u00edt\u00e9szeti szakiskola alap\u00edt\u00f3 tan\u00e1ra lett nyugd\u00edjaz\u00e1s\u00e1ig (1949\u201367). Szakk\u00e9pzett m\u00e9h\u00e9szk\u00e9nt is m\u0171k\u00f6d\u00f6tt, szenved\u00e9lyesen kert\u00e9szkedett, \u00f6tletes gyermekj\u00e1t\u00e9kokat k\u00e9sz\u00edtett f\u00e1b\u00f3l, szakmai el\u0151ad\u00e1sokat tartott. <br \/><strong>Irod.:<\/strong> Beyer csal\u00e1d sz\u00edves k\u00f6zl\u00e9se; Id\u0151t\u00e1r 3<\/br><\/p>\n","protected":false},"excerpt":{"rendered":"<p>Mv., 1905. \u00e1pr. 2., \u2020 Mv., 1977. j\u00fal. 9.: \u00e9p\u00edt\u00e9sz, tan\u00e1r. \u2013 Beyer F\u00fcl\u00f6p ev. lelk\u00e9sz \u00e9s Beyer Anna Katalin fia. Feles\u00e9ge: Ugray Erzs\u00e9bet. Gyermekei: Gy\u00f6rgy (1936\u20131995); Ern\u0151 (1938\u2013); Zsuzs\u00e1nna (1941\u2013); Katalin (1942\u2013); G\u00e1bor (1946\u20132005); Erzs\u00e9bet (1952\u2013). \u2013 Iskol\u00e1it Mv.-en a Ref. Koll.-ban v\u00e9gezte (1924). Tizenn\u00e9gy \u00e9ves kor\u00e1t\u00f3l, a csal\u00e1d neh\u00e9z anyagi k\u00f6r\u00fclm\u00e9nyei miatt, a [&hellip;]<\/p>\n","protected":false},"featured_media":0,"comment_status":"open","ping_status":"closed","template":"","meta":[],"product_brand":[],"product_cat":[137],"product_tag":[],"class_list":{"0":"post-4700","1":"product","2":"type-product","3":"status-publish","5":"product_cat-maros-megyei-eletrajzi-lexikon","7":"first","8":"instock","9":"shipping-taxable","10":"product-type-simple"},"_links":{"self":[{"href":"https:\/\/uj.adatbank.ro\/lexikon\/wp-json\/wp\/v2\/product\/4700","targetHints":{"allow":["GET"]}}],"collection":[{"href":"https:\/\/uj.adatbank.ro\/lexikon\/wp-json\/wp\/v2\/product"}],"about":[{"href":"https:\/\/uj.adatbank.ro\/lexikon\/wp-json\/wp\/v2\/types\/product"}],"replies":[{"embeddable":true,"href":"https:\/\/uj.adatbank.ro\/lexikon\/wp-json\/wp\/v2\/comments?post=4700"}],"wp:attachment":[{"href":"https:\/\/uj.adatbank.ro\/lexikon\/wp-json\/wp\/v2\/media?parent=4700"}],"wp:term":[{"taxonomy":"product_brand","embeddable":true,"href":"https:\/\/uj.adatbank.ro\/lexikon\/wp-json\/wp\/v2\/product_brand?post=4700"},{"taxonomy":"product_cat","embeddable":true,"href":"https:\/\/uj.adatbank.ro\/lexikon\/wp-json\/wp\/v2\/product_cat?post=4700"},{"taxonomy":"product_tag","embeddable":true,"href":"https:\/\/uj.adatbank.ro\/lexikon\/wp-json\/wp\/v2\/product_tag?post=4700"}],"curies":[{"name":"wp","href":"https:\/\/api.w.org\/{rel}","templated":true}]}}