{"id":4785,"date":"2025-06-28T16:53:14","date_gmt":"2025-06-28T14:53:14","guid":{"rendered":"https:\/\/uj.adatbank.ro\/lexikon\/termek\/biro-istvan-sombori-sombori-biro-istvan\/"},"modified":"2025-06-28T16:53:14","modified_gmt":"2025-06-28T14:53:14","slug":"biro-istvan-sombori-sombori-biro-istvan","status":"publish","type":"product","link":"https:\/\/uj.adatbank.ro\/lexikon\/termek\/biro-istvan-sombori-sombori-biro-istvan\/","title":{"rendered":"BIR\u00d3 Istv\u00e1n, sombori, Sombori B\u00edr\u00f3 Istv\u00e1n"},"content":{"rendered":"<p>Nagyenyed, 1904., \u2020 ? : \u00fcgyv\u00e9d, ogy.-i k\u00e9pvisel\u0151, kisebbs\u00e9gi politikus, sportol\u00f3. \u2013 Apja postatiszt volt. Feles\u00e9ge: Grossmann Edit, sz\u00edn\u00e9szn\u0151. \u2013 K\u00f6z\u00e9piskol\u00e1it sz\u00fcl\u0151v\u00e1ros\u00e1ban, egyetemet Bp.-en, Buk.-ben v\u00e9gzett, kett\u0151s doktor\u00e1tust szerzett (1929). Tanulm\u00e1nyainak elv\u00e9gz\u00e9se ut\u00e1n megh\u00edvt\u00e1k Mv. \u00e9s a megye OMP-i tagozata titk\u00e1r\u00e1nak (1930). Ogy.-i k\u00e9pvisel\u0151 (1937\u20131940). R\u00e9szt vett a Marostorda vm.-i \u00e9s a mv.-i Erd\u00e9lyi P\u00e1rt szervez\u00e9s\u00e9ben (1941). Sz\u00e9kely Sz\u00f3 c\u00edmmel politikai napilapot szerk.-tett (1941\u201344). Gazdas\u00e1gi \u00e9s szoci\u00e1lis k\u00e9rd\u00e9sekr\u0151l \u00edrt k\u00fcl\u00f6nb\u00f6z\u0151 lapokban. Zenekedvel\u0151, \u00e9s mint ilyen zenekonzervatoriumot is vezetett, t\u00f6bb helybeli kultur\u00e1lis \u00e9s t\u00e1rsadalmi egyes\u00fclet tagja, minden m. k\u00f6z\u00e9leti \u00e9s m\u0171vel\u0151d\u00e9si mozgalomban r\u00e9szt vett. Az MSE tagja (1923\u2013), a v\u00edv\u00f3- turisztikai- \u00e9s lovas- \u00e9s motoros sportot m\u0171velte, megnyerte a marosmenti ifj\u00fas\u00e1gi v\u00edv\u00f3bajnoks\u00e1got (1923), az egyetemk\u00f6zi v\u00edv\u00f3- bajnoks\u00e1gon els\u0151 lett (1924); a rom\u00e1n tisztiiskola tereplovagl\u00e1s\u00e1n els\u0151 lett (1925), t\u00f6bb motorosversenyen \u00e9rt el helyez\u00e9st; az orsz\u00e1gos c\u00e9ll\u00f6v\u0151 bajnoks\u00e1g III. helyezettje (1928). A Sz\u00e9kelyf\u00f6ldi Kereskedelmi \u00e9s Iparkamara eln\u00f6ke. A Sz\u00e9kely Sz\u00f3 mv.-i politikai napilap f\u0151szerk.-je (1941\u201344. j\u00fan. 29.), megv\u00e1lt, mert a kamarai rendeletek szerint \u00f6sszef\u00e9rhetetlens\u00e9g \u00e1llt fenn k\u00e9pvisel\u0151i st\u00e1tusa \u00e9s sajt\u00f3kamarai tags\u00e1ga k\u00f6z\u00f6tt. Az EMKE marossz\u00e9ki oszt\u00e1ly\u00e1nak alap\u00edt\u00f3ja \u00e9s d\u00edszeln\u00f6ke (1940), az MSE v\u00e1lasztm\u00e1ny\u00e1nak tagja \u00e9s szakoszt\u00e1ly\u00e1nak eln\u00f6ke volt. Mo.-ra t\u00e1voztak (1944). \u2013 <strong>F. m.:<\/strong> <strong>szerk.:<\/strong> Erd\u00e9lyr\u00e9szi v\u00e1rosok \u00e9s v\u00e1rmegy\u00e9k c\u00edmt\u00e1ra (Mv., 1941). <br \/><strong>Irod.:<\/strong> Berekm\u00e9ri 2015; Id\u0151t\u00e1r 3; Ki kicsoda ?; Pluh\u00e1r; Popt\u0103ma\u015f\u2013M\u00f3zes; Sipos, Visnai<\/br><\/p>\n","protected":false},"excerpt":{"rendered":"<p>Nagyenyed, 1904., \u2020 ? : \u00fcgyv\u00e9d, ogy.-i k\u00e9pvisel\u0151, kisebbs\u00e9gi politikus, sportol\u00f3. \u2013 Apja postatiszt volt. Feles\u00e9ge: Grossmann Edit, sz\u00edn\u00e9szn\u0151. \u2013 K\u00f6z\u00e9piskol\u00e1it sz\u00fcl\u0151v\u00e1ros\u00e1ban, egyetemet Bp.-en, Buk.-ben v\u00e9gzett, kett\u0151s doktor\u00e1tust szerzett (1929). Tanulm\u00e1nyainak elv\u00e9gz\u00e9se ut\u00e1n megh\u00edvt\u00e1k Mv. \u00e9s a megye OMP-i tagozata titk\u00e1r\u00e1nak (1930). Ogy.-i k\u00e9pvisel\u0151 (1937\u20131940). R\u00e9szt vett a Marostorda vm.-i \u00e9s a mv.-i Erd\u00e9lyi P\u00e1rt [&hellip;]<\/p>\n","protected":false},"featured_media":0,"comment_status":"open","ping_status":"closed","template":"","meta":[],"product_brand":[],"product_cat":[137],"product_tag":[],"class_list":{"0":"post-4785","1":"product","2":"type-product","3":"status-publish","5":"product_cat-maros-megyei-eletrajzi-lexikon","7":"first","8":"instock","9":"shipping-taxable","10":"product-type-simple"},"_links":{"self":[{"href":"https:\/\/uj.adatbank.ro\/lexikon\/wp-json\/wp\/v2\/product\/4785","targetHints":{"allow":["GET"]}}],"collection":[{"href":"https:\/\/uj.adatbank.ro\/lexikon\/wp-json\/wp\/v2\/product"}],"about":[{"href":"https:\/\/uj.adatbank.ro\/lexikon\/wp-json\/wp\/v2\/types\/product"}],"replies":[{"embeddable":true,"href":"https:\/\/uj.adatbank.ro\/lexikon\/wp-json\/wp\/v2\/comments?post=4785"}],"wp:attachment":[{"href":"https:\/\/uj.adatbank.ro\/lexikon\/wp-json\/wp\/v2\/media?parent=4785"}],"wp:term":[{"taxonomy":"product_brand","embeddable":true,"href":"https:\/\/uj.adatbank.ro\/lexikon\/wp-json\/wp\/v2\/product_brand?post=4785"},{"taxonomy":"product_cat","embeddable":true,"href":"https:\/\/uj.adatbank.ro\/lexikon\/wp-json\/wp\/v2\/product_cat?post=4785"},{"taxonomy":"product_tag","embeddable":true,"href":"https:\/\/uj.adatbank.ro\/lexikon\/wp-json\/wp\/v2\/product_tag?post=4785"}],"curies":[{"name":"wp","href":"https:\/\/api.w.org\/{rel}","templated":true}]}}