{"id":4810,"date":"2025-06-28T16:53:56","date_gmt":"2025-06-28T14:53:56","guid":{"rendered":"https:\/\/uj.adatbank.ro\/lexikon\/termek\/biro-mihaly-kisgorgenyi\/"},"modified":"2025-06-28T16:53:56","modified_gmt":"2025-06-28T14:53:56","slug":"biro-mihaly-kisgorgenyi","status":"publish","type":"product","link":"https:\/\/uj.adatbank.ro\/lexikon\/termek\/biro-mihaly-kisgorgenyi\/","title":{"rendered":"BIR\u00d3 Mih\u00e1ly, kisg\u00f6rg\u00e9nyi"},"content":{"rendered":"<p>Kisg\u00f6rg\u00e9ny, 1814., \u2020 Csittszentiv\u00e1n, 1881. aug. 25.: f\u00f6ldbirtokos, alkir\u00e1lyb\u00edr\u00f3, alisp\u00e1n. \u2013 Kisg\u00f6rg\u00e9nyi f\u00f6ldbirtokos sz\u00e9kely nemes. Mez\u0151bergeny\u00e9ben is voltak birtokai. Bem J\u00f3zsef honv\u00e9dt\u00e1bornok megb\u00edz\u00e1s\u00e1b\u00f3l a marossz\u00e9ki h\u00e1rmasbizotts\u00e1g tagja, Bem korm\u00e1nybiztosnak nevezte ki (1849. jan. 14), Maros megye m\u00e1sodalisp\u00e1nja (1849), alkir\u00e1lybir\u00f3 volt (1848. szept. 5\u201349). A forradalom ut\u00e1n hadisarc fizet\u00e9s\u00e9re k\u00f6telezt\u00e9k, letart\u00f3ztatt\u00e1k t\u00f6bb t\u00e1rs\u00e1val egy\u00fctt, de felt\u0171n\u0151en r\u00f6vid id\u0151 ut\u00e1n elengedt\u00e9k. Heydte osztr\u00e1k t\u00e1bornok vizsg\u00e1l\u00f3dott Feh\u00e9regyh\u00e1z\u00e1n, Mv.-en, a Makk f\u00e9le \u00f6sszeesk\u00fcv\u00e9s \u00fcgy\u00e9ben (1851), feltehet\u0151, hogy Bir\u00f3 t\u00e1j\u00e9koztatta \u0151t, konkr\u00e9t adatokat szolg\u00e1ltattva k\u00fcl\u00f6n\u00f6sen T\u00f6r\u00f6k J\u00e1nos ref. koll. tan\u00e1rr\u00f3l, majd Horv\u00e1th K\u00e1rolyr\u00f3l. Karl zu Schwarzenberg, az Erd\u00e9lyi Fejedelems\u00e9g korm\u00e1nyz\u00f3ja tov\u00e1bb\u00edtotta a Legfels\u0151 Rend\u0151rhat\u00f3s\u00e1g vezet\u0151j\u00e9nek, Johan Kempen von Fichtenstamm br. alt\u00e1bornagynak, n\u00e9gy alkalmank\u00e9nti inform\u00e1tor\u00e1nak nev\u00e9t, k\u00f6zt\u00fck a B. M.-\u00e9t (1852\u201353). A sz\u00e9kely v\u00e9rtan\u00fak per\u00e9ben Szebenben r\u00e9szt vett, titokban kihallgatt\u00e1k k\u00e9t \u00edzben is, hozz\u00e1j\u00e1rulva sok hazafi beb\u00f6rt\u00f6nz\u00e9s\u00e9hez \u00e9s kiv\u00e9gz\u00e9s\u00e9hez. Bossz\u00faj\u00e1nak esett \u00e1ldozatul a n\u00e9gy sz\u00e9kely v\u00e9rtanu, akiket Mv.-en a Postar\u00e9ten k\u00f6t\u00e9l \u00e1ltali hal\u00e1llal v\u00e9geztek ki (T\u00f6r\u00f6k J\u00e1nos, Horv\u00e1th K\u00e1roly, G\u00e1lfi Mih\u00e1ly \u00e9s L\u00e1z\u00e1r J\u00e1nos) (1859. m\u00e1rc. 10.). Az \u00e1rul\u00e1s\u00e1\u00e9rt kapott p\u00e9nzen kisg\u00f6rg\u00e9nyi birtok\u00e1n f\u00e9nyes palot\u00e1t emelt mag\u00e1nak, de hal\u00e1l\u00e1ig megvet\u00e9snek volt kit\u00e9ve \u00e9s kitasz\u00edtotts\u00e1gban \u00e9lte a tov\u00e1bbi \u00e9let\u00e9t. Tagadta b\u0171n\u00f6ss\u00e9g\u00e9t \u00e9s meg\u00edrta \u00d6nv\u00e9delem c. nyilatkozat\u00e1t (1861). Marossz\u00e9k k\u00f6zgy\u0171l\u00e9se erk\u00f6lcsi halottnak nyilv\u00e1n\u00edtotta. Orb\u00e1n Bal\u00e1zs a Sz\u00e9kelyf\u00f6ld le\u00edr\u00e1s\u00e1ban \u00edrt el\u0151sz\u00f6r dicstelen szerep\u00e9r\u0151l, ez\u00e9rt Orb\u00e1nt beperelte r\u00e1galmaz\u00e1s\u00e9rt (1870). Sok \u00e9vi peresked\u00e9s ut\u00e1n a b\u00edr\u00f3s\u00e1g el\u00e9gs\u00e9ges konkr\u00e9t bizonyit\u00e9k hi\u00e1ny\u00e1ban nem mondhatta ki az \u00e1rul\u00e1st, s\u0151t Orb\u00e1n Bal\u00e1zst marasztalta el sajt\u00f3v\u00e9ts\u00e9g\u00e9rt p\u00e9nzb\u00fcntet\u00e9sre \u00edt\u00e9lve. \u2013 <strong>F. m.:<\/strong> \u00d6nv\u00e9delem a r\u00e9mkorszakban el\u00edt\u00e9lt \u00e9s k\u00f6t\u00e9l \u00e1ltal kiv\u00e9gzett T\u00f6r\u00f6k, G\u00e1lffy \u00e9s Horv\u00e1th felad\u00e1si \u00fcgy\u00e9ben (Mv., 1870). <br \/><strong>Irod.:<\/strong> 1848\u20131849 Marossz\u00e9k; Bak\u00f3 L\u00e1szl\u00f3: Szent hely ez, \u00f3 v\u00e1ndor\u00a0! (Erd\u00e9lyi Napl\u00f3, 10. sz., 2004. m\u00e1rc. 9.); Balogh K\u00e1roly: A kisg\u00f6rg\u00e9nyi B. M.-r\u00f3l (N\u00fa., 2003. m\u00e1rc. 20.); Benk\u0151 K.: Mv.; Berzeviczy Albert: Az abszolutizmus kora Mo.-on (Bp., 1922\u201337); B\u00f6z\u00f6di Gy.: A sz\u00e9kely v\u00e9rtan\u00fak pere 1\u20136 (\u00daj \u00c9let, 5\u201310. sz. 1980); De\u00e1k \u00c1gnes: Mit minden f\u0171sz\u00e1l tud? Megfigyel\u0151k \u00e9s megfigyeltek Erd\u00e9lyben az 1850-es \u00e9vek derek\u00e1n (Korunk, 11. sz., 2014. nov.); Erd\u00e9lyi unit. 1848\u201349; Kisg\u00f6rg\u00e9ny; Hentaller Lajos: A balav\u00e1s\u00e1ri sz\u00fcret (Bp., 1894); Id\u0151t\u00e1r 2; Kelemen L.: Sz\u00fclettem Mv.; Kisg\u00f6rg\u00e9ny; Maros megye; P\u00e1l-Antal 2002; P\u00e1l-Antal 2003; P\u00e1l-Antal 2004; P\u00e1lmay; Sz\u00e9kely v\u00e9rtan\u00fak; Szinnyei; V\u00e9csey Zolt\u00e1n: A balav\u00e1s\u00e1ri sz\u00fcret (Bp., 1941; 2. kiad., el\u0151sz\u00f3: Sebesty\u00e9n Mih\u00e1ly; Mv., 2001)<\/br><\/p>\n","protected":false},"excerpt":{"rendered":"<p>Kisg\u00f6rg\u00e9ny, 1814., \u2020 Csittszentiv\u00e1n, 1881. aug. 25.: f\u00f6ldbirtokos, alkir\u00e1lyb\u00edr\u00f3, alisp\u00e1n. \u2013 Kisg\u00f6rg\u00e9nyi f\u00f6ldbirtokos sz\u00e9kely nemes. Mez\u0151bergeny\u00e9ben is voltak birtokai. Bem J\u00f3zsef honv\u00e9dt\u00e1bornok megb\u00edz\u00e1s\u00e1b\u00f3l a marossz\u00e9ki h\u00e1rmasbizotts\u00e1g tagja, Bem korm\u00e1nybiztosnak nevezte ki (1849. jan. 14), Maros megye m\u00e1sodalisp\u00e1nja (1849), alkir\u00e1lybir\u00f3 volt (1848. szept. 5\u201349). A forradalom ut\u00e1n hadisarc fizet\u00e9s\u00e9re k\u00f6telezt\u00e9k, letart\u00f3ztatt\u00e1k t\u00f6bb t\u00e1rs\u00e1val egy\u00fctt, de felt\u0171n\u0151en [&hellip;]<\/p>\n","protected":false},"featured_media":0,"comment_status":"open","ping_status":"closed","template":"","meta":[],"product_brand":[],"product_cat":[137],"product_tag":[],"class_list":{"0":"post-4810","1":"product","2":"type-product","3":"status-publish","5":"product_cat-maros-megyei-eletrajzi-lexikon","7":"first","8":"instock","9":"shipping-taxable","10":"product-type-simple"},"_links":{"self":[{"href":"https:\/\/uj.adatbank.ro\/lexikon\/wp-json\/wp\/v2\/product\/4810","targetHints":{"allow":["GET"]}}],"collection":[{"href":"https:\/\/uj.adatbank.ro\/lexikon\/wp-json\/wp\/v2\/product"}],"about":[{"href":"https:\/\/uj.adatbank.ro\/lexikon\/wp-json\/wp\/v2\/types\/product"}],"replies":[{"embeddable":true,"href":"https:\/\/uj.adatbank.ro\/lexikon\/wp-json\/wp\/v2\/comments?post=4810"}],"wp:attachment":[{"href":"https:\/\/uj.adatbank.ro\/lexikon\/wp-json\/wp\/v2\/media?parent=4810"}],"wp:term":[{"taxonomy":"product_brand","embeddable":true,"href":"https:\/\/uj.adatbank.ro\/lexikon\/wp-json\/wp\/v2\/product_brand?post=4810"},{"taxonomy":"product_cat","embeddable":true,"href":"https:\/\/uj.adatbank.ro\/lexikon\/wp-json\/wp\/v2\/product_cat?post=4810"},{"taxonomy":"product_tag","embeddable":true,"href":"https:\/\/uj.adatbank.ro\/lexikon\/wp-json\/wp\/v2\/product_tag?post=4810"}],"curies":[{"name":"wp","href":"https:\/\/api.w.org\/{rel}","templated":true}]}}