{"id":4869,"date":"2025-06-28T16:55:52","date_gmt":"2025-06-28T14:55:52","guid":{"rendered":"https:\/\/uj.adatbank.ro\/lexikon\/termek\/blazsek-gusztav-robert\/"},"modified":"2025-06-28T16:55:52","modified_gmt":"2025-06-28T14:55:52","slug":"blazsek-gusztav-robert","status":"publish","type":"product","link":"https:\/\/uj.adatbank.ro\/lexikon\/termek\/blazsek-gusztav-robert\/","title":{"rendered":"BLAZSEK Guszt\u00e1v-R\u00f3bert"},"content":{"rendered":"<p>Sz\u00e1szr\u00e9gen, 1902. okt. 20., \u2020 Segesv\u00e1r, 1988. j\u00fal. 27.: r. k. pap. \u2013 Tanult Sz\u00e1szr\u00e9genben, Mv.-en, Mez\u0151t\u00faron \u00e9s Gyulafeh\u00e9rv\u00e1ron, teol\u00f3giai tanulm\u00e1nyait Gyulafeh\u00e9rv\u00e1ron v\u00e9gezte. Papp\u00e1 szentelt\u00e9k (Gyulafeh\u00e9rv\u00e1ron, 1926. j\u00fan. 27.). K\u00e1pl\u00e1n Gyergy\u00f3alfaluban (1926), Nagyszebenben (1927), itt pl\u00e9b\u00e1nos \u00e9s \u00e1rvah\u00e1z igazgat\u00f3 (1937\u2013). Pl\u00e9b\u00e1nos Maros\u00fajv\u00e1ron (1940\u2013), Segesv\u00e1ron (1955\u2013), Borsz\u00e9ken (1979\u201390); B\u00faz\u00e1sbeseny\u0151n, esperespl\u00e9b\u00e1nos (1974\u2013). <br \/><strong>Irod.:<\/strong> Ferenczi S\u00e1ndor 2009<\/br><\/p>\n","protected":false},"excerpt":{"rendered":"<p>Sz\u00e1szr\u00e9gen, 1902. okt. 20., \u2020 Segesv\u00e1r, 1988. j\u00fal. 27.: r. k. pap. \u2013 Tanult Sz\u00e1szr\u00e9genben, Mv.-en, Mez\u0151t\u00faron \u00e9s Gyulafeh\u00e9rv\u00e1ron, teol\u00f3giai tanulm\u00e1nyait Gyulafeh\u00e9rv\u00e1ron v\u00e9gezte. Papp\u00e1 szentelt\u00e9k (Gyulafeh\u00e9rv\u00e1ron, 1926. j\u00fan. 27.). K\u00e1pl\u00e1n Gyergy\u00f3alfaluban (1926), Nagyszebenben (1927), itt pl\u00e9b\u00e1nos \u00e9s \u00e1rvah\u00e1z igazgat\u00f3 (1937\u2013). Pl\u00e9b\u00e1nos Maros\u00fajv\u00e1ron (1940\u2013), Segesv\u00e1ron (1955\u2013), Borsz\u00e9ken (1979\u201390); B\u00faz\u00e1sbeseny\u0151n, esperespl\u00e9b\u00e1nos (1974\u2013). Irod.: Ferenczi S\u00e1ndor 2009<\/p>\n","protected":false},"featured_media":0,"comment_status":"open","ping_status":"closed","template":"","meta":[],"product_brand":[],"product_cat":[137],"product_tag":[],"class_list":{"0":"post-4869","1":"product","2":"type-product","3":"status-publish","5":"product_cat-maros-megyei-eletrajzi-lexikon","7":"first","8":"instock","9":"shipping-taxable","10":"product-type-simple"},"_links":{"self":[{"href":"https:\/\/uj.adatbank.ro\/lexikon\/wp-json\/wp\/v2\/product\/4869","targetHints":{"allow":["GET"]}}],"collection":[{"href":"https:\/\/uj.adatbank.ro\/lexikon\/wp-json\/wp\/v2\/product"}],"about":[{"href":"https:\/\/uj.adatbank.ro\/lexikon\/wp-json\/wp\/v2\/types\/product"}],"replies":[{"embeddable":true,"href":"https:\/\/uj.adatbank.ro\/lexikon\/wp-json\/wp\/v2\/comments?post=4869"}],"wp:attachment":[{"href":"https:\/\/uj.adatbank.ro\/lexikon\/wp-json\/wp\/v2\/media?parent=4869"}],"wp:term":[{"taxonomy":"product_brand","embeddable":true,"href":"https:\/\/uj.adatbank.ro\/lexikon\/wp-json\/wp\/v2\/product_brand?post=4869"},{"taxonomy":"product_cat","embeddable":true,"href":"https:\/\/uj.adatbank.ro\/lexikon\/wp-json\/wp\/v2\/product_cat?post=4869"},{"taxonomy":"product_tag","embeddable":true,"href":"https:\/\/uj.adatbank.ro\/lexikon\/wp-json\/wp\/v2\/product_tag?post=4869"}],"curies":[{"name":"wp","href":"https:\/\/api.w.org\/{rel}","templated":true}]}}