{"id":4920,"date":"2025-06-28T16:57:29","date_gmt":"2025-06-28T14:57:29","guid":{"rendered":"https:\/\/uj.adatbank.ro\/lexikon\/termek\/bod-peter-%c2%a7-bod-petrus-felsocsernatoni\/"},"modified":"2025-06-28T16:57:29","modified_gmt":"2025-06-28T14:57:29","slug":"bod-peter-%c2%a7-bod-petrus-felsocsernatoni","status":"publish","type":"product","link":"https:\/\/uj.adatbank.ro\/lexikon\/termek\/bod-peter-%c2%a7-bod-petrus-felsocsernatoni\/","title":{"rendered":"BOD P\u00e9ter, \u00a7 Bod Petrus, fels\u0151csern\u00e1toni"},"content":{"rendered":"<p>Csern\u00e1ton, 1712. febr. 22., \u2020 Magyarigen, 1769. m\u00e1rc. 3.: ref. lelk\u00e9sz, \u00edr\u00f3, t\u00f6rt\u00e9n\u00e9sz. \u2013 A korabeli erd\u00e9lyi m. tudom\u00e1nyoss\u00e1g jeles k\u00e9pvisel\u0151je. Erd\u00e9lyi iskol\u00e1i ut\u00e1n a leideni egyetemen tanult (1740\u201343) Bethlen Kata k\u00f6lts\u00e9g\u00e9n, ez\u00e9rt \u00e9letre sz\u00f3l\u00f3 kapcsolata alakult ki k\u00f6z\u00f6tt\u00fck. Teleki J\u00f3zsefn\u00e9 Bethlen Kata udvari papja \u00e9s k\u00f6nyvt\u00e1rosa volt Olth\u00e9v\u00edzen (1743\u201348), ez \u00e9let\u00e9nek meghat\u00e1roz\u00f3 \u00e9lm\u00e9nye mert lehet\u0151v\u00e9 tette, hogy visszautas\u00edtsa a mv.-i teologiai tan\u00e1rs\u00e1got, \u00e9s tudom\u00e1nyos munk\u00e1ss\u00e1got folytathaott. Irodalomt\u00f6rt\u00e9neti munk\u00e1ss\u00e1ga saj\u00e1t \u00e9s az \u00e1ltala gondozott Bethlen Kata f\u00e9le k\u00f6nyvt\u00e1rra alapoz\u00f3dott, k\u00f6nyvt\u00e1r\u00e1t a mv.-i Ref. Koll.-ra hagyta. Magyarigenben lelk\u00e9sz hal\u00e1l\u00e1ig (1748\u201369). Az els\u0151 m. nyelv\u0171 ir\u00f3i lexikon (Magyar Athenasz, 1766) \u00f6ssze\u00e1ll\u00edt\u00f3ja, az akad\u00e9miai gondolat, a m. nyelv\u0171 tudom\u00e1nyoss\u00e1g \u00e9s a felvil\u00e1gosod\u00e1s \u00fatt\u00f6r\u0151je volt, nagy k\u00f6nyvbar\u00e1t \u00e9s k\u00f6nyvgy\u0171jt\u0151, az erd\u00e9lyi rom\u00e1ns\u00e1g XVIII. sz.-i viszonyair\u0151l \u00fcssze\u00e1ll\u00edtott k\u00e9z\u00edr\u00e1sos munk\u00e1ja maradt fenn. Nev\u00e9t viseli a mv.-i Diak\u00f3niai \u00e9s Tanulm\u00e1nyi K\u00f6zpont (Erd\u0151 u., 7 b.), a m. nyelv\u0171 eg\u00e9szs\u00e9g\u00fcgyi asszisztens \u00e9s diakonissza k\u00e9pz\u00e9s c\u00e9lj\u00e1b\u00f3l hozt\u00e1k l\u00e9tre, amit D. Dr. Csiha K\u00e1lm\u00e1n ref. p\u00fcsp\u00f6k kezdem\u00e9nyez\u00e9s\u00e9re, Heim L\u00e1szl\u00f3 tervei alapj\u00e1n \u00e9p\u00edtettek (felszentelt\u00e9k 2000. nov. 28.). \u2013 <strong>F. m.:<\/strong> Halotti besz\u00e9d sz\u00e9ki gr. Teleki Mih\u00e1ly felett, 1745. szept. 12. (mikl\u00f3sv\u00e1ri Sebe J\u00e1nossal, Csepregi Turkovitz Ferenczcel; Huszti Gy\u00f6rgygyel; Kv., 1749); Halotti besz\u00e9d bethleni gr. Bethlen Kata, el\u0151bb Haller L\u00e1szl\u00f3n\u00e9, azut\u00e1n sz\u00e9ki gr. Teleki J\u00f3zsefn\u00e9 felett (Kv., 1763); Halotti besz\u00e9d r\u00e1dai gr. R\u00e1dai Eszter, sz\u00e9ki gr. Teleki L\u00e1szl\u00f3n\u00e9 felett, 1764. jan. 8., 1764. j\u00fan. 17. (Kv., 1766); Historia unitariorum in Transylvania, inde a prima illorum origine ad recentiora usque tempora ex monumentis authenticis concinnata (Lugduni Batavorum, 1776, 1781); Magyar Athenas (Nagyszeben, 1766); B. P. \u00d6n\u00e1lrt\u00edr\u00e1sa = Erd\u00e9ly \u00f6r\u00f6ks\u00e9ge, 8.; Historia Hungarorum Ecclesiastica. Leiden 1888. I. p. 274\u2013306.; B. P. \u00f6n\u00e9let\u00edr\u00e1sa (A bev. tanulm\u00e1nyt \u00edrta Egyed Emese; 3. kiad.; Mv., 2007). <br \/><strong>Irod.:<\/strong> \u00c1rva Bethlen K.; Benk\u0151 K.: Mv.; Egyed \u00c1. 2006; Farcz\u00e1dy Elek: A mv.-i Bolyai tudom\u00e1nyos k\u00f6nyvt\u00e1r = Eml\u00e9kk. K. L. 80; Fogarasi; Ga\u00e1l 2001; Halotti besz\u00e9dek; Maros megye; MAM\u0170L; \u0150sz; R\u00e1cz Emese: B. P., a t\u00f6rt\u00e9net\u00edr\u00f3 (Korunk, 5. sz., 2011. m\u00e1j.); RMK III\/18. sz.<\/br><\/p>\n","protected":false},"excerpt":{"rendered":"<p>Csern\u00e1ton, 1712. febr. 22., \u2020 Magyarigen, 1769. m\u00e1rc. 3.: ref. lelk\u00e9sz, \u00edr\u00f3, t\u00f6rt\u00e9n\u00e9sz. \u2013 A korabeli erd\u00e9lyi m. tudom\u00e1nyoss\u00e1g jeles k\u00e9pvisel\u0151je. Erd\u00e9lyi iskol\u00e1i ut\u00e1n a leideni egyetemen tanult (1740\u201343) Bethlen Kata k\u00f6lts\u00e9g\u00e9n, ez\u00e9rt \u00e9letre sz\u00f3l\u00f3 kapcsolata alakult ki k\u00f6z\u00f6tt\u00fck. Teleki J\u00f3zsefn\u00e9 Bethlen Kata udvari papja \u00e9s k\u00f6nyvt\u00e1rosa volt Olth\u00e9v\u00edzen (1743\u201348), ez \u00e9let\u00e9nek meghat\u00e1roz\u00f3 \u00e9lm\u00e9nye mert [&hellip;]<\/p>\n","protected":false},"featured_media":0,"comment_status":"open","ping_status":"closed","template":"","meta":[],"product_brand":[],"product_cat":[137],"product_tag":[],"class_list":{"0":"post-4920","1":"product","2":"type-product","3":"status-publish","5":"product_cat-maros-megyei-eletrajzi-lexikon","7":"first","8":"instock","9":"shipping-taxable","10":"product-type-simple"},"_links":{"self":[{"href":"https:\/\/uj.adatbank.ro\/lexikon\/wp-json\/wp\/v2\/product\/4920","targetHints":{"allow":["GET"]}}],"collection":[{"href":"https:\/\/uj.adatbank.ro\/lexikon\/wp-json\/wp\/v2\/product"}],"about":[{"href":"https:\/\/uj.adatbank.ro\/lexikon\/wp-json\/wp\/v2\/types\/product"}],"replies":[{"embeddable":true,"href":"https:\/\/uj.adatbank.ro\/lexikon\/wp-json\/wp\/v2\/comments?post=4920"}],"wp:attachment":[{"href":"https:\/\/uj.adatbank.ro\/lexikon\/wp-json\/wp\/v2\/media?parent=4920"}],"wp:term":[{"taxonomy":"product_brand","embeddable":true,"href":"https:\/\/uj.adatbank.ro\/lexikon\/wp-json\/wp\/v2\/product_brand?post=4920"},{"taxonomy":"product_cat","embeddable":true,"href":"https:\/\/uj.adatbank.ro\/lexikon\/wp-json\/wp\/v2\/product_cat?post=4920"},{"taxonomy":"product_tag","embeddable":true,"href":"https:\/\/uj.adatbank.ro\/lexikon\/wp-json\/wp\/v2\/product_tag?post=4920"}],"curies":[{"name":"wp","href":"https:\/\/api.w.org\/{rel}","templated":true}]}}