{"id":4926,"date":"2025-06-28T16:57:42","date_gmt":"2025-06-28T14:57:42","guid":{"rendered":"https:\/\/uj.adatbank.ro\/lexikon\/termek\/bod-sandor-albisi\/"},"modified":"2025-06-28T16:57:42","modified_gmt":"2025-06-28T14:57:42","slug":"bod-sandor-albisi","status":"publish","type":"product","link":"https:\/\/uj.adatbank.ro\/lexikon\/termek\/bod-sandor-albisi\/","title":{"rendered":"BOD S\u00e1ndor, albisi"},"content":{"rendered":"<p>Ny\u00e1r\u00e1dselye, 1817. jan. 25., \u2020 Vajdaszentiv\u00e1n, 1898. \u00e1pr. 5.: ref. lelk\u00e9sz. \u2013 Nagyapja S\u00e1ndor g\u00f6rg\u00e9nyszentimrei, apja B. S\u00e1ndor selyei pap. Feles\u00e9ge berectelki Budai Johanna. Gyermekei: K\u00e1roly (1848\u20131926, lelk\u00e9sz), S\u00e1ndor (tan\u00e1r). \u2013 Iskol\u00e1it Sely\u00e9ben kezdte majd a mv.-i Ref. Koll.-ban tanult (1826\u2013), ahol professzorai voltak: Bodola S\u00e1muel, P\u00e9terffi K\u00e1roly, Bolyai Farkas, D\u00f3sa Elek, Borosnyai J\u00e1nos, Incze D\u00e1niel, jogi \u00e9s teol\u00f3giai tanfolyamot is v\u00e9gzett. Di\u00e1kkor\u00e1ban S\u00e1rpatakon Teleki Elek gr., Domokos \u00e9s Gy\u00f6rgy nev\u0171 fiainak nevel\u0151je (1835\u2013), majd a koronkai Toldalagi gr. gazdatisztje. A mv.-i Koll.-ban ellen\u0151r (1839\u201340). Vajdaszentiv\u00e1nyon lett ref. pap (1841\u201393) \u00e9s 130 holdon birtokos (1895). A gy\u00fclekezet tagjait gy\u00fcm\u00f6lcsnemes\u00edt\u00e9sre, vir\u00e1gkert\u00e9szetre, m\u00e9h\u00e9szetre tan\u00edtotta. R\u00e9szt vett az agyagfalvi nagygy\u0171l\u00e9sen, majd t\u00e1bori lelk\u00e9szk\u00e9nt szolg\u00e1lt a vil\u00e1gosi fegyverlet\u00e9telig. Bem t\u00e1bornok t\u00e1bori lelk\u00e9sze volt. A forradalom buk\u00e1sa ut\u00e1n visszat\u00e9rt Vajdaszentiv\u00e1nyra lelkip\u00e1sztornak, ahonnan hossz\u00fa id\u0151n kereszt\u00fcl hetente be kellett mutassa Mv.-en a pr\u00e9dik\u00e1ci\u00f3it a v\u00e1rban sz\u00e9kel\u0151 osztr\u00e1k katonai fel\u00fcgyel\u0151knek. A g\u00f6rg\u00e9nyi ref. egyh\u00e1zmegye sz\u00e9kb\u00edr\u00e1ja (1844\u201391), amely egyh\u00e1zmegye megb\u00edz\u00e1s\u00e1b\u00f3l meg\u00edrta a magyarok t\u00f6rt\u00e9net\u00e9t a n\u00e9piskol\u00e1k sz\u00e1m\u00e1ra (k\u00e9ziratban maradt). A vajdaszentiv\u00e1nyi ref. egyh\u00e1z t\u00f6rt\u00e9net\u00e9r\u0151l \u00edrt dolgozatot a helyi paps\u00e1g 50. \u00e9vfordul\u00f3j\u00e1n (1894). T\u00f6bb cikket \u00edrt \u00e9s k\u00f6z\u00f6lt egyh\u00e1zi lapokban. \u00c9letrajza \u00e9s n\u00e9h\u00e1ny besz\u00e9de, fia B. K\u00e1roly a sz\u00e9kelyudvarhelyi ref. koll. tan\u00e1ra: A kegyelet oszlopa c. m\u0171v\u00e9ben jelent meg. F\u00f6ljegyz\u00e9sei ismertetik a Maross\u00e1rpatakon, Vajdaszentiv\u00e1nyon, Bal\u00e1n, Sz\u00e1szr\u00e9genben t\u00f6rt\u00e9nt 1848-as \u0151szi esem\u00e9nyeket. H\u0171 k\u00e9pet festett az Urban befoly\u00e1sa al\u00e1 ker\u00fclt f\u00e9lrevezetett emberek, hivatalos szem\u00e9lyek, f\u00f6ldesurak \u00e9s \u00e9rtelmis\u00e9giek elleni gy\u0171l\u00f6let\u00e9r\u0151l, t\u00falkap\u00e1sair\u00f3l. Tisztelet\u00e9re d\u00e9dunok\u00e1i, Bod K\u00e1roly g\u00e9p\u00e9szm\u00e9rn\u00f6k \u00e9s Alad\u00e1r vegy\u00e9sz, eml\u00e9kt\u00e1bl\u00e1t avattak Albisi Bod S\u00e1ndornak a vajdaszentiv\u00e1nyi ref. templomban (2012. j\u00fan. 24). \u2013 <strong>F. m.:<\/strong> A vajdaszentiv\u00e1nyi Gondos Istv\u00e1n felett mondott pr\u00e9dik\u00e1ci\u00f3, 1847. jan. 5. (Mv., 1847). <br \/><strong>Irod.:<\/strong> B\u00edr\u00f3 Don\u00e1t: B. S. \u00e9s kora (N\u00fa., 1996. aug. 21.); Bod K\u00e1roly: A kegyelet oszlopa: Halotti im\u00e1k, eml\u00e9kek \u00e9s temetkez\u00e9si besz\u00e9dek (Sz\u00e9kelyudvarhely, 1898); B\u00f6jthe Andor; Csekme Ferenc: K\u00e9pek a parochi\u00e1r\u00f3l (Mv., 1927); Guly\u00e1s; Halotti besz\u00e9dek; M\u00faltunkr\u00f3l; \u00d6tv\u00f6s; Sz\u00e9kelyhon. ro; Szinnyei; Vajdaszentiv\u00e1ny<\/br><\/p>\n","protected":false},"excerpt":{"rendered":"<p>Ny\u00e1r\u00e1dselye, 1817. jan. 25., \u2020 Vajdaszentiv\u00e1n, 1898. \u00e1pr. 5.: ref. lelk\u00e9sz. \u2013 Nagyapja S\u00e1ndor g\u00f6rg\u00e9nyszentimrei, apja B. S\u00e1ndor selyei pap. Feles\u00e9ge berectelki Budai Johanna. Gyermekei: K\u00e1roly (1848\u20131926, lelk\u00e9sz), S\u00e1ndor (tan\u00e1r). \u2013 Iskol\u00e1it Sely\u00e9ben kezdte majd a mv.-i Ref. Koll.-ban tanult (1826\u2013), ahol professzorai voltak: Bodola S\u00e1muel, P\u00e9terffi K\u00e1roly, Bolyai Farkas, D\u00f3sa Elek, Borosnyai J\u00e1nos, Incze [&hellip;]<\/p>\n","protected":false},"featured_media":0,"comment_status":"open","ping_status":"closed","template":"","meta":[],"product_brand":[],"product_cat":[137],"product_tag":[],"class_list":{"0":"post-4926","1":"product","2":"type-product","3":"status-publish","5":"product_cat-maros-megyei-eletrajzi-lexikon","7":"first","8":"instock","9":"shipping-taxable","10":"product-type-simple"},"_links":{"self":[{"href":"https:\/\/uj.adatbank.ro\/lexikon\/wp-json\/wp\/v2\/product\/4926","targetHints":{"allow":["GET"]}}],"collection":[{"href":"https:\/\/uj.adatbank.ro\/lexikon\/wp-json\/wp\/v2\/product"}],"about":[{"href":"https:\/\/uj.adatbank.ro\/lexikon\/wp-json\/wp\/v2\/types\/product"}],"replies":[{"embeddable":true,"href":"https:\/\/uj.adatbank.ro\/lexikon\/wp-json\/wp\/v2\/comments?post=4926"}],"wp:attachment":[{"href":"https:\/\/uj.adatbank.ro\/lexikon\/wp-json\/wp\/v2\/media?parent=4926"}],"wp:term":[{"taxonomy":"product_brand","embeddable":true,"href":"https:\/\/uj.adatbank.ro\/lexikon\/wp-json\/wp\/v2\/product_brand?post=4926"},{"taxonomy":"product_cat","embeddable":true,"href":"https:\/\/uj.adatbank.ro\/lexikon\/wp-json\/wp\/v2\/product_cat?post=4926"},{"taxonomy":"product_tag","embeddable":true,"href":"https:\/\/uj.adatbank.ro\/lexikon\/wp-json\/wp\/v2\/product_tag?post=4926"}],"curies":[{"name":"wp","href":"https:\/\/api.w.org\/{rel}","templated":true}]}}