{"id":4979,"date":"2025-06-28T16:59:20","date_gmt":"2025-06-28T14:59:20","guid":{"rendered":"https:\/\/uj.adatbank.ro\/lexikon\/termek\/bodolla-samuel-%c2%a7-zagoni-zagoni-bodola-samuel\/"},"modified":"2025-06-28T16:59:20","modified_gmt":"2025-06-28T14:59:20","slug":"bodolla-samuel-%c2%a7-zagoni-zagoni-bodola-samuel","status":"publish","type":"product","link":"https:\/\/uj.adatbank.ro\/lexikon\/termek\/bodolla-samuel-%c2%a7-zagoni-zagoni-bodola-samuel\/","title":{"rendered":"BODOLLA S\u00e1muel, \u00a7 z\u00e1goni; Z\u00e1goni Bodola S\u00e1muel"},"content":{"rendered":"<p>Sz\u00e9kelyudvarhely, 1790. dec. 10., \u2020 Kv., 1866. \u00e1pr. 22., s\u00edrja a mv.-i Ref. temet\u0151 S\u00edrk\u0151m\u00fazeum\u00e1ban: ref. p\u00fcsp\u00f6k, tan\u00e1r. \u2013 Apja kor\u00e1n meghalt, nagyb\u00e1tyja, B. J\u00e1nos enyedi teol. tan\u00e1r, majd p\u00fcsp\u00f6k mag\u00e1hoz vette (1803). Megn\u0151s\u00fclt (Mv., 1821). Feles\u00e9ge: magyardell\u0151i Antal Zsuzs\u00e1nna, Antal J\u00e1nos p\u00fcsp\u00f6k le\u00e1nya (1803.? \u2013 Mv., 1889. j\u00fan. 22.). Gyermekeik: J\u00e1nos t\u00e1blab\u00edr\u00f3 (1829\u20131884), feles\u00e9ge G\u00e1thy Ter\u00e9z; D\u00e9nes mv.-i seg\u00e9dtan\u00e1r, fej\u00e9rdi pap, feles\u00e9ge Szak\u00e1cs Ida; \u00c1gnes; M\u00e1ria Kaczi\u00e1ni N\u00e1ndorn\u00e9; Johanna Garda J\u00f3zsefn\u00e9. \u2013 A sz\u00e9kelyudvarhelyi Ref. Koll.-ban, Enyeden b\u00f6lcseletet, jogot \u00e9s teol\u00f3gi\u00e1t tanult \u00e9s vizsg\u00e1zott, majd a g\u00f6ttingeni egy.-re ment (1814\u201315). Hazat\u00e9rve Kv.-on \u00f6zv. br. D\u00e1niel Istv\u00e1nn\u00e9 \u00e9s gr. Mikes Anna \u00e9s gr. Toldalagi L\u00e1szl\u00f3n\u00e9 udvari lelk\u00e9sze (1816). H\u00e9derf\u00e1j\u00e1n lelk\u00e9sznek v\u00e1lasztott\u00e1k (1816\u201318), amit a d\u00e9vai zsinaton \u00fcnnep\u00e9lyesen meger\u0151s\u00edtettek (1817). Papi \u00e9s sz\u00f3noki tehets\u00e9ge k\u00f6vetkezt\u00e9ben P\u00e9terfi K\u00e1roly hely\u00e9re a mv.-i V\u00e1rtemplomba h\u00edvt\u00e1k (1818\u201322), \u00e9s a Ref. Koll. filoz\u00f3fia tan\u00e1r\u00e1v\u00e1 v\u00e1lasztott\u00e1k (1918\u201322). Ezut\u00e1n a sz\u00e9kelyudvarhelyi Ref. Koll. teol\u00f3gia tan\u00e1ra lett (1822\u20131833); Mv.-i Ref. Koll. tan\u00e1ra (1833\u201341), rektora (1835\u20131838). A nagybaconi zsinat ref. egyh\u00e1z f\u0151jegyz\u0151j\u00e9v\u00e9 v\u00e1lasztotta de egy\u00fattal tan\u00e1ri hivat\u00e1s\u00e1t is folytatta (1836\u2013). Nagyenyeden teol\u00f3giai tan\u00e1r (1841\u20131848). A forradalom Nagyenyeden tal\u00e1lta, r\u00e9szt vett az agyagfalvi sz\u00e9kely n\u00e9pgy\u0171l\u00e9sen, majd 17 tan\u00e1rt\u00e1rs\u00e1val Kv.-ra menek\u00fclt. Mv.-en tan\u00e1r \u00fajra (1850\u201354). Kv.- on az akkor megnyilt teol\u00f3giai szemin\u00e1rium tan\u00e1ri \u00e1ll\u00e1s\u00e1t foglalta el majd, igazgat\u00f3 (1854\u201362). Antal J\u00e1nos k\u00edv\u00e1ns\u00e1g\u00e1ra helyettes p\u00fcsp\u00f6ki c\u00edmmel \u00e1tvette a p\u00fcsp\u00f6ki teend\u0151ket (1852. febr. \u2013 1861. m\u00e1j. 22.), amikor kir. adom\u00e1nylev\u00e9llel v\u00e9glegesen meger\u0151s\u00edtett\u00e9k p\u00fcsp\u00f6ki sz\u00e9k\u00e9ben, egyszersmind kir. tan\u00e1csosi c\u00edmet kapott (1861). 50 \u00e9ves lelk\u00e9szi szolg\u00e1lat\u00e1nak meg\u00fcnnepl\u00e9s\u00e9re k\u00e9sz\u00fclt az egyh\u00e1z, amikor r\u00f6vid szenved\u00e9s ut\u00e1n meghalt Kv.-on. Hal\u00e1la napj\u00e1n holttest\u00e9t Mv.-re sz\u00e1ll\u00edtott\u00e1k, a gy\u00e1szszertart\u00e1st a v\u00e1rtemplomban tartott\u00e1k: Sz\u00e1sz Domokos, P\u00e9terfi J\u00f3zsef esperes, a s\u00edrn\u00e1l Kov\u00e1ts \u00c1ron b\u00facs\u00faztatta. Eml\u00e9k\u00e9re a marosmegyei traktus eml\u00e9k\u00fcnnep\u00e9lyt tartott (1866. szept. 9.) a v\u00e1rtemplomban, k\u00e9s\u0151bb egyh\u00e1zker\u00fclete k\u00f6zadakoz\u00e1sb\u00f3l (3 m. 34. cm. magas) obeliszket csin\u00e1ltatott hamvai f\u00f6l\u00e9, amelyet f\u00e9nyes k\u00fcls\u0151s\u00e9gek k\u00f6z\u00f6tt lepleztek le (1869. j\u00fan. 27). A k\u00fck\u00fcll\u0151i domesticus historicusok k\u00f6z\u00e9 tartozott, aki folytatta a K\u00f3nya Ferenc \u00e9s Fogarasi S\u00e1muel \u00f6ssze\u00edr\u00e1s\u00e1t, a lelkip\u00e1sztorok szem\u00e9lyi adatait tartalmaz\u00f3 adatt\u00e1rat. Folytatta Bod P\u00e9ter Smyrnai szent Polycarpus c. m\u0171v\u00e9t, meg\u00edrta Z\u00e1goni Aranka Gy\u00f6rgy, De\u00e9zsi L\u00e1z\u00e1r Gy\u00f6rgy, Csern\u00e1torni Vajda P\u00e9ter p\u00fcsp\u00f6k\u00f6k \u00e9letrajz\u00e1t, megjelent Az erd\u00e9lyi Reformata Anyaszentegyh\u00e1z \u00c9vk\u00f6nyve 1860-ban. Egy teljes papnevelde fel\u00e1ll\u00edt\u00e1s\u00e1n f\u00e1radozott, valamint az eg\u00e9sz tan\u00fcgy korszer\u0171 megreform\u00e1l\u00e1s\u00e1n, amelyben akad\u00e1lyokat legy\u0151zve vir\u00e1gz\u00f3 algimn.-ot Sepsiszentgy\u00f6rgy\u00f6n (1859), n\u00e9gy\u00e9ves jogi tanfolyamot Mv.-en (1864), teol\u00f3giai szemin\u00e1riumot Nagyenyeden (1862) \u00e1ll\u00edtottatott fel. Tanulm\u00e1nyai az Erd\u00e9lyi H\u00edrad\u00f3ban \u00e9s az erd. ref. egyh\u00e1z \u00c9vk\u00f6nyv\u00e9ben jelentek meg. \u2013 <strong>F. m.:<\/strong> Gr\u00f3f Teleki S\u00e1muel felett or\u00e1ci\u00f3, 1822. nov. 17. (Kv, 1825); Kik az igazi kereszty\u00e9nek (Brass\u00f3, 1831); Kat\u00e9khismus, vagy is k\u00e9rd\u00e9sek \u00e9s feleletekbe foglalt tan\u00edt\u00e1s, a kereszt\u00e9ny vall\u00e1s f\u0151bb hitczikkelyeir\u0151l a helv\u00e9tziai vall\u00e1st\u00e9telt k\u00f6vet\u0151k \u00e9rtelme szerint (Kv., 1832; Mv., 1840, 1843; H. n., 1861); A j\u00f3 ember: Halotti besz\u00e9d az 1832. elhunyt Ugron J\u00e1nos f\u0151gondnok felett, 1832. dec. 6. (Mv., 1833); Kereszty\u00e9n anya szent. egyh\u00e1z n\u00e9gy oszlopai (Nagyenyed, 1845); Az \u00e9l\u0151 egyh\u00e1z \u00e9s annak ismertet\u0151 jegyeir\u0151l (Kv., 1856); Ima: Zsinatnyit\u00f3 \u00e9s papszentel\u0151 besz\u00e9dek (Kv., 1864). <br \/><strong>Irod.:<\/strong> Bart\u00f3k Gy\u00f6rgy: B. S. erd\u00e9lyi ref. p\u00fcsp\u00f6k = Nagy papok \u00e9letrajza (Bp., 1877); Guly\u00e1s; Gy\u00e1szjelent\u0151; Halotti besz\u00e9dek; Id\u0151t\u00e1r 1; Id\u0151t\u00e1r 2; Kiss-K\u00e1lm\u00e1n-Bierbrunner; Koncz; Kozma; Kr\u00f3n. F\u00fcz. (1939. 4\/4); Nagy L\u00e1szl\u00f3: Tanulm\u00e1nyok a Cs\u00e1v\u00e1si Ref. Egyh\u00e1zk\u00f6zs\u00e9g t\u00f6rt\u00e9net\u00e9b\u0151l (Cs\u00e1v\u00e1s, 1995); P\u00e1lmay J\u00f3zsef; Par\u00e1di; Pokoly; RMIL; Rugonfalvi Kiss; Szinnyei; Szinnyey J.; \u00daM\u00c9L; V\u00e1rtemplomi lelk\u00e9szek n\u00e9vsora, 1571\u20132000 (\u00daj Kezdet, 2. sz., 2000)<\/br><\/p>\n","protected":false},"excerpt":{"rendered":"<p>Sz\u00e9kelyudvarhely, 1790. dec. 10., \u2020 Kv., 1866. \u00e1pr. 22., s\u00edrja a mv.-i Ref. temet\u0151 S\u00edrk\u0151m\u00fazeum\u00e1ban: ref. p\u00fcsp\u00f6k, tan\u00e1r. \u2013 Apja kor\u00e1n meghalt, nagyb\u00e1tyja, B. J\u00e1nos enyedi teol. tan\u00e1r, majd p\u00fcsp\u00f6k mag\u00e1hoz vette (1803). Megn\u0151s\u00fclt (Mv., 1821). Feles\u00e9ge: magyardell\u0151i Antal Zsuzs\u00e1nna, Antal J\u00e1nos p\u00fcsp\u00f6k le\u00e1nya (1803.? \u2013 Mv., 1889. j\u00fan. 22.). Gyermekeik: J\u00e1nos t\u00e1blab\u00edr\u00f3 (1829\u20131884), feles\u00e9ge [&hellip;]<\/p>\n","protected":false},"featured_media":0,"comment_status":"open","ping_status":"closed","template":"","meta":[],"product_brand":[],"product_cat":[137],"product_tag":[],"class_list":{"0":"post-4979","1":"product","2":"type-product","3":"status-publish","5":"product_cat-maros-megyei-eletrajzi-lexikon","7":"first","8":"instock","9":"shipping-taxable","10":"product-type-simple"},"_links":{"self":[{"href":"https:\/\/uj.adatbank.ro\/lexikon\/wp-json\/wp\/v2\/product\/4979","targetHints":{"allow":["GET"]}}],"collection":[{"href":"https:\/\/uj.adatbank.ro\/lexikon\/wp-json\/wp\/v2\/product"}],"about":[{"href":"https:\/\/uj.adatbank.ro\/lexikon\/wp-json\/wp\/v2\/types\/product"}],"replies":[{"embeddable":true,"href":"https:\/\/uj.adatbank.ro\/lexikon\/wp-json\/wp\/v2\/comments?post=4979"}],"wp:attachment":[{"href":"https:\/\/uj.adatbank.ro\/lexikon\/wp-json\/wp\/v2\/media?parent=4979"}],"wp:term":[{"taxonomy":"product_brand","embeddable":true,"href":"https:\/\/uj.adatbank.ro\/lexikon\/wp-json\/wp\/v2\/product_brand?post=4979"},{"taxonomy":"product_cat","embeddable":true,"href":"https:\/\/uj.adatbank.ro\/lexikon\/wp-json\/wp\/v2\/product_cat?post=4979"},{"taxonomy":"product_tag","embeddable":true,"href":"https:\/\/uj.adatbank.ro\/lexikon\/wp-json\/wp\/v2\/product_tag?post=4979"}],"curies":[{"name":"wp","href":"https:\/\/api.w.org\/{rel}","templated":true}]}}