{"id":4990,"date":"2025-06-28T16:59:41","date_gmt":"2025-06-28T14:59:41","guid":{"rendered":"https:\/\/uj.adatbank.ro\/lexikon\/termek\/bodoni-miklos-s-%c2%a7-staibl-miklos-steubel-miki\/"},"modified":"2025-06-28T16:59:41","modified_gmt":"2025-06-28T14:59:41","slug":"bodoni-miklos-s-%c2%a7-staibl-miklos-steubel-miki","status":"publish","type":"product","link":"https:\/\/uj.adatbank.ro\/lexikon\/termek\/bodoni-miklos-s-%c2%a7-staibl-miklos-steubel-miki\/","title":{"rendered":"BODONI Mikl\u00f3s S., \u00a7 Staibl Mikl\u00f3s, Steubel Miki"},"content":{"rendered":"<p>Mv., 1905. m\u00e1j. 11., \u2020 Riva (Olaszo.), 1931.: k\u00f6lt\u0151. \u2013 Mv.-en tanult a fels\u0151kereskedelmi iskol\u00e1ban. Bankhivatalnok volt a Wajtsuk- bankban Kv.-on. Megh\u00e1zasodott, t\u00fcd\u0151baj\u00e1t el\u0151bb Sv\u00e1jcban, Davosban, majd Olaban, Arc\u00f3ban \u00e9s Riv\u00e1ban kezeltette, ahol v\u00e9gleg le is telepedett (1927\u2013). Az indul\u00f3 erd\u00e9lyi m. irodalom egyik k\u00f6lt\u0151i ig\u00e9rete volt, l\u00edr\u00e1j\u00e1t zeneis\u00e9g, artisztikum jellemzite, Kass\u00e1k Lajost vallja mester\u00e9nek, de k\u00f6ltem\u00e9nyeire m\u00e9gis ink\u00e1bb \u00c1prily hat\u00e1sa jellemz\u0151. Els\u0151 k\u00f6tete: H\u00fasz\u00e9ves arcom R\u00e9v\u00e9sz Ern\u0151 kiad\u00e1s\u00e1ban Mv.-en jelent meg, Heine, Morgenstern \u00e9s Kokoschka t\u00f6bb vers\u00e9nek ig\u00e9nyes ford\u00edt\u00e1s\u00e1t is tartalmazza. K\u00f6z\u00f6lt verseket az Ellenz\u00e9k, P\u00e1sztort\u0171z \u00e9s a mv.-i T\u00fczek, A Ma c. lapokban. K\u00f6lt\u0151i munk\u00e1inak egy r\u00e9sze kiadatlan. \u2013 <strong>F. m.:<\/strong> H\u00fasz \u00e9ves arcom (Mv., 1925); Hal\u00e1lt\u00e1nc. (\u00a0?). <br \/><strong>Irod.:<\/strong> Elm\u00falt jelen; Guly\u00e1s; Gy\u00f6rgy 1927; Molter 1, 2., 3.; RMIL; Sz\u00e9pr\u00e9ti Lilla: A k\u00f6lt\u0151 bent \u00fcl a szob\u00e1ban&#8230; (V. Z., 1971. jan. 31.)<\/br><\/p>\n","protected":false},"excerpt":{"rendered":"<p>Mv., 1905. m\u00e1j. 11., \u2020 Riva (Olaszo.), 1931.: k\u00f6lt\u0151. \u2013 Mv.-en tanult a fels\u0151kereskedelmi iskol\u00e1ban. Bankhivatalnok volt a Wajtsuk- bankban Kv.-on. Megh\u00e1zasodott, t\u00fcd\u0151baj\u00e1t el\u0151bb Sv\u00e1jcban, Davosban, majd Olaban, Arc\u00f3ban \u00e9s Riv\u00e1ban kezeltette, ahol v\u00e9gleg le is telepedett (1927\u2013). Az indul\u00f3 erd\u00e9lyi m. irodalom egyik k\u00f6lt\u0151i ig\u00e9rete volt, l\u00edr\u00e1j\u00e1t zeneis\u00e9g, artisztikum jellemzite, Kass\u00e1k Lajost vallja mester\u00e9nek, [&hellip;]<\/p>\n","protected":false},"featured_media":0,"comment_status":"open","ping_status":"closed","template":"","meta":[],"product_brand":[],"product_cat":[137],"product_tag":[],"class_list":{"0":"post-4990","1":"product","2":"type-product","3":"status-publish","5":"product_cat-maros-megyei-eletrajzi-lexikon","7":"first","8":"instock","9":"shipping-taxable","10":"product-type-simple"},"_links":{"self":[{"href":"https:\/\/uj.adatbank.ro\/lexikon\/wp-json\/wp\/v2\/product\/4990","targetHints":{"allow":["GET"]}}],"collection":[{"href":"https:\/\/uj.adatbank.ro\/lexikon\/wp-json\/wp\/v2\/product"}],"about":[{"href":"https:\/\/uj.adatbank.ro\/lexikon\/wp-json\/wp\/v2\/types\/product"}],"replies":[{"embeddable":true,"href":"https:\/\/uj.adatbank.ro\/lexikon\/wp-json\/wp\/v2\/comments?post=4990"}],"wp:attachment":[{"href":"https:\/\/uj.adatbank.ro\/lexikon\/wp-json\/wp\/v2\/media?parent=4990"}],"wp:term":[{"taxonomy":"product_brand","embeddable":true,"href":"https:\/\/uj.adatbank.ro\/lexikon\/wp-json\/wp\/v2\/product_brand?post=4990"},{"taxonomy":"product_cat","embeddable":true,"href":"https:\/\/uj.adatbank.ro\/lexikon\/wp-json\/wp\/v2\/product_cat?post=4990"},{"taxonomy":"product_tag","embeddable":true,"href":"https:\/\/uj.adatbank.ro\/lexikon\/wp-json\/wp\/v2\/product_tag?post=4990"}],"curies":[{"name":"wp","href":"https:\/\/api.w.org\/{rel}","templated":true}]}}