{"id":5003,"date":"2025-06-28T17:00:05","date_gmt":"2025-06-28T15:00:05","guid":{"rendered":"https:\/\/uj.adatbank.ro\/lexikon\/termek\/bodor-peter\/"},"modified":"2025-06-28T17:00:05","modified_gmt":"2025-06-28T15:00:05","slug":"bodor-peter","status":"publish","type":"product","link":"https:\/\/uj.adatbank.ro\/lexikon\/termek\/bodor-peter\/","title":{"rendered":"BODOR P\u00e9ter"},"content":{"rendered":"<p>Erd\u0151szentgy\u00f6rgy, 1788. j\u00fan. 22., \u2020 Kv., 1849. aug. 6. vagy 17 MNL: sz\u00e9kely ezermester, mechanikus, \u00e9p\u00edt\u00e9sz, orgona\u00e9p\u00edt\u0151, m\u0171szer\u00e9sz, kertm\u0171v\u00e9sz, fest\u0151. \u2013 Sz\u00fclet\u00e9s\u00e9t hom\u00e1ly fedi, sz\u00fclet\u00e9si \u00e9ve 1770\u20131788 k\u00f6z\u00e9 tehet\u0151. Felt\u00e9telezhet\u0151, hogy t\u00f6rv\u00e9nytelen gyermek, anyja Zilahi v. Koronka L\u00eddia, ref. pap le\u00e1nya, apja Bodor J\u00f3zsef s\u00e9r\u00fclt leg\u00e9ny. Csal\u00e1dot nem alap\u00edtott. \u2013 Tanulni L\u00e9cfalv\u00e1n kezdett, t\u00f6bb kutat\u00f3 szerint a mv.-i Ref. Koll.-ban tanult Zeyk J\u00e1nos birtokos seg\u00edts\u00e9g\u00e9vel, ahol kit\u0171nt rajzk\u00e9szs\u00e9g\u00e9vel, m\u0171szaki hajlamaival, de ezt dokumentumok nem bizony\u00edtj\u00e1k. Felt\u00e9telezhet\u0151, hogy iparosok mellett kitanulta az asztalos-, \u00f3r\u00e1s- \u00e9s lakatosmesters\u00e9get, m\u00e9g a puskam\u0171ves szakm\u00e1t is. Val\u00f3sz\u00edn\u0171 nem a b\u00e9csi Politechniumban tanult g\u00e9p\u00e9szetet, \u00e9p\u00edt\u00e9szetet (1806), \u00e9s tud\u00e1s\u00e1t nem t\u00f6k\u00e9letes\u00edtette Olaszo.-ban \u00e9s N\u00e9meto.-ban, ahogy egyes kutat\u00f3k \u00e1ll\u00edtj\u00e1k. Munk\u00e1j\u00e1hoz haszn\u00e1lhatott szakk\u00f6nyveket is, s\u0151t volt birtok\u00e1ban is, aminek egy p\u00e9ld\u00e1nya a MMK-ban tal\u00e1lhat\u00f3. Tehets\u00e9g\u00e9t m\u00e1r sz\u00fcl\u0151faluj\u00e1ban bizony\u00edtotta: \u00f3r\u00e1t k\u00e9sz\u00edtett, olt\u00e1rt faragott, m\u0171k\u00f6d\u0151 v\u00edzimalmot \u00e9p\u00edtett. Alkot\u00e1sai \u00e9s k\u00e9z\u00fcgyess\u00e9ge ismertt\u00e9 tett\u00e9k \u00e9s a nemesi, f\u0151\u00fari udvarokon gyakran dolgozott m\u0171szer\u00e9szk\u00e9nt: gr. Kem\u00e9ny Simon udvar\u00e1ban Aranyosgerenden (1805), Koronk\u00e1n gr. Toldalagi J\u00f3zsefn\u00e9l (1806), gr. Bethlen Lajos kerl\u00e9si kast\u00e9ly\u00e1ban (1815), a magyarfenesi J\u00f3sika-kast\u00e9lyban \u00e9s m\u00e1shol, ahol \u00f3r\u00e1s, m\u0171szer\u00e9sz, kert\u00e9sz \u00e9s parkrendez\u0151, v\u00edzimalmok-, hidak \u00e9p\u00edt\u0151je. Mv.-en tart\u00f3zkodott (1815 k. \u2013), a tan\u00e1cs felvette az ad\u00f3fizet\u0151k sor\u00e1ba (1816\u2013), a v\u00e1ros szabadrend\u0171 lak\u00f3ja (1818\u2013), volt h\u00e1za \u00e9s telke. P\u00e9nzhamis\u00edt\u00e1s v\u00e1dj\u00e1val letart\u00f3ztatt\u00e1k. Mv. egy v\u00edzt\u00e1rol\u00f3val egybek\u00f6t\u00f6tt piaci sz\u00f6k\u0151k\u00fat m\u0171k\u00f6d\u00f6tt (1800\u2013), jav\u00edt\u00e1sra szorult (1820). Mik\u00f6zben a v\u00e1ros fogd\u00e1j\u00e1ban raboskodott (1820\u2013), felk\u00e9rt\u00e9k a k\u00fat \u00e9s a Maros h\u00edd terv\u00e9nek elk\u00e9sz\u00edt\u00e9s\u00e9re. A f\u0151b\u00edr\u00f3, Peielle Vencel szerint \u201evalami music\u00e1lis instrumentum\u201d k\u00e9szit\u00e9s\u00e9t v\u00e1rt\u00e1k t\u0151le. Tervei alapj\u00e1n \u00e9s ir\u00e1ny\u00edt\u00e1s\u00e1val (1820\u201322) a k\u00fat tetej\u00e9t v\u00f6r\u00f6sr\u00e9zzel befedt\u00e9k, a tet\u0151 al\u00e1 helyezt\u00e9k az \u00f3ra-zeneg\u00e9pet \u00e9s a sz\u00f6k\u0151k\u00fat v\u00edz\u00e9vel m\u0171k\u00f6dtett\u00e9k. Szamos\u00fajv\u00e1ri b\u00f6rt\u00f6nbe sz\u00e1ll\u00edt\u00e1sa ut\u00e1n a k\u00fat karbantart\u00e1s\u00e1t Nagy J\u00f3zsef \u00f3r\u00e1sra b\u00edzt\u00e1k. A zen\u00e9l\u0151 szerkezetet vihar rong\u00e1lta meg (1836. dec. 8.). A k\u00fat val\u00f3sz\u00edn\u0171leg az orsz\u00e1g els\u0151 k\u00f6zt\u00e9ri v\u00edzzel hajtott \u00f3r\u00e1ja volt, lebontott\u00e1k (1911), pontos m\u00e1s\u00e1t a bp.-i Margitszigeten \u00e9p\u00edtett\u00e9k fel (1935\u201336). Megtervezte az \u00faj Maros h\u00eddat \u00e9s munk\u00e1latait vezette (1821), ami kiz\u00e1r\u00f3lag f\u00e1b\u00f3l, kev\u00e9s-vasszeggel k\u00e9sz\u00fclt, 17 \u00f6l hossz\u00fa (32 m\u00e9ter). Megval\u00f3s\u00edt\u00e1suk ut\u00e1n mind a k\u00e9t alkot\u00e1s, a k\u00fat \u00e9s a h\u00edd is nev\u00e9t viselte. Ezt a h\u00eddat a v\u00e1ros lak\u00f3ss\u00e1ga 50 \u00e9vig haszn\u00e1lta (1872-ig), amikor sz\u00fcks\u00e9gess\u00e9 v\u00e1lt az \u00faj h\u00edd \u00e9p\u00edt\u00e9se \u00e9s a foly\u00f3 szab\u00e1lyoz\u00e1sa, ezt m\u00e1r Burgh\u00e1rd m\u00e9rn\u00f6k tervezte. Vizsg\u00e1lati fogs\u00e1ga idej\u00e9n m\u00e9g a Szentgy\u00f6rgy u.-ban is \u00e9p\u00edtett sz\u00f6k\u0151k\u00fatat, k\u00fatak v\u00edzt\u00e1rol\u00f3it b\u0151v\u00edtette, fel\u00faj\u00edtotta, \u00e9p\u00edtett m\u00e9g malmokat, v\u00edzvezet\u00e9keket, mez\u0151gazdas\u00e1gi g\u00e9peket. A V\u00e1rtemplomhoz vezet\u0151 fagr\u00e1dicsot egyetlen vasszeg n\u00e9lk\u00fcl \u00e1csolta \u00f6ssze (1821). A V\u00e1rtemplom torny\u00e1ba vezet\u0151 l\u00e9pcs\u0151ket megtervezte, kivitelezte. A torony sisakj\u00e1nak fel\u00faj\u00edt\u00e1sa is ir\u00e1ny\u00edt\u00e1s\u00e1val k\u00e9sz\u00fclt el (1822). Mv.-i v\u00e1rosi tan\u00e1cs a F\u0151korm\u00e1nysz\u00e9khez beadv\u00e1nnyal fordult, hogy B. P. a v\u00e1rosban maradhasson az \u00edt\u00e9let let\u00f6lt\u00e9s\u00e9nek teljes id\u0151szak\u00e1ra, hogy tov\u00e1bb dolgozhasson a m\u0171szaki ismereteket ig\u00e9nyl\u0151 munk\u00e1kon, ami\u00e9rt nem ig\u00e9nyelt jutalmat \u00e9s a v\u00e1ros jav\u00e1ra szolg\u00e1lt. K\u00e9r\u00e9s\u00fck nem tal\u00e1lt meghallgat\u00e1sra \u00e9s \u00e1tsz\u00e1ll\u00edtott\u00e1k a szamos\u00fajv\u00e1ri b\u00f6rt\u00f6nbe (1823. m\u00e1j. 28). Szabadul\u00e1sa (1827). el\u0151tt megjav\u00edtotta a szamos\u00fajv\u00e1ri z\u00e1rdatemplom orgon\u00e1j\u00e1t B\u00f6rt\u00f6n\u00e9vei ut\u00e1n (1820. szept. 19. \u2013 1827. dec. 19.) vissza kellett t\u00e9rnie Mv.-re, ahol a v\u00e1ros fel\u00fcgyelete alatt \u00e1llt. Visszakapta a h\u00e1z\u00e1t \u00e9s egy r\u00e9sz\u00e9t a telk\u00e9nek, ami nem ker\u00fclt ad\u00f3s\u00e1gai fej\u00e9ben a hitelez\u0151k, Isekutz Bogd\u00e1n, volt \u00fcgyv\u00e9dje \u00f6zvegy\u00e9nek Szathm\u00e1ri J\u00f3zsefn\u00e9nek kez\u00e9re. Alkalmi munk\u00e1kb\u00f3l \u00e9lt: kutakat \u00e9p\u00edtett, orgon\u00e1kat. P\u00e9nzhi\u00e1nya miatt \u00fajra, ez alkalommal \u00f6tforintosokat hamis\u00edtott \u00e9s ism\u00e9t lebukott, Beszterc\u00e9n fogt\u00e1k el (1935 elej\u00e9n), majd a mv.-i v\u00e1rban \u0151rizte a cs\u00e1sz\u00e1ri katonas\u00e1g, nagyon rossz k\u00f6r\u00fclm\u00e9nyek k\u00f6z\u00f6tt. P\u00e9terfi P\u00e1l dr. javaslat\u00e1ra enyh\u00edtettek helyzet\u00e9n. 10 \u00e9v fogs\u00e1gra \u00edt\u00e9lt\u00e9k, amit ism\u00e9t a szamos\u00fajv\u00e1ri b\u00f6rt\u00f6nben t\u00f6lt\u00f6tt (1836. j\u00fan. 30. \u2013 1845. jan. 27). Visszat\u00e9rte ut\u00e1n alkalmi munk\u00e1kb\u00f3l \u00e9s orona\u00e9p\u00edt\u00e9sb\u0151l \u00e9lt. H\u00e1rom orgon\u00e1ja ismert, mindh\u00e1rom Maros megy\u00e9ben tal\u00e1lhat\u00f3: a v\u00e1mosg\u00e1lfalvi m\u00e1r kor\u00e1bban k\u00e9sz\u00fclt (1830), a kib\u00e9di ref. templomban faorgon\u00e1ja van (1847 h\u00fasv\u00e9tra k\u00e9sz\u00fclt el), amely eredeti form\u00e1j\u00e1ban megmaradt (jav\u00edtott\u00e1k 1911, 1931; gy\u0171jt\u00e9st rendeztek az orgona fel\u00faj\u00edt\u00e1s\u00e1ra, 2012- ben) \u00e9s a mez\u0151bodoni m\u0171eml\u00e9k ref. templomban tal\u00e1lhat\u00f3 a harmadik (1847), m\u00e9g Szab\u00e9don is \u00e9p\u00edtett egyet, amit t\u0171zv\u00e9sz puszt\u00edtott el (1873. \u00e1pr.). Gyutacsokat gy\u00e1rtott, azokat Kv.-ra vitte (1849). Utols\u00f3 munk\u00e1j\u00e1t, a l\u00e1ncos goly\u00f3kkal m\u0171k\u00f6d\u0151 sokcs\u00f6v\u0171 orgona\u00e1gy\u00fat a szabads\u00e1gharcban haszn\u00e1lt\u00e1k. Kv.-on sz\u00edvrohamban halt meg, K\u0151v\u00e1ri L\u00e1szl\u00f3 szerint 1849. aug. 6., hal\u00e1l\u00e1r\u00f3l \u00e9s temet\u00e9s\u00e9r\u0151l feljegyz\u00e9st nem tal\u00e1ltak a kutat\u00f3k. Erd\u0151szentgy\u00f6rgy\u00f6n a k\u00f6zm\u0171vel\u0151d\u00e9si egyes\u00fclet viseli a nev\u00e9t (1992\u2013). <br \/><strong>Irod.:<\/strong> Adamovits S\u00e1ndor: \u201eA legend\u00e1s h\u00edr\u0171 bark\u00e1cs ember\u201d (N\u00fa., 1999. aug. 5.); Bak\u00f3 Zolt\u00e1n: B. P. orgon\u00e1ja (1979. j\u00fan. 10.); Benk\u0151 K.: Mv.; Bern\u00e1th; Bi\u00e1s Istv\u00e1n: A mv.-i zen\u00e9l\u0151 k\u00fat mestere (Mv., 1900); Bir\u00f3; B. P. \u00e9s a kib\u00e9di orgona = Kib\u00e9d; Bota, Sorina; B\u00f6l\u00f6ni Domokos: M. ember is k\u00e9pes r\u00e1 s m\u00e1s nemzet is tanulhat t\u0151le (N\u00fa., 2004. dec. 8.); Csepreghy 2010; Cs\u00edky Csaba; D\u00e1vid; Encyc. Hung.; Er\u0151s v\u00e1runk; Er\u0151ss A.: \u00d6t\u00f3rai tea (Mv., 1994); Fodor S\u00e1ndor: Amit a mv.-i V\u00e1rtemplom torny\u00e1r\u00f3l tudnunk kell (N\u00fa., 1998. jan. 27.); Fodor S\u00e1ndor: Mv. iv\u00f3v\u00edzeir\u0151l (N\u00fa, 2000. m\u00e1rc., 11.); G\u00e1sp\u00e1r Botond: B. P. (V\u00e1s\u00e1rhelyi H\u00edrlap, 2008. jan. 16.); Gell\u00e9rt S\u00e1ndor: B. P. k\u00fatja (Buk., 1955); Gergelyffy G\u00e1bor: B. P. sz\u00e9kely ezermester (Bp., 1941); Guly\u00e1s K\u00e1roly: A v\u00e1s\u00e1rhelyi zen\u00e9l\u0151k\u00fat = Mv. \u00e9s V\u00e1rtemploma; Id\u0151t\u00e1r 2; Keresztes Gyula: Az eln\u00e9mult zen\u00e9l\u0151 k\u00fat (N\u00fa., 1996. nov. 30.); Keresztes Gyula: Ittam a B.-k\u00fat viz\u00e9b\u0151l! (N\u00fa., 1997. okt. 11.); Keszeg; Kr\u00f3n F\u00fcz.; Kusz\u00e1lik\u2013Zal\u00e1nyi; K\u00fck\u00fcll\u0151i Ref. Egyh\u00e1zm. 4.; Laud\u00e1ci\u00f3 a Bodor P\u00e9ter M\u0171vel\u0151d\u00e9si Egyes\u00fclet Ex-Libris d\u00edj\u00e1hoz = Sz\u00e9kely F.; Maros megyei m. t\u00f6rt. 5;. Megyei kis lexikon \/ Rajz Bal\u00e1zs Imre, Sz\u00f6veg Izs\u00e1k Istv\u00e1n: B. P. (V. Z., 1968. m\u00e1j. 19.); Mv.-i lexikon (Mv., 1912); MNL; Moln\u00e1r G\u00e1bor: A r\u00e9gi Mv. (Marosv\u00e1s\u00e1rhely, 1911. nov. 1.); Nagy Tibor: B. P. k\u00fatja (N\u00fa., 1990. nov. 9.); Nagy Zsolt: M\u0171kert\u00e9szek, kert\u00e9sz-v\u00e1llalkoz\u00f3k a 19\u201320. sz\u00e1zadi Mv.-en = Maros megyei t\u00f6rt.; Ol\u00e1h-G\u00e1l R. (N\u00fa, 2008. j\u00fan. 19.); Ol\u00e1h-G\u00e1l R.: B. P. mv.-i h\u00e1z\u00e1r\u00f3l (N\u00fa., Sz\u00ednes vil\u00e1g, 2014. j\u00fan. 6.); Orb\u00e1n J\u00e1nos: A \u201eszerencs\u00e9tlen m\u0171v\u00e9sz\u201d: N\u00e9h\u00e1ny szempont Bodor P\u00e9ter munk\u00e1ss\u00e1g\u00e1nak \u00e9rt\u00e9kel\u00e9s\u00e9hez (Korunk, 1. sz., 2015); \u00d6kr\u00f6s; P\u00e1l-Antal 2009; P\u00e1l-Antal: B. P. (1778?\u20131849) = P\u00e1l-Antal\u2013Simon 2011; P\u00e1l-Antal S\u00e1ndor: Bodor\u00e9 volt-e a Bodor h\u00edd? (N\u00fa., Sz\u00ednes Vil\u00e1g, 2014. jan. 25.); P\u00e1l-Antal S\u00e1ndor: B. P., az orgonak\u00e9sz\u00edt\u0151 m\u0171v\u00e9sz (N\u00fa., Sz\u00ednes Vil\u00e1g, 2015. m\u00e1j. 8.; 2015. m\u00e1j. 15.); P\u00e1l-Antal S\u00e1ndor: B. P., a v\u00e1rosi geometra (N\u00fa., Sz\u00ednes Vil\u00e1g, 2015. m\u00e1j. 22.); P\u00e1l-Antal S\u00e1ndor: B. P., \u00e9s a bank\u00f3hamis\u00edt\u00e1s (N\u00fa., Sz\u00ednes Vil\u00e1g, 2015. j\u00fan. 5.); P\u00e1l-Antal S\u00e1ndor: B. P., a v\u00e1rosi fogh\u00e1z lak\u00f3ja (N\u00fa., Sz\u00ednes Vil\u00e1g, 2015. j\u00fan. 12.); P\u00e1l-Antal S\u00e1ndor: B. P. a kiuttalans\u00e1gban (N\u00fa., Sz\u00ednes Vil\u00e1g, 2015. j\u00fal. 3.; 2015. j\u00fal. 10.); B. P. Mv.-en (N\u00fa., Sz\u00ednes Vil\u00e1g, 2015. aug. 7.; aug. 14.; Pesty 2014; P\u00e9tery L\u00e1szl\u00f3: B. P. orgon\u00e1ja (Kib\u00e9d, 1984); Rugonfalvi Kiss; Sebesty\u00e9n Mih\u00e1ly: k\u00e9peslapok \u00fczenete (N\u00fa. \u00c9vk., 1993); Szab\u00f3\u2013Sz\u00f6gi; Sepsisz\u00e9ki; S\u00fct\u0151 A.: Ugat\u00f3 mad\u00e1r (Bp., 1995); Sz\u00e9kely Lajos: Lebontott\u00e1k a Bodor-kutat (Marosv\u00e1s\u00e1rhely, 1911. nov. 15.); Szentgy\u00f6rgyi L\u00e1szl\u00f3: B. P. \u00e9s a kib\u00e9di orgona (Erd\u00e9lyi Napl\u00f3, 2003. febr. 25.); Sz\u0151cs Istv\u00e1n: Rovarcsapda (reg.; Kv., 1969); \u00daIL; \u00daM\u00c9L; Vajda P\u00e1l R.: M. feltal\u00e1l\u00f3k (Bp., 1943)<\/br><\/p>\n","protected":false},"excerpt":{"rendered":"<p>Erd\u0151szentgy\u00f6rgy, 1788. j\u00fan. 22., \u2020 Kv., 1849. aug. 6. vagy 17 MNL: sz\u00e9kely ezermester, mechanikus, \u00e9p\u00edt\u00e9sz, orgona\u00e9p\u00edt\u0151, m\u0171szer\u00e9sz, kertm\u0171v\u00e9sz, fest\u0151. \u2013 Sz\u00fclet\u00e9s\u00e9t hom\u00e1ly fedi, sz\u00fclet\u00e9si \u00e9ve 1770\u20131788 k\u00f6z\u00e9 tehet\u0151. Felt\u00e9telezhet\u0151, hogy t\u00f6rv\u00e9nytelen gyermek, anyja Zilahi v. Koronka L\u00eddia, ref. pap le\u00e1nya, apja Bodor J\u00f3zsef s\u00e9r\u00fclt leg\u00e9ny. Csal\u00e1dot nem alap\u00edtott. \u2013 Tanulni L\u00e9cfalv\u00e1n kezdett, t\u00f6bb kutat\u00f3 [&hellip;]<\/p>\n","protected":false},"featured_media":0,"comment_status":"open","ping_status":"closed","template":"","meta":[],"product_brand":[],"product_cat":[137],"product_tag":[],"class_list":{"0":"post-5003","1":"product","2":"type-product","3":"status-publish","5":"product_cat-maros-megyei-eletrajzi-lexikon","7":"first","8":"instock","9":"shipping-taxable","10":"product-type-simple"},"_links":{"self":[{"href":"https:\/\/uj.adatbank.ro\/lexikon\/wp-json\/wp\/v2\/product\/5003","targetHints":{"allow":["GET"]}}],"collection":[{"href":"https:\/\/uj.adatbank.ro\/lexikon\/wp-json\/wp\/v2\/product"}],"about":[{"href":"https:\/\/uj.adatbank.ro\/lexikon\/wp-json\/wp\/v2\/types\/product"}],"replies":[{"embeddable":true,"href":"https:\/\/uj.adatbank.ro\/lexikon\/wp-json\/wp\/v2\/comments?post=5003"}],"wp:attachment":[{"href":"https:\/\/uj.adatbank.ro\/lexikon\/wp-json\/wp\/v2\/media?parent=5003"}],"wp:term":[{"taxonomy":"product_brand","embeddable":true,"href":"https:\/\/uj.adatbank.ro\/lexikon\/wp-json\/wp\/v2\/product_brand?post=5003"},{"taxonomy":"product_cat","embeddable":true,"href":"https:\/\/uj.adatbank.ro\/lexikon\/wp-json\/wp\/v2\/product_cat?post=5003"},{"taxonomy":"product_tag","embeddable":true,"href":"https:\/\/uj.adatbank.ro\/lexikon\/wp-json\/wp\/v2\/product_tag?post=5003"}],"curies":[{"name":"wp","href":"https:\/\/api.w.org\/{rel}","templated":true}]}}