{"id":5026,"date":"2025-06-28T17:00:48","date_gmt":"2025-06-28T15:00:48","guid":{"rendered":"https:\/\/uj.adatbank.ro\/lexikon\/termek\/boer-karoly-boer-carol\/"},"modified":"2025-06-28T17:00:48","modified_gmt":"2025-06-28T15:00:48","slug":"boer-karoly-boer-carol","status":"publish","type":"product","link":"https:\/\/uj.adatbank.ro\/lexikon\/termek\/boer-karoly-boer-carol\/","title":{"rendered":"BO\u00c9R K\u00e1roly, Bo\u00e9r Carol"},"content":{"rendered":"<p>Sz\u00e9kelyk\u00f6vesd, 1928. dec. 12., \u2020 Somly\u00f3\u00fajlak, 2005. dec. 1.: biol\u00f3gus. \u2013 B. K\u00e1roly ref. lelk\u00e9sz (\u2020 1942) \u00e9s \u0150sz Ir\u00e9n fia. Feles\u00e9ge (1955\u2013) Dancs Kl\u00e1ra pszihol\u00f3gus. Fi\u00fak B. K\u00e1roly (1956\u2013) r\u00e1di\u00f3szerkeszt\u0151. \u2013 A k\u00f6z\u00e9piskol\u00e1t Sz\u00e9kelyudvarhelyen a Ref. Koll.-ban kezdte, sikeresen felv\u00e9telizett a M. Kir. G\u00f6rgey Art\u00far Honv\u00e9d M\u0171szaki Hadapr\u00f3d iskol\u00e1ba (1944 nyar\u00e1n), Esztergomban \u00e9s Mosonmagyar\u00f3v\u00e1ron tanultak (1944. dec. v\u00e9g\u00e9ig), majd Berlin k\u00f6zel\u00e9ben, egy katonai t\u00e1borban \u00e9ltek, menek\u00fcltek t\u00f6bb v\u00e1roson \u00e1t (Cheb, Drezda) Pr\u00e1ga fel\u00e9, mik\u00f6zben a tisztikar elhagyta \u0151ket. Strakonyice v\u00e1ros\u00e1ban a cseh Nemzeti G\u00e1rda (1945. m\u00e1j. 9.), ill. egy amerikai egys\u00e9g szovjet katonai alakulatnak adta \u00e1t \u0151ket (1945. m\u00e1j. 19.). Hadifogolyk\u00e9nt \u00e9rkeztek (1945. j\u00fal. 16) Gorlovka melletti fogolyt\u00e1borba, b\u00e1ny\u00e1kban dolgoztatt\u00e1k (1947. j\u00fal. 16.-ig). Sz\u00e9kelyudvarhelyen \u00e9retts\u00e9gizett mag\u00e1n\u00faton (1949. szept. 1.). Sz\u00e9kelyudvarhelyen labor\u00e1ns-technikusi k\u00e9pes\u00edt\u00e9st szerzett (1947. nov. \u2013 1950. okt.). A kv.-i Bolyai TE Term\u00e9szettudom\u00e1nyi kar\u00e1n pedag\u00f3gusi szakk\u00e9pes\u00edt\u00e9st nyert (1954). Kutat\u00f3 a mv.-i K\u00f6zeg\u00e9szs\u00e9g\u00fcgyi Int\u00e9zetben (1954. nov. 1. \u2013 1959. dec. 31.), folytatta a biol\u00f3gusk\u00e9nt a Tartom\u00e1nyi Szanepidn\u00e9l (1960. jan. 1. \u2013 1969. nov. 1.), majd a Klinikai K\u00f3rh\u00e1z Mikrobiol\u00f3giai laborat\u00f3rium\u00e1ban vezet\u0151 biol\u00f3gus nyugd\u00edjaz\u00e1s\u00e1ig (1969. nov. 1. \u2013 1989. febr. 1.). A kv.-i BBTE-en k\u00e9sz\u00fclt doktor\u00e1lni, de vezet\u0151je P\u00e9terffy Istv\u00e1n akad. prof. elhal\u00e1loz\u00e1sa miatt ez elmaradt. 60 tudom\u00e1nyos k\u00f6zlem\u00e9ny \u00f6ssze\u00e1ll\u00edt\u00e1s\u00e1ban vett r\u00e9szt, 17 dolgozat\u00e1t publik\u00e1lt\u00e1k els\u0151 szerz\u0151k\u00e9nt a szaklapok, 36 dolgozatban t\u00e1rssz. R\u00e1k megel\u0151z\u00e9se t\u00e9m\u00e1j\u00fa nemzetk\u00f6zi \u00e9rtekezleten szerepelt dolgozatuk Relognaban (Olaszo., 1973) \u00e9s New Yorkban (1976), Bige Imre dr.-ral k\u00e9sz\u00edtett tanulm\u00e1nyukat Buk.-ben (1975) mutatt\u00e1k be. <br \/><strong>Irod.:<\/strong> csal\u00e1di inf.; Genersich<\/br><\/p>\n","protected":false},"excerpt":{"rendered":"<p>Sz\u00e9kelyk\u00f6vesd, 1928. dec. 12., \u2020 Somly\u00f3\u00fajlak, 2005. dec. 1.: biol\u00f3gus. \u2013 B. K\u00e1roly ref. lelk\u00e9sz (\u2020 1942) \u00e9s \u0150sz Ir\u00e9n fia. Feles\u00e9ge (1955\u2013) Dancs Kl\u00e1ra pszihol\u00f3gus. Fi\u00fak B. K\u00e1roly (1956\u2013) r\u00e1di\u00f3szerkeszt\u0151. \u2013 A k\u00f6z\u00e9piskol\u00e1t Sz\u00e9kelyudvarhelyen a Ref. Koll.-ban kezdte, sikeresen felv\u00e9telizett a M. Kir. G\u00f6rgey Art\u00far Honv\u00e9d M\u0171szaki Hadapr\u00f3d iskol\u00e1ba (1944 nyar\u00e1n), Esztergomban \u00e9s Mosonmagyar\u00f3v\u00e1ron [&hellip;]<\/p>\n","protected":false},"featured_media":0,"comment_status":"open","ping_status":"closed","template":"","meta":[],"product_brand":[],"product_cat":[137],"product_tag":[],"class_list":{"0":"post-5026","1":"product","2":"type-product","3":"status-publish","5":"product_cat-maros-megyei-eletrajzi-lexikon","7":"first","8":"instock","9":"shipping-taxable","10":"product-type-simple"},"_links":{"self":[{"href":"https:\/\/uj.adatbank.ro\/lexikon\/wp-json\/wp\/v2\/product\/5026","targetHints":{"allow":["GET"]}}],"collection":[{"href":"https:\/\/uj.adatbank.ro\/lexikon\/wp-json\/wp\/v2\/product"}],"about":[{"href":"https:\/\/uj.adatbank.ro\/lexikon\/wp-json\/wp\/v2\/types\/product"}],"replies":[{"embeddable":true,"href":"https:\/\/uj.adatbank.ro\/lexikon\/wp-json\/wp\/v2\/comments?post=5026"}],"wp:attachment":[{"href":"https:\/\/uj.adatbank.ro\/lexikon\/wp-json\/wp\/v2\/media?parent=5026"}],"wp:term":[{"taxonomy":"product_brand","embeddable":true,"href":"https:\/\/uj.adatbank.ro\/lexikon\/wp-json\/wp\/v2\/product_brand?post=5026"},{"taxonomy":"product_cat","embeddable":true,"href":"https:\/\/uj.adatbank.ro\/lexikon\/wp-json\/wp\/v2\/product_cat?post=5026"},{"taxonomy":"product_tag","embeddable":true,"href":"https:\/\/uj.adatbank.ro\/lexikon\/wp-json\/wp\/v2\/product_tag?post=5026"}],"curies":[{"name":"wp","href":"https:\/\/api.w.org\/{rel}","templated":true}]}}