{"id":5088,"date":"2025-06-28T17:02:43","date_gmt":"2025-06-28T15:02:43","guid":{"rendered":"https:\/\/uj.adatbank.ro\/lexikon\/termek\/boila-romul-%c2%a7\/"},"modified":"2025-06-28T17:02:43","modified_gmt":"2025-06-28T15:02:43","slug":"boila-romul-%c2%a7","status":"publish","type":"product","link":"https:\/\/uj.adatbank.ro\/lexikon\/termek\/boila-romul-%c2%a7\/","title":{"rendered":"BOIL\u0102 Romul, \u00a7"},"content":{"rendered":"<p>Dics\u0151szentm\u00e1rton, 1881. okt. 8., \u2020 Kv., 1946. m\u00e1rc. 14. a H\u00e1zsong\u00e1rdi temet\u0151ben nyugszik: \u00fcgyv\u00e9d, egyetemi tan\u00e1r, publicista. \u2013 A kv-i Ferenc J\u00f3zsef TE-en szerzett jogi \u00e9s \u00e1llamtudom\u00e1nyi doktor\u00e1tust (1903), Berlinben b\u00fcntet\u00fajogi \u00e9s k\u00f6zgazdas\u00e1gi tanfolyamot v\u00e9gzett, politikatudom\u00e1nyi doktor\u00e1tust tett (1903. dec. 22.). Dics\u0151szentm\u00e1rtonban nyitott \u00fcgyv\u00e9di irod\u00e1t (1906\u2013), az ASTRA eln\u00f6ke (1910\u201314). Az I. vh. el\u0151tt volt a legeredm\u00e9nyesebb id\u0151szak az ASTRA-ban kifejtett tev\u00e9kenys\u00e9ge sor\u00e1n: analfab\u00e9ta tanfolyamokat szerveztek, mez\u0151gazdas\u00e1gi oktat\u00e1st \u00e9s ki\u00e1ll\u00edt\u00e1sokat, etnogr\u00e1fiai \u00e9s tud.-os el\u0151ad\u00e1sokat tartottak \u00e9s Erd\u00e9ly ter\u00fclet\u00e9n t\u00f6bb mint 36 falusi k\u00f6nyvt\u00e1rat l\u00e9tes\u00edtettek. L\u00e9trehozta a Rom\u00e2nul t\u00e2rn\u0103vean c. \u00fajs\u00e1got, amely fontos szerepet t\u00f6lt\u00f6tt be a vid\u00e9k rom\u00e1ns\u00e1g\u00e1nak \u00e9let\u00e9ben (1910\u201314). Maros megye k\u00fcld\u00f6tte a gyulafeh\u00e9rv\u00e1ri nagygy\u0171l\u00e9sen, a megv\u00e1lsztott Erd\u00e9lyi Korm\u00e1nyz\u00f3tan\u00e1cs (1918. dec. 2.) \/ Consiliul Dirigent din Ardeal tagja (1918\u201320), a T\u00e1vk\u00f6zl\u00e9si \u00e9s \u00c9lelmez\u00e9si Oszt. f\u0151n\u00f6ke, a kommunik\u00e1ci\u00f3s miniszteri rangot t\u00f6lt\u00f6tte be. A jog- \u00e9s politikatudom\u00e1nyok doktora. A kv-i egyetem alkotm\u00e1nyjogi kar\u00e1nak rendes professzora (1919. okt. 1-.), a jogi kar d\u00e9k\u00e1nja (1923\u201324, 1929\u201330, 1932\u201335), prod\u00e9k\u00e1n (1924\u201325, 1928\u201329, 1930\u201331), az egyetem Szen\u00e1tus\u00e1nak tagja. A Nemzeti Parasztp\u00e1rt meghat\u00e1roz\u00f3 egy\u00e9nis\u00e9ge \u00e9s a Maniu korm\u00e1nyz\u00e1sa idej\u00e9n a T\u00f6rv\u00e9nyrevidi\u00e1l\u00f3 Tan\u00e1cs tagja. Kisk\u00fck\u00fcll\u0151megye k\u00e9pvisel\u0151je, hat v\u00e1laszt\u00e1s alkalm\u00e1val v\u00e1lasztott\u00e1k parlamenti k\u00e9pvisel\u0151nek v. szen\u00e1tornak. Rom\u00e1nia Szen\u00e1tus\u00e1nak aleln\u00f6ke is volt (1928\u201329). \u00c9l\u00e9nk \u00e9s harcos publicista, vez\u00e9rcikkei t\u0151bbnyire a NPP kv.-i org\u00e1num\u00e1ban a Patria-ban l\u00e1ttak napvil\u00e1got. Hallgat\u00f3i sz\u00e1m\u00e1ra tank\u00f6nyvet \u00edrt. <strong>Kit\u00fcntet\u00e9sei:<\/strong> A Steaua Rom\u00e2niei Rend tiszti fokozata, a I. Ferdinand Rend Comandor fokozata, a R\u0103splata Muncii pentru \u00cenv\u0103\u0163\u0103m\u00e2nt \u00e9rem. Dics\u0151szentm\u00e1rtonban utc\u00e1t is neveztek el r\u00f3la (1991). \u2013 <strong>F. m.:<\/strong> Dreptul de aleg\u0103tor (Blaj, 1905); Dreptul de aleg\u0103tor comunal (\u015eimleul Silvaniei, 1909); Dreptul constitu\u0163ional rom\u00e2n (Cluj, 1920); Adaus la lucrarea \u201eDreptul contitu\u0163ional rom\u00e2n\u201d (1921); Anteproect de constitu\u0163ie (1921); Dreptul constitu\u0163ional rom\u00e2n (1921); Democra\u0163ia (1921); Organiza\u0163ia de stat (1927); Studiu asupra reorganiz\u0103rii Statului Rom\u00e2n \u00centregit (1931); Memoriu (1934); Democra\u0163ia (s. a.); Statul (1939); <strong>t\u00e1rssz.:<\/strong> Codul administrativ adnotat (Buc., 1930). <br \/><strong>Irod.:<\/strong> Dics\u0151szentm\u00e1rton r\u00e9gi arca; Formade; Guly\u00e1s; H\u00e1zsong\u00e1rd; Id\u0151t\u00e1r 3; Osv\u00e1th; Predescu; Sigmirean; T\u00e2rn\u0103veni, cult.- ist.; Todea 2013; Transilvania<\/br><\/p>\n","protected":false},"excerpt":{"rendered":"<p>Dics\u0151szentm\u00e1rton, 1881. okt. 8., \u2020 Kv., 1946. m\u00e1rc. 14. a H\u00e1zsong\u00e1rdi temet\u0151ben nyugszik: \u00fcgyv\u00e9d, egyetemi tan\u00e1r, publicista. \u2013 A kv-i Ferenc J\u00f3zsef TE-en szerzett jogi \u00e9s \u00e1llamtudom\u00e1nyi doktor\u00e1tust (1903), Berlinben b\u00fcntet\u00fajogi \u00e9s k\u00f6zgazdas\u00e1gi tanfolyamot v\u00e9gzett, politikatudom\u00e1nyi doktor\u00e1tust tett (1903. dec. 22.). Dics\u0151szentm\u00e1rtonban nyitott \u00fcgyv\u00e9di irod\u00e1t (1906\u2013), az ASTRA eln\u00f6ke (1910\u201314). Az I. vh. el\u0151tt volt [&hellip;]<\/p>\n","protected":false},"featured_media":0,"comment_status":"open","ping_status":"closed","template":"","meta":[],"product_brand":[],"product_cat":[137],"product_tag":[],"class_list":{"0":"post-5088","1":"product","2":"type-product","3":"status-publish","5":"product_cat-maros-megyei-eletrajzi-lexikon","7":"first","8":"instock","9":"shipping-taxable","10":"product-type-simple"},"_links":{"self":[{"href":"https:\/\/uj.adatbank.ro\/lexikon\/wp-json\/wp\/v2\/product\/5088","targetHints":{"allow":["GET"]}}],"collection":[{"href":"https:\/\/uj.adatbank.ro\/lexikon\/wp-json\/wp\/v2\/product"}],"about":[{"href":"https:\/\/uj.adatbank.ro\/lexikon\/wp-json\/wp\/v2\/types\/product"}],"replies":[{"embeddable":true,"href":"https:\/\/uj.adatbank.ro\/lexikon\/wp-json\/wp\/v2\/comments?post=5088"}],"wp:attachment":[{"href":"https:\/\/uj.adatbank.ro\/lexikon\/wp-json\/wp\/v2\/media?parent=5088"}],"wp:term":[{"taxonomy":"product_brand","embeddable":true,"href":"https:\/\/uj.adatbank.ro\/lexikon\/wp-json\/wp\/v2\/product_brand?post=5088"},{"taxonomy":"product_cat","embeddable":true,"href":"https:\/\/uj.adatbank.ro\/lexikon\/wp-json\/wp\/v2\/product_cat?post=5088"},{"taxonomy":"product_tag","embeddable":true,"href":"https:\/\/uj.adatbank.ro\/lexikon\/wp-json\/wp\/v2\/product_tag?post=5088"}],"curies":[{"name":"wp","href":"https:\/\/api.w.org\/{rel}","templated":true}]}}