{"id":5092,"date":"2025-06-28T17:02:54","date_gmt":"2025-06-28T15:02:54","guid":{"rendered":"https:\/\/uj.adatbank.ro\/lexikon\/termek\/boiu-zaharie\/"},"modified":"2025-06-28T17:02:54","modified_gmt":"2025-06-28T15:02:54","slug":"boiu-zaharie","status":"publish","type":"product","link":"https:\/\/uj.adatbank.ro\/lexikon\/termek\/boiu-zaharie\/","title":{"rendered":"BOIU Zaharie"},"content":{"rendered":"<p>H\u00e9t\u00far, 1800. m\u00e1j. 8., \u2020 Segesv\u00e1r, 1888.: ortodox lelk\u00e9sz. \u2013 Kor\u00e1n \u00e1rv\u00e1n maradt, 17 \u00e9ves kor\u00e1ig \u015etefan B\u0103la\u015f lelk\u00e9sz nevelte. K\u00e9t \u00e9vig Szebenben pedag\u00f3giai tanfolyamot, azut\u00e1n teol\u00f3gi\u00e1t v\u00e9gzett. Segesv\u00e1ron volt tan\u00edt\u00f3, k\u00e1ntor \u00e9s diak\u00f3nus (1823\u201328 k.). Esperesi seg\u00e9dlelk\u00e9ssz\u00e9 szentelt\u00e9k a segesv\u00e1ri parohi\u00e1n (1828. okt. 2.), ahova kb. 50 ortodox rom\u00e1n \u00e9s cig\u00e1ny csal\u00e1d tartozott. Pl\u00e9b\u00e1nos lett (1833), Andrei \u015eaguna esperess\u00e9 szentelte (1848. dec. 4.). Sz\u00edv\u00fcgye volt a rom\u00e1n nyelv\u0171 oktat\u00e1s. A tanul\u00f3k l\u00e9tsz\u00e1m\u00e1nak n\u00f6veked\u00e9se miatt egy nagyobb \u00e9p\u00fcletet \u00e9s korszer\u0171 tank\u00f6nyveket v\u00e1s\u00e1rolt az iskola r\u00e9sz\u00e9re (1861). Kiv\u00edvta, h. az 1867\u201368-es tan\u00e9vt\u0151l kezd\u00f6d\u0151en a segesv\u00e1ri sz\u00e1sz gimn.-ban tan\u00edtani kezdt\u00e9k a rom\u00e1n nyelvet. \u2013 Irod: Astra Sighi\u015forean\u0103<\/br><\/p>\n","protected":false},"excerpt":{"rendered":"<p>H\u00e9t\u00far, 1800. m\u00e1j. 8., \u2020 Segesv\u00e1r, 1888.: ortodox lelk\u00e9sz. \u2013 Kor\u00e1n \u00e1rv\u00e1n maradt, 17 \u00e9ves kor\u00e1ig \u015etefan B\u0103la\u015f lelk\u00e9sz nevelte. K\u00e9t \u00e9vig Szebenben pedag\u00f3giai tanfolyamot, azut\u00e1n teol\u00f3gi\u00e1t v\u00e9gzett. Segesv\u00e1ron volt tan\u00edt\u00f3, k\u00e1ntor \u00e9s diak\u00f3nus (1823\u201328 k.). Esperesi seg\u00e9dlelk\u00e9ssz\u00e9 szentelt\u00e9k a segesv\u00e1ri parohi\u00e1n (1828. okt. 2.), ahova kb. 50 ortodox rom\u00e1n \u00e9s cig\u00e1ny csal\u00e1d tartozott. Pl\u00e9b\u00e1nos [&hellip;]<\/p>\n","protected":false},"featured_media":0,"comment_status":"open","ping_status":"closed","template":"","meta":[],"product_brand":[],"product_cat":[137],"product_tag":[],"class_list":{"0":"post-5092","1":"product","2":"type-product","3":"status-publish","5":"product_cat-maros-megyei-eletrajzi-lexikon","7":"first","8":"instock","9":"shipping-taxable","10":"product-type-simple"},"_links":{"self":[{"href":"https:\/\/uj.adatbank.ro\/lexikon\/wp-json\/wp\/v2\/product\/5092","targetHints":{"allow":["GET"]}}],"collection":[{"href":"https:\/\/uj.adatbank.ro\/lexikon\/wp-json\/wp\/v2\/product"}],"about":[{"href":"https:\/\/uj.adatbank.ro\/lexikon\/wp-json\/wp\/v2\/types\/product"}],"replies":[{"embeddable":true,"href":"https:\/\/uj.adatbank.ro\/lexikon\/wp-json\/wp\/v2\/comments?post=5092"}],"wp:attachment":[{"href":"https:\/\/uj.adatbank.ro\/lexikon\/wp-json\/wp\/v2\/media?parent=5092"}],"wp:term":[{"taxonomy":"product_brand","embeddable":true,"href":"https:\/\/uj.adatbank.ro\/lexikon\/wp-json\/wp\/v2\/product_brand?post=5092"},{"taxonomy":"product_cat","embeddable":true,"href":"https:\/\/uj.adatbank.ro\/lexikon\/wp-json\/wp\/v2\/product_cat?post=5092"},{"taxonomy":"product_tag","embeddable":true,"href":"https:\/\/uj.adatbank.ro\/lexikon\/wp-json\/wp\/v2\/product_tag?post=5092"}],"curies":[{"name":"wp","href":"https:\/\/api.w.org\/{rel}","templated":true}]}}