{"id":5116,"date":"2025-06-28T17:03:50","date_gmt":"2025-06-28T15:03:50","guid":{"rendered":"https:\/\/uj.adatbank.ro\/lexikon\/termek\/bolgar-laszlo\/"},"modified":"2025-06-28T17:03:50","modified_gmt":"2025-06-28T15:03:50","slug":"bolgar-laszlo","status":"publish","type":"product","link":"https:\/\/uj.adatbank.ro\/lexikon\/termek\/bolgar-laszlo\/","title":{"rendered":"BOLG\u00c1R L\u00e1szl\u00f3"},"content":{"rendered":"<p>? \u2020\u00a0? : marossz\u00e9ki f\u0151ember. \u2013 Torda vm.-i. Marosszentkir\u00e1ly hat\u00e1r\u00e1ban, T\u00f3th J\u00e1nos nemessel k\u00f6z\u00f6sen, a remet\u00e9knek p\u00e1los kolostort \u00e9p\u00edtettek (1350 k.). A p\u00e1los remet\u00e9knek adom\u00e1nyozott egy, a Maroszentkir\u00e1ly fel\u00e9 es\u0151 dombon alap\u00edtott, k\u0151templomot a hozz\u00e1tartoz\u00f3 sz\u00e1nf\u00f6ldekkel \u00e9s erd\u0151r\u00e9szekkel (1370). A marosszentkir\u00e1lyi kolostornak adom\u00e1nyozott egy udvarh\u00e1zat a k\u00f6r\u00f6seredei erd\u0151 egy r\u00e9sz\u00e9vel \u00e9s egy halast\u00f3val egy\u00fctt (1372\u2013). A n\u00e1zn\u00e1nfalvi \u00e9s kisfaludi sz\u00e9kelyek Maros sz\u00e9k t\u00f6rv\u00e9nysz\u00e9k\u00e9n mind az \u0151 idej\u00e9ben, mind kor\u00e1bban pert folytattak, az \u00f6sszes szentkir\u00e1lyi sz\u00e9kelyek javait \u00e9s \u00f6r\u00f6ks\u00e9geit szerett\u00e9k volna megkapni. Ving\u00e1rti Ger\u00e9b J\u00e1nos g\u00f6rg\u00e9nyi v\u00e1rnagy \u00e9s Hunyadi J\u00e1nos beszterczei gr. \u00e9s orsz\u00e1g f\u0151kapit\u00e1nya azt it\u00e9lte, hogy miut\u00e1n Bolg\u00e1r L\u00e1szl\u00f3 a kir\u00e1ly szolg\u00e1lat\u00e1ban Mo.-gon t\u00e1vol volt, anyja ezen \u00f6r\u00f6ks\u00e9geib\u0151l semmit el nem veszthetett, \u00e9s \u00edgy azokat Toroczkai Illy\u00e9snek, Erd\u00e9lyi Mikl\u00f3s nej\u00e9nek, \u00e9s Vizaknai Mikl\u00f3s gyermekeinek bitrok\u00e1ba hagyta. <br \/><strong>Irod.:<\/strong> Id\u0151t\u00e1r 1; K\u00e1d\u00e1r \u2013 P\u00e1l-Antal, SzOkl, 1<\/br><\/p>\n","protected":false},"excerpt":{"rendered":"<p>? \u2020\u00a0? : marossz\u00e9ki f\u0151ember. \u2013 Torda vm.-i. Marosszentkir\u00e1ly hat\u00e1r\u00e1ban, T\u00f3th J\u00e1nos nemessel k\u00f6z\u00f6sen, a remet\u00e9knek p\u00e1los kolostort \u00e9p\u00edtettek (1350 k.). A p\u00e1los remet\u00e9knek adom\u00e1nyozott egy, a Maroszentkir\u00e1ly fel\u00e9 es\u0151 dombon alap\u00edtott, k\u0151templomot a hozz\u00e1tartoz\u00f3 sz\u00e1nf\u00f6ldekkel \u00e9s erd\u0151r\u00e9szekkel (1370). A marosszentkir\u00e1lyi kolostornak adom\u00e1nyozott egy udvarh\u00e1zat a k\u00f6r\u00f6seredei erd\u0151 egy r\u00e9sz\u00e9vel \u00e9s egy halast\u00f3val egy\u00fctt (1372\u2013). [&hellip;]<\/p>\n","protected":false},"featured_media":0,"comment_status":"open","ping_status":"closed","template":"","meta":[],"product_brand":[],"product_cat":[137],"product_tag":[],"class_list":{"0":"post-5116","1":"product","2":"type-product","3":"status-publish","5":"product_cat-maros-megyei-eletrajzi-lexikon","7":"first","8":"instock","9":"shipping-taxable","10":"product-type-simple"},"_links":{"self":[{"href":"https:\/\/uj.adatbank.ro\/lexikon\/wp-json\/wp\/v2\/product\/5116","targetHints":{"allow":["GET"]}}],"collection":[{"href":"https:\/\/uj.adatbank.ro\/lexikon\/wp-json\/wp\/v2\/product"}],"about":[{"href":"https:\/\/uj.adatbank.ro\/lexikon\/wp-json\/wp\/v2\/types\/product"}],"replies":[{"embeddable":true,"href":"https:\/\/uj.adatbank.ro\/lexikon\/wp-json\/wp\/v2\/comments?post=5116"}],"wp:attachment":[{"href":"https:\/\/uj.adatbank.ro\/lexikon\/wp-json\/wp\/v2\/media?parent=5116"}],"wp:term":[{"taxonomy":"product_brand","embeddable":true,"href":"https:\/\/uj.adatbank.ro\/lexikon\/wp-json\/wp\/v2\/product_brand?post=5116"},{"taxonomy":"product_cat","embeddable":true,"href":"https:\/\/uj.adatbank.ro\/lexikon\/wp-json\/wp\/v2\/product_cat?post=5116"},{"taxonomy":"product_tag","embeddable":true,"href":"https:\/\/uj.adatbank.ro\/lexikon\/wp-json\/wp\/v2\/product_tag?post=5116"}],"curies":[{"name":"wp","href":"https:\/\/api.w.org\/{rel}","templated":true}]}}