{"id":5204,"date":"2025-06-28T17:07:00","date_gmt":"2025-06-28T15:07:00","guid":{"rendered":"https:\/\/uj.adatbank.ro\/lexikon\/termek\/borda-valentin-%c2%a7-maria-breaza-honorius-celestin-dr-victor-muresan-felician-pop\/"},"modified":"2025-06-28T17:07:00","modified_gmt":"2025-06-28T15:07:00","slug":"borda-valentin-%c2%a7-maria-breaza-honorius-celestin-dr-victor-muresan-felician-pop","status":"publish","type":"product","link":"https:\/\/uj.adatbank.ro\/lexikon\/termek\/borda-valentin-%c2%a7-maria-breaza-honorius-celestin-dr-victor-muresan-felician-pop\/","title":{"rendered":"BORDA Valentin, \u00a7 Maria Breaza, Honorius Celestin; Dr. Victor Mure\u015fan; Felician Pop"},"content":{"rendered":"<p>Fels\u0151b\u00f6lk\u00e9ny, 1936. szept. 26., \u2020 Buk., 2005. szept. 22.: \u00edr\u00f3, \u00fajs\u00e1g\u00edr\u00f3. \u2013 Elemi iskol\u00e1t a sz\u00fcl\u0151faluban, gimn.-ot R\u00e9genben (1950), az Al. Papiu Ilarian Lic.-ban Mv.-en (1950\u201352), 2-es sz. K\u00f6z\u00e9pisk.-ban Gyergy\u00f3szentmikl\u00f3son v\u00e9gezte. A Ia\u015fi-i Ion Cuza Egyetem rom\u00e1n-t\u00f6rt\u00e9nelem szak\u00e1n szerzett diplom\u00e1t (1960). Egyetem ut\u00e1ni \u00fajs\u00e1g\u00edr\u00f3i fakult\u00e1st a buk.-i \u015et. Gheorghiu Akad.-\u00e1n v\u00e9gzett (1974). Helyettes matematikatan\u00e1r G\u00f6rg\u00e9nykakucsban (1954\u201355), nevel\u0151; adminisztr\u00e9ci\u00f3s referens Marosh\u00e9v\u00edzen a Katonai Komisz\u00e1ri\u00e1tusn\u00e1l (1955\u201356). Rom\u00e1ntan\u00e1r a g\u00e2rbovi (Urziceni rajon) \u00c1lt. Isk.-ban (1960\u201361); lektor Buk.-ben a Minisztertan\u00e1cs mellett m\u0171k\u0151d\u0151 Sajt\u00f3hivatalban (1961\u201371); a Sport \u015fi Turism Kiad\u00f3 f\u0151szerkeszt\u0151je (1975\u201391), ahol kezdem\u00e9nyez\u0151je volt a Pe urmele lui. c. sorozatnak (1978\u2013), amelynek keret\u00e9ben turisztikai, irodalmt\u00f6rt\u00e9neti \u00e9s t\u00f6rt\u00e9nelmi t\u00e1rgy\u00fa k\u00f6nyveket jelentettek meg. Tagja volt a Rom\u00e1niai Turisztikai \u00dajs\u00e1g\u00edr\u00f3k Egyes\u00fclet\u00e9nek, amelyt\u0151l megkapta a Senior al profesiei diplom\u00e1t; tagja volt a Nemzetk\u00f6zi Turisztikai \u00cdr\u00f3k \u00e9s \u00dajs\u00e1g\u00edr\u00f3k Sz\u00f6vets\u00e9g\u00e9nek; alap\u00edt\u00f3 tagja a Dacoromania Akad.-nak; aleln\u00f6ke az Uniunea Vatra Rom\u00e2neasc\u0103-nak (1990\u2013); aleln\u00f6ke majd eln\u00f6ke az Uniunea Vatra Rom\u00e2neasc\u0103 buk.-i fi\u00f3kj\u00e1nak; f\u0151szerk.-je az Abeona Turisztikai \u00e9s M\u0171vel\u0151d\u00e9si K\u00f6nyvkiad\u00f3nak (1991\u201395); f\u0151szerk.-je a \u0162ara noastr\u0103 buk.-i Vatra Rom\u00e2neasc\u0103 k\u00f6nyvkiad\u00f3nak (1991\u2013); t\u00e1rsult igazgat\u00f3ja a mv-i Petru Maior K\u00f6nyvkiad\u00f3nak (1991\u2013); f\u0151szerk.-je a mv.-i Curierul de Transilvania id\u0151szakos kiadv\u00e1nynak (1991\u201392) \u00e9s a \u0162ara noastr\u0103 c. buk.-i foly\u00f3iratnak; szerk.-je a Na\u0163iunea c. hetilapnak (1994\u2013). Publicistak\u00e9nt a Ramuri c. foly\u00f3iratban jelentkezett (1956), els\u0151 k\u00f6ltem\u00e9nyei is ott jelentek meg (1966). Munkat\u00e1rsa volt: Luceaf\u0103rul, Amfiteatru, Vatra, Rom. Literar\u0103, Atheneu, Almanahul literar; Almanahul turistic, Tribuna, Sc\u00e2nteia tineretului, Diminea\u0163a, Adevarul, Na\u0163iunea, Curierul de Transilvania, Oglinda, Rom\u00e2nia Mare, Cuv\u00e2ntul liber, Gazeta Reghinului c. lapoknak. Kit\u00fcntet\u00e9se: Gura lumii (Mv., 1997) az eg\u00e9sz \u00e9letm\u0171v\u00e9\u00e9rt. \u2013 <strong>F. m.:<\/strong> Sub semnul anecdotei (Buc., 1973); C\u0103l\u0103torie prin vreme (Buc., 1979); Crochiuri (Craiova, 1983); Hronic pe glob (Buc., 1983); C\u0103l\u0103tori \u015fi exploratori rom\u00e2ni (Buc., 1985); Cel mai albastru (Buc., 1990); Pe urmele lui Mihail Tican Rumano (1992); Uniunea Na\u0163ional\u0103 Vatra Rom\u00e2neasc\u0103 (Buc., 1992); Vatra Rom\u00e2neasc\u0103 (Tg. M., 1995); Sub semnul anecdotei (Tg. M., 1995); \u015earpele casei (Tg. M., 1996); Secven\u0163e dintr-un univers: Zece ani \u00een Vatra Rom\u00e2neasc\u0103 (Tg. M., 2000); R\u0103stigniri: Cartea cu g\u00eenduri \u015fi simboluri (Buc., 2002\u00a0); <strong>t\u00e1rssz.:<\/strong> Ani de drume\u0163ie (Simon, Nicolae-val; Buc., 1976); Noul c\u00e2ntec al Prahovei (cu Matei St\u0103ncioiu; Buc., 1987); Color\u0103m, num\u0103r\u0103m, calcul\u0103m (cu Rdu Dan; Buc., 1994); Avram Iancu \u015fi prefec\u0163ii s\u0103i (cu Viorica Dutcam Traian Rus; Tg. M., 1997); \u00cendrumar \u00een activitatea organiza\u0163iilor sindicale din turism (cu Titus Ciolan; 1997); Patriarhul Miron Cristea: un nume pentru istorie (cu Ilie \u015eandru; Tg. M., 1998); Manageri la s\u00e2r\u015fit de mileniu (cu Mircea Borda; Tg. M., 1998); Alexandru Todea\u2013F\u00fcl\u00f6p\u2013Avram: Protopop, episcop, mitropolit, cardinal \u00een Biserica Rom\u00e2n\u0103 Unit\u0103 cu Roma Greco-Catolic\u0103 (Tg. M., 1999); <strong>szerk.:<\/strong> Teodoreanu, Al. O. Gastronomice (Buc., 1973); Netea, Vasile: O zi din istoria Transilvaniei: 1 Decembrie 1918 (Buc., 1990); Poeme \u015fi c\u00e2ntece de suflet: antologie (Buc., 1991); Tican Rumano, Mihai. Printre canibali (Buc., 1992); Netea, Vasile: Istoria Memorandului rom\u00e2nilor din Transilvania \u015fi Banat (Buc., 1993); Ciolan, Ioan N.: Transilvania prigonit\u0103 de unguri (Sf\u00e2ntu Gheorghe-Tg. M., 1996). <br \/><strong>Irod.:<\/strong> Cosma; C. L. (2003. j\u00fal. 5; 2005. m\u00e1rc. 23); Husar; Profiluri reghinene<\/br><\/p>\n","protected":false},"excerpt":{"rendered":"<p>Fels\u0151b\u00f6lk\u00e9ny, 1936. szept. 26., \u2020 Buk., 2005. szept. 22.: \u00edr\u00f3, \u00fajs\u00e1g\u00edr\u00f3. \u2013 Elemi iskol\u00e1t a sz\u00fcl\u0151faluban, gimn.-ot R\u00e9genben (1950), az Al. Papiu Ilarian Lic.-ban Mv.-en (1950\u201352), 2-es sz. K\u00f6z\u00e9pisk.-ban Gyergy\u00f3szentmikl\u00f3son v\u00e9gezte. A Ia\u015fi-i Ion Cuza Egyetem rom\u00e1n-t\u00f6rt\u00e9nelem szak\u00e1n szerzett diplom\u00e1t (1960). Egyetem ut\u00e1ni \u00fajs\u00e1g\u00edr\u00f3i fakult\u00e1st a buk.-i \u015et. Gheorghiu Akad.-\u00e1n v\u00e9gzett (1974). Helyettes matematikatan\u00e1r G\u00f6rg\u00e9nykakucsban [&hellip;]<\/p>\n","protected":false},"featured_media":0,"comment_status":"open","ping_status":"closed","template":"","meta":[],"product_brand":[],"product_cat":[137],"product_tag":[],"class_list":{"0":"post-5204","1":"product","2":"type-product","3":"status-publish","5":"product_cat-maros-megyei-eletrajzi-lexikon","7":"first","8":"instock","9":"shipping-taxable","10":"product-type-simple"},"_links":{"self":[{"href":"https:\/\/uj.adatbank.ro\/lexikon\/wp-json\/wp\/v2\/product\/5204","targetHints":{"allow":["GET"]}}],"collection":[{"href":"https:\/\/uj.adatbank.ro\/lexikon\/wp-json\/wp\/v2\/product"}],"about":[{"href":"https:\/\/uj.adatbank.ro\/lexikon\/wp-json\/wp\/v2\/types\/product"}],"replies":[{"embeddable":true,"href":"https:\/\/uj.adatbank.ro\/lexikon\/wp-json\/wp\/v2\/comments?post=5204"}],"wp:attachment":[{"href":"https:\/\/uj.adatbank.ro\/lexikon\/wp-json\/wp\/v2\/media?parent=5204"}],"wp:term":[{"taxonomy":"product_brand","embeddable":true,"href":"https:\/\/uj.adatbank.ro\/lexikon\/wp-json\/wp\/v2\/product_brand?post=5204"},{"taxonomy":"product_cat","embeddable":true,"href":"https:\/\/uj.adatbank.ro\/lexikon\/wp-json\/wp\/v2\/product_cat?post=5204"},{"taxonomy":"product_tag","embeddable":true,"href":"https:\/\/uj.adatbank.ro\/lexikon\/wp-json\/wp\/v2\/product_tag?post=5204"}],"curies":[{"name":"wp","href":"https:\/\/api.w.org\/{rel}","templated":true}]}}