{"id":5277,"date":"2025-06-28T17:09:43","date_gmt":"2025-06-28T15:09:43","guid":{"rendered":"https:\/\/uj.adatbank.ro\/lexikon\/termek\/borosnyai-lukacs-janos-lukacs-janos-borosnyai\/"},"modified":"2025-06-28T17:09:43","modified_gmt":"2025-06-28T15:09:43","slug":"borosnyai-lukacs-janos-lukacs-janos-borosnyai","status":"publish","type":"product","link":"https:\/\/uj.adatbank.ro\/lexikon\/termek\/borosnyai-lukacs-janos-lukacs-janos-borosnyai\/","title":{"rendered":"BOROSNYAI LUK\u00c1CS J\u00e1nos, Luk\u00e1cs J\u00e1nos, borosnyai"},"content":{"rendered":"<p>Feldoboly, 1694. nyara, \u2020 Mv., 1760. febr. 9. a Ref. temet\u0151 S\u00edrk\u0151m\u00fazeum\u00e1ban nyugszik: ref. p\u00fcsp\u00f6k, egyh\u00e1zi \u00edr\u00f3. \u2013 L. J\u00e1nos zsell\u00e9r fia. Feles\u00e9ge: Szigethi-Gyula M\u00e1ria. Gyermekeik: Simon, J\u00e1nos, Gy\u00f6rgy, M\u00e1ria, S\u00e1ra \u00e9s Anna. szem\u00e9ly\u00e9ben (1758. nov. 28) c\u00edmerlevelet kapott. Ut\u00f3bb felvette a Borosnyay nevet, \u00edgy \u0151 a csal\u00e1d megalap\u00edt\u00f3ja, \u2013 Tanult a nagyborosny\u00f3i iskol\u00e1ban (1707\u201311), innen vette fel a Borosnyai nevet; Nagyenyeden po\u00e9zist hallgatott (1711\u201313), Bethlen Mikl\u00f3s csal\u00e1dj\u00e1n\u00e1l gr. Bethlen Istv\u00e1n nevel\u0151je (1716\u2013), a nagyenyedi Koll.-ban a retorikai oszt\u00e1lyban k\u00f6ztan\u00edt\u00f3 (1719); Vizakn\u00e1n iskolamester (1720), majd N\u00e9meto.-ban az Odera Frankfurtban \u00e9s Hollandi\u00e1ban Leydenben folytatott tanulm\u00e1nyokat (1721\u201326). Marosv\u00e9csen Kem\u00e9ny Simonn\u00e9 udvari papja (1726); Nagyenyeden m\u00e1sod-, majd els\u0151 lelkip\u00e1sztor (1727\u2013); Sz\u00e9kelyudvarhelyen tan\u00e1r (1735\u201351), \u00e9p\u00edtkez\u00e9seivel \u00e1talak\u00edtotta az iskola\u00e9p\u00fcletet. Az erd\u00e9lyi ref. egyhazker\u00fclet p\u00fcsp\u00f6ki ut\u00f3dl\u00e1si joggal felruh\u00e1zott f\u0151jegyz\u0151je (1748\u2013), ref. p\u00fcsp\u00f6k (1749\u2013), legels\u0151 volt az uralkod\u00f3t\u00f3l oklev\u00e9llel meger\u0151s\u00edtett p\u00fcsp\u00f6k\u00f6k sor\u00e1ban. Mv.-en a teol\u00f3gia \u00e9s filoz\u00f3fia professzora (1751\u201360); egy\u00fattal a mv.-i V\u00e1rtemplom lelk\u00e9sze (1751\u201360). P\u00fcsp\u00f6ki tiszte mellett megtartotta a mv.-i paps\u00e1g\u00e1t is \u00e9s mint p\u00fcsp\u00f6k is itt sz\u00e9kelt; a marosi egyh\u00e1zmegye esperes\u00e9v\u00e9 is megv\u00e1lasztott\u00e1k (1758\u2013). P\u00fcs\u00adp\u00f6ks\u00e9ge idej\u00e9n t\u00f6rt\u00e9nt az orgon\u00e1k nagyobb m\u00e9rt\u00e9k\u0171 be\u00e9p\u00edt\u00e9se az erd\u00e9lyi ref. templomokba. \u00dcdv\u00f6zl\u0151versei \u00e9s gy\u00e1szbesz\u00e9dei ma\u00adradtak fenn. Latin verse P\u00e1pai-P\u00e1riz Ferenc tisztelet\u00e9re megjelent a Justissima adorea&#8230; c. k\u00f6nyvben (Claudiopoli, 1717). \u00dcdv\u00f6zl\u0151 verset \u00edrt V\u00e1s\u00e1rhelyi Baba Ferenchez (1722), megjelent Campegius Vitringa: Lelki \u00e9let (Frankfurt, 1722) c. m\u0171v\u00e9ben amelyet Baba Ferenc ford\u00edtott. Level\u00e9t, melyet Udvarhelyr\u0151l \u00edrt Cserei Mih\u00e1lyhoz (1747. m\u00e1rc) \u00e9s ennek v\u00e1lasz\u00e1t k\u00f6zli az Erd\u00e9lyi Protest\u00e1ns k\u00f6zl\u00f6ny (3. sz., 1873). Eml\u00e9kiratait 1888-ban fedezt\u00e9k fel \u00e9s Mez\u0151k\u00f6vesden \u00e9s az erd\u00e9lyi p\u00fcsp\u00f6ki lev\u00e9lt\u00e1rba helyezt\u00e9k el, megjelent a Protest\u00e1ns K\u00f6zl\u00f6nyben (1889). Halotti c\u00edmere a kv.-i Farkas utcai templomban van. \u2013 <strong>F. m.:<\/strong> De universo gratiae divinae negatio (Leiden, 1725); B\u0171n\u00f6n \u00e9p\u00fclt hal\u00e1l : Tholdi \u00c1d\u00e1m felett tartott pr\u00e9dik\u00e1czi\u00f3, 1751. nov. 14. (Kv., 1751); Hal\u00e1l \u00e9s minden kis\u00e9rtetek ellen val\u00f3 orvoss\u00e1g: Gy\u00e1szbesz\u00e9d L. B. Alvinczy G\u00e1bor eltemettet\u00e9se alkalmatoss\u00e1g\u00e1val (Nagyszeben, 1751); Istent\u0151l nyert j\u00f3 feles\u00e9gben: Teleki Kata felett tartott pr\u00e9dik\u00e1czi\u00f3, 1758. okt. 8. (Kv., 1758); <strong>szerk.:<\/strong> Canones ecclesiastici (Claudiopoli, 1752); <strong>ford.:<\/strong> Catechismusi h\u00e1zi kincs avagy a kereszt\u00e9nyi hit f\u0151\u00e1gazatainak&#8230; magyar\u00e1zatja Stehelin Krist\u00f3f ut\u00e1n (Kv., 1752). <br \/><strong>Irod.:<\/strong> Bod P\u00e9ter: Smirnai Szent Polikarpus (Nagyenyed, 1766); Cs\u00e1ky; Csekme; Entz\u2013Kov\u00e1cs; Fogarasi; Halotti besz\u00e9dek; Hor\u00e1nyi; Kempelen; Koncz; Kr\u00f3n. F\u00fcz. (1939. 4\/4); MCK; MAM\u0170L; M\u00c9L; MNL; Mv.-i ref. temet\u0151; <\/br><\/p>\n","protected":false},"excerpt":{"rendered":"<p>Feldoboly, 1694. nyara, \u2020 Mv., 1760. febr. 9. a Ref. temet\u0151 S\u00edrk\u0151m\u00fazeum\u00e1ban nyugszik: ref. p\u00fcsp\u00f6k, egyh\u00e1zi \u00edr\u00f3. \u2013 L. J\u00e1nos zsell\u00e9r fia. Feles\u00e9ge: Szigethi-Gyula M\u00e1ria. Gyermekeik: Simon, J\u00e1nos, Gy\u00f6rgy, M\u00e1ria, S\u00e1ra \u00e9s Anna. szem\u00e9ly\u00e9ben (1758. nov. 28) c\u00edmerlevelet kapott. Ut\u00f3bb felvette a Borosnyay nevet, \u00edgy \u0151 a csal\u00e1d megalap\u00edt\u00f3ja, \u2013 Tanult a nagyborosny\u00f3i iskol\u00e1ban (1707\u201311), [&hellip;]<\/p>\n","protected":false},"featured_media":0,"comment_status":"open","ping_status":"closed","template":"","meta":[],"product_brand":[],"product_cat":[137],"product_tag":[],"class_list":{"0":"post-5277","1":"product","2":"type-product","3":"status-publish","5":"product_cat-maros-megyei-eletrajzi-lexikon","7":"first","8":"instock","9":"shipping-taxable","10":"product-type-simple"},"_links":{"self":[{"href":"https:\/\/uj.adatbank.ro\/lexikon\/wp-json\/wp\/v2\/product\/5277","targetHints":{"allow":["GET"]}}],"collection":[{"href":"https:\/\/uj.adatbank.ro\/lexikon\/wp-json\/wp\/v2\/product"}],"about":[{"href":"https:\/\/uj.adatbank.ro\/lexikon\/wp-json\/wp\/v2\/types\/product"}],"replies":[{"embeddable":true,"href":"https:\/\/uj.adatbank.ro\/lexikon\/wp-json\/wp\/v2\/comments?post=5277"}],"wp:attachment":[{"href":"https:\/\/uj.adatbank.ro\/lexikon\/wp-json\/wp\/v2\/media?parent=5277"}],"wp:term":[{"taxonomy":"product_brand","embeddable":true,"href":"https:\/\/uj.adatbank.ro\/lexikon\/wp-json\/wp\/v2\/product_brand?post=5277"},{"taxonomy":"product_cat","embeddable":true,"href":"https:\/\/uj.adatbank.ro\/lexikon\/wp-json\/wp\/v2\/product_cat?post=5277"},{"taxonomy":"product_tag","embeddable":true,"href":"https:\/\/uj.adatbank.ro\/lexikon\/wp-json\/wp\/v2\/product_tag?post=5277"}],"curies":[{"name":"wp","href":"https:\/\/api.w.org\/{rel}","templated":true}]}}