{"id":5282,"date":"2025-06-28T17:09:53","date_gmt":"2025-06-28T15:09:53","guid":{"rendered":"https:\/\/uj.adatbank.ro\/lexikon\/termek\/borosnyai-lukacs-simeon\/"},"modified":"2025-06-28T17:09:53","modified_gmt":"2025-06-28T15:09:53","slug":"borosnyai-lukacs-simeon","status":"publish","type":"product","link":"https:\/\/uj.adatbank.ro\/lexikon\/termek\/borosnyai-lukacs-simeon\/","title":{"rendered":"BOROSNYAI LUK\u00c1CS Simeon"},"content":{"rendered":"<p>Mv., 1817. \u2020\u00a0Bonyha, 1875. jan., ref. lelk\u00e9sz. \u2013 B. L. J\u00e1nos professzor fia. \u2013 A mv.-i koll.-ban tanult, majd Bonyah\u00e1ra ker\u00fclt seg\u00e9dpapnak Bod S\u00e1muel mell\u00e9 (1842). Abban az \u00e9vben G\u00e1lfalv\u00e1n fel is szentelt\u00e9k. Bonyh\u00e1ra ker\u00fcl\u00e9s\u00e9t\u0151l szolg\u00e1lata v\u00e9g\u00e9ig (1875) rendesen vezette az anyak\u00f6nyvet. Papi szolg\u00e1lat\u00e1t azzal kezdte, hogy rendbe tette az \u00f6sszes egyh\u00e1zi \u00e9p\u00fcletet, illetve \u00fajat \u00e9p\u00edtett: csel\u00e9dh\u00e1z, s\u00fct\u0151h\u00e1z, ist\u00e1ll\u00f3, stb. A templomon is sok jav\u00edt\u00e1st v\u00e9geztettett: \u00faj harangl\u00e1bat \u00e9p\u00edtettek (1845), renov\u00e1lt\u00e1k a felj\u00e1rati sik\u00e1tort \u00e9s l\u00e9pcs\u0151ket (1847), \u00fajra zsindelyeztette a templom tet\u0151zet\u00e9t (1850). A forradalom kit\u00f6r\u00e9sekor \u00f6nk\u00e9ntesk\u00e9nt bevonult katon\u00e1nak.-<br \/><strong>Irod.:<\/strong> Bonyha \u00e9s egyh\u00e1za; Mez\u0151panit<\/br><\/p>\n","protected":false},"excerpt":{"rendered":"<p>Mv., 1817. \u2020\u00a0Bonyha, 1875. jan., ref. lelk\u00e9sz. \u2013 B. L. J\u00e1nos professzor fia. \u2013 A mv.-i koll.-ban tanult, majd Bonyah\u00e1ra ker\u00fclt seg\u00e9dpapnak Bod S\u00e1muel mell\u00e9 (1842). Abban az \u00e9vben G\u00e1lfalv\u00e1n fel is szentelt\u00e9k. Bonyh\u00e1ra ker\u00fcl\u00e9s\u00e9t\u0151l szolg\u00e1lata v\u00e9g\u00e9ig (1875) rendesen vezette az anyak\u00f6nyvet. Papi szolg\u00e1lat\u00e1t azzal kezdte, hogy rendbe tette az \u00f6sszes egyh\u00e1zi \u00e9p\u00fcletet, illetve \u00fajat [&hellip;]<\/p>\n","protected":false},"featured_media":0,"comment_status":"open","ping_status":"closed","template":"","meta":[],"product_brand":[],"product_cat":[137],"product_tag":[],"class_list":{"0":"post-5282","1":"product","2":"type-product","3":"status-publish","5":"product_cat-maros-megyei-eletrajzi-lexikon","7":"first","8":"instock","9":"shipping-taxable","10":"product-type-simple"},"_links":{"self":[{"href":"https:\/\/uj.adatbank.ro\/lexikon\/wp-json\/wp\/v2\/product\/5282","targetHints":{"allow":["GET"]}}],"collection":[{"href":"https:\/\/uj.adatbank.ro\/lexikon\/wp-json\/wp\/v2\/product"}],"about":[{"href":"https:\/\/uj.adatbank.ro\/lexikon\/wp-json\/wp\/v2\/types\/product"}],"replies":[{"embeddable":true,"href":"https:\/\/uj.adatbank.ro\/lexikon\/wp-json\/wp\/v2\/comments?post=5282"}],"wp:attachment":[{"href":"https:\/\/uj.adatbank.ro\/lexikon\/wp-json\/wp\/v2\/media?parent=5282"}],"wp:term":[{"taxonomy":"product_brand","embeddable":true,"href":"https:\/\/uj.adatbank.ro\/lexikon\/wp-json\/wp\/v2\/product_brand?post=5282"},{"taxonomy":"product_cat","embeddable":true,"href":"https:\/\/uj.adatbank.ro\/lexikon\/wp-json\/wp\/v2\/product_cat?post=5282"},{"taxonomy":"product_tag","embeddable":true,"href":"https:\/\/uj.adatbank.ro\/lexikon\/wp-json\/wp\/v2\/product_tag?post=5282"}],"curies":[{"name":"wp","href":"https:\/\/api.w.org\/{rel}","templated":true}]}}