{"id":5283,"date":"2025-06-28T17:09:58","date_gmt":"2025-06-28T15:09:58","guid":{"rendered":"https:\/\/uj.adatbank.ro\/lexikon\/termek\/borosnyai-lukacs-simon-simeon\/"},"modified":"2025-06-28T17:09:58","modified_gmt":"2025-06-28T15:09:58","slug":"borosnyai-lukacs-simon-simeon","status":"publish","type":"product","link":"https:\/\/uj.adatbank.ro\/lexikon\/termek\/borosnyai-lukacs-simon-simeon\/","title":{"rendered":"BOROSNYAI LUK\u00c1CS Simon \/ Simeon"},"content":{"rendered":"<p>Sz\u00e9kelyudvarhely, 1731. m\u00e1rc. 4., \u2020 Mv., 1802. \u00e1pr. 4.: ref. lelk\u00e9sz, egyh\u00e1zi \u00edr\u00f3. \u2013 B. L. J\u00e1nos p\u00fcsp\u00f6k fia; B. L. Gy\u00f6rgy testv\u00e9re. Fia: J\u00e1nos, tan\u00e1r. \u2013 Tanult Sz\u00e9kelyudvarhelyen, Mv.-en Kov\u00e1sznai S\u00e1ndor tan\u00edtv\u00e1nya volt (1751), innen k\u00fclf\u00f6ldre ment: Bernben (1760), majd Leyd\u00e1ban tanult. Bazelben k\u00e9pezte mag\u00e1t, ott tal\u00e1lkozott Teleki S\u00e1muellel, akivel tov\u00e1bb utazott Utrechtbe (1761). Hazat\u00e9r\u00e9se ut\u00e1n Mv. els\u0151 papjak\u00e9nt m\u0171k\u00f6d\u00f6tt (1762\u20131802). Nagy k\u00f6nyvbar\u00e1t volt, Teleki S\u00e1muel k\u00f6nyvt\u00e1r\u00e1t is gyarap\u00edtotta. Orsz\u00e1gra sz\u00f3l\u00f3 h\u00edres sz\u00f3nok, n\u00e9pszer\u0171 kedvelt pap volt, akit a kr\u00f3nika szerint II. J\u00f3zsefet cs\u00e1sz\u00e1r nagyon megkedvelt \u00e9s Szebenbe vitetett, hogy pr\u00e9dik\u00e1ci\u00f3j\u00e1t meghallgassa, ugyanis \u0151 volt az aki a kalapos kir\u00e1ly mv.-i l\u00e1togat\u00e1sakor (1773. j\u00fal 11.) a v\u00e1rosban kalauzolta \u00e9s mellette tolm\u00e1csk\u00e9nt m\u0171k\u00f6d\u00f6tt, mivel egyed\u00fcl csak \u0151 tudott a cs\u00e1sz\u00e1rral n\u00e9met\u00fcl besz\u00e9lni. Gener\u00e1lis notariuss\u00e1 v\u00e1lasztott\u00e1k (1774\u2013), de m\u00e1r a k\u00f6vetkez\u0151 \u00e9vben lemondott. Ism\u00e9t felk\u00e9rt\u00e9k e tiszt elv\u00e1llal\u00e1s\u00e1ra (1784), de teljes\u00edthetetlen felt\u00e9telekhez k\u00f6t\u00f6tte elfogad\u00e1s\u00e1t. Gy\u00e1szbesz\u00e9deket, pr\u00e9dik\u00e1ci\u00f3kat adott ki. Leford\u00edtotta Jacobus Wimpfeling Hal\u00e1lt\u00e1nc c. vers\u00e9t. Sz\u00e1mos k\u00f6nyvet v\u00e1s\u00e1rolt k\u00fclf\u00f6ldi tanulm\u00e1ny\u00fatja alkalm\u00e1val. A sz\u00e9kelyudvarhelyi ref. koll. k\u00f6nyvt\u00e1ra az \u0151 gy\u0171jtem\u00e9ny\u00e9vel gyarapodott. \u2013 <strong>F. m.:<\/strong> Halotti besz\u00e9d losonczi gr. B\u00e1nffy Kl\u00e1ra, bethleni gr. Bethlen \u00c1d\u00e1mn\u00e9 felett, 1767. aug. 16. (Kv., 1768); Hitnek vil\u00e1ggy\u0151z\u0151 nagy ereje: Rh\u00e9dei J\u00e1nos felett mondott pr\u00e9dik\u00e1ci\u00f3, 1768. j\u00fal. 10. (Kv., 1768); Temet\u00e9si pr\u00e9dik\u00e1ci\u00f3, melyben B\u00e1nfi Kl\u00e1ra csendes nyugalm\u00e1t le\u00edrta (Kv., 1768); Igaznak hal\u00e1la, melyet hadadi Wessel\u00e9nyi Ferencz \u00farnak eltemettet\u00e9se alkalmatoss\u00e1g\u00e1ra&#8230; csek\u00e9ly tan\u00edt\u00e1sban el\u0151adott 1770. aug. 5. (Kv., 1771); Temet\u00e9si pr\u00e9dik\u00e1czi\u00f3&#8230; czegei Vass Mikl\u00f3s eltemettet\u00e9s\u00e9nek alkalmatoss\u00e1g\u00e1val, 1769. dec. 10. (Kv., 1771); Temet\u00e9si pr\u00e9dik\u00e1czi\u00f3, melyet&#8230; n\u00e9hai id\u0151sb. B\u00e1r\u00f3 D\u00e1niel Istv\u00e1n tisztess\u00e9g\u00e9re k\u00e9sz\u00edtett \u00e9s elmondott 1774-ben (Kv., 1775); Temet\u00e9si pr\u00e9dik\u00e1czi\u00f3 gr\u00f3f Bethlen \u00c1d\u00e1m \u00farnak&#8230; mid\u0151n kopors\u00f3ja z\u00e1ratott&#8230; utols\u00f3 tisztess\u00e9get tett 1772. j\u00fal. 19. (Kv., 1776); Szent Mih\u00e1ly ord\u00f3ja melyet Rh\u00e9dei Mih\u00e1ly parancsolatj\u00e1ra&#8230; egy\u00fcgy\u0171 pr\u00e9dik\u00e1ci\u00f3ban el\u0151adott (Mv., 1777); L. B. Kem\u00e9ny Mikl\u00f3s dr\u00e1ga eml\u00e9kezet\u00e9t tisztelni \u00e9s \u00f6r\u00f6k\u00f6s\u00edteni igyekezte&#8230;, 1775. j\u00fal. 16. (Kv., 1778); J\u00f3 atya \u00e9s annak gyermeke u. m. gr. Teleki L\u00e1szl\u00f3 \u00e9s Teleki Eszter eltemettet\u00e9s\u00e9nek alkalm\u00e1val besz\u00e9lgetett, 1778. j\u00fan. 14. (Kv., 1779); A j\u00f3 feles\u00e9g k\u00e9pe, br. Losonczi B\u00e1nfi Kata gr. Toldalagi Ferencz hitest\u00e1rsa felett 1768-ban (Mv., 1783); Temet\u00e9si oszlop&#8230; B. L: Gy\u00f6rggyel (Mv., 1786). <br \/><strong>Irod.:<\/strong> Albiz\u00e1l\u00e1s; Fogarasi; Halotti besz\u00e9dek; Keresztes Gyula: A Borosnyai Luk\u00e1cs csal\u00e1d (N\u00fa., 1997. m\u00e1rc. 15.); Kov\u00e1sznai; Kr\u00f3n. F\u00fcz. (1939. 4\/8); MAM\u0170L; Rugonfalvi Kiss; Szab\u00f3\u2013Sz\u00f6gi; Szenczi Moln\u00e1r Albert napl\u00f3ja, levelez\u00e9se \u00e9s irom\u00e1nyai (Bp., 1898); Szinnyei; Zov\u00e1nyi<\/br><\/p>\n","protected":false},"excerpt":{"rendered":"<p>Sz\u00e9kelyudvarhely, 1731. m\u00e1rc. 4., \u2020 Mv., 1802. \u00e1pr. 4.: ref. lelk\u00e9sz, egyh\u00e1zi \u00edr\u00f3. \u2013 B. L. J\u00e1nos p\u00fcsp\u00f6k fia; B. L. Gy\u00f6rgy testv\u00e9re. Fia: J\u00e1nos, tan\u00e1r. \u2013 Tanult Sz\u00e9kelyudvarhelyen, Mv.-en Kov\u00e1sznai S\u00e1ndor tan\u00edtv\u00e1nya volt (1751), innen k\u00fclf\u00f6ldre ment: Bernben (1760), majd Leyd\u00e1ban tanult. Bazelben k\u00e9pezte mag\u00e1t, ott tal\u00e1lkozott Teleki S\u00e1muellel, akivel tov\u00e1bb utazott Utrechtbe (1761). [&hellip;]<\/p>\n","protected":false},"featured_media":0,"comment_status":"open","ping_status":"closed","template":"","meta":[],"product_brand":[],"product_cat":[137],"product_tag":[],"class_list":{"0":"post-5283","1":"product","2":"type-product","3":"status-publish","5":"product_cat-maros-megyei-eletrajzi-lexikon","7":"first","8":"instock","9":"shipping-taxable","10":"product-type-simple"},"_links":{"self":[{"href":"https:\/\/uj.adatbank.ro\/lexikon\/wp-json\/wp\/v2\/product\/5283","targetHints":{"allow":["GET"]}}],"collection":[{"href":"https:\/\/uj.adatbank.ro\/lexikon\/wp-json\/wp\/v2\/product"}],"about":[{"href":"https:\/\/uj.adatbank.ro\/lexikon\/wp-json\/wp\/v2\/types\/product"}],"replies":[{"embeddable":true,"href":"https:\/\/uj.adatbank.ro\/lexikon\/wp-json\/wp\/v2\/comments?post=5283"}],"wp:attachment":[{"href":"https:\/\/uj.adatbank.ro\/lexikon\/wp-json\/wp\/v2\/media?parent=5283"}],"wp:term":[{"taxonomy":"product_brand","embeddable":true,"href":"https:\/\/uj.adatbank.ro\/lexikon\/wp-json\/wp\/v2\/product_brand?post=5283"},{"taxonomy":"product_cat","embeddable":true,"href":"https:\/\/uj.adatbank.ro\/lexikon\/wp-json\/wp\/v2\/product_cat?post=5283"},{"taxonomy":"product_tag","embeddable":true,"href":"https:\/\/uj.adatbank.ro\/lexikon\/wp-json\/wp\/v2\/product_tag?post=5283"}],"curies":[{"name":"wp","href":"https:\/\/api.w.org\/{rel}","templated":true}]}}