{"id":5306,"date":"2025-06-28T17:10:47","date_gmt":"2025-06-28T15:10:47","guid":{"rendered":"https:\/\/uj.adatbank.ro\/lexikon\/termek\/borsos-tamas-%c2%a7-marosvasarhelyi\/"},"modified":"2025-06-28T17:10:47","modified_gmt":"2025-06-28T15:10:47","slug":"borsos-tamas-%c2%a7-marosvasarhelyi","status":"publish","type":"product","link":"https:\/\/uj.adatbank.ro\/lexikon\/termek\/borsos-tamas-%c2%a7-marosvasarhelyi\/","title":{"rendered":"BORSOS Tam\u00e1s, \u00a7 marosv\u00e1s\u00e1rhelyi"},"content":{"rendered":"<p>Sz\u00e9kelyv\u00e1s\u00e1rhely, ma Mv., 1566. j\u00fan. 14., \u2020 Mv., 1634. \u00e1pr. 18. A ref. temet\u0151ben a s\u00edrk\u0151m\u00fazeumban nyugszik: f\u0151b\u00edr\u00f3, fejedelmi tan\u00e1csos, diplomata, utaz\u00f3, portai k\u00f6vet, eml\u00e9k\u00edr\u00f3, sz\u0171csmester. \u2013 B. Sebesty\u00e9n \u00e9s Hosszu Krisztina (\u2020 Erd\u0151szentgy\u00f6rgy, 1602) fia. Feles\u00e9ge: 1. Husz\u00e1r Borb\u00e1la, kolozsv\u00e1ri (esk. 1585; \u2020 Radn\u00f3t, 1601), le\u00e1nyuk Erzs\u00e9bet Borb\u00e9ly Krist\u00f3fn\u00e9; m\u00e9g lett 5 gyermek\u00fck de meghaltak kis korukban; 2. \u00f6zv. \u00d6tves Mikl\u00f3sn\u00e9, Erzs\u00e9bet (1602 tavasz\u00e1n \u00darnapja el\u0151tt, Szent M\u00e1rton napj\u00e1n meghalt, nov 11.); 3. gernyeszegi \u00f6zv. Szab\u00f3 Istv\u00e1nn\u00e9, \u00f6zv. Iszlai Tam\u00e1sn\u00e9, Durk\u00f3 (esk. 1603; \u2020 1637.). Fi\u00fak: Istv\u00e1n (1604. okt. 22\u20131638); Anna Balog L\u00e1szl\u00f3n\u00e9 (1607. okt. \u2013), Judit Radn\u00f3tf\u00e1i Istv\u00e1nn\u00e9 (1610\u2013). V\u00e9grendelkezett (1629. j\u00fal. 26.).- Sz\u00fcl\u0151v\u00e1rosa Ref. Iskol\u00e1ja elv\u00e9gz\u00e9se ut\u00e1n (1576\u201386) kitanulta a sz\u0171cs mesters\u00e9get, amelyet folytatott. K\u00f3czi\u00e1ny szerint val\u00f3sz\u00edn\u0171bb, hogy kalm\u00e1r volt. M\u0171velts\u00e9ge a kor sz\u00ednvonal\u00e1n \u00e1llott, k\u00f6sz\u00f6nhet\u0151en jeles tan\u00e1rainak: G\u00f6csi M\u00e1t\u00e9, Lask\u00f3i Cs\u00f3k\u00e1s P\u00e9ter, Baranyai Decsi J\u00e1nos. Mv. \u2013i v\u00e1rosi esk\u00fcdt polg\u00e1r (1594\u2013). A szombatosokhoz val\u00f3 tartoz\u00e1sa miatt beb\u00f6rt\u00f6n\u00f6zt\u00e9k (1595\u2013), a v\u00e1ros p\u00e9nz\u00fcgyeinek int\u00e9z\u0151je (1595), v\u00e1rosi not\u00e1rius, jegyz\u0151 (1597\u2013), ogy.-i k\u00f6vet (1598.); megv\u00e1lasztott, majd \u00fajrav\u00e1lasztott f\u0151b\u00edr\u00f3 (1599\u20131607). A v\u00e1ros k\u00e9tszeri feld\u00fal\u00e1sa ut\u00e1n az el\u0151lj\u00e1r\u00f3s\u00e1ggal \u00fajj\u00e1szervezt\u00e9k az igazgat\u00e1st \u00e9s a t\u00f6rv\u00e9nykez\u00e9st (1603\u20131604). K\u00f6zigazgat\u00e1si jogszab\u00e1lyokat \u00edrt \u00f6ssze, alkotm\u00e1nyt adott a v\u00e1rosnak. Leges Sen Decreta Oppidi Szekeli Vasarhela (1604), ez sok\u00e1ig alapj\u00e1t k\u00e9pezte a v\u00e1rosvezet\u00e9snek. A v\u00e1ros vezet\u0151jek\u00e9nt v\u00e9dte a polg\u00e1rok \u00e9rdekeit, de behajtotta az ad\u00f3kat is. F\u0151b\u00edr\u00f3s\u00e1ga alatt a kezdem\u00e9nyez\u00e9s\u00e9re \u00e9p\u00edtett\u00e9k a Maroson \u00e1tvezet\u0151 h\u00eddat f\u00e1b\u00f3l (1599\u20131600). Sz\u00fcl\u0151v\u00e1rosa ogy. k\u00f6vete (1603, 1606), a d\u00e9si ogy.-en v\u00e1rosi k\u00f6vet (1603); fejedelmi t\u00e1blab\u00edr\u00f3 (1605\u2013); az erd\u00e9lyi t\u00f6rv\u00e9nyhoz\u00e1s tagja (1606), ebben a min\u0151s\u00e9g\u00e9ben Bocskai fejedelemhez Mv. h\u00f3dolat\u00e1nak viv\u0151je Kass\u00e1ra (1606). Kezdem\u00e9nyezte a v\u00e1r \u00e9p\u00edt\u00e9s\u00e9t (1602), hogy mened\u00e9ket ny\u00fajtson a v\u00e1ros lakoss\u00e1g\u00e1nak a gyakran bet\u00f6r\u0151 tat\u00e1r csapatok ellen. Bocskai Istv\u00e1nt\u00f3l megszerezte az enged\u00e9lyt a v\u00e1r \u00e9p\u00edt\u00e9s\u00e9re (1606) \u00e9s elkezdte \u00e9p\u00edttettni, a Brass\u00f3i v\u00e1r mint\u00e1j\u00e1ra. T\u00e1blab\u00edr\u00f3 (1607). Bethlen G\u00e1bor megb\u00edz\u00e1s\u00e1b\u00f3l k\u00f6vetk\u00e9nt j\u00e1rt a port\u00e1n Isztambulban (1613\u201314, 1618\u201320, 1626\u201327); a nagyszombati \u00e9s a gyarmati b\u00e9kek\u00f6t\u00e9seken fejedelmi biztos (1615, 1625); budai k\u00f6vet a pas\u00e1n\u00e1l (1630). A kitart\u00f3 v\u00e1rosfejleszt\u00e9si munk\u00e1ja eredm\u00e9nyek\u00e9nt k\u00f6zbenj\u00e1r\u00e1s\u00e1ra Bethlen G\u00e1bor fejedelem Mv.-et (1616. \u00e1pr. 29 ) a szabad kir. v\u00e1rosok sor\u00e1ba emelte \u00e9s megadta az ezzel j\u00e1r\u00f3 kiv\u00e1lts\u00e1gokat. Id\u0151sebb Bethlen Istv\u00e1nt akarta mindenk\u00e9ppen fejedelmi sz\u00e9kbe seg\u00edteni I. R\u00e1k\u00f3czi Gy\u00f6rgy fejedelemm\u00e9 v\u00e1laszt\u00e1s\u00e1val szemben (m\u00e9g tr\u00f3nral\u00e9p\u00e9se ut\u00e1n is). K\u00e9nytelen volt t\u00e1mogatni Z\u00f3lyominak, a mezei hadak f\u0151vez\u00e9r\u00e9nek lefogat\u00e1s\u00e1t \u00e9s b\u00f6rt\u00f6nbe vet\u00e9s\u00e9t, mivel ez vesz\u00e9lyt jelentett a fejedelem sz\u00e1m\u00e1ra (1633). Tev\u00e9kenys\u00e9ge el\u0151seg\u00edtette V\u00e1s\u00e1rhely szabad kir\u00e1lyi v\u00e1ross\u00e1 nyilv\u00e1n\u00edt\u00e1s\u00e1t, \u00e9s \u00fatt\u00f6r\u0151 szerepet j\u00e1tszott az anyanyelv\u0171 eml\u00e9kirat\u00edr\u00e1s megalapoz\u00e1s\u00e1ban. H\u00e1rom eml\u00e9kiratban \u00f6r\u00f6k\u00edtette meg utaz\u00e1sait f\u0151leg gazdas\u00e1gf\u00f6ldrajzi szempontb\u00f3l: meg\u00edrta k\u00e9t els\u0151 k\u00fcldet\u00e9s\u00e9t a konstantin\u00e1polyi port\u00e1ra, valamint kor\u00e1nak t\u00f6rt\u00e9net\u00e9t (1584\u20131612), melyet a Teleki T\u00e9k\u00e1ban \u0151r\u00edznek. Bethlen G\u00e1borhoz \u00edrt diplom\u00e1ciai besz\u00e1mol\u00f3i, \u00fatirajzai (itiner\u00e1rumai), jegyzetei (memori\u00e1l\u00e9i), napl\u00f3i, agend\u00e1i (acta dierumai) vagy f\u00f6ldrajzi feljegyz\u00e9sei t\u00f6bbnyire t\u00f6rt\u00e9nelmi, \u00e9s nem sz\u00e9pirodalmi jelent\u0151s\u00e9g\u0171ek. \u00d6szt\u00f6nz\u0151 p\u00e9ld\u00e1ja \u00edgy is jelent\u0151s, hiszen Nagy Szab\u00f3 Ferenc, az unoka\u00f6ccse, aligha \u00edrta volna meg v\u00e1s\u00e1rhelyi kr\u00f3nik\u00e1j\u00e1t nagyb\u00e1tyja \u00f6szt\u00f6nz\u0151 p\u00e9ld\u00e1ja n\u00e9lk\u00fcl. Eml\u00e9kirataib\u00f3l kit\u0171nik, hogy Bethlen G\u00e1bornak \u00e9s az ikt\u00e1ri Bethlen csal\u00e1dnak szoros \u00e9s kiterjedt kapcsolatai voltak V\u00e1s\u00e1rhellyel, amelyek Bethlen G\u00e1bor hal\u00e1la ut\u00e1n is fennmaradtak. B\u00edr\u00f3s\u00e1ga utols\u00f3 \u00e9v\u00e9ben nemess\u00e9get kapott R\u00e1k\u00f3czi Zsigmond fejedelemt\u0151l (1607). K\u00f6z\u00fcgyekben tett szolg\u00e1latai\u00e9rt R\u00e1k\u00f3czi Zsigmond h\u00e1zat adom\u00e1nyozott neki Mez\u0151b\u00e1ndon \u00e9s Mez\u0151madarason \u00e9s a marossz\u00e9ki birtokait minden teher al\u00f3l mentes\u00edtette, Bethlen G\u00e1bort\u00f3l Mez\u0151madarason, K\u00f6lp\u00e9nyben \u00e9s Kisfaludon nyert josz\u00e1gokat (1614. nov. 5.). Egy lesz\u00e1rmazottja \u00faj s\u00edrk\u00f6vet t\u00e9tetett neki s r\u00e1v\u00e9sette csal\u00e1dja c\u00edmer\u00e9t: pajzsban korona alatt ny\u00edlvessz\u0151t tart\u00f3 hatty\u00fat. A mv.-i ref. temet\u0151ben van az eml\u00e9km\u0171ve (1634), \u201eB\u201d kateg\u00f3ri\u00e1ba tartoz\u00f3 m\u0171eml\u00e9k. Eml\u00e9k\u00e9t Mv.-en utca \u00f6rzi (1887\u2013), mellszobr\u00e1t (Kiss Levente szobr\u00e1szm\u0171v\u00e9sz \u00e9s Balogh J\u00f3zsef \u00f6nt\u0151mester alkot\u00e1s\u00e1t) a v\u00e1r kapub\u00e1stya el\u0151tti r\u00e9sz\u00e9n \u00e1ll\u00edtott\u00e1k fel (2000. j\u00fan. 24.). A V\u00e1rtemplom g\u00f3tikus term\u00e9ben \u00e1ll mellszobra, B\u00e1lint K\u00e1roly szobr\u00e1szm\u0171v\u00e9sz alkot\u00e1sa. \u2013 <strong>F. m.:<\/strong> Els\u0151 portai \u00fatj\u00e1nak le\u00edr\u00e1sa (1613) \u00e9s kor\u00e1nak (1584\u20131612) \u00f6nkez\u00fcleg irt t\u00f6rt\u00e9neti rajza (1614, Kv.; Erd\u00e9lyorsz\u00e1g T\u00f6rt\u00e9neti T\u00e1ra, 2 k., 1845); B. T.-nak m\u00e1sodik port\u00e1ra val\u00f3 j\u00e1r\u00e1s\u00e1nak k\u00f6z\u00f6ns\u00e9ges hist\u00f3ri\u00e1ja (1618 \u00e1pr. 18\u20131620. \u00e1pr. 20) \u00e9s f\u00fcggel\u00e9k\u00fcl Bethlen Istv\u00e1nhoz \u00edrt levelei (1618\u201319), (Bp. Erd\u00e9lyi T\u00f6rt\u00e9nelmi Adatok, II. k., 1856) (eredeti k\u00e9zirata a Teleki T\u00e9k\u00e1ban); Eml\u00e9kirata 1630. jan. 20\u201328 budai k\u00f6vets\u00e9g\u00e9r\u00f3l (Bp., T\u00f6rt. T\u00e1r , 1884); B. T. \u00f6n\u00e9let\u00edr\u00e1sa = V\u00e1s\u00e1rhelyt\u0151l a F\u00e9nyes Port\u00e1ig. (Kiad. K\u00f3czi\u00e1ny L\u00e1szl\u00f3; Buk., 1968; 1972); <strong>antol\u00f3g.:<\/strong> Erd\u00e9lyi t\u00f6rt\u00e9nelmi adatok (Kv., 1855\u201362); R\u00e9gi magyar utaz\u00f3k Eur\u00f3p\u00e1ban, 1532\u20131770 (Bp., 1892); M. t\u00f6rt\u00e9neti forr\u00e1skiadv\u00e1nyok (Bp., 1929); Mv. \u00e9s V\u00e1rtemploma (Bp., 1990); Utaz\u00e1s a f\u00e9nyes port\u00e1ra = Erd\u00e9ly \u00f6r\u00f6ks\u00e9ge, 3.; Magyar gondolkod\u00f3k: 17. sz\u00e1zad (Bp. 1979). <br \/><strong>Irod.:<\/strong> Barts Gyula: Marosv\u00e1s\u00e1rhelyi B. T. \u00e9lete \u00e9s t\u00f6rt\u00e9neti szerepl\u00e9se (Kv., 1912); Benk\u0151 K.: Mv.; Bi\u00e1s Istv\u00e1n: B. T. \u00e9lete (1566\u20131633) (Marosv\u00e1s\u00e1rhely, 1912. dec. 15.); Bir\u00f3 Vencel: Erd\u00e9ly k\u00f6vtei a Port\u00e1n (Kv., 1921); Bir\u00f3 Vencel: K\u00e9pek Erd\u00e9ly m\u00faltj\u00e1b\u00f3l (Kv., 1937); Bisztray Gyula: \u00cdr\u00f3 \u00e9s nemzet (Bp., 1943); Bodn\u00e1r; Borsos Tam\u00e1s: V\u00e1s\u00e1rhelyt\u0151l a F\u00e9nyes Port\u00e1ig; Bota, Sorina; Csekme; D\u00e9k\u00e1ny K\u00e1lm\u00e1n: Egyiptom legr\u00e9gibb m. le\u00edr\u00e1sa (Bp., 1908); Egyed \u00c1. 2013; Fodor\u2013Bal\u00e1s; Fodor S\u00e1ndor (S): Eml\u00e9kezz\u00fcnk B. T.-ra (N\u00fa. \u00e9vk., 2009); Gaali; G\u00e1lfin\u00e9 Kenedich Piroska: Eml\u00e9kezz\u00fcnk a v\u00e1r\u00e9p\u00edt\u0151 B. T.-ra (N\u00fa., 1996. aug. 31.); Guly\u00e1s; Hor\u00e1nyi; Id\u0151t\u00e1r 4.; Kem\u00e9ny J\u00f3zsef: Erd\u00e9lyorsz\u00e1g t\u00f6rt\u00e9netei t\u00e1ra (Kv., 1845); Keresztes Gyula: 400 \u00e9vvel ezel\u0151tt lett a v\u00e1ros f\u0151b\u00edr\u00e1ja B. T. (N\u00fa., 1999. febr. 12.); Koczi\u00e1ny L\u00e1szl\u00f3: V\u00e1s\u00e1rhelyi eml\u00e9k\u00edr\u00f3k (V. Z., 1970. j\u00fal. 5.); Koczi\u00e1ny L\u00e1szl\u00f3: B. T. (V. Z., 1971. j\u00fan. 13.); Lokodi: Mv.-en felavatt\u00e1k B. T. szobr\u00e1t (N\u00fa., 2000. jan. 23.); M. utaz\u00f3k lexikona; Man: Tg. M.; MAM\u0170L; Marczali Henrik: A m. t\u00f6rt\u00e9net k\u00fatf\u0151inek k\u00e9zik\u00f6nyve (Bp., 1901); Marossz\u00e9ki kr\u00f3nik\u00e1k, 1.; Mv. \u00e9s V\u00e1rtemploma; Megyei kis lexikon (Rajz: Porzsolt Borb\u00e1la, Sz\u00f6veg: Izs\u00e1k Istv\u00e1n: B. T., a v\u00e1r\u00e9p\u00edt\u0151; V. Z., 1968. j\u00fan. 2.); M\u00c9L; MIL; MNB-K; MNL; Mure\u015f, jude\u0163; Mv.-Bal\u00e1s; Nagyjaink; \u00d6kr\u00f6s; P\u00e1l-Antal 2009; P\u00e1l Antal S\u00e1ndor: Mv. \u2013 a szabad kir\u00e1lyi v\u00e1ros. (N\u00fa., 2016. \u00e1pr. 29.); P\u00e1l \u2013Antal 2023; P\u00e1lmay J\u00f3zsef; Pesty 2014; Popa, Traian: Tg. M.; Profiluri mure\u015fene. 1.; RMIL; Rugonfalvi Kiss; Sebesty\u00e9n M. 1995; Sebesty\u00e9n Mih\u00e1ly 2000; Sebesty\u00e9n Mih\u00e1ly: Egy\u00e9bk\u00e9nt B. T.-r\u00f3l (N\u00fa., 1999. febr. 16.); Sipos; Sz\u00e1deczky Kardos Lajos: A sz\u00e9kely nemzet t\u00f6rt\u00e9nete \u00e9s alkotm\u00e1nya (Bp., 1927); SzOkl, 4; Szentgy\u00f6rgyi; Szil\u00e1gyi S\u00e1ndor: A m. nemzet t\u00f6rt\u00e9nete (Bp., 1895\u201398); Szinnyei; Toldy; T\u00f3th Istv\u00e1n: Mv. irodalmi m\u0171velts\u00e9g\u00e9r\u0151l 6. (N\u00fa., M\u00fazsa., 453 sz., 2000. aug. 5), \u00daIL; \u00daM\u00c9L; T\u00eergu Mure\u015f; Todea 2013; V\u00e1llas Antal: Nemzeti encyclop\u00e9dia (Pest, 1848); V\u00e1s\u00e1rhelyt\u0151l a f\u00e9nyes port\u00e1ig (Buk., 1968); Valori mure\u015fene de patrimoniu<\/br><\/p>\n","protected":false},"excerpt":{"rendered":"<p>Sz\u00e9kelyv\u00e1s\u00e1rhely, ma Mv., 1566. j\u00fan. 14., \u2020 Mv., 1634. \u00e1pr. 18. A ref. temet\u0151ben a s\u00edrk\u0151m\u00fazeumban nyugszik: f\u0151b\u00edr\u00f3, fejedelmi tan\u00e1csos, diplomata, utaz\u00f3, portai k\u00f6vet, eml\u00e9k\u00edr\u00f3, sz\u0171csmester. \u2013 B. Sebesty\u00e9n \u00e9s Hosszu Krisztina (\u2020 Erd\u0151szentgy\u00f6rgy, 1602) fia. Feles\u00e9ge: 1. Husz\u00e1r Borb\u00e1la, kolozsv\u00e1ri (esk. 1585; \u2020 Radn\u00f3t, 1601), le\u00e1nyuk Erzs\u00e9bet Borb\u00e9ly Krist\u00f3fn\u00e9; m\u00e9g lett 5 gyermek\u00fck de [&hellip;]<\/p>\n","protected":false},"featured_media":0,"comment_status":"open","ping_status":"closed","template":"","meta":[],"product_brand":[],"product_cat":[137],"product_tag":[],"class_list":{"0":"post-5306","1":"product","2":"type-product","3":"status-publish","5":"product_cat-maros-megyei-eletrajzi-lexikon","7":"first","8":"instock","9":"shipping-taxable","10":"product-type-simple"},"_links":{"self":[{"href":"https:\/\/uj.adatbank.ro\/lexikon\/wp-json\/wp\/v2\/product\/5306","targetHints":{"allow":["GET"]}}],"collection":[{"href":"https:\/\/uj.adatbank.ro\/lexikon\/wp-json\/wp\/v2\/product"}],"about":[{"href":"https:\/\/uj.adatbank.ro\/lexikon\/wp-json\/wp\/v2\/types\/product"}],"replies":[{"embeddable":true,"href":"https:\/\/uj.adatbank.ro\/lexikon\/wp-json\/wp\/v2\/comments?post=5306"}],"wp:attachment":[{"href":"https:\/\/uj.adatbank.ro\/lexikon\/wp-json\/wp\/v2\/media?parent=5306"}],"wp:term":[{"taxonomy":"product_brand","embeddable":true,"href":"https:\/\/uj.adatbank.ro\/lexikon\/wp-json\/wp\/v2\/product_brand?post=5306"},{"taxonomy":"product_cat","embeddable":true,"href":"https:\/\/uj.adatbank.ro\/lexikon\/wp-json\/wp\/v2\/product_cat?post=5306"},{"taxonomy":"product_tag","embeddable":true,"href":"https:\/\/uj.adatbank.ro\/lexikon\/wp-json\/wp\/v2\/product_tag?post=5306"}],"curies":[{"name":"wp","href":"https:\/\/api.w.org\/{rel}","templated":true}]}}