{"id":5309,"date":"2025-06-28T17:10:55","date_gmt":"2025-06-28T15:10:55","guid":{"rendered":"https:\/\/uj.adatbank.ro\/lexikon\/termek\/borszeky-soma-pintye-1868-ig\/"},"modified":"2025-06-28T17:10:55","modified_gmt":"2025-06-28T15:10:55","slug":"borszeky-soma-pintye-1868-ig","status":"publish","type":"product","link":"https:\/\/uj.adatbank.ro\/lexikon\/termek\/borszeky-soma-pintye-1868-ig\/","title":{"rendered":"BORSZ\u00c9KY Soma; Pintye 1868-ig"},"content":{"rendered":"<p>Alm\u00e1smez\u0151, 1828. m\u00e1rc. 25., \u2020 Nagyszeben, 1913. jan. 17.: jogi \u00edr\u00f3, miniszteri oszt\u00e1lytan\u00e1csos. \u2013 K\u00f6z\u00e9piskol\u00e1it Nagyszebenben \u00e9s a kv.-i Piarist\u00e1kn\u00e1l v\u00e9gezte (1847). A nagyszebeni kir. kincst\u00e1rn\u00e1l dolgozott (1847\u201349). A szabads\u00e1gharc idej\u00e9n honv\u00e9d volt Bem J\u00f3zsef t\u00e1bor\u00e1ban. Nagyszebenben Barcsay Zsig\u00admond csal\u00e1dj\u00e1n\u00e1l nevel\u0151, egyidej\u0171leg az otta\u00adni jogakad., hallgat\u00f3ja (1850\u201351), b\u00edr\u00f3i \u00e9s k\u00f6zigazgat\u00e1si vizsg\u00e1kat tett (1851). \u00c1llami szolg\u00e1latba \u00e1llt, Kov\u00e1szn\u00e1n \u00e9s Sz\u00e1szr\u00e9genben \u00fcgy\u00e9sz (1853\u201361): a m. \u00e9rdekek k\u00e9pviselte a buk.-i f\u0151konzul\u00e1tuson, majd mint m. \u00e1llami tisztvisel\u0151 a szabadalmi oszt\u00e1lyt vezette (1861\u201367), gr. Mik\u00f3 Imre mag\u00e1ntan\u00e1ra volt. A mv.-i Kereskedelmi \u00e9s Iparkamara l\u00e9trehoz\u00f3ja \u00e9s tagja, a Sz\u00e9kely T\u00e1rsas\u00e1g alap\u00edt\u00f3 tagja. Bp.-en a F\u00f6ldm\u00edvel\u00e9s-, Ipar- \u00e9s Kereskede\u00adlem\u00fcgyi Min.-ban ipar\u00fcgyi referens (1867\u2013), ut\u00f3bb a szabadalmi oszt\u00e1ly vezet\u0151je, mint min. oszt\u00e1lytan\u00e1csost nyugd\u00edjazt\u00e1k (1889). Bp.-en \u00e9lt (1910\u2013). Sokat tett a m. szabadalmi \u00e9s v\u00e9d\u00adjegyjog megteremt\u00e9s\u00e9\u00e9rt \u00e9s Erd\u00e9ly vas\u00fat\u00adh\u00e1l\u00f3zat\u00e1nak fejleszt\u00e9s\u00e9\u00e9rt. A szabadalmi \u00e9s v\u00e9djegyjogok szak\u00e9rt\u0151je, t\u00f6bb k\u00f6zleked\u00e9spolitikai tanulm\u00e1nyt \u00edrt az erd\u00e9lyi vasutak k\u00e9rd\u00e9s\u00e9r\u0151l. Cikkei, \u00edr\u00e1sai, tanulm\u00e1nyai\u00a0: H\u00f6lgyfut\u00e1r, (sz\u00e9pirodalmi dolgozatok, f\u00fcrd\u0151i levelek a Sz\u00e9kelyf\u00f6ldr\u0151l n\u00e9vtelen\u00fcl), Pesti Napl\u00f3, Nemzetgazdas\u00e1gi Szemle, M\u00e9h\u00e9szeti Lapok, Sz\u00e9kely Nemzet. Szerkesztette a Wegweiser c. gazdas\u00e1gi lapot (1868) \u00e9s az Athenaeum Nagy k\u00e9pes napt\u00e1ra tiszti c\u00edmt\u00e1r\u00e1t. \u2013 <strong>F. m.:<\/strong> A Rom\u00e1ni\u00e1ban l\u00e9v\u0151 ausztriai consul\u00e1ris hat\u00f3s\u00e1gok \u00e9s staroszti\u00e1k ismertet\u00e9se (Pest, 1868); V\u00e9lem\u00e9ny \u00e9s inditv\u00e1ny a magyar jog\u00e1szgy\u0171l\u00e9s \u00e1lland\u00f3 bizotts\u00e1ga \u00e1ltal kit\u0171z\u00f6tt azon k\u00e9rd\u00e9s felett\u00a0: A tal\u00e1lm\u00e1nyi szabadalmak ir\u00e1nt alkotand\u00f3 t\u00f6rv\u00e9ny milyen elvekre fektess\u00e9k (Bp., 1885); Gesetz \u00fcber den Markenschutz (Bp., 1888); Sz\u00e9kely vasutat a sz\u00e9kelys\u00e9gnek (Sz\u00e9kelyudvarhely, 1905); A sz\u00e9kely vas\u00fatakr\u00f3l (Sepsiszentgy\u00f6rgy, 1905); ; Sz\u00e9kely\u00adudvarhely diadala (Sz\u00e9kelyudvarhely, 1907); Sz\u00e9kely vasutak (Sz\u00e9kelyudvarhely, 1908); antol\u00f3gi\u00e1ban: Sz\u00e9kelyekr\u0151l (Bp., 1941). <br \/><strong>Irod.:<\/strong> B. S. [Nekrol\u00f3g] (Marosv\u00e1s\u00e1rhely, 1913. febr. 1.); Keresztes Gyula: A Sz\u00e9kelyt\u00e1rsas\u00e1g-Borsz\u00e9ky Soma (N\u00fa., 2003. aug 9); L\u00e1szl\u00f3 Gy.: Eml\u00e9kbesz\u00e9d B. S. felett (Mv., 1913); A Sz\u00e9kely Kongresszus szervezete, tagjainak n\u00e9vsora, t\u00e1rgyal\u00e1sai \u00e9s hat\u00e1rozata (Bp., 1902); \u00daM\u00c9L<\/br><\/p>\n","protected":false},"excerpt":{"rendered":"<p>Alm\u00e1smez\u0151, 1828. m\u00e1rc. 25., \u2020 Nagyszeben, 1913. jan. 17.: jogi \u00edr\u00f3, miniszteri oszt\u00e1lytan\u00e1csos. \u2013 K\u00f6z\u00e9piskol\u00e1it Nagyszebenben \u00e9s a kv.-i Piarist\u00e1kn\u00e1l v\u00e9gezte (1847). A nagyszebeni kir. kincst\u00e1rn\u00e1l dolgozott (1847\u201349). A szabads\u00e1gharc idej\u00e9n honv\u00e9d volt Bem J\u00f3zsef t\u00e1bor\u00e1ban. Nagyszebenben Barcsay Zsig\u00admond csal\u00e1dj\u00e1n\u00e1l nevel\u0151, egyidej\u0171leg az otta\u00adni jogakad., hallgat\u00f3ja (1850\u201351), b\u00edr\u00f3i \u00e9s k\u00f6zigazgat\u00e1si vizsg\u00e1kat tett (1851). \u00c1llami szolg\u00e1latba [&hellip;]<\/p>\n","protected":false},"featured_media":0,"comment_status":"open","ping_status":"closed","template":"","meta":[],"product_brand":[],"product_cat":[137],"product_tag":[],"class_list":{"0":"post-5309","1":"product","2":"type-product","3":"status-publish","5":"product_cat-maros-megyei-eletrajzi-lexikon","7":"first","8":"instock","9":"shipping-taxable","10":"product-type-simple"},"_links":{"self":[{"href":"https:\/\/uj.adatbank.ro\/lexikon\/wp-json\/wp\/v2\/product\/5309","targetHints":{"allow":["GET"]}}],"collection":[{"href":"https:\/\/uj.adatbank.ro\/lexikon\/wp-json\/wp\/v2\/product"}],"about":[{"href":"https:\/\/uj.adatbank.ro\/lexikon\/wp-json\/wp\/v2\/types\/product"}],"replies":[{"embeddable":true,"href":"https:\/\/uj.adatbank.ro\/lexikon\/wp-json\/wp\/v2\/comments?post=5309"}],"wp:attachment":[{"href":"https:\/\/uj.adatbank.ro\/lexikon\/wp-json\/wp\/v2\/media?parent=5309"}],"wp:term":[{"taxonomy":"product_brand","embeddable":true,"href":"https:\/\/uj.adatbank.ro\/lexikon\/wp-json\/wp\/v2\/product_brand?post=5309"},{"taxonomy":"product_cat","embeddable":true,"href":"https:\/\/uj.adatbank.ro\/lexikon\/wp-json\/wp\/v2\/product_cat?post=5309"},{"taxonomy":"product_tag","embeddable":true,"href":"https:\/\/uj.adatbank.ro\/lexikon\/wp-json\/wp\/v2\/product_tag?post=5309"}],"curies":[{"name":"wp","href":"https:\/\/api.w.org\/{rel}","templated":true}]}}